{"id":8267,"date":"2019-11-19T15:21:52","date_gmt":"2019-11-19T14:21:52","guid":{"rendered":"https:\/\/apartis.swiss\/?post_type=portfolio&#038;p=8267"},"modified":"2022-04-27T11:13:26","modified_gmt":"2022-04-27T09:13:26","slug":"route-de-la-fonderie","status":"publish","type":"portfolio","link":"https:\/\/apartis.swiss\/site\/portfolio-item\/route-de-la-fonderie\/","title":{"rendered":"La Fonderie"},"content":{"rendered":"<div class=\"flex_column av_two_fifth  flex_column_div av-zero-column-padding first  avia-builder-el-0  el_before_av_three_fifth  avia-builder-el-first  \" style='border-radius:0px; '><p><div id='av-masonry-1' class='av-masonry  noHover av-fixed-size av-large-gap av-hover-overlay-active av-masonry-animation-active av-masonry-col-3 av-caption-always av-caption-style- av-masonry-gallery   av-orientation-square  '  ><div class='av-masonry-container isotope av-js-disabled ' ><div class='av-masonry-entry isotope-item av-masonry-item-no-image '><\/div><a href=\"https:\/\/apartis.swiss\/site\/wp-content\/uploads\/2019\/11\/Fonderie_Immeuble_01-1030x687.jpg\"  aria-label=\"image Fonderie_Immeuble_01\"  id='av-masonry-1-item-12856' data-av-masonry-item='12856' class='av-masonry-entry isotope-item post-12856 attachment type-attachment status-inherit hentry  av-masonry-item-with-image' title=\"Fonderie_Immeuble_01\" alt=\"\"   itemprop=\"thumbnailUrl\" ><div class='av-inner-masonry-sizer'><\/div><figure class='av-inner-masonry main_color'><div class=\"av-masonry-outerimage-container\"><div class=\"av-masonry-image-container\" style=\"background-image: url(https:\/\/apartis.swiss\/site\/wp-content\/uploads\/2019\/11\/Fonderie_Immeuble_01-705x470.jpg);\" title=\"Fonderie_Immeuble_01\" ><\/div><\/div><\/figure><\/a><!--end av-masonry entry--><a href=\"https:\/\/apartis.swiss\/site\/wp-content\/uploads\/2019\/11\/Fonderie_Immeuble_02-824x1030.jpg\"  aria-label=\"image Fonderie_Immeuble_02\"  id='av-masonry-1-item-12859' data-av-masonry-item='12859' class='av-masonry-entry isotope-item post-12859 attachment type-attachment status-inherit hentry  av-masonry-item-with-image' title=\"Fonderie_Immeuble_02\" alt=\"\"   itemprop=\"thumbnailUrl\" ><div class='av-inner-masonry-sizer'><\/div><figure class='av-inner-masonry main_color'><div class=\"av-masonry-outerimage-container\"><div class=\"av-masonry-image-container\" style=\"background-image: url(https:\/\/apartis.swiss\/site\/wp-content\/uploads\/2019\/11\/Fonderie_Immeuble_02-564x705.jpg);\" title=\"Fonderie_Immeuble_02\" ><\/div><\/div><\/figure><\/a><!--end av-masonry entry--><a href=\"https:\/\/apartis.swiss\/site\/wp-content\/uploads\/2019\/11\/Fonderie_Immeuble_03-1030x687.jpg\"  aria-label=\"image Fonderie_Immeuble_03\"  id='av-masonry-1-item-12862' data-av-masonry-item='12862' class='av-masonry-entry isotope-item post-12862 attachment type-attachment status-inherit hentry  av-masonry-item-with-image' title=\"Fonderie_Immeuble_03\" alt=\"\"   itemprop=\"thumbnailUrl\" ><div class='av-inner-masonry-sizer'><\/div><figure class='av-inner-masonry main_color'><div class=\"av-masonry-outerimage-container\"><div class=\"av-masonry-image-container\" style=\"background-image: url(https:\/\/apartis.swiss\/site\/wp-content\/uploads\/2019\/11\/Fonderie_Immeuble_03-705x470.jpg);\" title=\"Fonderie_Immeuble_03\" ><\/div><\/div><\/figure><\/a><!--end av-masonry entry--><a href=\"https:\/\/apartis.swiss\/site\/wp-content\/uploads\/2019\/11\/Fonderie_Immeuble_05-1030x687.jpg\"  aria-label=\"image Fonderie_Immeuble_05\"  id='av-masonry-1-item-12865' data-av-masonry-item='12865' class='av-masonry-entry isotope-item post-12865 attachment type-attachment status-inherit hentry  av-masonry-item-with-image' title=\"Fonderie_Immeuble_05\" alt=\"\"   itemprop=\"thumbnailUrl\" ><div class='av-inner-masonry-sizer'><\/div><figure class='av-inner-masonry main_color'><div class=\"av-masonry-outerimage-container\"><div class=\"av-masonry-image-container\" style=\"background-image: url(https:\/\/apartis.swiss\/site\/wp-content\/uploads\/2019\/11\/Fonderie_Immeuble_05-705x470.jpg);\" title=\"Fonderie_Immeuble_05\" ><\/div><\/div><\/figure><\/a><!--end av-masonry entry--><a href=\"https:\/\/apartis.swiss\/site\/wp-content\/uploads\/2020\/07\/Fonderie_01-1030x1030.jpg\"  aria-label=\"image Fonderie_01\"  id='av-masonry-1-item-10437' data-av-masonry-item='10437' class='av-masonry-entry isotope-item post-10437 attachment type-attachment status-inherit hentry  av-masonry-item-with-image' title=\"Fonderie_01\" alt=\"\"   itemprop=\"thumbnailUrl\" ><div class='av-inner-masonry-sizer'><\/div><figure class='av-inner-masonry main_color'><div class=\"av-masonry-outerimage-container\"><div class=\"av-masonry-image-container\" style=\"background-image: url(https:\/\/apartis.swiss\/site\/wp-content\/uploads\/2020\/07\/Fonderie_01-705x705.jpg);\" title=\"Fonderie_01\" ><\/div><\/div><\/figure><\/a><!--end av-masonry entry--><a href=\"https:\/\/apartis.swiss\/site\/wp-content\/uploads\/2020\/07\/Fonderie_02-1030x1030.jpg\"  aria-label=\"image Fonderie_02\"  id='av-masonry-1-item-10440' data-av-masonry-item='10440' class='av-masonry-entry isotope-item post-10440 attachment type-attachment status-inherit hentry  av-masonry-item-with-image' title=\"Fonderie_02\" alt=\"\"   itemprop=\"thumbnailUrl\" ><div class='av-inner-masonry-sizer'><\/div><figure class='av-inner-masonry main_color'><div class=\"av-masonry-outerimage-container\"><div class=\"av-masonry-image-container\" style=\"background-image: url(https:\/\/apartis.swiss\/site\/wp-content\/uploads\/2020\/07\/Fonderie_02-705x705.jpg);\" title=\"Fonderie_02\" ><\/div><\/div><\/figure><\/a><!--end av-masonry entry--><a href=\"https:\/\/apartis.swiss\/site\/wp-content\/uploads\/2020\/07\/Fonderie_03-1030x1030.jpg\"  aria-label=\"image Fonderie_03\"  id='av-masonry-1-item-10443' data-av-masonry-item='10443' class='av-masonry-entry isotope-item post-10443 attachment type-attachment status-inherit hentry  av-masonry-item-with-image' title=\"Fonderie_03\" alt=\"\"   itemprop=\"thumbnailUrl\" ><div class='av-inner-masonry-sizer'><\/div><figure class='av-inner-masonry main_color'><div class=\"av-masonry-outerimage-container\"><div class=\"av-masonry-image-container\" style=\"background-image: url(https:\/\/apartis.swiss\/site\/wp-content\/uploads\/2020\/07\/Fonderie_03-705x705.jpg);\" title=\"Fonderie_03\" ><\/div><\/div><\/figure><\/a><!--end av-masonry entry--><a href=\"https:\/\/apartis.swiss\/site\/wp-content\/uploads\/2020\/07\/Fonderie_04-1030x1030.jpg\"  aria-label=\"image Fonderie_04\"  id='av-masonry-1-item-10446' data-av-masonry-item='10446' class='av-masonry-entry isotope-item post-10446 attachment type-attachment status-inherit hentry  av-masonry-item-with-image' title=\"Fonderie_04\" alt=\"\"   itemprop=\"thumbnailUrl\" ><div class='av-inner-masonry-sizer'><\/div><figure class='av-inner-masonry main_color'><div class=\"av-masonry-outerimage-container\"><div class=\"av-masonry-image-container\" style=\"background-image: url(https:\/\/apartis.swiss\/site\/wp-content\/uploads\/2020\/07\/Fonderie_04-705x705.jpg);\" title=\"Fonderie_04\" ><\/div><\/div><\/figure><\/a><!--end av-masonry entry--><a href=\"https:\/\/apartis.swiss\/site\/wp-content\/uploads\/2020\/07\/Fonderie_05-1030x772.jpg\"  aria-label=\"image Fonderie_05\"  id='av-masonry-1-item-10449' data-av-masonry-item='10449' class='av-masonry-entry isotope-item post-10449 attachment type-attachment status-inherit hentry  av-masonry-item-with-image' title=\"Fonderie_05\" alt=\"\"   itemprop=\"thumbnailUrl\" ><div class='av-inner-masonry-sizer'><\/div><figure class='av-inner-masonry main_color'><div class=\"av-masonry-outerimage-container\"><div class=\"av-masonry-image-container\" style=\"background-image: url(https:\/\/apartis.swiss\/site\/wp-content\/uploads\/2020\/07\/Fonderie_05-705x528.jpg);\" title=\"Fonderie_05\" ><\/div><\/div><\/figure><\/a><!--end av-masonry entry--><a href=\"https:\/\/apartis.swiss\/site\/wp-content\/uploads\/2020\/07\/Fonderie_06-1030x773.jpg\"  aria-label=\"image Fonderie_06\"  id='av-masonry-1-item-10452' data-av-masonry-item='10452' class='av-masonry-entry isotope-item post-10452 attachment type-attachment status-inherit hentry  av-masonry-item-with-image' title=\"Fonderie_06\" alt=\"\"   itemprop=\"thumbnailUrl\" ><div class='av-inner-masonry-sizer'><\/div><figure class='av-inner-masonry main_color'><div class=\"av-masonry-outerimage-container\"><div class=\"av-masonry-image-container\" style=\"background-image: url(https:\/\/apartis.swiss\/site\/wp-content\/uploads\/2020\/07\/Fonderie_06-705x529.jpg);\" title=\"Fonderie_06\" ><\/div><\/div><\/figure><\/a><!--end av-masonry entry--><a href=\"https:\/\/apartis.swiss\/site\/wp-content\/uploads\/2019\/11\/Fonderie_UpToYou_07-824x1030.jpg\"  aria-label=\"image Fonderie_UpToYou_07\"  id='av-masonry-1-item-12877' data-av-masonry-item='12877' class='av-masonry-entry isotope-item post-12877 attachment type-attachment status-inherit hentry  av-masonry-item-with-image' title=\"Fonderie_UpToYou_07\" alt=\"\"   itemprop=\"thumbnailUrl\" ><div class='av-inner-masonry-sizer'><\/div><figure class='av-inner-masonry main_color'><div class=\"av-masonry-outerimage-container\"><div class=\"av-masonry-image-container\" style=\"background-image: url(https:\/\/apartis.swiss\/site\/wp-content\/uploads\/2019\/11\/Fonderie_UpToYou_07-564x705.jpg);\" title=\"Fonderie_UpToYou_07\" ><\/div><\/div><\/figure><\/a><!--end av-masonry entry--><a href=\"https:\/\/apartis.swiss\/site\/wp-content\/uploads\/2019\/11\/Fonderie_UpToYou_10-824x1030.jpg\"  aria-label=\"image Fonderie_UpToYou_10\"  id='av-masonry-1-item-12880' data-av-masonry-item='12880' class='av-masonry-entry isotope-item post-12880 attachment type-attachment status-inherit hentry  av-masonry-item-with-image' title=\"Fonderie_UpToYou_10\" alt=\"\"   itemprop=\"thumbnailUrl\" ><div class='av-inner-masonry-sizer'><\/div><figure class='av-inner-masonry main_color'><div class=\"av-masonry-outerimage-container\"><div class=\"av-masonry-image-container\" style=\"background-image: url(https:\/\/apartis.swiss\/site\/wp-content\/uploads\/2019\/11\/Fonderie_UpToYou_10-564x705.jpg);\" title=\"Fonderie_UpToYou_10\" ><\/div><\/div><\/figure><\/a><!--end av-masonry entry--><a href=\"https:\/\/apartis.swiss\/site\/wp-content\/uploads\/2020\/07\/Fonderie_07-773x1030.jpg\"  aria-label=\"image Fonderie_07\"  id='av-masonry-1-item-10455' data-av-masonry-item='10455' class='av-masonry-entry isotope-item post-10455 attachment type-attachment status-inherit hentry  av-masonry-item-with-image' title=\"Fonderie_07\" alt=\"\"   itemprop=\"thumbnailUrl\" ><div class='av-inner-masonry-sizer'><\/div><figure class='av-inner-masonry main_color'><div class=\"av-masonry-outerimage-container\"><div class=\"av-masonry-image-container\" style=\"background-image: url(https:\/\/apartis.swiss\/site\/wp-content\/uploads\/2020\/07\/Fonderie_07-529x705.jpg);\" title=\"Fonderie_07\" ><\/div><\/div><\/figure><\/a><!--end av-masonry entry--><a href=\"https:\/\/apartis.swiss\/site\/wp-content\/uploads\/2020\/07\/Fonderie_08-773x1030.jpg\"  aria-label=\"image Fonderie_08\"  id='av-masonry-1-item-10458' data-av-masonry-item='10458' class='av-masonry-entry isotope-item post-10458 attachment type-attachment status-inherit hentry  av-masonry-item-with-image' title=\"Fonderie_08\" alt=\"\"   itemprop=\"thumbnailUrl\" ><div class='av-inner-masonry-sizer'><\/div><figure class='av-inner-masonry main_color'><div class=\"av-masonry-outerimage-container\"><div class=\"av-masonry-image-container\" style=\"background-image: url(https:\/\/apartis.swiss\/site\/wp-content\/uploads\/2020\/07\/Fonderie_08-529x705.jpg);\" title=\"Fonderie_08\" ><\/div><\/div><\/figure><\/a><!--end av-masonry entry--><a href=\"https:\/\/apartis.swiss\/site\/wp-content\/uploads\/2019\/11\/Fonderie_UpToYou_14-824x1030.jpg\"  aria-label=\"image Fonderie_UpToYou_14\"  id='av-masonry-1-item-12883' data-av-masonry-item='12883' class='av-masonry-entry isotope-item post-12883 attachment type-attachment status-inherit hentry  av-masonry-item-with-image' title=\"Fonderie_UpToYou_14\" alt=\"\"   itemprop=\"thumbnailUrl\" ><div class='av-inner-masonry-sizer'><\/div><figure class='av-inner-masonry main_color'><div class=\"av-masonry-outerimage-container\"><div class=\"av-masonry-image-container\" style=\"background-image: url(https:\/\/apartis.swiss\/site\/wp-content\/uploads\/2019\/11\/Fonderie_UpToYou_14-564x705.jpg);\" title=\"Fonderie_UpToYou_14\" ><\/div><\/div><\/figure><\/a><!--end av-masonry entry--><a href=\"https:\/\/apartis.swiss\/site\/wp-content\/uploads\/2020\/07\/Fonderie_09-773x1030.jpg\"  aria-label=\"image Fonderie_09\"  id='av-masonry-1-item-10461' data-av-masonry-item='10461' class='av-masonry-entry isotope-item post-10461 attachment type-attachment status-inherit hentry  av-masonry-item-with-image' title=\"Fonderie_09\" alt=\"\"   itemprop=\"thumbnailUrl\" ><div class='av-inner-masonry-sizer'><\/div><figure class='av-inner-masonry main_color'><div class=\"av-masonry-outerimage-container\"><div class=\"av-masonry-image-container\" style=\"background-image: url(https:\/\/apartis.swiss\/site\/wp-content\/uploads\/2020\/07\/Fonderie_09-529x705.jpg);\" title=\"Fonderie_09\" ><\/div><\/div><\/figure><\/a><!--end av-masonry entry--><a href=\"https:\/\/apartis.swiss\/site\/wp-content\/uploads\/2020\/07\/Fonderie_10-773x1030.jpg\"  aria-label=\"image Fonderie_10\"  id='av-masonry-1-item-10464' data-av-masonry-item='10464' class='av-masonry-entry isotope-item post-10464 attachment type-attachment status-inherit hentry  av-masonry-item-with-image' title=\"Fonderie_10\" alt=\"\"   itemprop=\"thumbnailUrl\" ><div class='av-inner-masonry-sizer'><\/div><figure class='av-inner-masonry main_color'><div class=\"av-masonry-outerimage-container\"><div class=\"av-masonry-image-container\" style=\"background-image: url(https:\/\/apartis.swiss\/site\/wp-content\/uploads\/2020\/07\/Fonderie_10-529x705.jpg);\" title=\"Fonderie_10\" ><\/div><\/div><\/figure><\/a><!--end av-masonry entry--><a href=\"https:\/\/apartis.swiss\/site\/wp-content\/uploads\/2020\/07\/Fonderie_sdb_01-773x1030.jpg\"  aria-label=\"image Fonderie_sdb_01\"  id='av-masonry-1-item-10467' data-av-masonry-item='10467' class='av-masonry-entry isotope-item post-10467 attachment type-attachment status-inherit hentry  av-masonry-item-with-image' title=\"Fonderie_sdb_01\" alt=\"\"   itemprop=\"thumbnailUrl\" ><div class='av-inner-masonry-sizer'><\/div><figure class='av-inner-masonry main_color'><div class=\"av-masonry-outerimage-container\"><div class=\"av-masonry-image-container\" style=\"background-image: url(https:\/\/apartis.swiss\/site\/wp-content\/uploads\/2020\/07\/Fonderie_sdb_01-529x705.jpg);\" title=\"Fonderie_sdb_01\" ><\/div><\/div><\/figure><\/a><!--end av-masonry entry--><a href=\"https:\/\/apartis.swiss\/site\/wp-content\/uploads\/2020\/07\/Fonderie_sdb_02-773x1030.jpg\"  aria-label=\"image Fonderie_sdb_02\"  id='av-masonry-1-item-10470' data-av-masonry-item='10470' class='av-masonry-entry isotope-item post-10470 attachment type-attachment status-inherit hentry  av-masonry-item-with-image' title=\"Fonderie_sdb_02\" alt=\"\"   itemprop=\"thumbnailUrl\" ><div class='av-inner-masonry-sizer'><\/div><figure class='av-inner-masonry main_color'><div class=\"av-masonry-outerimage-container\"><div class=\"av-masonry-image-container\" style=\"background-image: url(https:\/\/apartis.swiss\/site\/wp-content\/uploads\/2020\/07\/Fonderie_sdb_02-529x705.jpg);\" title=\"Fonderie_sdb_02\" ><\/div><\/div><\/figure><\/a><!--end av-masonry entry--><\/div><\/div><br \/>\n<div  style='height:50px' class='hr hr-invisible   avia-builder-el-2  el_after_av_masonry_gallery  el_before_av_iconlist  avia-builder-el-first '><span class='hr-inner ' ><span class='hr-inner-style'><\/span><\/span><\/div><br \/>\n<div  class='avia-icon-list-container   avia-builder-el-3  el_after_av_hr  avia-builder-el-last '><ul class='avia-icon-list avia-icon-list-left av-iconlist-big avia_animate_when_almost_visible avia-iconlist-animate'>\n<li><a href='https:\/\/apartis.swiss\/site\/nos-immeubles\/situation-des-immeubles-apartis\/' title='Plan de situation'  target=\"_blank\"  rel=\"noopener noreferrer\"  class='iconlist_icon  avia-font-entypo-fontello'><span class='iconlist-char ' aria-hidden='true' data-av_icon='\ue842' data-av_iconfont='entypo-fontello'><\/span><\/a><article class=\"article-icon-entry av-iconlist-empty\"  itemscope=\"itemscope\" itemtype=\"https:\/\/schema.org\/CreativeWork\" ><div class='iconlist_content_wrap'><header class=\"entry-content-header\"><h4 class='av_iconlist_title iconlist_title   '  itemprop=\"headline\"  ><a href='https:\/\/apartis.swiss\/site\/nos-immeubles\/situation-des-immeubles-apartis\/' title='Plan de situation' target=\"_blank\"  rel=\"noopener noreferrer\">Plan de situation<\/a><\/h4><\/header><div class='iconlist_content  '  itemprop=\"text\"  ><\/div><\/div><footer class=\"entry-footer\"><\/footer><\/article><div class='iconlist-timeline'><\/div><\/li>\n<li><a href='https:\/\/apartis.swiss\/site\/wp-content\/uploads\/downloads\/2019\/11\/Fonderie-plan.pdf' title='Plan appartement type'  target=\"_blank\"  rel=\"noopener noreferrer\"  class='iconlist_icon  avia-font-entypo-fontello'><span class='iconlist-char ' aria-hidden='true' data-av_icon='\ue8d7' data-av_iconfont='entypo-fontello'><\/span><\/a><article class=\"article-icon-entry av-iconlist-empty\"  itemscope=\"itemscope\" itemtype=\"https:\/\/schema.org\/CreativeWork\" ><div class='iconlist_content_wrap'><header class=\"entry-content-header\"><h4 class='av_iconlist_title iconlist_title   '  itemprop=\"headline\"  ><a href='https:\/\/apartis.swiss\/site\/wp-content\/uploads\/downloads\/2019\/11\/Fonderie-plan.pdf' title='Plan appartement type' target=\"_blank\"  rel=\"noopener noreferrer\">Plan appartement type<\/a><\/h4><\/header><div class='iconlist_content  '  itemprop=\"text\"  ><\/div><\/div><footer class=\"entry-footer\"><\/footer><\/article><div class='iconlist-timeline'><\/div><\/li>\n<li><a href='https:\/\/apartis.swiss\/site\/a-louer\/conditions-de-location\/' title='Condition de location'  target=\"_blank\"  rel=\"noopener noreferrer\"  class='iconlist_icon  avia-font-entypo-fontello'><span class='iconlist-char ' aria-hidden='true' data-av_icon='\ue84e' data-av_iconfont='entypo-fontello'><\/span><\/a><article class=\"article-icon-entry av-iconlist-empty\"  itemscope=\"itemscope\" itemtype=\"https:\/\/schema.org\/CreativeWork\" ><div class='iconlist_content_wrap'><header class=\"entry-content-header\"><h4 class='av_iconlist_title iconlist_title   '  itemprop=\"headline\"  ><a href='https:\/\/apartis.swiss\/site\/a-louer\/conditions-de-location\/' title='Condition de location' target=\"_blank\"  rel=\"noopener noreferrer\">Condition de location<\/a><\/h4><\/header><div class='iconlist_content  '  itemprop=\"text\"  ><\/div><\/div><footer class=\"entry-footer\"><\/footer><\/article><div class='iconlist-timeline'><\/div><\/li>\n<li><a href='https:\/\/apartis.swiss\/site\/wp-content\/uploads\/downloads\/2020\/08\/rm-fonderie-f.pdf' title='R\u00e9glement de maison'  target=\"_blank\"  rel=\"noopener noreferrer\"  class='iconlist_icon  avia-font-entypo-fontello'><span class='iconlist-char ' aria-hidden='true' data-av_icon='\ue821' data-av_iconfont='entypo-fontello'><\/span><\/a><article class=\"article-icon-entry av-iconlist-empty\"  itemscope=\"itemscope\" itemtype=\"https:\/\/schema.org\/CreativeWork\" ><div class='iconlist_content_wrap'><header class=\"entry-content-header\"><h4 class='av_iconlist_title iconlist_title   '  itemprop=\"headline\"  ><a href='https:\/\/apartis.swiss\/site\/wp-content\/uploads\/downloads\/2020\/08\/rm-fonderie-f.pdf' title='R\u00e9glement de maison' target=\"_blank\"  rel=\"noopener noreferrer\">R\u00e9glement de maison<\/a><\/h4><\/header><div class='iconlist_content  '  itemprop=\"text\"  ><\/div><\/div><footer class=\"entry-footer\"><\/footer><\/article><div class='iconlist-timeline'><\/div><\/li>\n<li><a href='https:\/\/apartis.swiss\/site\/wp-content\/uploads\/downloads\/2020\/08\/fonderie-f.pdf' title='Gestion des d\u00e9chets'  target=\"_blank\"  rel=\"noopener noreferrer\"  class='iconlist_icon  avia-font-entypo-fontello'><span class='iconlist-char ' aria-hidden='true' data-av_icon='\ue847' data-av_iconfont='entypo-fontello'><\/span><\/a><article class=\"article-icon-entry av-iconlist-empty\"  itemscope=\"itemscope\" itemtype=\"https:\/\/schema.org\/CreativeWork\" ><div class='iconlist_content_wrap'><header class=\"entry-content-header\"><h4 class='av_iconlist_title iconlist_title   '  itemprop=\"headline\"  ><a href='https:\/\/apartis.swiss\/site\/wp-content\/uploads\/downloads\/2020\/08\/fonderie-f.pdf' title='Gestion des d\u00e9chets' target=\"_blank\"  rel=\"noopener noreferrer\">Gestion des d\u00e9chets<\/a><\/h4><\/header><div class='iconlist_content  '  itemprop=\"text\"  ><\/div><\/div><footer class=\"entry-footer\"><\/footer><\/article><div class='iconlist-timeline'><\/div><\/li>\n<li><a href='https:\/\/apartis.swiss\/site\/nos-immeubles\/informations-generales\/' title='Informations g\u00e9n\u00e9rales'  target=\"_blank\"  rel=\"noopener noreferrer\"  class='iconlist_icon  avia-font-entypo-fontello'><span class='iconlist-char ' aria-hidden='true' data-av_icon='\ue81f' data-av_iconfont='entypo-fontello'><\/span><\/a><article class=\"article-icon-entry av-iconlist-empty\"  itemscope=\"itemscope\" itemtype=\"https:\/\/schema.org\/CreativeWork\" ><div class='iconlist_content_wrap'><header class=\"entry-content-header\"><h4 class='av_iconlist_title iconlist_title   '  itemprop=\"headline\"  ><a href='https:\/\/apartis.swiss\/site\/nos-immeubles\/informations-generales\/' title='Informations g\u00e9n\u00e9rales' target=\"_blank\"  rel=\"noopener noreferrer\">Informations g\u00e9n\u00e9rales<\/a><\/h4><\/header><div class='iconlist_content  '  itemprop=\"text\"  ><\/div><\/div><footer class=\"entry-footer\"><\/footer><\/article><div class='iconlist-timeline'><\/div><\/li>\n<li><a href='https:\/\/apartis.swiss\/site\/wp-content\/plugins\/download-monitor\/download.php?id=239' title='Charte des locataires&lt;br \/&gt;\nSite 2000 Watt'  target=\"_blank\"  rel=\"noopener noreferrer\"  class='iconlist_icon  avia-font-entypo-fontello'><span class='iconlist-char ' aria-hidden='true' data-av_icon='\ue8b8' data-av_iconfont='entypo-fontello'><\/span><\/a><article class=\"article-icon-entry av-iconlist-empty\"  itemscope=\"itemscope\" itemtype=\"https:\/\/schema.org\/CreativeWork\" ><div class='iconlist_content_wrap'><header class=\"entry-content-header\"><h4 class='av_iconlist_title iconlist_title   '  itemprop=\"headline\"  ><a href='https:\/\/apartis.swiss\/site\/wp-content\/plugins\/download-monitor\/download.php?id=239' title='Charte des locataires&lt;br \/&gt;\nSite 2000 Watt' target=\"_blank\"  rel=\"noopener noreferrer\">Charte des locataires<br \/>\nSite 2000 Watt<\/a><\/h4><\/header><div class='iconlist_content  '  itemprop=\"text\"  ><\/div><\/div><footer class=\"entry-footer\"><\/footer><\/article><div class='iconlist-timeline'><\/div><\/li>\n<li><div  class='iconlist_icon  avia-font-entypo-fontello'><span class='iconlist-char ' aria-hidden='true' data-av_icon='\ue84f' data-av_iconfont='entypo-fontello'><\/span><\/div><article class=\"article-icon-entry av-iconlist-empty\"  itemscope=\"itemscope\" itemtype=\"https:\/\/schema.org\/CreativeWork\" ><div class='iconlist_content_wrap'><header class=\"entry-content-header\"><h4 class='av_iconlist_title iconlist_title   '  itemprop=\"headline\"  ><a href='https:\/\/apartis.swiss\/site\/wp-content\/plugins\/download-monitor\/download.php?id=75' title='Brochure Apartis' target=\"_blank\"  rel=\"noopener noreferrer\">Brochure Apartis<\/a><\/h4><\/header><div class='iconlist_content  '  itemprop=\"text\"  ><\/div><\/div><footer class=\"entry-footer\"><\/footer><\/article><div class='iconlist-timeline'><\/div><\/li>\n<\/ul><\/div><\/p><\/div><div class=\"flex_column av_three_fifth  flex_column_div av-zero-column-padding   avia-builder-el-4  el_after_av_two_fifth  avia-builder-el-last  \" style='border-radius:0px; '><p><div  style='padding-bottom:10px; ' class='av-special-heading av-special-heading-h2  blockquote modern-quote  avia-builder-el-5  el_before_av_toggle_container  avia-builder-el-first  '><h2 class='av-special-heading-tag '  itemprop=\"headline\"  >Route de la Fonderie 14 &#8211; 14d | Fribourg<\/h2><div class='special-heading-border'><div class='special-heading-inner-border' ><\/div><\/div><\/div><br \/>\n<div   class=\"togglecontainer   toggle_close_all  avia-builder-el-6  el_after_av_heading  avia-builder-el-last \" >\n<section class=\"av_toggle_section\"  itemscope=\"itemscope\" itemtype=\"https:\/\/schema.org\/CreativeWork\"  >    <div role=\"tablist\" class=\"single_toggle\" data-tags=\"{Tout} \"  >        <p data-fake-id=\"#toggle-id-1\" class=\"toggler activeTitle\"  itemprop=\"headline\"    role=\"tab\" tabindex=\"0\" aria-controls=\"toggle-id-1\">Description<span class=\"toggle_icon\" >        <span class=\"vert_icon\"><\/span><span class=\"hor_icon\"><\/span><\/span><\/p>        <div id=\"toggle-id-1\" class=\"toggle_wrap active_tc\"  style='display:block;' >            <div class=\"toggle_content invers-color \"  itemprop=\"text\"   ><p><strong>5 immeubles<\/strong> de 7 \u00e9tages qui comprennent des studios et des appartements de 3 \u00e0 4 chambres avec cuisine\/s\u00e9jour et WC\/douche communs.<\/p>\n<p>Rez-de-chauss\u00e9e\u00a0: entr\u00e9e, bo\u00eetes aux lettres, grand local \u00e0 v\u00e9los, ascenseur<\/p>\n<p>1er \u00e9tage\u00a0: buanderie, casiers personnels pour chaque locataire<\/p>\n<p>2\/3\/4\/5\/6\/7 \u00e8me \u00e9tage\u00a0:<\/p>\n<ul>\n<li>Trois \u00e0 quatre chambres individuelles, juxtapos\u00e9es \u00e0 un s\u00e9jour-cuisine, un WC\/douche dans les appartements de trois chambres et deux WC\/douche dans les appartements de 4 chambres.<\/li>\n<li>Des studios avec cuisine \u00e9quip\u00e9e et WC\/douche. Certains studios sont \u00e9quip\u00e9s pour les personnes handicap\u00e9es.<\/li>\n<\/ul>\n<p><img loading=\"lazy\" decoding=\"async\" class=\"alignleft wp-image-7429\" src=\"https:\/\/apartis.swiss\/site\/wp-content\/uploads\/2019\/05\/2000Watt-Areal-photo.png\" alt=\"\" width=\"75\" height=\"52\" srcset=\"https:\/\/apartis.swiss\/site\/wp-content\/uploads\/2019\/05\/2000Watt-Areal-photo.png 575w, https:\/\/apartis.swiss\/site\/wp-content\/uploads\/2019\/05\/2000Watt-Areal-photo-300x209.png 300w, https:\/\/apartis.swiss\/site\/wp-content\/uploads\/2019\/05\/2000Watt-Areal-photo-260x185.png 260w, https:\/\/apartis.swiss\/site\/wp-content\/uploads\/2019\/05\/2000Watt-Areal-photo-450x313.png 450w\" sizes=\"(max-width: 75px) 100vw, 75px\" \/>Les immeubles sont class\u00e9s <strong>Minergie<\/strong> et l<strong>abellis\u00e9s \u00ab\u00a0Site 2\u2019000 Watts\u00a0\u00bb<\/strong>. Ils r\u00e9pondent aux objectifs fix\u00e9s par la Conf\u00e9d\u00e9ration en terme d\u2019environnement et d\u2019\u00e9nergie et doivent remplir des crit\u00e8res et exigences sp\u00e9cifiques pour b\u00e9n\u00e9ficier du label \u00ab\u00a0Site 2&rsquo;000 Watts\u00a0\u00bb et le garantir.<\/p>\n<p><strong>Chauffage<\/strong>\u00a0: \u00e0 distance au biogaz, au sol dans les appartements.<\/p>\n<p><strong>Un shop<\/strong><\/p>\n<p><strong>18 places de parc ext\u00e9rieures payantes<\/strong><\/p>\n            <\/div>        <\/div>    <\/div><\/section>\n<section class=\"av_toggle_section\"  itemscope=\"itemscope\" itemtype=\"https:\/\/schema.org\/CreativeWork\"  >    <div role=\"tablist\" class=\"single_toggle\" data-tags=\"{Tout} \"  >        <p data-fake-id=\"#toggle-id-2\" class=\"toggler \"  itemprop=\"headline\"    role=\"tab\" tabindex=\"0\" aria-controls=\"toggle-id-2\">Quartier de P\u00e9rolles<span class=\"toggle_icon\" >        <span class=\"vert_icon\"><\/span><span class=\"hor_icon\"><\/span><\/span><\/p>        <div id=\"toggle-id-2\" class=\"toggle_wrap \"   >            <div class=\"toggle_content invers-color \"  itemprop=\"text\"   ><p>Au bout du Boulevard de P\u00e9rolles, c&rsquo;est le quartier des \u00e9tudiants par excellence, avec l&rsquo;Universit\u00e9 de P\u00e9rolles, la Facult\u00e9 des Sciences, le site universitaire Regina Mundi, les Haute \u00e9coles (ing\u00e9nieur et architecte, gestion, sant\u00e9, travail social), l&rsquo;Ecole des M\u00e9tiers, l&rsquo;EIKON, le coll\u00e8ge Ste-Croix.<\/p>\n<p>On y trouve tout : plusieurs cantines, petits restos, snacks, magasins d&rsquo;alimentations, poste, salles de concert, centre culturel, th\u00e9\u00e2tre ainsi que de nombreux petits commerces.<\/p>\n<p>En quelques enjamb\u00e9es on rejoint le Bois de St-Jean, le Sentier Ritter qui m\u00e8ne en Basse-Ville ou le reposant Jardin botanique.<\/p>\n            <\/div>        <\/div>    <\/div><\/section>\n<section class=\"av_toggle_section\"  itemscope=\"itemscope\" itemtype=\"https:\/\/schema.org\/CreativeWork\"  >    <div role=\"tablist\" class=\"single_toggle\" data-tags=\"{Tout} \"  >        <p data-fake-id=\"#toggle-id-3\" class=\"toggler \"  itemprop=\"headline\"    role=\"tab\" tabindex=\"0\" aria-controls=\"toggle-id-3\">Loyers, logements, espaces communs<span class=\"toggle_icon\" >        <span class=\"vert_icon\"><\/span><span class=\"hor_icon\"><\/span><\/span><\/p>        <div id=\"toggle-id-3\" class=\"toggle_wrap \"   >            <div class=\"toggle_content invers-color \"  itemprop=\"text\"   ><p><strong>334 chambres et 39 studios non meubl\u00e9s:<\/strong><\/p>\n<p><strong>Loyers<\/strong><\/p>\n<ul>\n<li>Varient selon \u00e9tage, type d\u2018appartement et grandeur<\/li>\n<li>De CHF 454.- \u00e0 509.- par mois (env. \u20ac 380.- \u00e0 425.-)<\/li>\n<li>Studios\u00a0: CHF 672.- \u00e0 687.- (env. \u20ac 560.- \u00e0 570.-)<\/li>\n<li>Charges comprises: chauffage, eau chaude, internet Wifi<\/li>\n<li>Non inclus: frais d\u2019\u00e9lectricit\u00e9, de t\u00e9l\u00e9phone, de t\u00e9l\u00e9vision et taxe m\u00e9dias (factur\u00e9s directement par les prestataires de ces diff\u00e9rents services)<\/li>\n<li>L\u2019acompte de charges pour le chauffage et l\u2019eau chaude pay\u00e9 avec le loyer est d\u00e9compt\u00e9 une fois par ann\u00e9e (octobre environ).<\/li>\n<li>Contrats de location de dur\u00e9e ind\u00e9termin\u00e9e<\/li>\n<\/ul>\n<p><strong>38 chambres meubl\u00e9es:<\/strong><\/p>\n<p><strong>Loyers\u00a0<\/strong><\/p>\n<ul>\n<li>Varient selon \u00e9tage, type d\u2018appartement et grandeur<\/li>\n<li>De CHF 514.- \u00e0 560.- par mois (env. \u20ac 430.- \u00e0 470.-)<\/li>\n<li>tout inclus: chauffage, eau chaude, internet Wifi, \u00e9lectricit\u00e9, ameublement, vaisselle<\/li>\n<li>Conditions particuli\u00e8res de r\u00e9siliation du bail (60 jours avant pour le milieu ou la fin d&rsquo;un mois &#8211; sauf 31 d\u00e9cembre)<\/li>\n<li>Non inclus: frais de t\u00e9l\u00e9phone, de t\u00e9l\u00e9vision et taxe m\u00e9dias (factur\u00e9s directement par les prestataires de ces diff\u00e9rents services)<\/li>\n<li>Pour des contrats de location de dur\u00e9e fixe ou de dur\u00e9e ind\u00e9termin\u00e9e<\/li>\n<\/ul>\n<p><strong>Appartements<\/strong><\/p>\n<ul>\n<li>372 chambres et 39 studios dans 143 appartements, dans 5 immeubles, sur 7 \u00e9tages chacun<\/li>\n<li>Appartements de 1, 3 et 4 chambres, cuisine\/s\u00e9jour, douche, 1 WC et 2 WC dans les appartements de 4 chambres<\/li>\n<li>Am\u00e9nagement des cuisines simple, robuste et fonctionnel<\/li>\n<\/ul>\n<p><strong>Chambres \/ Studios<\/strong><\/p>\n<ul>\n<li>De 10 \u00e0 20m<sup>2 <\/sup>\/ Studios de 23 \u00e0 30 m<sup>2<\/sup><\/li>\n<li>chambres meubl\u00e9es ou non meubl\u00e9es \/ Studios non meubl\u00e9s<\/li>\n<li>Chaque chambre dispose d\u2019une grande fen\u00eatre et un rev\u00eatement en parquet<\/li>\n<\/ul>\n<p><strong>Espaces communs<\/strong><\/p>\n<ul>\n<li>Hall d\u2019entr\u00e9e: bo\u00eetes aux lettres, vitrine d\u2019informations d\u2019Apartis et panneau d\u2019affichage libre<\/li>\n<li>Espaces communs NON FUMEUR<\/li>\n<li><a href=\"https:\/\/apartis.swiss\/info-locataires\/salles-polyvalentes\/\">Salles polyvalentes<\/a><\/li>\n<\/ul>\n            <\/div>        <\/div>    <\/div><\/section>\n<section class=\"av_toggle_section\"  itemscope=\"itemscope\" itemtype=\"https:\/\/schema.org\/CreativeWork\"  >    <div role=\"tablist\" class=\"single_toggle\" data-tags=\"{Tout} \"  >        <p data-fake-id=\"#toggle-id-4\" class=\"toggler \"  itemprop=\"headline\"    role=\"tab\" tabindex=\"0\" aria-controls=\"toggle-id-4\">Situation &amp; Acc\u00e8s<span class=\"toggle_icon\" >        <span class=\"vert_icon\"><\/span><span class=\"hor_icon\"><\/span><\/span><\/p>        <div id=\"toggle-id-4\" class=\"toggle_wrap \"   >            <div class=\"toggle_content invers-color \"  itemprop=\"text\"   ><p><strong>Situation des b\u00e2timents<\/strong><\/p>\n<ul>\n<li>A Fribourg, quartier de P\u00e9rolles<\/li>\n<li>A 5 minutes des b\u00e2timents universitaires de P\u00e9rolles I-II, de Regina Mundi, des hautes \u00e9coles (ing\u00e9nieurs, gestion, sant\u00e9 et travail social), de l\u2019\u00e9cole des M\u00e9tiers ainsi que de nombreux commerces<\/li>\n<li>A 7 minutes \u00e0 v\u00e9lo ou en bus de l\u2019Universit\u00e9 de Mis\u00e9ricorde<\/li>\n<li>A 15 minutes \u00e0 pied de la gare centrale de Fribourg, du centre-ville et rues pi\u00e9tonnes<\/li>\n<\/ul>\n<p><strong>Transports Publics<\/strong><\/p>\n<ul>\n<li>Ligne de bus 7<\/li>\n<li>Arr\u00eats de bus \u00ab Buttes \u00bb \u00e0 2 minute des b\u00e2timents.<\/li>\n<li>Horaires de bus et abonnements disponibles \u00e0 la gare centrale<\/li>\n<li><a href=\"https:\/\/www.tpf.ch\/fr\/horaires-et-plans\/horaire-par-reseaux\/agglo\" target=\"_blank\" rel=\"noopener noreferrer\">Horaire de bus<\/a><\/li>\n<\/ul>\n            <\/div>        <\/div>    <\/div><\/section>\n<section class=\"av_toggle_section\"  itemscope=\"itemscope\" itemtype=\"https:\/\/schema.org\/CreativeWork\"  >    <div role=\"tablist\" class=\"single_toggle\" data-tags=\"{Tout} \"  >        <p data-fake-id=\"#toggle-id-5\" class=\"toggler \"  itemprop=\"headline\"    role=\"tab\" tabindex=\"0\" aria-controls=\"toggle-id-5\">Equipements<span class=\"toggle_icon\" >        <span class=\"vert_icon\"><\/span><span class=\"hor_icon\"><\/span><\/span><\/p>        <div id=\"toggle-id-5\" class=\"toggle_wrap \"   >            <div class=\"toggle_content invers-color \"  itemprop=\"text\"   ><p><strong>Casiers personnels<\/strong><\/p>\n<ul>\n<li>Se trouvent au 1er \u00e9tage de chaque immeuble<\/li>\n<li>1 casier par locataire (dimensions lxLxh\u00a0: env. 50x50x200 cm)<\/li>\n<li>Le casier a le m\u00eame num\u00e9ro que celui de la chambre\/studio<\/li>\n<li>Fait partie du logement\u00a0: \u00e0 leur d\u00e9part, les locataires sont pri\u00e9s de reprendre leurs affaires et de nettoyer le casier<\/li>\n<li>Ne rien d\u00e9poser hors du casier<\/li>\n<\/ul>\n<p><strong>Buanderie<\/strong><\/p>\n<ul>\n<li>Au 1<sup>er<\/sup> \u00e9tage de chaque immeuble<\/li>\n<li>3 machines \u00e0 laver, 3 s\u00e8che-linge, 1 local-\u00e9tendage<\/li>\n<li>Fonctionnement \u00e0 l\u2019aide d\u2019une cl\u00e9 de lavage \u00e0 commander :\u00a0<a href=\"http:\/\/www.keycom.ch\" target=\"_blank\" rel=\"noopener noreferrer\">www.keycom.ch<\/a><\/li>\n<li>Pas de plan de lavage<\/li>\n<li>Apr\u00e8s chaque utilisation, le locataire nettoie les machines, les filtres et le sol<\/li>\n<li>Aucun objet (bidon de lessive, linge, etc.) ne reste sur place<\/li>\n<\/ul>\n<p><strong>Parc \u00e0 v\u00e9los<\/strong><\/p>\n<ul>\n<li>Grand local au rez-de-chauss\u00e9e et places ext\u00e9rieures<\/li>\n<li>Ne pas entreposer les v\u00e9los ailleurs qu\u2019aux emplacements r\u00e9serv\u00e9s<\/li>\n<\/ul>\n<p><strong>Place de parc<\/strong><\/p>\n<ul>\n<li>Possibilit\u00e9 de louer une place de parc ext\u00e9rieure pour CHF\u00a0100.- par mois (nombre de places limit\u00e9)<\/li>\n<li>Stationnement interdit autour des immeubles, ayants droit except\u00e9<\/li>\n<li>Places de parc payantes dans le quartier<\/li>\n<\/ul>\n            <\/div>        <\/div>    <\/div><\/section>\n<section class=\"av_toggle_section\"  itemscope=\"itemscope\" itemtype=\"https:\/\/schema.org\/CreativeWork\"  >    <div role=\"tablist\" class=\"single_toggle\" data-tags=\"{Tout} \"  >        <p data-fake-id=\"#toggle-id-6\" class=\"toggler \"  itemprop=\"headline\"    role=\"tab\" tabindex=\"0\" aria-controls=\"toggle-id-6\">Vid\u00e9o<span class=\"toggle_icon\" >        <span class=\"vert_icon\"><\/span><span class=\"hor_icon\"><\/span><\/span><\/p>        <div id=\"toggle-id-6\" class=\"toggle_wrap \"   >            <div class=\"toggle_content invers-color \"  itemprop=\"text\"   ><p><iframe loading=\"lazy\" src=\"https:\/\/www.youtube.com\/embed\/D__D0vNZwBg\" width=\"560\" height=\"315\" frameborder=\"0\" allowfullscreen=\"allowfullscreen\"><\/iframe><\/p>\n<hr \/>\n<p><iframe loading=\"lazy\" src=\"https:\/\/www.youtube.com\/embed\/E2ikcz7SbPM\" width=\"560\" height=\"315\" frameborder=\"0\" allowfullscreen=\"allowfullscreen\"><\/iframe><\/p>\n<hr \/>\n<p><iframe loading=\"lazy\" src=\"https:\/\/www.youtube.com\/embed\/bcAYCyyI_Fg\" width=\"560\" height=\"315\" frameborder=\"0\" allowfullscreen=\"allowfullscreen\"><\/iframe><\/p>\n            <\/div>        <\/div>    <\/div><\/section>\n<\/div><\/p><\/div><\/p>\n","protected":false},"excerpt":{"rendered":"<p>\nLoyer moyen CHF 482 | ~ \u20ac 400<\/p>\n","protected":false},"featured_media":8274,"comment_status":"closed","ping_status":"closed","template":"","tags":[],"portfolio_entries":[6],"class_list":["post-8267","portfolio","type-portfolio","status-publish","has-post-thumbnail","hentry","portfolio_entries-apartis"],"_links":{"self":[{"href":"https:\/\/apartis.swiss\/site\/wp-json\/wp\/v2\/portfolio\/8267"}],"collection":[{"href":"https:\/\/apartis.swiss\/site\/wp-json\/wp\/v2\/portfolio"}],"about":[{"href":"https:\/\/apartis.swiss\/site\/wp-json\/wp\/v2\/types\/portfolio"}],"replies":[{"embeddable":true,"href":"https:\/\/apartis.swiss\/site\/wp-json\/wp\/v2\/comments?post=8267"}],"version-history":[{"count":1,"href":"https:\/\/apartis.swiss\/site\/wp-json\/wp\/v2\/portfolio\/8267\/revisions"}],"predecessor-version":[{"id":13276,"href":"https:\/\/apartis.swiss\/site\/wp-json\/wp\/v2\/portfolio\/8267\/revisions\/13276"}],"wp:featuredmedia":[{"embeddable":true,"href":"https:\/\/apartis.swiss\/site\/wp-json\/wp\/v2\/media\/8274"}],"wp:attachment":[{"href":"https:\/\/apartis.swiss\/site\/wp-json\/wp\/v2\/media?parent=8267"}],"wp:term":[{"taxonomy":"post_tag","embeddable":true,"href":"https:\/\/apartis.swiss\/site\/wp-json\/wp\/v2\/tags?post=8267"},{"taxonomy":"portfolio_entries","embeddable":true,"href":"https:\/\/apartis.swiss\/site\/wp-json\/wp\/v2\/portfolio_entries?post=8267"}],"curies":[{"name":"wp","href":"https:\/\/api.w.org\/{rel}","templated":true}]}}