{"id":341,"date":"2017-08-29T11:06:51","date_gmt":"2017-08-29T09:06:51","guid":{"rendered":"http:\/\/apartis.swiss\/site\/portfolio-item\/avenue-du-midi-2\/"},"modified":"2025-09-23T15:50:45","modified_gmt":"2025-09-23T13:50:45","slug":"logements-erasmus","status":"publish","type":"portfolio","link":"https:\/\/apartis.swiss\/site\/portfolio-item\/logements-erasmus\/","title":{"rendered":"Logements Erasmus"},"content":{"rendered":"<p><div class=\"flex_column av_two_fifth  flex_column_div av-zero-column-padding first  avia-builder-el-0  el_before_av_three_fifth  avia-builder-el-first  \" style='border-radius:0px; '><p><div id='av-masonry-1' class='av-masonry  noHover av-fixed-size av-large-gap av-hover-overlay-active av-masonry-animation-active av-masonry-col-3 av-caption-always av-caption-style- av-masonry-gallery   av-orientation-square  '  ><div class='av-masonry-container isotope av-js-disabled ' ><div class='av-masonry-entry isotope-item av-masonry-item-no-image '><\/div><a href=\"https:\/\/apartis.swiss\/site\/wp-content\/uploads\/2018\/04\/Bellevue-1030x687.jpg\"  aria-label=\"image Bellevue\"  id='av-masonry-1-item-2087' data-av-masonry-item='2087' class='av-masonry-entry isotope-item post-2087 attachment type-attachment status-inherit hentry  av-masonry-item-with-image' title=\"Bellevue\" alt=\"\"   itemprop=\"thumbnailUrl\" ><div class='av-inner-masonry-sizer'><\/div><figure class='av-inner-masonry main_color'><div class=\"av-masonry-outerimage-container\"><div class=\"av-masonry-image-container\" style=\"background-image: url(https:\/\/apartis.swiss\/site\/wp-content\/uploads\/2018\/04\/Bellevue-705x470.jpg);\" title=\"Bellevue\" ><\/div><\/div><\/figure><\/a><!--end av-masonry entry--><a href=\"https:\/\/apartis.swiss\/site\/wp-content\/uploads\/2018\/04\/Sonnenberg-1030x687.jpg\"  aria-label=\"image Sonnenberg\"  id='av-masonry-1-item-2108' data-av-masonry-item='2108' class='av-masonry-entry isotope-item post-2108 attachment type-attachment status-inherit hentry  av-masonry-item-with-image' title=\"Sonnenberg\" alt=\"\"   itemprop=\"thumbnailUrl\" ><div class='av-inner-masonry-sizer'><\/div><figure class='av-inner-masonry main_color'><div class=\"av-masonry-outerimage-container\"><div class=\"av-masonry-image-container\" style=\"background-image: url(https:\/\/apartis.swiss\/site\/wp-content\/uploads\/2018\/04\/Sonnenberg-705x470.jpg);\" title=\"Sonnenberg\" ><\/div><\/div><\/figure><\/a><!--end av-masonry entry--><a href=\"https:\/\/apartis.swiss\/site\/wp-content\/uploads\/2017\/08\/Bell_Erasmus_01-1030x687.jpg\"  aria-label=\"image Bell_Erasmus_01\"  id='av-masonry-1-item-12325' data-av-masonry-item='12325' class='av-masonry-entry isotope-item post-12325 attachment type-attachment status-inherit hentry  av-masonry-item-with-image' title=\"Bell_Erasmus_01\" alt=\"\"   itemprop=\"thumbnailUrl\" ><div class='av-inner-masonry-sizer'><\/div><figure class='av-inner-masonry main_color'><div class=\"av-masonry-outerimage-container\"><div class=\"av-masonry-image-container\" style=\"background-image: url(https:\/\/apartis.swiss\/site\/wp-content\/uploads\/2017\/08\/Bell_Erasmus_01-705x470.jpg);\" title=\"Bell_Erasmus_01\" ><\/div><\/div><\/figure><\/a><!--end av-masonry entry--><a href=\"https:\/\/apartis.swiss\/site\/wp-content\/uploads\/2017\/08\/Bell_Erasmus_02-1030x687.jpg\"  aria-label=\"image Bell_Erasmus_02\"  id='av-masonry-1-item-12328' data-av-masonry-item='12328' class='av-masonry-entry isotope-item post-12328 attachment type-attachment status-inherit hentry  av-masonry-item-with-image' title=\"Bell_Erasmus_02\" alt=\"\"   itemprop=\"thumbnailUrl\" ><div class='av-inner-masonry-sizer'><\/div><figure class='av-inner-masonry main_color'><div class=\"av-masonry-outerimage-container\"><div class=\"av-masonry-image-container\" style=\"background-image: url(https:\/\/apartis.swiss\/site\/wp-content\/uploads\/2017\/08\/Bell_Erasmus_02-705x470.jpg);\" title=\"Bell_Erasmus_02\" ><\/div><\/div><\/figure><\/a><!--end av-masonry entry--><a href=\"https:\/\/apartis.swiss\/site\/wp-content\/uploads\/2017\/08\/Bell_Erasmus_03-1030x687.jpg\"  aria-label=\"image Bell_Erasmus_03\"  id='av-masonry-1-item-12331' data-av-masonry-item='12331' class='av-masonry-entry isotope-item post-12331 attachment type-attachment status-inherit hentry  av-masonry-item-with-image' title=\"Bell_Erasmus_03\" alt=\"\"   itemprop=\"thumbnailUrl\" ><div class='av-inner-masonry-sizer'><\/div><figure class='av-inner-masonry main_color'><div class=\"av-masonry-outerimage-container\"><div class=\"av-masonry-image-container\" style=\"background-image: url(https:\/\/apartis.swiss\/site\/wp-content\/uploads\/2017\/08\/Bell_Erasmus_03-705x470.jpg);\" title=\"Bell_Erasmus_03\" ><\/div><\/div><\/figure><\/a><!--end av-masonry entry--><a href=\"https:\/\/apartis.swiss\/site\/wp-content\/uploads\/2017\/08\/Bell_Erasmus_04-1030x687.jpg\"  aria-label=\"image Bell_Erasmus_04\"  id='av-masonry-1-item-12334' data-av-masonry-item='12334' class='av-masonry-entry isotope-item post-12334 attachment type-attachment status-inherit hentry  av-masonry-item-with-image' title=\"Bell_Erasmus_04\" alt=\"\"   itemprop=\"thumbnailUrl\" ><div class='av-inner-masonry-sizer'><\/div><figure class='av-inner-masonry main_color'><div class=\"av-masonry-outerimage-container\"><div class=\"av-masonry-image-container\" style=\"background-image: url(https:\/\/apartis.swiss\/site\/wp-content\/uploads\/2017\/08\/Bell_Erasmus_04-705x470.jpg);\" title=\"Bell_Erasmus_04\" ><\/div><\/div><\/figure><\/a><!--end av-masonry entry--><a href=\"https:\/\/apartis.swiss\/site\/wp-content\/uploads\/2017\/08\/Bell_Erasmus_05-1030x687.jpg\"  aria-label=\"image Bell_Erasmus_05\"  id='av-masonry-1-item-12337' data-av-masonry-item='12337' class='av-masonry-entry isotope-item post-12337 attachment type-attachment status-inherit hentry  av-masonry-item-with-image' title=\"Bell_Erasmus_05\" alt=\"\"   itemprop=\"thumbnailUrl\" ><div class='av-inner-masonry-sizer'><\/div><figure class='av-inner-masonry main_color'><div class=\"av-masonry-outerimage-container\"><div class=\"av-masonry-image-container\" style=\"background-image: url(https:\/\/apartis.swiss\/site\/wp-content\/uploads\/2017\/08\/Bell_Erasmus_05-705x470.jpg);\" title=\"Bell_Erasmus_05\" ><\/div><\/div><\/figure><\/a><!--end av-masonry entry--><a href=\"https:\/\/apartis.swiss\/site\/wp-content\/uploads\/2017\/08\/Bell_Erasmus_06-1030x687.jpg\"  aria-label=\"image Bell_Erasmus_06\"  id='av-masonry-1-item-12340' data-av-masonry-item='12340' class='av-masonry-entry isotope-item post-12340 attachment type-attachment status-inherit hentry  av-masonry-item-with-image' title=\"Bell_Erasmus_06\" alt=\"\"   itemprop=\"thumbnailUrl\" ><div class='av-inner-masonry-sizer'><\/div><figure class='av-inner-masonry main_color'><div class=\"av-masonry-outerimage-container\"><div class=\"av-masonry-image-container\" style=\"background-image: url(https:\/\/apartis.swiss\/site\/wp-content\/uploads\/2017\/08\/Bell_Erasmus_06-705x470.jpg);\" title=\"Bell_Erasmus_06\" ><\/div><\/div><\/figure><\/a><!--end av-masonry entry--><\/div><\/div><br \/>\n<div  style='height:50px' class='hr hr-invisible   avia-builder-el-2  el_after_av_masonry_gallery  el_before_av_iconlist  avia-builder-el-first '><span class='hr-inner ' ><span class='hr-inner-style'><\/span><\/span><\/div><br \/>\n<div  class='avia-icon-list-container   avia-builder-el-3  el_after_av_hr  avia-builder-el-last '><ul class='avia-icon-list avia-icon-list-left av-iconlist-big avia_animate_when_almost_visible avia-iconlist-animate'>\n<li><a href='https:\/\/apartis.swiss\/site\/nos-immeubles\/situation-des-immeubles-apartis\/' title='Plan de situation'  target=\"_blank\"  rel=\"noopener noreferrer\"  class='iconlist_icon  avia-font-entypo-fontello'><span class='iconlist-char ' aria-hidden='true' data-av_icon='\ue842' data-av_iconfont='entypo-fontello'><\/span><\/a><article class=\"article-icon-entry av-iconlist-empty\"  itemscope=\"itemscope\" itemtype=\"https:\/\/schema.org\/CreativeWork\" ><div class='iconlist_content_wrap'><header class=\"entry-content-header\"><h4 class='av_iconlist_title iconlist_title   '  itemprop=\"headline\"  ><a href='https:\/\/apartis.swiss\/site\/nos-immeubles\/situation-des-immeubles-apartis\/' title='Plan de situation' target=\"_blank\"  rel=\"noopener noreferrer\">Plan de situation<\/a><\/h4><\/header><div class='iconlist_content  '  itemprop=\"text\"  ><\/div><\/div><footer class=\"entry-footer\"><\/footer><\/article><div class='iconlist-timeline'><\/div><\/li>\n<li><div  class='iconlist_icon  avia-font-entypo-fontello'><span class='iconlist-char ' aria-hidden='true' data-av_icon='\ue827' data-av_iconfont='entypo-fontello'><\/span><\/div><article class=\"article-icon-entry \"  itemscope=\"itemscope\" itemtype=\"https:\/\/schema.org\/CreativeWork\" ><div class='iconlist_content_wrap'><header class=\"entry-content-header\"><h4 class='av_iconlist_title iconlist_title   '  itemprop=\"headline\"  >R\u00e9servation<\/h4><\/header><div class='iconlist_content  '  itemprop=\"text\"  ><p>Ces chambres meubl\u00e9es sont r\u00e9serv\u00e9es pour les \u00e9tudiants \u00e9trangers effectuant un \u00e9change d\u2019un ou deux semestres avec l\u2019Universit\u00e9 de Fribourg.<\/p>\n<p>Apr\u00e8s leur nomination officielle par leur universit\u00e9 d\u2019origine les \u00e9tudiants de mobilit\u00e9 re\u00e7oivent par le Service des relations internationales de l\u2019Universit\u00e9 de Fribourg le formulaire d\u2019inscription pour un logement Apartis. Attention : la demande est toujours plus grande que l\u2019offre. Il n\u2019y a aucune de garantie d\u2019obtenir une chambre !<\/p>\n<p>Une garantie de CHF 1000.- est demand\u00e9e afin de recevoir le contrat de bail. Elle est rembours\u00e9e \u00e0 la fin du s\u00e9jour si le logement est rendu propre et en bon \u00e9tat.<\/p>\n<\/div><\/div><footer class=\"entry-footer\"><\/footer><\/article><div class='iconlist-timeline'><\/div><\/li>\n<li><div  class='iconlist_icon  avia-font-entypo-fontello'><span class='iconlist-char ' aria-hidden='true' data-av_icon='\ue84e' data-av_iconfont='entypo-fontello'><\/span><\/div><article class=\"article-icon-entry \"  itemscope=\"itemscope\" itemtype=\"https:\/\/schema.org\/CreativeWork\" ><div class='iconlist_content_wrap'><header class=\"entry-content-header\"><h4 class='av_iconlist_title iconlist_title   '  itemprop=\"headline\"  >Condition de location<\/h4><\/header><div class='iconlist_content  '  itemprop=\"text\"  ><p><a href=\"https:\/\/apartis.swiss\/site\/wp-content\/plugins\/download-monitor\/download.php?id=41\" target=\"_blank\" rel=\"noopener\" class=\"broken_link\">R\u00e8glement de maison chambre meubl\u00e9e Givisiez<\/a><\/p>\n<p><a href=\"https:\/\/apartis.swiss\/site\/wp-content\/plugins\/download-monitor\/download.php?id=136\" target=\"_blank\" rel=\"noopener\" class=\"broken_link\">R\u00e8glement de maison Sonnenberg<\/a><\/p>\n<p><a href=\"https:\/\/apartis.swiss\/site\/wp-content\/plugins\/download-monitor\/download.php?id=162\" target=\"_blank\" rel=\"noopener\" class=\"broken_link\">R\u00e8glement de maison Wilhelm-Kaiser 6<\/a><\/p>\n<p><a href=\"https:\/\/apartis.swiss\/site\/wp-content\/plugins\/download-monitor\/download.php?id=148\" target=\"_blank\" rel=\"noopener\" class=\"broken_link\">R\u00e8glement locatif chambre meubl\u00e9e<\/a><\/p>\n<p><a href=\"https:\/\/apartis.swiss\/site\/wp-content\/plugins\/download-monitor\/download.php?id=5\" class=\"broken_link\">Conditions g\u00e9n\u00e9rales CFI<\/a><\/p>\n<\/div><\/div><footer class=\"entry-footer\"><\/footer><\/article><div class='iconlist-timeline'><\/div><\/li>\n<li><a href='https:\/\/apartis.swiss\/site\/nos-immeubles\/informations-generales\/' title='Informations g\u00e9n\u00e9rales'  target=\"_blank\"  rel=\"noopener noreferrer\"  class='iconlist_icon  avia-font-entypo-fontello'><span class='iconlist-char ' aria-hidden='true' data-av_icon='\ue81f' data-av_iconfont='entypo-fontello'><\/span><\/a><article class=\"article-icon-entry av-iconlist-empty\"  itemscope=\"itemscope\" itemtype=\"https:\/\/schema.org\/CreativeWork\" ><div class='iconlist_content_wrap'><header class=\"entry-content-header\"><h4 class='av_iconlist_title iconlist_title   '  itemprop=\"headline\"  ><a href='https:\/\/apartis.swiss\/site\/nos-immeubles\/informations-generales\/' title='Informations g\u00e9n\u00e9rales' target=\"_blank\"  rel=\"noopener noreferrer\">Informations g\u00e9n\u00e9rales<\/a><\/h4><\/header><div class='iconlist_content  '  itemprop=\"text\"  ><\/div><\/div><footer class=\"entry-footer\"><\/footer><\/article><div class='iconlist-timeline'><\/div><\/li>\n<li><div  class='iconlist_icon  avia-font-entypo-fontello'><span class='iconlist-char ' aria-hidden='true' data-av_icon='\ue84f' data-av_iconfont='entypo-fontello'><\/span><\/div><article class=\"article-icon-entry av-iconlist-empty\"  itemscope=\"itemscope\" itemtype=\"https:\/\/schema.org\/CreativeWork\" ><div class='iconlist_content_wrap'><header class=\"entry-content-header\"><h4 class='av_iconlist_title iconlist_title   '  itemprop=\"headline\"  ><a href='https:\/\/apartis.swiss\/site\/wp-content\/plugins\/download-monitor\/download.php?id=75' title='Brochure Apartis' target=\"_blank\"  rel=\"noopener noreferrer\">Brochure Apartis<\/a><\/h4><\/header><div class='iconlist_content  '  itemprop=\"text\"  ><\/div><\/div><footer class=\"entry-footer\"><\/footer><\/article><div class='iconlist-timeline'><\/div><\/li>\n<\/ul><\/div><\/p><\/div><br \/>\n<div class=\"flex_column av_three_fifth  flex_column_div av-zero-column-padding   avia-builder-el-4  el_after_av_two_fifth  avia-builder-el-last  \" style='border-radius:0px; '><p><div  style='padding-bottom:10px; ' class='av-special-heading av-special-heading-h2  blockquote modern-quote  avia-builder-el-5  el_before_av_tab_container  avia-builder-el-first  '><h2 class='av-special-heading-tag '  itemprop=\"headline\"  >Rte Mont-Carmel 21-29 | Givisiez<\/h2><div class ='av-subheading av-subheading_below  ' style='font-size:15px;'><p>R\u00e9serv\u00e9 aux \u00e9tudiants d&rsquo;\u00e9change<\/p>\n<\/div><div class='special-heading-border'><div class='special-heading-inner-border' ><\/div><\/div><\/div><br \/>\n<div  class=\"tabcontainer   top_tab   avia-builder-el-6  el_after_av_heading  el_before_av_hr \" role=\"tablist\">\n\n<section class=\"av_tab_section\"  itemscope=\"itemscope\" itemtype=\"https:\/\/schema.org\/CreativeWork\" ><div aria-controls=\"tab-id-1-content\" role=\"tab\" tabindex=\"0\" data-fake-id=\"#tab-id-1\" class=\"tab active_tab\"  itemprop=\"headline\" >Le site<\/div>\n<div id=\"tab-id-1-content\" class=\"tab_content active_tab_content\" aria-hidden=\"false\">\n<div class=\"tab_inner_content invers-color\"  itemprop=\"text\" >\n<p><img loading=\"lazy\" decoding=\"async\" class=\"alignnone wp-image-2087 size-medium\" src=\"https:\/\/apartis.swiss\/site\/wp-content\/uploads\/2018\/04\/Bellevue-300x200.jpg\" alt=\"\" width=\"300\" height=\"200\" srcset=\"https:\/\/apartis.swiss\/site\/wp-content\/uploads\/2018\/04\/Bellevue-300x200.jpg 300w, https:\/\/apartis.swiss\/site\/wp-content\/uploads\/2018\/04\/Bellevue-768x512.jpg 768w, https:\/\/apartis.swiss\/site\/wp-content\/uploads\/2018\/04\/Bellevue-1030x687.jpg 1030w, https:\/\/apartis.swiss\/site\/wp-content\/uploads\/2018\/04\/Bellevue-705x470.jpg 705w, https:\/\/apartis.swiss\/site\/wp-content\/uploads\/2018\/04\/Bellevue-450x300.jpg 450w, https:\/\/apartis.swiss\/site\/wp-content\/uploads\/2018\/04\/Bellevue.jpg 1350w\" sizes=\"(max-width: 300px) 100vw, 300px\" \/><\/p>\n\n<\/div>\n<\/div>\n<\/section>\n\n<section class=\"av_tab_section\"  itemscope=\"itemscope\" itemtype=\"https:\/\/schema.org\/CreativeWork\" ><div aria-controls=\"tab-id-2-content\" role=\"tab\" tabindex=\"0\" data-fake-id=\"#tab-id-2\" class=\"tab \"  itemprop=\"headline\" >Appartement<\/div>\n<div id=\"tab-id-2-content\" class=\"tab_content \" aria-hidden=\"true\">\n<div class=\"tab_inner_content invers-color\"  itemprop=\"text\" >\n<p>Plusieurs appartements communautaires sont \u00e0 disposition des \u00e9tudiants d\u2019\u00e9change (Erasmus) durant 5 ou 10 mois :<\/p>\n<p>Du 1er septembre au 30 juin<br \/>\nDu 1er septembre au 31 janvier<br \/>\nDu 1er f\u00e9vrier au 30 juin<\/p>\n<p>Chaque appartement comprend 5 chambres. Les locaux communs, \u00e0 savoir une cuisine\/s\u00e9jour, une douche, un WC, le hall d\u2019entr\u00e9e, sont \u00e0 partager.<\/p>\n<p><strong>Espaces communs<\/strong><\/p>\n<ul>\n<li>Hall d\u2019entr\u00e9e: bo\u00eetes aux lettres, vitrine d\u2019informations d\u2019Apartis et panneau d\u2019affichage libre<\/li>\n<li>Salle polyvalente dans l\u2019immeuble 29:\u00a0<a href=\"https:\/\/apartis.swiss\/site\/info-locataires\/salles-polyvalentes\/\" target=\"_blank\" rel=\"noopener\">Salle polyvalente<\/a><\/li>\n<li>Salle d\u2019\u00e9tude et salle TV dans l\u2019immeuble 23<\/li>\n<li>Espaces communs\u00a0<strong>NON FUMEUR<\/strong><\/li>\n<\/ul>\n\n<\/div>\n<\/div>\n<\/section>\n\n<section class=\"av_tab_section\"  itemscope=\"itemscope\" itemtype=\"https:\/\/schema.org\/CreativeWork\" ><div aria-controls=\"tab-id-3-content\" role=\"tab\" tabindex=\"0\" data-fake-id=\"#tab-id-3\" class=\"tab \"  itemprop=\"headline\" >Chambre<\/div>\n<div id=\"tab-id-3-content\" class=\"tab_content \" aria-hidden=\"true\">\n<div class=\"tab_inner_content invers-color\"  itemprop=\"text\" >\n<p>Les chambres sont meubl\u00e9es d\u2019un lit et d\u2019un matelas (duvet et coussin), d\u2019une \u00e9tag\u00e8re, d\u2019un bureau, d\u2019une chaise et d\u2019une lampe. En plus, chaque locataire dispose d\u2019une armoire murale dans le hall de l\u2019appartement. La literie n\u2019est pas fournie.<\/p>\n<p>Chaque chambre est diff\u00e9rente, leur surface varie entre 12 m2 pour les plus petites et 18 m2 pour les plus grandes.<\/p>\n<p>Chaque chambre dispose d\u2019une grande fen\u00eatre ou d\u2019une porte-fen\u00eatre. Le sol est en parquet, les murs sont peints en blanc.<\/p>\n\n<\/div>\n<\/div>\n<\/section>\n\n<section class=\"av_tab_section\"  itemscope=\"itemscope\" itemtype=\"https:\/\/schema.org\/CreativeWork\" ><div aria-controls=\"tab-id-4-content\" role=\"tab\" tabindex=\"0\" data-fake-id=\"#tab-id-4\" class=\"tab \"  itemprop=\"headline\" >Agencement<\/div>\n<div id=\"tab-id-4-content\" class=\"tab_content \" aria-hidden=\"true\">\n<div class=\"tab_inner_content invers-color\"  itemprop=\"text\" >\n<p>La chambre:<br \/>\n1 lit (120x200cm)<br \/>\n1 duvet + coussin<br \/>\n1 enfourage de lit<br \/>\n1 drap housse<br \/>\n1 prot\u00e8ge matelas<br \/>\n1 armoire<br \/>\n1 \u00e9tag\u00e8re<br \/>\n1 bureau + chaise + lampe de bureau<br \/>\n1 plafonnier<\/p>\n<p>Cuisine-s\u00e9jour:<br \/>\n1 table + chaises<br \/>\ncasseroles, po\u00eales, ustensiles de cuisine<br \/>\n\u00e9quip\u00e9e (four, plaques, r\u00e9frig\u00e9rateur)<\/p>\n<p>Salle de bains \/ WC:<br \/>\ndouche + WC<br \/>\nrideau de douche<br \/>\nbrosse \u00e0 toilettes<\/p>\n<p>R\u00e9duit \/ hall:<br \/>\nbalai et seau<br \/>\naspirateur<\/p>\n\n<\/div>\n<\/div>\n<\/section>\n\n<section class=\"av_tab_section\"  itemscope=\"itemscope\" itemtype=\"https:\/\/schema.org\/CreativeWork\" ><div aria-controls=\"tab-id-5-content\" role=\"tab\" tabindex=\"0\" data-fake-id=\"#tab-id-5\" class=\"tab \"  itemprop=\"headline\" >Prix<\/div>\n<div id=\"tab-id-5-content\" class=\"tab_content \" aria-hidden=\"true\">\n<div class=\"tab_inner_content invers-color\"  itemprop=\"text\" >\n<p>de CHF 455.- \u00e0 CHF 555.- par mois<\/p>\n<p>selon grandeur et orientation de la chambre<\/p>\n<p>Charges incluses :<br \/>\nchauffage<br \/>\neau chaude<br \/>\ninternet Wifi<br \/>\n\u00e9lectricit\u00e9<\/p>\n<p>t\u00e9l\u00e9phone, t\u00e9l\u00e9vision, taxe m\u00e9dias, buanderie : NON inclus<\/p>\n\n<\/div>\n<\/div>\n<\/section>\n\n<section class=\"av_tab_section\"  itemscope=\"itemscope\" itemtype=\"https:\/\/schema.org\/CreativeWork\" ><div aria-controls=\"tab-id-6-content\" role=\"tab\" tabindex=\"0\" data-fake-id=\"#tab-id-6\" class=\"tab \"  itemprop=\"headline\" >R\u00e8glement<\/div>\n<div id=\"tab-id-6-content\" class=\"tab_content \" aria-hidden=\"true\">\n<div class=\"tab_inner_content invers-color\"  itemprop=\"text\" >\n<a  data-e-Disable-Page-Transition=\"true\" class=\"download-link\" title=\"\" href=\"https:\/\/apartis.swiss\/site\/download\/14866\/?tmstv=1788240783\" rel=\"nofollow\" id=\"download-link-14866\" data-redirect=\"false\" >\n\tReglement-de-maison-chambre-meublee-Bell.pdf\t(10570 t\u00e9l\u00e9chargements\t)\n<\/a>\n\n\n<\/div>\n<\/div>\n<\/section>\n\n<section class=\"av_tab_section\"  itemscope=\"itemscope\" itemtype=\"https:\/\/schema.org\/CreativeWork\" ><div aria-controls=\"tab-id-7-content\" role=\"tab\" tabindex=\"0\" data-fake-id=\"#tab-id-7\" class=\"tab \"  itemprop=\"headline\" >Vid\u00e9o<\/div>\n<div id=\"tab-id-7-content\" class=\"tab_content \" aria-hidden=\"true\">\n<div class=\"tab_inner_content invers-color\"  itemprop=\"text\" >\n<p><!--\n<iframe loading=\"lazy\" style=\"border: none; overflow: hidden;\" src=\"https:\/\/www.facebook.com\/plugins\/video.php?href=https%3A%2F%2Fwww.facebook.com%2FApartisFR%2Fvideos%2F2921195391281691%2F&show_text=0&width=560\" width=\"560\" height=\"315\" frameborder=\"0\" scrolling=\"no\" allowfullscreen=\"allowfullscreen\"><\/iframe>\n--><\/p>\n<p><iframe loading=\"lazy\" title=\"YouTube video player\" src=\"https:\/\/www.youtube.com\/embed\/urp-Kvlgw8c\" width=\"560\" height=\"315\" frameborder=\"0\" allowfullscreen=\"allowfullscreen\"><\/iframe><\/p>\n\n<\/div>\n<\/div>\n<\/section>\n\n<\/div>\n<br \/>\n<div   class='hr hr-default   avia-builder-el-7  el_after_av_tab_container  el_before_av_heading '><span class='hr-inner ' ><span class='hr-inner-style'><\/span><\/span><\/div><br \/>\n<div  style='padding-bottom:10px; ' class='av-special-heading av-special-heading-h2  blockquote modern-quote  avia-builder-el-8  el_after_av_hr  el_before_av_tab_container  '><h2 class='av-special-heading-tag '  itemprop=\"headline\"  >Ch. du Sonnenberg 5 | Fribourg<\/h2><div class ='av-subheading av-subheading_below  ' style='font-size:15px;'><p>R\u00e9serv\u00e9 aux \u00e9tudiants d&rsquo;\u00e9change<\/p>\n<\/div><div class='special-heading-border'><div class='special-heading-inner-border' ><\/div><\/div><\/div><br \/>\n<div  class=\"tabcontainer   top_tab   avia-builder-el-9  el_after_av_heading  avia-builder-el-last \" role=\"tablist\">\n\n<section class=\"av_tab_section\"  itemscope=\"itemscope\" itemtype=\"https:\/\/schema.org\/CreativeWork\" ><div aria-controls=\"tab-id-8-content\" role=\"tab\" tabindex=\"0\" data-fake-id=\"#tab-id-8\" class=\"tab active_tab\"  itemprop=\"headline\" >Le site<\/div>\n<div id=\"tab-id-8-content\" class=\"tab_content active_tab_content\" aria-hidden=\"false\">\n<div class=\"tab_inner_content invers-color\"  itemprop=\"text\" >\n<p><img loading=\"lazy\" decoding=\"async\" class=\"alignnone size-medium wp-image-2108\" src=\"https:\/\/apartis.swiss\/site\/wp-content\/uploads\/2018\/04\/Sonnenberg-300x200.jpg\" alt=\"\" width=\"300\" height=\"200\" srcset=\"https:\/\/apartis.swiss\/site\/wp-content\/uploads\/2018\/04\/Sonnenberg-300x200.jpg 300w, https:\/\/apartis.swiss\/site\/wp-content\/uploads\/2018\/04\/Sonnenberg-768x512.jpg 768w, https:\/\/apartis.swiss\/site\/wp-content\/uploads\/2018\/04\/Sonnenberg-1030x687.jpg 1030w, https:\/\/apartis.swiss\/site\/wp-content\/uploads\/2018\/04\/Sonnenberg-705x470.jpg 705w, https:\/\/apartis.swiss\/site\/wp-content\/uploads\/2018\/04\/Sonnenberg-450x300.jpg 450w, https:\/\/apartis.swiss\/site\/wp-content\/uploads\/2018\/04\/Sonnenberg.jpg 1350w\" sizes=\"(max-width: 300px) 100vw, 300px\" \/><\/p>\n\n<\/div>\n<\/div>\n<\/section>\n\n<section class=\"av_tab_section\"  itemscope=\"itemscope\" itemtype=\"https:\/\/schema.org\/CreativeWork\" ><div aria-controls=\"tab-id-9-content\" role=\"tab\" tabindex=\"0\" data-fake-id=\"#tab-id-9\" class=\"tab \"  itemprop=\"headline\" >B\u00e2timent<\/div>\n<div id=\"tab-id-9-content\" class=\"tab_content \" aria-hidden=\"true\">\n<div class=\"tab_inner_content invers-color\"  itemprop=\"text\" >\n<p>Dans ce b\u00e2timent de 19 chambres, 6 chambres meubl\u00e9es sont destin\u00e9es aux \u00e9tudiants d&rsquo;\u00e9change (Erasmus) durant 5 ou 10 mois:<\/p>\n<p>Du 1er septembre au 30 juin<br \/>\nDu 1er septembre au 31 janvier<br \/>\nDu 1er f\u00e9vrier au 30 juin<\/p>\n<p><strong>Espaces communs<\/strong><\/p>\n<ul>\n<li>Espaces communs <strong>NON FUMEUR<\/strong><\/li>\n<li>2 cuisines habitables avec t\u00e9l\u00e9vision (espaces de rangement pr\u00e9vus pour chaque locataire)<\/li>\n<li>2 sanitaires (chacun avec 2 lavabos, une baignoire, une douche et deux WC)<\/li>\n<li>Un coin dans le jardin \u00e0 disposition des locataires<\/li>\n<li><a href=\"https:\/\/apartis.swiss\/info-locataires\/salles-polyvalentes\/\">Salles polyvalentes Apartis<\/a><\/li>\n<\/ul>\n\n<\/div>\n<\/div>\n<\/section>\n\n<section class=\"av_tab_section\"  itemscope=\"itemscope\" itemtype=\"https:\/\/schema.org\/CreativeWork\" ><div aria-controls=\"tab-id-10-content\" role=\"tab\" tabindex=\"0\" data-fake-id=\"#tab-id-10\" class=\"tab \"  itemprop=\"headline\" >Chambre<\/div>\n<div id=\"tab-id-10-content\" class=\"tab_content \" aria-hidden=\"true\">\n<div class=\"tab_inner_content invers-color\"  itemprop=\"text\" >\n<ul>\n<li>De 9 \u00e0 16m2<\/li>\n<li>Meubl\u00e9es\u00a0: lit, table, chaise, \u00e9tag\u00e8re, armoire murale et fauteuil<\/li>\n<li>Chaque chambre est dot\u00e9e d\u2019un lavabo<\/li>\n<li>Sans literie, duvet ni coussin<\/li>\n<\/ul>\n\n<\/div>\n<\/div>\n<\/section>\n\n<section class=\"av_tab_section\"  itemscope=\"itemscope\" itemtype=\"https:\/\/schema.org\/CreativeWork\" ><div aria-controls=\"tab-id-11-content\" role=\"tab\" tabindex=\"0\" data-fake-id=\"#tab-id-11\" class=\"tab \"  itemprop=\"headline\" >Prix<\/div>\n<div id=\"tab-id-11-content\" class=\"tab_content \" aria-hidden=\"true\">\n<div class=\"tab_inner_content invers-color\"  itemprop=\"text\" >\n<p>Les loyers varient selon la grandeur de la chambre entre CHF 370.- \u00e0 390.- par mois.<\/p>\n<p>Charges comprises\u00a0: chauffage, eau chaude, \u00e9lectricit\u00e9, ameublement, acc\u00e8s \u00e0 internet par WIFI, nettoyage hebdomadaire du couloir, des sanitaires et de la cuisine<\/p>\n<p>Non compris: t\u00e9l\u00e9phone, taxe m\u00e9dias, buanderie<\/p>\n\n<\/div>\n<\/div>\n<\/section>\n\n<section class=\"av_tab_section\"  itemscope=\"itemscope\" itemtype=\"https:\/\/schema.org\/CreativeWork\" ><div aria-controls=\"tab-id-12-content\" role=\"tab\" tabindex=\"0\" data-fake-id=\"#tab-id-12\" class=\"tab \"  itemprop=\"headline\" >R\u00e8glement<\/div>\n<div id=\"tab-id-12-content\" class=\"tab_content \" aria-hidden=\"true\">\n<div class=\"tab_inner_content invers-color\"  itemprop=\"text\" >\n<p><a href=\"https:\/\/apartis.swiss\/site\/wp-content\/uploads\/downloads\/2018\/03\/r\u00e8glement-maison-f_sonn.pdf\">R\u00e8glement de maison<\/a><\/p>\n\n<\/div>\n<\/div>\n<\/section>\n\n<\/div>\n<\/p><\/div><\/p>\n","protected":false},"excerpt":{"rendered":"<p>Loyer moyen CHF 408 | ~ \u20ac 342<\/p>\n","protected":false},"featured_media":2087,"comment_status":"closed","ping_status":"closed","template":"","tags":[],"portfolio_entries":[9],"class_list":["post-341","portfolio","type-portfolio","status-publish","has-post-thumbnail","hentry","portfolio_entries-a-louer"],"_links":{"self":[{"href":"https:\/\/apartis.swiss\/site\/wp-json\/wp\/v2\/portfolio\/341"}],"collection":[{"href":"https:\/\/apartis.swiss\/site\/wp-json\/wp\/v2\/portfolio"}],"about":[{"href":"https:\/\/apartis.swiss\/site\/wp-json\/wp\/v2\/types\/portfolio"}],"replies":[{"embeddable":true,"href":"https:\/\/apartis.swiss\/site\/wp-json\/wp\/v2\/comments?post=341"}],"version-history":[{"count":3,"href":"https:\/\/apartis.swiss\/site\/wp-json\/wp\/v2\/portfolio\/341\/revisions"}],"predecessor-version":[{"id":15236,"href":"https:\/\/apartis.swiss\/site\/wp-json\/wp\/v2\/portfolio\/341\/revisions\/15236"}],"wp:featuredmedia":[{"embeddable":true,"href":"https:\/\/apartis.swiss\/site\/wp-json\/wp\/v2\/media\/2087"}],"wp:attachment":[{"href":"https:\/\/apartis.swiss\/site\/wp-json\/wp\/v2\/media?parent=341"}],"wp:term":[{"taxonomy":"post_tag","embeddable":true,"href":"https:\/\/apartis.swiss\/site\/wp-json\/wp\/v2\/tags?post=341"},{"taxonomy":"portfolio_entries","embeddable":true,"href":"https:\/\/apartis.swiss\/site\/wp-json\/wp\/v2\/portfolio_entries?post=341"}],"curies":[{"name":"wp","href":"https:\/\/api.w.org\/{rel}","templated":true}]}}