{"id":227,"date":"2017-08-12T09:12:31","date_gmt":"2017-08-25T07:12:31","guid":{"rendered":"http:\/\/apartis.swiss\/site\/portfolio-item\/avenue-du-midi-2-6\/"},"modified":"2020-04-22T11:21:03","modified_gmt":"2020-04-22T09:21:03","slug":"maison-sonnenberg","status":"publish","type":"portfolio","link":"https:\/\/apartis.swiss\/site\/portfolio-item\/maison-sonnenberg\/","title":{"rendered":"Maison Sonnenberg"},"content":{"rendered":"<div class=\"flex_column av_two_fifth  flex_column_div av-zero-column-padding first  avia-builder-el-0  el_before_av_three_fifth  avia-builder-el-first  \" style='border-radius:0px; '><p><div id='av-masonry-1' class='av-masonry  noHover av-fixed-size av-large-gap av-hover-overlay-active av-masonry-animation-active av-masonry-col-3 av-caption-always av-caption-style- av-masonry-gallery   av-orientation-square  '  ><div class='av-masonry-container isotope av-js-disabled ' ><div class='av-masonry-entry isotope-item av-masonry-item-no-image '><\/div><a href=\"https:\/\/apartis.swiss\/site\/wp-content\/uploads\/2019\/11\/Sonnenberg-1030x686.jpg\"  aria-label=\"image Sonnenberg\"  id='av-masonry-1-item-8371' data-av-masonry-item='8371' class='av-masonry-entry isotope-item post-8371 attachment type-attachment status-inherit hentry  av-masonry-item-with-image' title=\"Sonnenberg\" alt=\"\"   itemprop=\"thumbnailUrl\" ><div class='av-inner-masonry-sizer'><\/div><figure class='av-inner-masonry main_color'><div class=\"av-masonry-outerimage-container\"><div class=\"av-masonry-image-container\" style=\"background-image: url(https:\/\/apartis.swiss\/site\/wp-content\/uploads\/2019\/11\/Sonnenberg-705x470.jpg);\" title=\"Sonnenberg\" ><\/div><\/div><\/figure><\/a><!--end av-masonry entry--><a href=\"https:\/\/apartis.swiss\/site\/wp-content\/uploads\/2017\/08\/Sonnenberg_ciel-1030x686.jpg\"  aria-label=\"image Sonnenberg_ciel\"  id='av-masonry-1-item-8454' data-av-masonry-item='8454' class='av-masonry-entry isotope-item post-8454 attachment type-attachment status-inherit hentry  av-masonry-item-with-image' title=\"Sonnenberg_ciel\" alt=\"\"   itemprop=\"thumbnailUrl\" ><div class='av-inner-masonry-sizer'><\/div><figure class='av-inner-masonry main_color'><div class=\"av-masonry-outerimage-container\"><div class=\"av-masonry-image-container\" style=\"background-image: url(https:\/\/apartis.swiss\/site\/wp-content\/uploads\/2017\/08\/Sonnenberg_ciel-705x470.jpg);\" title=\"Sonnenberg_ciel\" ><\/div><\/div><\/figure><\/a><!--end av-masonry entry--><a href=\"https:\/\/apartis.swiss\/site\/wp-content\/uploads\/2017\/08\/Sonnenberg_exterieur-1030x686.jpg\"  aria-label=\"image Sonnenberg_exterieur\"  id='av-masonry-1-item-8460' data-av-masonry-item='8460' class='av-masonry-entry isotope-item post-8460 attachment type-attachment status-inherit hentry  av-masonry-item-with-image' title=\"Sonnenberg_exterieur\" alt=\"\"   itemprop=\"thumbnailUrl\" ><div class='av-inner-masonry-sizer'><\/div><figure class='av-inner-masonry main_color'><div class=\"av-masonry-outerimage-container\"><div class=\"av-masonry-image-container\" style=\"background-image: url(https:\/\/apartis.swiss\/site\/wp-content\/uploads\/2017\/08\/Sonnenberg_exterieur-705x470.jpg);\" title=\"Sonnenberg_exterieur\" ><\/div><\/div><\/figure><\/a><!--end av-masonry entry--><a href=\"https:\/\/apartis.swiss\/site\/wp-content\/uploads\/2018\/04\/Sonnenberg-1030x687.jpg\"  aria-label=\"image Sonnenberg\"  id='av-masonry-1-item-2108' data-av-masonry-item='2108' class='av-masonry-entry isotope-item post-2108 attachment type-attachment status-inherit hentry  av-masonry-item-with-image' title=\"Sonnenberg\" alt=\"\"   itemprop=\"thumbnailUrl\" ><div class='av-inner-masonry-sizer'><\/div><figure class='av-inner-masonry main_color'><div class=\"av-masonry-outerimage-container\"><div class=\"av-masonry-image-container\" style=\"background-image: url(https:\/\/apartis.swiss\/site\/wp-content\/uploads\/2018\/04\/Sonnenberg-705x470.jpg);\" title=\"Sonnenberg\" ><\/div><\/div><\/figure><\/a><!--end av-masonry entry--><a href=\"https:\/\/apartis.swiss\/site\/wp-content\/uploads\/2017\/08\/Sonnenberg_cuisine-1030x686.jpg\"  aria-label=\"image Sonnenberg_cuisine\"  id='av-masonry-1-item-8457' data-av-masonry-item='8457' class='av-masonry-entry isotope-item post-8457 attachment type-attachment status-inherit hentry  av-masonry-item-with-image' title=\"Sonnenberg_cuisine\" alt=\"\"   itemprop=\"thumbnailUrl\" ><div class='av-inner-masonry-sizer'><\/div><figure class='av-inner-masonry main_color'><div class=\"av-masonry-outerimage-container\"><div class=\"av-masonry-image-container\" style=\"background-image: url(https:\/\/apartis.swiss\/site\/wp-content\/uploads\/2017\/08\/Sonnenberg_cuisine-705x470.jpg);\" title=\"Sonnenberg_cuisine\" ><\/div><\/div><\/figure><\/a><!--end av-masonry entry--><a href=\"https:\/\/apartis.swiss\/site\/wp-content\/uploads\/2017\/08\/Sonnenberg_living-1030x686.jpg\"  aria-label=\"image Sonnenberg_living\"  id='av-masonry-1-item-8463' data-av-masonry-item='8463' class='av-masonry-entry isotope-item post-8463 attachment type-attachment status-inherit hentry  av-masonry-item-with-image' title=\"Sonnenberg_living\" alt=\"\"   itemprop=\"thumbnailUrl\" ><div class='av-inner-masonry-sizer'><\/div><figure class='av-inner-masonry main_color'><div class=\"av-masonry-outerimage-container\"><div class=\"av-masonry-image-container\" style=\"background-image: url(https:\/\/apartis.swiss\/site\/wp-content\/uploads\/2017\/08\/Sonnenberg_living-705x470.jpg);\" title=\"Sonnenberg_living\" ><\/div><\/div><\/figure><\/a><!--end av-masonry entry--><\/div><\/div><br \/>\n<div  style='height:50px' class='hr hr-invisible   avia-builder-el-2  el_after_av_masonry_gallery  el_before_av_iconlist  avia-builder-el-first '><span class='hr-inner ' ><span class='hr-inner-style'><\/span><\/span><\/div><br \/>\n<div  class='avia-icon-list-container   avia-builder-el-3  el_after_av_hr  avia-builder-el-last '><ul class='avia-icon-list avia-icon-list-left av-iconlist-big avia_animate_when_almost_visible avia-iconlist-animate'>\n<li><a href='https:\/\/apartis.swiss\/site\/nos-immeubles\/situation-des-immeubles-apartis\/' title='Plan de situation'  target=\"_blank\"  rel=\"noopener noreferrer\"  class='iconlist_icon  avia-font-entypo-fontello'><span class='iconlist-char ' aria-hidden='true' data-av_icon='\ue842' data-av_iconfont='entypo-fontello'><\/span><\/a><article class=\"article-icon-entry av-iconlist-empty\"  itemscope=\"itemscope\" itemtype=\"https:\/\/schema.org\/CreativeWork\" ><div class='iconlist_content_wrap'><header class=\"entry-content-header\"><h4 class='av_iconlist_title iconlist_title   '  itemprop=\"headline\"  ><a href='https:\/\/apartis.swiss\/site\/nos-immeubles\/situation-des-immeubles-apartis\/' title='Plan de situation' target=\"_blank\"  rel=\"noopener noreferrer\">Plan de situation<\/a><\/h4><\/header><div class='iconlist_content  '  itemprop=\"text\"  ><\/div><\/div><footer class=\"entry-footer\"><\/footer><\/article><div class='iconlist-timeline'><\/div><\/li>\n<li><a href='https:\/\/apartis.swiss\/site\/wp-content\/uploads\/downloads\/2018\/02\/sonnenberg-etages.pdf' title='Plan appartement type'  target=\"_blank\"  rel=\"noopener noreferrer\"  class='iconlist_icon  avia-font-entypo-fontello'><span class='iconlist-char ' aria-hidden='true' data-av_icon='\ue8d7' data-av_iconfont='entypo-fontello'><\/span><\/a><article class=\"article-icon-entry av-iconlist-empty\"  itemscope=\"itemscope\" itemtype=\"https:\/\/schema.org\/CreativeWork\" ><div class='iconlist_content_wrap'><header class=\"entry-content-header\"><h4 class='av_iconlist_title iconlist_title   '  itemprop=\"headline\"  ><a href='https:\/\/apartis.swiss\/site\/wp-content\/uploads\/downloads\/2018\/02\/sonnenberg-etages.pdf' title='Plan appartement type' target=\"_blank\"  rel=\"noopener noreferrer\">Plan appartement type<\/a><\/h4><\/header><div class='iconlist_content  '  itemprop=\"text\"  ><\/div><\/div><footer class=\"entry-footer\"><\/footer><\/article><div class='iconlist-timeline'><\/div><\/li>\n<li><a href='https:\/\/apartis.swiss\/site\/a-louer\/conditions-de-location\/' title='Condition de location'  target=\"_blank\"  rel=\"noopener noreferrer\"  class='iconlist_icon  avia-font-entypo-fontello'><span class='iconlist-char ' aria-hidden='true' data-av_icon='\ue84e' data-av_iconfont='entypo-fontello'><\/span><\/a><article class=\"article-icon-entry av-iconlist-empty\"  itemscope=\"itemscope\" itemtype=\"https:\/\/schema.org\/CreativeWork\" ><div class='iconlist_content_wrap'><header class=\"entry-content-header\"><h4 class='av_iconlist_title iconlist_title   '  itemprop=\"headline\"  ><a href='https:\/\/apartis.swiss\/site\/a-louer\/conditions-de-location\/' title='Condition de location' target=\"_blank\"  rel=\"noopener noreferrer\">Condition de location<\/a><\/h4><\/header><div class='iconlist_content  '  itemprop=\"text\"  ><\/div><\/div><footer class=\"entry-footer\"><\/footer><\/article><div class='iconlist-timeline'><\/div><\/li>\n<li><a href='https:\/\/apartis.swiss\/site\/wp-content\/uploads\/downloads\/2018\/03\/r\u00e8glement-maison-f_sonn.pdf' title='R\u00e9glement de maison'  target=\"_blank\"  rel=\"noopener noreferrer\"  class='iconlist_icon  avia-font-entypo-fontello'><span class='iconlist-char ' aria-hidden='true' data-av_icon='\ue821' data-av_iconfont='entypo-fontello'><\/span><\/a><article class=\"article-icon-entry av-iconlist-empty\"  itemscope=\"itemscope\" itemtype=\"https:\/\/schema.org\/CreativeWork\" ><div class='iconlist_content_wrap'><header class=\"entry-content-header\"><h4 class='av_iconlist_title iconlist_title   '  itemprop=\"headline\"  ><a href='https:\/\/apartis.swiss\/site\/wp-content\/uploads\/downloads\/2018\/03\/r\u00e8glement-maison-f_sonn.pdf' title='R\u00e9glement de maison' target=\"_blank\"  rel=\"noopener noreferrer\">R\u00e9glement de maison<\/a><\/h4><\/header><div class='iconlist_content  '  itemprop=\"text\"  ><\/div><\/div><footer class=\"entry-footer\"><\/footer><\/article><div class='iconlist-timeline'><\/div><\/li>\n<li><div  class='iconlist_icon  avia-font-entypo-fontello'><span class='iconlist-char ' aria-hidden='true' data-av_icon='\ue847' data-av_iconfont='entypo-fontello'><\/span><\/div><article class=\"article-icon-entry \"  itemscope=\"itemscope\" itemtype=\"https:\/\/schema.org\/CreativeWork\" ><div class='iconlist_content_wrap'><header class=\"entry-content-header\"><h4 class='av_iconlist_title iconlist_title   '  itemprop=\"headline\"  >Gestion des d\u00e9chets<\/h4><\/header><div class='iconlist_content  '  itemprop=\"text\"  ><p>Respecter le r\u00e8glement en vigueur dans la maison<\/p>\n<\/div><\/div><footer class=\"entry-footer\"><\/footer><\/article><div class='iconlist-timeline'><\/div><\/li>\n<li><a href='https:\/\/apartis.swiss\/site\/nos-immeubles\/informations-generales\/' title='Informations g\u00e9n\u00e9rales'  target=\"_blank\"  rel=\"noopener noreferrer\"  class='iconlist_icon  avia-font-entypo-fontello'><span class='iconlist-char ' aria-hidden='true' data-av_icon='\ue81f' data-av_iconfont='entypo-fontello'><\/span><\/a><article class=\"article-icon-entry av-iconlist-empty\"  itemscope=\"itemscope\" itemtype=\"https:\/\/schema.org\/CreativeWork\" ><div class='iconlist_content_wrap'><header class=\"entry-content-header\"><h4 class='av_iconlist_title iconlist_title   '  itemprop=\"headline\"  ><a href='https:\/\/apartis.swiss\/site\/nos-immeubles\/informations-generales\/' title='Informations g\u00e9n\u00e9rales' target=\"_blank\"  rel=\"noopener noreferrer\">Informations g\u00e9n\u00e9rales<\/a><\/h4><\/header><div class='iconlist_content  '  itemprop=\"text\"  ><\/div><\/div><footer class=\"entry-footer\"><\/footer><\/article><div class='iconlist-timeline'><\/div><\/li>\n<li><div  class='iconlist_icon  avia-font-entypo-fontello'><span class='iconlist-char ' aria-hidden='true' data-av_icon='\ue84f' data-av_iconfont='entypo-fontello'><\/span><\/div><article class=\"article-icon-entry av-iconlist-empty\"  itemscope=\"itemscope\" itemtype=\"https:\/\/schema.org\/CreativeWork\" ><div class='iconlist_content_wrap'><header class=\"entry-content-header\"><h4 class='av_iconlist_title iconlist_title   '  itemprop=\"headline\"  ><a href='https:\/\/apartis.swiss\/site\/wp-content\/plugins\/download-monitor\/download.php?id=75' title='Brochure Apartis' target=\"_blank\"  rel=\"noopener noreferrer\">Brochure Apartis<\/a><\/h4><\/header><div class='iconlist_content  '  itemprop=\"text\"  ><\/div><\/div><footer class=\"entry-footer\"><\/footer><\/article><div class='iconlist-timeline'><\/div><\/li>\n<\/ul><\/div><\/p><\/div>\n<div class=\"flex_column av_three_fifth  flex_column_div av-zero-column-padding   avia-builder-el-4  el_after_av_two_fifth  avia-builder-el-last  \" style='border-radius:0px; '><p><div  style='padding-bottom:10px; ' class='av-special-heading av-special-heading-h2  blockquote modern-quote  avia-builder-el-5  el_before_av_toggle_container  avia-builder-el-first  '><h2 class='av-special-heading-tag '  itemprop=\"headline\"  >Maison Sonnenberg | Fribourg<\/h2><div class='special-heading-border'><div class='special-heading-inner-border' ><\/div><\/div><\/div><br \/>\n<div   class=\"togglecontainer   toggle_close_all  avia-builder-el-6  el_after_av_heading  avia-builder-el-last \" >\n<section class=\"av_toggle_section\"  itemscope=\"itemscope\" itemtype=\"https:\/\/schema.org\/CreativeWork\"  >    <div role=\"tablist\" class=\"single_toggle\" data-tags=\"{Tout} \"  >        <p data-fake-id=\"#toggle-id-1\" class=\"toggler activeTitle\"  itemprop=\"headline\"    role=\"tab\" tabindex=\"0\" aria-controls=\"toggle-id-1\">Quartier de la Basse-Ville<span class=\"toggle_icon\" >        <span class=\"vert_icon\"><\/span><span class=\"hor_icon\"><\/span><\/span><\/p>        <div id=\"toggle-id-1\" class=\"toggle_wrap active_tc\"  style='display:block;' >            <div class=\"toggle_content invers-color \"  itemprop=\"text\"   ><p>Situ\u00e9 dans un magnifique \u00e9crin de verdure en Basse-Ville de Fribourg, l&rsquo;immeuble Sonnenberg baigne dans le calme et la s\u00e9r\u00e9nit\u00e9.<\/p>\n<p>Mais ne nous y trompons pas, le quartier historique de la Neuveville regorge de restaurants et de commerces vari\u00e9s (alimentation, boucherie, poste, etc.). En \u00e9t\u00e9, les Bains de la Motta invitent \u00e0 la baignade et les rives de la Sarine sont propices aux rencontres et pique-niques.<\/p>\n<p>L&rsquo;immeuble g\u00e9r\u00e9 par Apartis est le point de d\u00e9part de sublimes balades vers la Chapelle de Lorette, le barrage de la Maigrauge et le quartier de l&rsquo;Auge. Le bus et le funiculaire permettent d&rsquo;atteindre la gare et le centre-ville en quelques minutes seulement.<\/p>\n            <\/div>        <\/div>    <\/div><\/section>\n<section class=\"av_toggle_section\"  itemscope=\"itemscope\" itemtype=\"https:\/\/schema.org\/CreativeWork\"  >    <div role=\"tablist\" class=\"single_toggle\" data-tags=\"{Tout} \"  >        <p data-fake-id=\"#toggle-id-2\" class=\"toggler \"  itemprop=\"headline\"    role=\"tab\" tabindex=\"0\" aria-controls=\"toggle-id-2\">Loyers, logements, espaces communs<span class=\"toggle_icon\" >        <span class=\"vert_icon\"><\/span><span class=\"hor_icon\"><\/span><\/span><\/p>        <div id=\"toggle-id-2\" class=\"toggle_wrap \"   >            <div class=\"toggle_content invers-color \"  itemprop=\"text\"   ><p><strong>Les loyers<\/strong><\/p>\n<ul>\n<li>Varient selon la grandeur de la chambre<\/li>\n<li>De CHF 320.- \u00e0 370.- par mois<\/li>\n<li>Charges comprises\u00a0: chauffage, eau chaude, \u00e9lectricit\u00e9, ameublement, acc\u00e8s \u00e0 internet par WIFI, nettoyage hebdomadaire du couloir, des sanitaires et de la cuisine<\/li>\n<li>Non compris: taxe m\u00e9dias et buanderie<\/li>\n<\/ul>\n<p><strong>Immeuble<\/strong><\/p>\n<ul>\n<li>19 chambres meubl\u00e9es sur 2 \u00e9tages<\/li>\n<li>Un coin dans le jardin \u00e0 disposition des locataires<\/li>\n<\/ul>\n<p><strong>Chambres<\/strong><\/p>\n<ul>\n<li>De 9 \u00e0 16m2<\/li>\n<li>Meubl\u00e9es\u00a0: lit, table, chaise, \u00e9tag\u00e8re, armoire murale et fauteuil<\/li>\n<li>Chaque chambre est dot\u00e9e d\u2019un lavabo<\/li>\n<\/ul>\n<p><strong>Espaces communs<\/strong><\/p>\n<ul>\n<li>Espaces communs <strong>NON FUMEUR<\/strong><\/li>\n<li>2 cuisines habitables et \u00e9quip\u00e9es, espaces de rangement pr\u00e9vus pour chaque locataire<\/li>\n<li>\u00a0Cuisines: chaque locataire nettoie et range la vaisselle, il nettoie les appareils utilis\u00e9s (frigo, cuisini\u00e8re, four, hotte, etc.)<\/li>\n<li>2 sanitaires (chacun avec 2 lavabos, une baignoire, une douche et deux WC)<\/li>\n<li><a href=\"https:\/\/apartis.swiss\/info-locataires\/salles-polyvalentes\/\">Salles polyvalentes Apartis<\/a><\/li>\n<\/ul>\n            <\/div>        <\/div>    <\/div><\/section>\n<section class=\"av_toggle_section\"  itemscope=\"itemscope\" itemtype=\"https:\/\/schema.org\/CreativeWork\"  >    <div role=\"tablist\" class=\"single_toggle\" data-tags=\"{Tout} \"  >        <p data-fake-id=\"#toggle-id-3\" class=\"toggler \"  itemprop=\"headline\"    role=\"tab\" tabindex=\"0\" aria-controls=\"toggle-id-3\">Situation &amp; Acc\u00e8s<span class=\"toggle_icon\" >        <span class=\"vert_icon\"><\/span><span class=\"hor_icon\"><\/span><\/span><\/p>        <div id=\"toggle-id-3\" class=\"toggle_wrap \"   >            <div class=\"toggle_content invers-color \"  itemprop=\"text\"   ><p><strong>Situation des b\u00e2timents<\/strong><\/p>\n<ul>\n<li>En Basse-Ville de Fribourg, dans le quartier historique de La Neuveville<\/li>\n<li>Calme et entour\u00e9 de verdure<\/li>\n<li>Nombreux restaurants dans le quartier, un petit magasin d\u2019alimentation et une poste<\/li>\n<li>A 20 minutes \u00e0 pied de la gare centrale de Fribourg<\/li>\n<li>A 5 minutes \u00e0 pied de l\u2019arr\u00eat de bus<\/li>\n<li>A 10 minutes en bus du centre-ville et de l\u2019Universit\u00e9 de Mis\u00e9ricorde<\/li>\n<\/ul>\n<p><strong>Transports Publics<\/strong><\/p>\n<ul>\n<li>Ligne de bus 4<\/li>\n<li>Arr\u00eats de bus \u00ab\u00a0St-Jean\u00a0\u00bb \u00e0 5 minutes du b\u00e2timent<\/li>\n<li>Funiculaire \u00e0 15 minutes \u00e0 pied<\/li>\n<li>Horaires de bus et abonnements disponibles \u00e0 la gare centrale<\/li>\n<li><a href=\"http:\/\/horaire.tpf.ch\/\" target=\"_blank\" rel=\"noopener noreferrer\">Horaire de bus<\/a><\/li>\n<\/ul>\n            <\/div>        <\/div>    <\/div><\/section>\n<section class=\"av_toggle_section\"  itemscope=\"itemscope\" itemtype=\"https:\/\/schema.org\/CreativeWork\"  >    <div role=\"tablist\" class=\"single_toggle\" data-tags=\"{Tout} \"  >        <p data-fake-id=\"#toggle-id-4\" class=\"toggler \"  itemprop=\"headline\"    role=\"tab\" tabindex=\"0\" aria-controls=\"toggle-id-4\">Equipements<span class=\"toggle_icon\" >        <span class=\"vert_icon\"><\/span><span class=\"hor_icon\"><\/span><\/span><\/p>        <div id=\"toggle-id-4\" class=\"toggle_wrap \"   >            <div class=\"toggle_content invers-color \"  itemprop=\"text\"   ><p><strong>Buanderie<\/strong><\/p>\n<ul>\n<li>Machine \u00e0 laver et \u00e0 s\u00e9cher sur chaque \u00e9tage<\/li>\n<li>Fonctionnement avec carte<\/li>\n<li>Pas de plan de lavage<\/li>\n<li>Apr\u00e8s chaque utilisation, le locataire nettoie les machines, les filtres et le sol<\/li>\n<li>Aucun objet (bidon de lessive, linge, etc.) ne reste sur place<\/li>\n<\/ul>\n<p><strong>Parc \u00e0 v\u00e9los<\/strong><\/p>\n<ul>\n<li>10 places non couvertes<\/li>\n<li>Ne pas les entreposer ailleurs qu\u2019aux emplacements r\u00e9serv\u00e9s<\/li>\n<\/ul>\n<p><strong>Place de parc<\/strong><\/p>\n<ul>\n<li>5 places \u00e0 disposition des locataires (CHF 60.- par mois). S\u2019adresser au concierge<\/li>\n<li>Stationnement interdit aux alentours de l\u2019immeuble sous peine d\u2019amende<\/li>\n<\/ul>\n            <\/div>        <\/div>    <\/div><\/section>\n<section class=\"av_toggle_section\"  itemscope=\"itemscope\" itemtype=\"https:\/\/schema.org\/CreativeWork\"  >    <div role=\"tablist\" class=\"single_toggle\" data-tags=\"{Tout} \"  >        <p data-fake-id=\"#toggle-id-5\" class=\"toggler \"  itemprop=\"headline\"    role=\"tab\" tabindex=\"0\" aria-controls=\"toggle-id-5\">Cl\u00e9s, concierge<span class=\"toggle_icon\" >        <span class=\"vert_icon\"><\/span><span class=\"hor_icon\"><\/span><\/span><\/p>        <div id=\"toggle-id-5\" class=\"toggle_wrap \"   >            <div class=\"toggle_content invers-color \"  itemprop=\"text\"   ><p><strong>Cl\u00e9s<\/strong><\/p>\n<p>Le locataire re\u00e7oit\u00a0:<\/p>\n<ul>\n<li>1 cl\u00e9 pour l\u2019entr\u00e9e principale (se ferme automatiquement pour des raisons de s\u00e9curit\u00e9)<\/li>\n<li>1 cl\u00e9 pour la chambre<\/li>\n<\/ul>\n<p>Pour des raisons de s\u00e9curit\u00e9\u00a0:<\/p>\n<ul>\n<li>Prendre toujours la cl\u00e9 avec soi<\/li>\n<li>Fermer toujours les portes \u00e0 cl\u00e9<\/li>\n<\/ul>\n<p>Perte d\u2019une cl\u00e9<\/p>\n<ul>\n<li>Apartis commande une cl\u00e9 de remplacement \u00e0 votre charge<\/li>\n<\/ul>\n<p><strong>Concierge<\/strong><\/p>\n<ul>\n<li>Appartement du concierge au Ch. du Sonnenberg 4<\/li>\n<li>Il est disponible pour toute question concernant l\u2019usage des locaux, le fonctionnement des buanderies, les d\u00e9g\u00e2ts ou r\u00e9parations, pour la gestion des d\u00e9chets et les \u00e9tats des lieux<\/li>\n<li><a href=\"https:\/\/apartis.swiss\/site\/apartis\/collaborateurs\/\" target=\"_blank\" rel=\"noopener noreferrer\">Collaborateurs Apartis<\/a><\/li>\n<\/ul>\n            <\/div>        <\/div>    <\/div><\/section>\n<\/div><\/p><\/div>\n","protected":false},"excerpt":{"rendered":"<p>Loyer moyen CHF 353 | ~ \u20ac 296<\/p>\n","protected":false},"featured_media":8371,"comment_status":"closed","ping_status":"closed","template":"","tags":[],"portfolio_entries":[6,42],"class_list":["post-227","portfolio","type-portfolio","status-publish","has-post-thumbnail","hentry","portfolio_entries-apartis","portfolio_entries-apartis-de"],"_links":{"self":[{"href":"https:\/\/apartis.swiss\/site\/wp-json\/wp\/v2\/portfolio\/227"}],"collection":[{"href":"https:\/\/apartis.swiss\/site\/wp-json\/wp\/v2\/portfolio"}],"about":[{"href":"https:\/\/apartis.swiss\/site\/wp-json\/wp\/v2\/types\/portfolio"}],"replies":[{"embeddable":true,"href":"https:\/\/apartis.swiss\/site\/wp-json\/wp\/v2\/comments?post=227"}],"version-history":[{"count":1,"href":"https:\/\/apartis.swiss\/site\/wp-json\/wp\/v2\/portfolio\/227\/revisions"}],"predecessor-version":[{"id":13965,"href":"https:\/\/apartis.swiss\/site\/wp-json\/wp\/v2\/portfolio\/227\/revisions\/13965"}],"wp:featuredmedia":[{"embeddable":true,"href":"https:\/\/apartis.swiss\/site\/wp-json\/wp\/v2\/media\/8371"}],"wp:attachment":[{"href":"https:\/\/apartis.swiss\/site\/wp-json\/wp\/v2\/media?parent=227"}],"wp:term":[{"taxonomy":"post_tag","embeddable":true,"href":"https:\/\/apartis.swiss\/site\/wp-json\/wp\/v2\/tags?post=227"},{"taxonomy":"portfolio_entries","embeddable":true,"href":"https:\/\/apartis.swiss\/site\/wp-json\/wp\/v2\/portfolio_entries?post=227"}],"curies":[{"name":"wp","href":"https:\/\/api.w.org\/{rel}","templated":true}]}}