{"id":226,"date":"2017-08-18T09:12:31","date_gmt":"2017-08-25T07:12:31","guid":{"rendered":"http:\/\/apartis.swiss\/site\/portfolio-item\/avenue-du-midi-2-5\/"},"modified":"2022-11-30T10:07:14","modified_gmt":"2022-11-30T09:07:14","slug":"residences-du-campus-cube","status":"publish","type":"portfolio","link":"https:\/\/apartis.swiss\/site\/portfolio-item\/residences-du-campus-cube\/","title":{"rendered":"R\u00e9sidences du Campus Cube"},"content":{"rendered":"<p><div class=\"flex_column av_two_fifth  flex_column_div av-zero-column-padding first  avia-builder-el-0  el_before_av_three_fifth  avia-builder-el-first  \" style='border-radius:0px; '><p><div id='av-masonry-1' class='av-masonry  noHover av-fixed-size av-large-gap av-hover-overlay-active av-masonry-animation-active av-masonry-col-3 av-caption-always av-caption-style- av-masonry-gallery   av-orientation-square  '  ><div class='av-masonry-container isotope av-js-disabled ' ><div class='av-masonry-entry isotope-item av-masonry-item-no-image '><\/div><a href=\"https:\/\/apartis.swiss\/site\/wp-content\/uploads\/2017\/08\/Campus-Cube-1030x686.jpg\"  aria-label=\"image Campus-Cube\"  id='av-masonry-1-item-8444' data-av-masonry-item='8444' class='av-masonry-entry isotope-item post-8444 attachment type-attachment status-inherit hentry  av-masonry-item-with-image' title=\"Campus-Cube\" alt=\"\"   itemprop=\"thumbnailUrl\" ><div class='av-inner-masonry-sizer'><\/div><figure class='av-inner-masonry main_color'><div class=\"av-masonry-outerimage-container\"><div class=\"av-masonry-image-container\" style=\"background-image: url(https:\/\/apartis.swiss\/site\/wp-content\/uploads\/2017\/08\/Campus-Cube-705x470.jpg);\" title=\"Campus-Cube\" ><\/div><\/div><\/figure><\/a><!--end av-masonry entry--><a href=\"https:\/\/apartis.swiss\/site\/wp-content\/uploads\/2017\/08\/Campus-1030x686.jpg\"  aria-label=\"image Campus\"  id='av-masonry-1-item-8558' data-av-masonry-item='8558' class='av-masonry-entry isotope-item post-8558 attachment type-attachment status-inherit hentry  av-masonry-item-with-image' title=\"Campus\" alt=\"\"   itemprop=\"thumbnailUrl\" ><div class='av-inner-masonry-sizer'><\/div><figure class='av-inner-masonry main_color'><div class=\"av-masonry-outerimage-container\"><div class=\"av-masonry-image-container\" style=\"background-image: url(https:\/\/apartis.swiss\/site\/wp-content\/uploads\/2017\/08\/Campus-705x470.jpg);\" title=\"Campus\" ><\/div><\/div><\/figure><\/a><!--end av-masonry entry--><a href=\"https:\/\/apartis.swiss\/site\/wp-content\/uploads\/2017\/08\/Campus_cube_chambre_1-1030x687.jpg\"  aria-label=\"image Campus_cube_chambre_1\"  id='av-masonry-1-item-2277' data-av-masonry-item='2277' class='av-masonry-entry isotope-item post-2277 attachment type-attachment status-inherit hentry  av-masonry-item-with-image' title=\"Campus_cube_chambre_1\" alt=\"\"   itemprop=\"thumbnailUrl\" ><div class='av-inner-masonry-sizer'><\/div><figure class='av-inner-masonry main_color'><div class=\"av-masonry-outerimage-container\"><div class=\"av-masonry-image-container\" style=\"background-image: url(https:\/\/apartis.swiss\/site\/wp-content\/uploads\/2017\/08\/Campus_cube_chambre_1-705x470.jpg);\" title=\"Campus_cube_chambre_1\" ><\/div><\/div><\/figure><\/a><!--end av-masonry entry--><a href=\"https:\/\/apartis.swiss\/site\/wp-content\/uploads\/2017\/08\/Campus_cube_chambre_2-1030x687.jpg\"  aria-label=\"image Campus_cube_chambre_2\"  id='av-masonry-1-item-2280' data-av-masonry-item='2280' class='av-masonry-entry isotope-item post-2280 attachment type-attachment status-inherit hentry  av-masonry-item-with-image' title=\"Campus_cube_chambre_2\" alt=\"\"   itemprop=\"thumbnailUrl\" ><div class='av-inner-masonry-sizer'><\/div><figure class='av-inner-masonry main_color'><div class=\"av-masonry-outerimage-container\"><div class=\"av-masonry-image-container\" style=\"background-image: url(https:\/\/apartis.swiss\/site\/wp-content\/uploads\/2017\/08\/Campus_cube_chambre_2-705x470.jpg);\" title=\"Campus_cube_chambre_2\" ><\/div><\/div><\/figure><\/a><!--end av-masonry entry--><a href=\"https:\/\/apartis.swiss\/site\/wp-content\/uploads\/2017\/08\/Campus_cube_chambre_3-1030x687.jpg\"  aria-label=\"image Campus_cube_chambre_3\"  id='av-masonry-1-item-2283' data-av-masonry-item='2283' class='av-masonry-entry isotope-item post-2283 attachment type-attachment status-inherit hentry  av-masonry-item-with-image' title=\"Campus_cube_chambre_3\" alt=\"\"   itemprop=\"thumbnailUrl\" ><div class='av-inner-masonry-sizer'><\/div><figure class='av-inner-masonry main_color'><div class=\"av-masonry-outerimage-container\"><div class=\"av-masonry-image-container\" style=\"background-image: url(https:\/\/apartis.swiss\/site\/wp-content\/uploads\/2017\/08\/Campus_cube_chambre_3-705x470.jpg);\" title=\"Campus_cube_chambre_3\" ><\/div><\/div><\/figure><\/a><!--end av-masonry entry--><a href=\"https:\/\/apartis.swiss\/site\/wp-content\/uploads\/2017\/08\/Campus_cube_chambre_4-1030x687.jpg\"  aria-label=\"image Campus_cube_chambre_4\"  id='av-masonry-1-item-2286' data-av-masonry-item='2286' class='av-masonry-entry isotope-item post-2286 attachment type-attachment status-inherit hentry  av-masonry-item-with-image' title=\"Campus_cube_chambre_4\" alt=\"\"   itemprop=\"thumbnailUrl\" ><div class='av-inner-masonry-sizer'><\/div><figure class='av-inner-masonry main_color'><div class=\"av-masonry-outerimage-container\"><div class=\"av-masonry-image-container\" style=\"background-image: url(https:\/\/apartis.swiss\/site\/wp-content\/uploads\/2017\/08\/Campus_cube_chambre_4-705x470.jpg);\" title=\"Campus_cube_chambre_4\" ><\/div><\/div><\/figure><\/a><!--end av-masonry entry--><a href=\"https:\/\/apartis.swiss\/site\/wp-content\/uploads\/2017\/08\/Campus_cube_cuisine_1-1030x687.jpg\"  aria-label=\"image Campus_cube_cuisine_1\"  id='av-masonry-1-item-2289' data-av-masonry-item='2289' class='av-masonry-entry isotope-item post-2289 attachment type-attachment status-inherit hentry  av-masonry-item-with-image' title=\"Campus_cube_cuisine_1\" alt=\"\"   itemprop=\"thumbnailUrl\" ><div class='av-inner-masonry-sizer'><\/div><figure class='av-inner-masonry main_color'><div class=\"av-masonry-outerimage-container\"><div class=\"av-masonry-image-container\" style=\"background-image: url(https:\/\/apartis.swiss\/site\/wp-content\/uploads\/2017\/08\/Campus_cube_cuisine_1-705x470.jpg);\" title=\"Campus_cube_cuisine_1\" ><\/div><\/div><\/figure><\/a><!--end av-masonry entry--><a href=\"https:\/\/apartis.swiss\/site\/wp-content\/uploads\/2017\/08\/Campus_cube_cuisine_2-1030x687.jpg\"  aria-label=\"image Campus_cube_cuisine_2\"  id='av-masonry-1-item-2292' data-av-masonry-item='2292' class='av-masonry-entry isotope-item post-2292 attachment type-attachment status-inherit hentry  av-masonry-item-with-image' title=\"Campus_cube_cuisine_2\" alt=\"\"   itemprop=\"thumbnailUrl\" ><div class='av-inner-masonry-sizer'><\/div><figure class='av-inner-masonry main_color'><div class=\"av-masonry-outerimage-container\"><div class=\"av-masonry-image-container\" style=\"background-image: url(https:\/\/apartis.swiss\/site\/wp-content\/uploads\/2017\/08\/Campus_cube_cuisine_2-705x470.jpg);\" title=\"Campus_cube_cuisine_2\" ><\/div><\/div><\/figure><\/a><!--end av-masonry entry--><a href=\"https:\/\/apartis.swiss\/site\/wp-content\/uploads\/2017\/08\/Campus_cube_hall_1-1030x687.jpg\"  aria-label=\"image Campus_cube_hall_1\"  id='av-masonry-1-item-2209' data-av-masonry-item='2209' class='av-masonry-entry isotope-item post-2209 attachment type-attachment status-inherit hentry  av-masonry-item-with-image' title=\"Campus_cube_hall_1\" alt=\"\"   itemprop=\"thumbnailUrl\" ><div class='av-inner-masonry-sizer'><\/div><figure class='av-inner-masonry main_color'><div class=\"av-masonry-outerimage-container\"><div class=\"av-masonry-image-container\" style=\"background-image: url(https:\/\/apartis.swiss\/site\/wp-content\/uploads\/2017\/08\/Campus_cube_hall_1-705x470.jpg);\" title=\"Campus_cube_hall_1\" ><\/div><\/div><\/figure><\/a><!--end av-masonry entry--><a href=\"https:\/\/apartis.swiss\/site\/wp-content\/uploads\/2017\/08\/Campus_cube_hall_2-1030x687.jpg\"  aria-label=\"image Campus_cube_hall_2\"  id='av-masonry-1-item-2212' data-av-masonry-item='2212' class='av-masonry-entry isotope-item post-2212 attachment type-attachment status-inherit hentry  av-masonry-item-with-image' title=\"Campus_cube_hall_2\" alt=\"\"   itemprop=\"thumbnailUrl\" ><div class='av-inner-masonry-sizer'><\/div><figure class='av-inner-masonry main_color'><div class=\"av-masonry-outerimage-container\"><div class=\"av-masonry-image-container\" style=\"background-image: url(https:\/\/apartis.swiss\/site\/wp-content\/uploads\/2017\/08\/Campus_cube_hall_2-705x470.jpg);\" title=\"Campus_cube_hall_2\" ><\/div><\/div><\/figure><\/a><!--end av-masonry entry--><a href=\"https:\/\/apartis.swiss\/site\/wp-content\/uploads\/2017\/08\/Campus_velo_1-1030x687.jpg\"  aria-label=\"image Campus_velo_1\"  id='av-masonry-1-item-2358' data-av-masonry-item='2358' class='av-masonry-entry isotope-item post-2358 attachment type-attachment status-inherit hentry  av-masonry-item-with-image' title=\"Campus_velo_1\" alt=\"\"   itemprop=\"thumbnailUrl\" ><div class='av-inner-masonry-sizer'><\/div><figure class='av-inner-masonry main_color'><div class=\"av-masonry-outerimage-container\"><div class=\"av-masonry-image-container\" style=\"background-image: url(https:\/\/apartis.swiss\/site\/wp-content\/uploads\/2017\/08\/Campus_velo_1-705x470.jpg);\" title=\"Campus_velo_1\" ><\/div><\/div><\/figure><\/a><!--end av-masonry entry--><a href=\"https:\/\/apartis.swiss\/site\/wp-content\/uploads\/2017\/08\/Campus_velo_2-1030x687.jpg\"  aria-label=\"image Campus_velo_2\"  id='av-masonry-1-item-2218' data-av-masonry-item='2218' class='av-masonry-entry isotope-item post-2218 attachment type-attachment status-inherit hentry  av-masonry-item-with-image' title=\"Campus_velo_2\" alt=\"\"   itemprop=\"thumbnailUrl\" ><div class='av-inner-masonry-sizer'><\/div><figure class='av-inner-masonry main_color'><div class=\"av-masonry-outerimage-container\"><div class=\"av-masonry-image-container\" style=\"background-image: url(https:\/\/apartis.swiss\/site\/wp-content\/uploads\/2017\/08\/Campus_velo_2-705x470.jpg);\" title=\"Campus_velo_2\" ><\/div><\/div><\/figure><\/a><!--end av-masonry entry--><\/div><\/div><br \/>\n<div  style='height:50px' class='hr hr-invisible   avia-builder-el-2  el_after_av_masonry_gallery  el_before_av_iconlist  avia-builder-el-first '><span class='hr-inner ' ><span class='hr-inner-style'><\/span><\/span><\/div><br \/>\n<div  class='avia-icon-list-container   avia-builder-el-3  el_after_av_hr  avia-builder-el-last '><ul class='avia-icon-list avia-icon-list-left av-iconlist-big avia_animate_when_almost_visible avia-iconlist-animate'>\n<li><a href='https:\/\/apartis.swiss\/site\/nos-immeubles\/situation-des-immeubles-apartis\/' title='Plan de situation'  target=\"_blank\"  rel=\"noopener noreferrer\"  class='iconlist_icon  avia-font-entypo-fontello'><span class='iconlist-char ' aria-hidden='true' data-av_icon='\ue842' data-av_iconfont='entypo-fontello'><\/span><\/a><article class=\"article-icon-entry av-iconlist-empty\"  itemscope=\"itemscope\" itemtype=\"https:\/\/schema.org\/CreativeWork\" ><div class='iconlist_content_wrap'><header class=\"entry-content-header\"><h4 class='av_iconlist_title iconlist_title   '  itemprop=\"headline\"  ><a href='https:\/\/apartis.swiss\/site\/nos-immeubles\/situation-des-immeubles-apartis\/' title='Plan de situation' target=\"_blank\"  rel=\"noopener noreferrer\">Plan de situation<\/a><\/h4><\/header><div class='iconlist_content  '  itemprop=\"text\"  ><\/div><\/div><footer class=\"entry-footer\"><\/footer><\/article><div class='iconlist-timeline'><\/div><\/li>\n<li><a href='https:\/\/apartis.swiss\/site\/wp-content\/uploads\/downloads\/2018\/02\/residence_campus-cube_4e.pdf' title='Plan appartement type'  target=\"_blank\"  rel=\"noopener noreferrer\"  class='iconlist_icon  avia-font-entypo-fontello'><span class='iconlist-char ' aria-hidden='true' data-av_icon='\ue8d7' data-av_iconfont='entypo-fontello'><\/span><\/a><article class=\"article-icon-entry av-iconlist-empty\"  itemscope=\"itemscope\" itemtype=\"https:\/\/schema.org\/CreativeWork\" ><div class='iconlist_content_wrap'><header class=\"entry-content-header\"><h4 class='av_iconlist_title iconlist_title   '  itemprop=\"headline\"  ><a href='https:\/\/apartis.swiss\/site\/wp-content\/uploads\/downloads\/2018\/02\/residence_campus-cube_4e.pdf' title='Plan appartement type' target=\"_blank\"  rel=\"noopener noreferrer\">Plan appartement type<\/a><\/h4><\/header><div class='iconlist_content  '  itemprop=\"text\"  ><\/div><\/div><footer class=\"entry-footer\"><\/footer><\/article><div class='iconlist-timeline'><\/div><\/li>\n<li><a href='https:\/\/apartis.swiss\/site\/a-louer\/conditions-de-location\/' title='Condition de location'  target=\"_blank\"  rel=\"noopener noreferrer\"  class='iconlist_icon  avia-font-entypo-fontello'><span class='iconlist-char ' aria-hidden='true' data-av_icon='\ue84e' data-av_iconfont='entypo-fontello'><\/span><\/a><article class=\"article-icon-entry av-iconlist-empty\"  itemscope=\"itemscope\" itemtype=\"https:\/\/schema.org\/CreativeWork\" ><div class='iconlist_content_wrap'><header class=\"entry-content-header\"><h4 class='av_iconlist_title iconlist_title   '  itemprop=\"headline\"  ><a href='https:\/\/apartis.swiss\/site\/a-louer\/conditions-de-location\/' title='Condition de location' target=\"_blank\"  rel=\"noopener noreferrer\">Condition de location<\/a><\/h4><\/header><div class='iconlist_content  '  itemprop=\"text\"  ><\/div><\/div><footer class=\"entry-footer\"><\/footer><\/article><div class='iconlist-timeline'><\/div><\/li>\n<li><a href='https:\/\/apartis.swiss\/site\/wp-content\/uploads\/downloads\/2018\/04\/rm-campus-f.pdf' title='R\u00e9glement de maison'  target=\"_blank\"  rel=\"noopener noreferrer\"  class='iconlist_icon  avia-font-entypo-fontello'><span class='iconlist-char ' aria-hidden='true' data-av_icon='\ue821' data-av_iconfont='entypo-fontello'><\/span><\/a><article class=\"article-icon-entry av-iconlist-empty\"  itemscope=\"itemscope\" itemtype=\"https:\/\/schema.org\/CreativeWork\" ><div class='iconlist_content_wrap'><header class=\"entry-content-header\"><h4 class='av_iconlist_title iconlist_title   '  itemprop=\"headline\"  ><a href='https:\/\/apartis.swiss\/site\/wp-content\/uploads\/downloads\/2018\/04\/rm-campus-f.pdf' title='R\u00e9glement de maison' target=\"_blank\"  rel=\"noopener noreferrer\">R\u00e9glement de maison<\/a><\/h4><\/header><div class='iconlist_content  '  itemprop=\"text\"  ><\/div><\/div><footer class=\"entry-footer\"><\/footer><\/article><div class='iconlist-timeline'><\/div><\/li>\n<li><a href='https:\/\/apartis.swiss\/site\/wp-content\/uploads\/downloads\/2017\/11\/campus-f.pdf' title='Gestion des d\u00e9chets'  target=\"_blank\"  rel=\"noopener noreferrer\"  class='iconlist_icon  avia-font-entypo-fontello'><span class='iconlist-char ' aria-hidden='true' data-av_icon='\ue847' data-av_iconfont='entypo-fontello'><\/span><\/a><article class=\"article-icon-entry av-iconlist-empty\"  itemscope=\"itemscope\" itemtype=\"https:\/\/schema.org\/CreativeWork\" ><div class='iconlist_content_wrap'><header class=\"entry-content-header\"><h4 class='av_iconlist_title iconlist_title   '  itemprop=\"headline\"  ><a href='https:\/\/apartis.swiss\/site\/wp-content\/uploads\/downloads\/2017\/11\/campus-f.pdf' title='Gestion des d\u00e9chets' target=\"_blank\"  rel=\"noopener noreferrer\">Gestion des d\u00e9chets<\/a><\/h4><\/header><div class='iconlist_content  '  itemprop=\"text\"  ><\/div><\/div><footer class=\"entry-footer\"><\/footer><\/article><div class='iconlist-timeline'><\/div><\/li>\n<li><a href='https:\/\/apartis.swiss\/site\/nos-immeubles\/informations-generales\/' title='Informations g\u00e9n\u00e9rales'  target=\"_blank\"  rel=\"noopener noreferrer\"  class='iconlist_icon  avia-font-entypo-fontello'><span class='iconlist-char ' aria-hidden='true' data-av_icon='\ue81f' data-av_iconfont='entypo-fontello'><\/span><\/a><article class=\"article-icon-entry av-iconlist-empty\"  itemscope=\"itemscope\" itemtype=\"https:\/\/schema.org\/CreativeWork\" ><div class='iconlist_content_wrap'><header class=\"entry-content-header\"><h4 class='av_iconlist_title iconlist_title   '  itemprop=\"headline\"  ><a href='https:\/\/apartis.swiss\/site\/nos-immeubles\/informations-generales\/' title='Informations g\u00e9n\u00e9rales' target=\"_blank\"  rel=\"noopener noreferrer\">Informations g\u00e9n\u00e9rales<\/a><\/h4><\/header><div class='iconlist_content  '  itemprop=\"text\"  ><\/div><\/div><footer class=\"entry-footer\"><\/footer><\/article><div class='iconlist-timeline'><\/div><\/li>\n<li><div  class='iconlist_icon  avia-font-entypo-fontello'><span class='iconlist-char ' aria-hidden='true' data-av_icon='\ue84f' data-av_iconfont='entypo-fontello'><\/span><\/div><article class=\"article-icon-entry av-iconlist-empty\"  itemscope=\"itemscope\" itemtype=\"https:\/\/schema.org\/CreativeWork\" ><div class='iconlist_content_wrap'><header class=\"entry-content-header\"><h4 class='av_iconlist_title iconlist_title   '  itemprop=\"headline\"  ><a href='https:\/\/apartis.swiss\/site\/wp-content\/plugins\/download-monitor\/download.php?id=75' title='Brochure Apartis' target=\"_blank\"  rel=\"noopener noreferrer\">Brochure Apartis<\/a><\/h4><\/header><div class='iconlist_content  '  itemprop=\"text\"  ><\/div><\/div><footer class=\"entry-footer\"><\/footer><\/article><div class='iconlist-timeline'><\/div><\/li>\n<\/ul><\/div><\/p><\/div><br \/>\n<div class=\"flex_column av_three_fifth  flex_column_div av-zero-column-padding   avia-builder-el-4  el_after_av_two_fifth  avia-builder-el-last  \" style='border-radius:0px; '><p><div  style='padding-bottom:10px; ' class='av-special-heading av-special-heading-h2  blockquote modern-quote  avia-builder-el-5  el_before_av_toggle_container  avia-builder-el-first  '><h2 class='av-special-heading-tag '  itemprop=\"headline\"  >R\u00e9sidences du Campus Cube | Fribourg<\/h2><div class='special-heading-border'><div class='special-heading-inner-border' ><\/div><\/div><\/div><br \/>\n<div   class=\"togglecontainer   toggle_close_all  avia-builder-el-6  el_after_av_heading  avia-builder-el-last \" >\n<section class=\"av_toggle_section\"  itemscope=\"itemscope\" itemtype=\"https:\/\/schema.org\/CreativeWork\"  >    <div role=\"tablist\" class=\"single_toggle\" data-tags=\"{Tout} \"  >        <p data-fake-id=\"#toggle-id-1\" class=\"toggler activeTitle\"  itemprop=\"headline\"    role=\"tab\" tabindex=\"0\" aria-controls=\"toggle-id-1\">Quartier de P\u00e9rolles<span class=\"toggle_icon\" >        <span class=\"vert_icon\"><\/span><span class=\"hor_icon\"><\/span><\/span><\/p>        <div id=\"toggle-id-1\" class=\"toggle_wrap active_tc\"  style='display:block;' >            <div class=\"toggle_content invers-color \"  itemprop=\"text\"   ><p>Au bout du Boulevard de P\u00e9rolles, c&rsquo;est le quartier des \u00e9tudiants par excellence, avec l&rsquo;Universit\u00e9 de P\u00e9rolles, la Facult\u00e9 des Sciences, le site universitaire Regina Mundi, les Haute \u00e9coles (ing\u00e9nieur et architecte, gestion, sant\u00e9, travail social), l&rsquo;Ecole des M\u00e9tiers, l&rsquo;EIKON, le coll\u00e8ge Ste-Croix.<\/p>\n<p>On y trouve tout : plusieurs cantines, petits restos, snacks, magasins d&rsquo;alimentations, poste, salles de concert, centre culturel, th\u00e9\u00e2tre ainsi que de nombreux petits commerces.<\/p>\n<p>En quelques enjamb\u00e9es on rejoint le Bois de St-Jean, le Sentier Ritter qui m\u00e8ne en Basse-Ville ou le reposant Jardin botanique.<\/p>\n            <\/div>        <\/div>    <\/div><\/section>\n<section class=\"av_toggle_section\"  itemscope=\"itemscope\" itemtype=\"https:\/\/schema.org\/CreativeWork\"  >    <div role=\"tablist\" class=\"single_toggle\" data-tags=\"{Tout} \"  >        <p data-fake-id=\"#toggle-id-2\" class=\"toggler \"  itemprop=\"headline\"    role=\"tab\" tabindex=\"0\" aria-controls=\"toggle-id-2\">Loyers, logements, espaces communs<span class=\"toggle_icon\" >        <span class=\"vert_icon\"><\/span><span class=\"hor_icon\"><\/span><\/span><\/p>        <div id=\"toggle-id-2\" class=\"toggle_wrap \"   >            <div class=\"toggle_content invers-color \"  itemprop=\"text\"   ><p><strong>Les loyers<\/strong><\/p>\n<ul>\n<li>Varient selon grandeur et type de studio<\/li>\n<li>De CHF 565.- \u00e0 690.- par mois (env. \u20ac 470.- \u00e0 \u20ac 575.-)<\/li>\n<li>Charges comprises : chauffage, eau chaude, internet par Wifi<\/li>\n<li>Non inclus : frais d\u2019\u00e9lectricit\u00e9, de t\u00e9l\u00e9phone et taxe m\u00e9dias (factur\u00e9s directement par les prestataires de ces diff\u00e9rents services)<\/li>\n<li>L\u2019acompte de charges pour le chauffage et l\u2019eau chaude pay\u00e9 avec le loyer est d\u00e9compt\u00e9 une fois par ann\u00e9e (octobre environ).<\/li>\n<\/ul>\n<p><strong>Appartements<\/strong><\/p>\n<ul>\n<li>95 studios sur 7 \u00e9tages (avec ascenseur)<\/li>\n<li>de 17 \u00e0 23 m2<\/li>\n<li>Cuisine agenc\u00e9e avec vitroc\u00e9ramique, four et plan de travail en granit<\/li>\n<li>3 studios disposent d\u2019une terrasse (loggia)<\/li>\n<li>Salle de bains avec WC et douche<\/li>\n<li>Sols en carrelage gris-anthracite, grande baie vitr\u00e9e dans chaque studio<\/li>\n<li>82 studios non meubl\u00e9s, 13 studios meubl\u00e9s au 2\u00e8 \u00e9tage (lit, armoire, table-bureau, chaise)<\/li>\n<li>3 studios sont adapt\u00e9s pour les personnes handicap\u00e9es en chaise roulante<\/li>\n<li>[T\u00e9l\u00e9chargement introuvable]<\/li>\n<\/ul>\n<p><strong>Espaces communs<\/strong><\/p>\n<ul>\n<li>Espaces communs <strong>NON FUMEUR <\/strong><\/li>\n<li>Hall d\u2019entr\u00e9e\u00a0: bo\u00eetes aux lettres, vitrine d\u2019informations d\u2019Apartis, panneau d\u2019affichage libre<\/li>\n<li><a href=\"https:\/\/apartis.swiss\/info-locataires\/salles-polyvalentes\/\">Salles poylvalentes Apartis<\/a><\/li>\n<\/ul>\n            <\/div>        <\/div>    <\/div><\/section>\n<section class=\"av_toggle_section\"  itemscope=\"itemscope\" itemtype=\"https:\/\/schema.org\/CreativeWork\"  >    <div role=\"tablist\" class=\"single_toggle\" data-tags=\"{Tout} \"  >        <p data-fake-id=\"#toggle-id-3\" class=\"toggler \"  itemprop=\"headline\"    role=\"tab\" tabindex=\"0\" aria-controls=\"toggle-id-3\">Situation &amp; Acc\u00e8s<span class=\"toggle_icon\" >        <span class=\"vert_icon\"><\/span><span class=\"hor_icon\"><\/span><\/span><\/p>        <div id=\"toggle-id-3\" class=\"toggle_wrap \"   >            <div class=\"toggle_content invers-color \"  itemprop=\"text\"   ><p><strong>Situation des b\u00e2timents<\/strong><\/p>\n<ul>\n<li>A Fribourg, quartier de P\u00e9rolles<\/li>\n<li>A 2 minutes des b\u00e2timents universitaires de P\u00e9rolles I-II, de Regina Mundi, des hautes \u00e9coles (ing\u00e9nieurs et gestion), de l\u2019\u00e9cole des M\u00e9tiers ainsi que de nombreux commerces<\/li>\n<li>A 5 minutes \u00e0 v\u00e9lo ou en bus de l\u2019Universit\u00e9 de Mis\u00e9ricorde<\/li>\n<li>A 10 minutes \u00e0 pied de la gare centrale de Fribourg, du centre-ville et rues pi\u00e9tonnes<\/li>\n<\/ul>\n<p><strong>Transports Publics<\/strong><\/p>\n<ul>\n<li>Ligne de bus 1 \/ 3 \/ 5<\/li>\n<li>Arr\u00eats de bus \u00ab\u00a0Industrie\u00a0\u00bb \u00a0\u00e0 2 minutes du b\u00e2timent<\/li>\n<li>Horaires de bus et abonnements disponibles \u00e0 la gare centrale<\/li>\n<li><a href=\"http:\/\/horaire.tpf.ch\/\" target=\"_blank\" rel=\"noopener\">Horaire de bus<\/a><\/li>\n<\/ul>\n            <\/div>        <\/div>    <\/div><\/section>\n<section class=\"av_toggle_section\"  itemscope=\"itemscope\" itemtype=\"https:\/\/schema.org\/CreativeWork\"  >    <div role=\"tablist\" class=\"single_toggle\" data-tags=\"{Tout} \"  >        <p data-fake-id=\"#toggle-id-4\" class=\"toggler \"  itemprop=\"headline\"    role=\"tab\" tabindex=\"0\" aria-controls=\"toggle-id-4\">Equipements<span class=\"toggle_icon\" >        <span class=\"vert_icon\"><\/span><span class=\"hor_icon\"><\/span><\/span><\/p>        <div id=\"toggle-id-4\" class=\"toggle_wrap \"   >            <div class=\"toggle_content invers-color \"  itemprop=\"text\"   ><p><strong>Casiers personnels<\/strong><\/p>\n<ul>\n<li>Se trouvent au rez-de-chauss\u00e9e et au 1er \u00e9tage<\/li>\n<li>1 casier par studio (dimensions lxLxh\u00a0: env. 50x50x200 cm)<\/li>\n<li>Le casier a le m\u00eame num\u00e9ro que celui de l\u2019appartement<\/li>\n<li>Fait partie du logement\u00a0: \u00e0 leur d\u00e9part, les locataires sont pri\u00e9s de reprendre leurs affaires et de nettoyer le casier<\/li>\n<li>Ne rien d\u00e9poser hors du casier<\/li>\n<\/ul>\n<p><strong>Buanderie<\/strong><\/p>\n<ul>\n<li>Au rez-de-chauss\u00e9e<\/li>\n<li>3 machines \u00e0 laver, 3 s\u00e8che-linge, 1 local-\u00e9tendage<\/li>\n<li>Fonctionnement \u00e0 l\u2019aide d\u2019une cl\u00e9 de lavage \u00e0 commander\u00a0: <a href=\"http:\/\/www.keycom.ch\/\" target=\"_blank\" rel=\"noopener\">keycom.ch<\/a><\/li>\n<li>Pas de plan de lavage<\/li>\n<li>Apr\u00e8s chaque utilisation, le locataire nettoie les machines, les filtres et le sol<\/li>\n<li>Aucun objet (bidon de lessive, linge, etc.) ne reste sur place<\/li>\n<\/ul>\n<p><strong>Parc \u00e0 v\u00e9los<\/strong><\/p>\n<ul>\n<li>Grand local au rez-de-chauss\u00e9e (entr\u00e9e \u00e0 droite du b\u00e2timent)<\/li>\n<li>Ne pas entreposer les v\u00e9los ailleurs qu\u2019aux emplacements r\u00e9serv\u00e9s<\/li>\n<\/ul>\n<p><strong>Place de parc<\/strong><\/p>\n<ul>\n<li>Possibilit\u00e9 de louer une place dans le parking souterrain \u00e0 la Rte Wilhelm Kaiser 6 pour CHF\u00a0100.- par mois (nombre de places limit\u00e9)<\/li>\n<li>Stationnement interdit sur la place devant l\u2019immeuble sous peine d\u2019amende<\/li>\n<li>Places de parc payantes dans le quartier<\/li>\n<\/ul>\n            <\/div>        <\/div>    <\/div><\/section>\n<section class=\"av_toggle_section\"  itemscope=\"itemscope\" itemtype=\"https:\/\/schema.org\/CreativeWork\"  >    <div role=\"tablist\" class=\"single_toggle\" data-tags=\"{Tout} \"  >        <p data-fake-id=\"#toggle-id-5\" class=\"toggler \"  itemprop=\"headline\"    role=\"tab\" tabindex=\"0\" aria-controls=\"toggle-id-5\">Cl\u00e9s, concierge<span class=\"toggle_icon\" >        <span class=\"vert_icon\"><\/span><span class=\"hor_icon\"><\/span><\/span><\/p>        <div id=\"toggle-id-5\" class=\"toggle_wrap \"   >            <div class=\"toggle_content invers-color \"  itemprop=\"text\"   ><p><strong>Cl\u00e9s<\/strong><\/p>\n<p>Le locataire re\u00e7oit 1 cl\u00e9 pour acc\u00e9der \u00e0\u00a0:<\/p>\n<ul>\n<li>L\u2019entr\u00e9e principale (se ferme automatiquement pour des raisons de s\u00e9curit\u00e9)<\/li>\n<li>Le studio<\/li>\n<li>Sa bo\u00eete aux lettres<\/li>\n<li>Son casier personnel<\/li>\n<\/ul>\n<p>Pour des raisons de s\u00e9curit\u00e9\u00a0:<\/p>\n<ul>\n<li>Prendre toujours la cl\u00e9 avec soi<\/li>\n<li>Fermer toujours les portes \u00e0 cl\u00e9<\/li>\n<\/ul>\n<p>Perte d\u2019une cl\u00e9<\/p>\n<ul>\n<li>Apartis commande une cl\u00e9 de remplacement \u00e0 charge du locataire<\/li>\n<li>En cas de vol, il peut \u00eatre utile de changer le cylindre de l\u2019appartement<\/li>\n<\/ul>\n<p><strong>Concierge<\/strong><\/p>\n<ul>\n<li>Appartement du concierge\u00a0: Rue de l\u2019Industrie 14, 1er \u00e9tage, appartement 1101<\/li>\n<li>Il est disponible pour toute question concernant l\u2019usage des locaux, le fonctionnement des buanderies, les d\u00e9g\u00e2ts ou r\u00e9parations et pour la gestion des d\u00e9chets<\/li>\n<li>En cas d\u2019absence, laisser un message dans sa bo\u00eete aux lettres\/\u00e0 messages<\/li>\n<li><a href=\"https:\/\/apartis.swiss\/site\/apartis\/collaborateurs\/\" target=\"_blank\" rel=\"noopener\">Collaborateurs Apartis<\/a><\/li>\n<li><\/li>\n<\/ul>\n            <\/div>        <\/div>    <\/div><\/section>\n<section class=\"av_toggle_section\"  itemscope=\"itemscope\" itemtype=\"https:\/\/schema.org\/CreativeWork\"  >    <div role=\"tablist\" class=\"single_toggle\" data-tags=\"{Tout} \"  >        <p data-fake-id=\"#toggle-id-6\" class=\"toggler \"  itemprop=\"headline\"    role=\"tab\" tabindex=\"0\" aria-controls=\"toggle-id-6\">Vid\u00e9o<span class=\"toggle_icon\" >        <span class=\"vert_icon\"><\/span><span class=\"hor_icon\"><\/span><\/span><\/p>        <div id=\"toggle-id-6\" class=\"toggle_wrap \"   >            <div class=\"toggle_content invers-color \"  itemprop=\"text\"   ><p><iframe loading=\"lazy\" style=\"border: none; overflow: hidden;\" src=\"https:\/\/www.facebook.com\/plugins\/video.php?href=https%3A%2F%2Fwww.facebook.com%2FApartisFR%2Fvideos%2F917403291990096%2F&amp;show_text=0&amp;width=560\" width=\"560\" height=\"315\" frameborder=\"0\" scrolling=\"no\" allowfullscreen=\"allowfullscreen\"><\/iframe><\/p>\n            <\/div>        <\/div>    <\/div><\/section>\n<\/div><\/p><\/div><\/p>\n","protected":false},"excerpt":{"rendered":"<p>Loyer moyen CHF 620 | ~ \u20ac 521<\/p>\n","protected":false},"featured_media":8444,"comment_status":"closed","ping_status":"closed","template":"","tags":[],"portfolio_entries":[6],"class_list":["post-226","portfolio","type-portfolio","status-publish","has-post-thumbnail","hentry","portfolio_entries-apartis"],"_links":{"self":[{"href":"https:\/\/apartis.swiss\/site\/wp-json\/wp\/v2\/portfolio\/226"}],"collection":[{"href":"https:\/\/apartis.swiss\/site\/wp-json\/wp\/v2\/portfolio"}],"about":[{"href":"https:\/\/apartis.swiss\/site\/wp-json\/wp\/v2\/types\/portfolio"}],"replies":[{"embeddable":true,"href":"https:\/\/apartis.swiss\/site\/wp-json\/wp\/v2\/comments?post=226"}],"version-history":[{"count":2,"href":"https:\/\/apartis.swiss\/site\/wp-json\/wp\/v2\/portfolio\/226\/revisions"}],"predecessor-version":[{"id":13522,"href":"https:\/\/apartis.swiss\/site\/wp-json\/wp\/v2\/portfolio\/226\/revisions\/13522"}],"wp:featuredmedia":[{"embeddable":true,"href":"https:\/\/apartis.swiss\/site\/wp-json\/wp\/v2\/media\/8444"}],"wp:attachment":[{"href":"https:\/\/apartis.swiss\/site\/wp-json\/wp\/v2\/media?parent=226"}],"wp:term":[{"taxonomy":"post_tag","embeddable":true,"href":"https:\/\/apartis.swiss\/site\/wp-json\/wp\/v2\/tags?post=226"},{"taxonomy":"portfolio_entries","embeddable":true,"href":"https:\/\/apartis.swiss\/site\/wp-json\/wp\/v2\/portfolio_entries?post=226"}],"curies":[{"name":"wp","href":"https:\/\/api.w.org\/{rel}","templated":true}]}}