{"id":224,"date":"2017-08-15T09:12:31","date_gmt":"2017-08-25T07:12:30","guid":{"rendered":"http:\/\/apartis.swiss\/site\/portfolio-item\/avenue-du-midi-2-3\/"},"modified":"2024-11-13T09:25:18","modified_gmt":"2024-11-13T08:25:18","slug":"chemin-des-epinettes","status":"publish","type":"portfolio","link":"https:\/\/apartis.swiss\/site\/portfolio-item\/chemin-des-epinettes\/","title":{"rendered":"Chemin des Epinettes"},"content":{"rendered":"<p><div class=\"flex_column av_two_fifth  flex_column_div av-zero-column-padding first  avia-builder-el-0  el_before_av_three_fifth  avia-builder-el-first  \" style='border-radius:0px; '><p><div id='av-masonry-1' class='av-masonry  noHover av-fixed-size av-large-gap av-hover-overlay-active av-masonry-animation-active av-masonry-col-3 av-caption-always av-caption-style- av-masonry-gallery   av-orientation-square  '  ><div class='av-masonry-container isotope av-js-disabled ' ><div class='av-masonry-entry isotope-item av-masonry-item-no-image '><\/div><a href=\"https:\/\/apartis.swiss\/site\/wp-content\/uploads\/2019\/11\/Epinettes-1030x686.jpg\"  aria-label=\"image Epinettes\"  id='av-masonry-1-item-8359' data-av-masonry-item='8359' class='av-masonry-entry isotope-item post-8359 attachment type-attachment status-inherit hentry  av-masonry-item-with-image' title=\"Epinettes\" alt=\"\"   itemprop=\"thumbnailUrl\" ><div class='av-inner-masonry-sizer'><\/div><figure class='av-inner-masonry main_color'><div class=\"av-masonry-outerimage-container\"><div class=\"av-masonry-image-container\" style=\"background-image: url(https:\/\/apartis.swiss\/site\/wp-content\/uploads\/2019\/11\/Epinettes-705x470.jpg);\" title=\"Epinettes\" ><\/div><\/div><\/figure><\/a><!--end av-masonry entry--><a href=\"https:\/\/apartis.swiss\/site\/wp-content\/uploads\/2017\/08\/Epinettes_air-1030x686.jpg\"  aria-label=\"image Epinettes_air\"  id='av-masonry-1-item-8527' data-av-masonry-item='8527' class='av-masonry-entry isotope-item post-8527 attachment type-attachment status-inherit hentry  av-masonry-item-with-image' title=\"Epinettes_air\" alt=\"\"   itemprop=\"thumbnailUrl\" ><div class='av-inner-masonry-sizer'><\/div><figure class='av-inner-masonry main_color'><div class=\"av-masonry-outerimage-container\"><div class=\"av-masonry-image-container\" style=\"background-image: url(https:\/\/apartis.swiss\/site\/wp-content\/uploads\/2017\/08\/Epinettes_air-705x470.jpg);\" title=\"Epinettes_air\" ><\/div><\/div><\/figure><\/a><!--end av-masonry entry--><a href=\"https:\/\/apartis.swiss\/site\/wp-content\/uploads\/2017\/08\/Epinettes_entree-1030x686.jpg\"  aria-label=\"image Epinettes_entree\"  id='av-masonry-1-item-8530' data-av-masonry-item='8530' class='av-masonry-entry isotope-item post-8530 attachment type-attachment status-inherit hentry  av-masonry-item-with-image' title=\"Epinettes_entree\" alt=\"\"   itemprop=\"thumbnailUrl\" ><div class='av-inner-masonry-sizer'><\/div><figure class='av-inner-masonry main_color'><div class=\"av-masonry-outerimage-container\"><div class=\"av-masonry-image-container\" style=\"background-image: url(https:\/\/apartis.swiss\/site\/wp-content\/uploads\/2017\/08\/Epinettes_entree-705x470.jpg);\" title=\"Epinettes_entree\" ><\/div><\/div><\/figure><\/a><!--end av-masonry entry--><a href=\"https:\/\/apartis.swiss\/site\/wp-content\/uploads\/2017\/08\/Epinettes_chambre_2-1030x687.jpg\"  aria-label=\"image Epinettes_chambre_2\"  id='av-masonry-1-item-2397' data-av-masonry-item='2397' class='av-masonry-entry isotope-item post-2397 attachment type-attachment status-inherit hentry  av-masonry-item-with-image' title=\"Epinettes_chambre_2\" alt=\"\"   itemprop=\"thumbnailUrl\" ><div class='av-inner-masonry-sizer'><\/div><figure class='av-inner-masonry main_color'><div class=\"av-masonry-outerimage-container\"><div class=\"av-masonry-image-container\" style=\"background-image: url(https:\/\/apartis.swiss\/site\/wp-content\/uploads\/2017\/08\/Epinettes_chambre_2-705x470.jpg);\" title=\"Epinettes_chambre_2\" ><\/div><\/div><\/figure><\/a><!--end av-masonry entry--><a href=\"https:\/\/apartis.swiss\/site\/wp-content\/uploads\/2017\/08\/Epinettes_chambre_3-1030x687.jpg\"  aria-label=\"image Epinettes_chambre_3\"  id='av-masonry-1-item-2400' data-av-masonry-item='2400' class='av-masonry-entry isotope-item post-2400 attachment type-attachment status-inherit hentry  av-masonry-item-with-image' title=\"Epinettes_chambre_3\" alt=\"\"   itemprop=\"thumbnailUrl\" ><div class='av-inner-masonry-sizer'><\/div><figure class='av-inner-masonry main_color'><div class=\"av-masonry-outerimage-container\"><div class=\"av-masonry-image-container\" style=\"background-image: url(https:\/\/apartis.swiss\/site\/wp-content\/uploads\/2017\/08\/Epinettes_chambre_3-705x470.jpg);\" title=\"Epinettes_chambre_3\" ><\/div><\/div><\/figure><\/a><!--end av-masonry entry--><a href=\"https:\/\/apartis.swiss\/site\/wp-content\/uploads\/2017\/08\/epinettes_chambre_4-1030x687.jpg\"  aria-label=\"image epinettes_chambre_4\"  id='av-masonry-1-item-2403' data-av-masonry-item='2403' class='av-masonry-entry isotope-item post-2403 attachment type-attachment status-inherit hentry  av-masonry-item-with-image' title=\"epinettes_chambre_4\" alt=\"\"   itemprop=\"thumbnailUrl\" ><div class='av-inner-masonry-sizer'><\/div><figure class='av-inner-masonry main_color'><div class=\"av-masonry-outerimage-container\"><div class=\"av-masonry-image-container\" style=\"background-image: url(https:\/\/apartis.swiss\/site\/wp-content\/uploads\/2017\/08\/epinettes_chambre_4-705x470.jpg);\" title=\"epinettes_chambre_4\" ><\/div><\/div><\/figure><\/a><!--end av-masonry entry--><a href=\"https:\/\/apartis.swiss\/site\/wp-content\/uploads\/2017\/08\/Epinettes_chambre_6-1030x687.jpg\"  aria-label=\"image Epinettes_chambre_6\"  id='av-masonry-1-item-2409' data-av-masonry-item='2409' class='av-masonry-entry isotope-item post-2409 attachment type-attachment status-inherit hentry  av-masonry-item-with-image' title=\"Epinettes_chambre_6\" alt=\"\"   itemprop=\"thumbnailUrl\" ><div class='av-inner-masonry-sizer'><\/div><figure class='av-inner-masonry main_color'><div class=\"av-masonry-outerimage-container\"><div class=\"av-masonry-image-container\" style=\"background-image: url(https:\/\/apartis.swiss\/site\/wp-content\/uploads\/2017\/08\/Epinettes_chambre_6-705x470.jpg);\" title=\"Epinettes_chambre_6\" ><\/div><\/div><\/figure><\/a><!--end av-masonry entry--><a href=\"https:\/\/apartis.swiss\/site\/wp-content\/uploads\/2017\/08\/Epinettes_chambre_7-1030x687.jpg\"  aria-label=\"image Epinettes_chambre_7\"  id='av-masonry-1-item-2439' data-av-masonry-item='2439' class='av-masonry-entry isotope-item post-2439 attachment type-attachment status-inherit hentry  av-masonry-item-with-image' title=\"Epinettes_chambre_7\" alt=\"\"   itemprop=\"thumbnailUrl\" ><div class='av-inner-masonry-sizer'><\/div><figure class='av-inner-masonry main_color'><div class=\"av-masonry-outerimage-container\"><div class=\"av-masonry-image-container\" style=\"background-image: url(https:\/\/apartis.swiss\/site\/wp-content\/uploads\/2017\/08\/Epinettes_chambre_7-705x470.jpg);\" title=\"Epinettes_chambre_7\" ><\/div><\/div><\/figure><\/a><!--end av-masonry entry--><a href=\"https:\/\/apartis.swiss\/site\/wp-content\/uploads\/2017\/08\/Epinettes_hall_1-1030x687.jpg\"  aria-label=\"image Epinettes_hall_1\"  id='av-masonry-1-item-2424' data-av-masonry-item='2424' class='av-masonry-entry isotope-item post-2424 attachment type-attachment status-inherit hentry  av-masonry-item-with-image' title=\"Epinettes_hall_1\" alt=\"\"   itemprop=\"thumbnailUrl\" ><div class='av-inner-masonry-sizer'><\/div><figure class='av-inner-masonry main_color'><div class=\"av-masonry-outerimage-container\"><div class=\"av-masonry-image-container\" style=\"background-image: url(https:\/\/apartis.swiss\/site\/wp-content\/uploads\/2017\/08\/Epinettes_hall_1-705x470.jpg);\" title=\"Epinettes_hall_1\" ><\/div><\/div><\/figure><\/a><!--end av-masonry entry--><a href=\"https:\/\/apartis.swiss\/site\/wp-content\/uploads\/2017\/08\/Epinettes_cuisine_1-1030x687.jpg\"  aria-label=\"image Epinettes_cuisine_1\"  id='av-masonry-1-item-2412' data-av-masonry-item='2412' class='av-masonry-entry isotope-item post-2412 attachment type-attachment status-inherit hentry  av-masonry-item-with-image' title=\"Epinettes_cuisine_1\" alt=\"\"   itemprop=\"thumbnailUrl\" ><div class='av-inner-masonry-sizer'><\/div><figure class='av-inner-masonry main_color'><div class=\"av-masonry-outerimage-container\"><div class=\"av-masonry-image-container\" style=\"background-image: url(https:\/\/apartis.swiss\/site\/wp-content\/uploads\/2017\/08\/Epinettes_cuisine_1-705x470.jpg);\" title=\"Epinettes_cuisine_1\" ><\/div><\/div><\/figure><\/a><!--end av-masonry entry--><a href=\"https:\/\/apartis.swiss\/site\/wp-content\/uploads\/2017\/08\/Epinettes_cuisine_3-1030x687.jpg\"  aria-label=\"image Epinettes_cuisine_3\"  id='av-masonry-1-item-2418' data-av-masonry-item='2418' class='av-masonry-entry isotope-item post-2418 attachment type-attachment status-inherit hentry  av-masonry-item-with-image' title=\"Epinettes_cuisine_3\" alt=\"\"   itemprop=\"thumbnailUrl\" ><div class='av-inner-masonry-sizer'><\/div><figure class='av-inner-masonry main_color'><div class=\"av-masonry-outerimage-container\"><div class=\"av-masonry-image-container\" style=\"background-image: url(https:\/\/apartis.swiss\/site\/wp-content\/uploads\/2017\/08\/Epinettes_cuisine_3-705x470.jpg);\" title=\"Epinettes_cuisine_3\" ><\/div><\/div><\/figure><\/a><!--end av-masonry entry--><a href=\"https:\/\/apartis.swiss\/site\/wp-content\/uploads\/2017\/08\/Epinettes_cuisine_5-1030x687.jpg\"  aria-label=\"image Epinettes_cuisine_5\"  id='av-masonry-1-item-2445' data-av-masonry-item='2445' class='av-masonry-entry isotope-item post-2445 attachment type-attachment status-inherit hentry  av-masonry-item-with-image' title=\"Epinettes_cuisine_5\" alt=\"\"   itemprop=\"thumbnailUrl\" ><div class='av-inner-masonry-sizer'><\/div><figure class='av-inner-masonry main_color'><div class=\"av-masonry-outerimage-container\"><div class=\"av-masonry-image-container\" style=\"background-image: url(https:\/\/apartis.swiss\/site\/wp-content\/uploads\/2017\/08\/Epinettes_cuisine_5-705x470.jpg);\" title=\"Epinettes_cuisine_5\" ><\/div><\/div><\/figure><\/a><!--end av-masonry entry--><a href=\"https:\/\/apartis.swiss\/site\/wp-content\/uploads\/2017\/08\/Epinettes_cuisine_4-1030x687.jpg\"  aria-label=\"image Epinettes_cuisine_4\"  id='av-masonry-1-item-2421' data-av-masonry-item='2421' class='av-masonry-entry isotope-item post-2421 attachment type-attachment status-inherit hentry  av-masonry-item-with-image' title=\"Epinettes_cuisine_4\" alt=\"\"   itemprop=\"thumbnailUrl\" ><div class='av-inner-masonry-sizer'><\/div><figure class='av-inner-masonry main_color'><div class=\"av-masonry-outerimage-container\"><div class=\"av-masonry-image-container\" style=\"background-image: url(https:\/\/apartis.swiss\/site\/wp-content\/uploads\/2017\/08\/Epinettes_cuisine_4-705x470.jpg);\" title=\"Epinettes_cuisine_4\" ><\/div><\/div><\/figure><\/a><!--end av-masonry entry--><a href=\"https:\/\/apartis.swiss\/site\/wp-content\/uploads\/2017\/08\/Epinettes_terrasse-1030x686.jpg\"  aria-label=\"image Epinettes_terrasse\"  id='av-masonry-1-item-8536' data-av-masonry-item='8536' class='av-masonry-entry isotope-item post-8536 attachment type-attachment status-inherit hentry  av-masonry-item-with-image' title=\"Epinettes_terrasse\" alt=\"\"   itemprop=\"thumbnailUrl\" ><div class='av-inner-masonry-sizer'><\/div><figure class='av-inner-masonry main_color'><div class=\"av-masonry-outerimage-container\"><div class=\"av-masonry-image-container\" style=\"background-image: url(https:\/\/apartis.swiss\/site\/wp-content\/uploads\/2017\/08\/Epinettes_terrasse-705x470.jpg);\" title=\"Epinettes_terrasse\" ><\/div><\/div><\/figure><\/a><!--end av-masonry entry--><a href=\"https:\/\/apartis.swiss\/site\/wp-content\/uploads\/2017\/08\/Epinettes_exterieur-1030x686.jpg\"  aria-label=\"image Epinettes_exterieur\"  id='av-masonry-1-item-8533' data-av-masonry-item='8533' class='av-masonry-entry isotope-item post-8533 attachment type-attachment status-inherit hentry  av-masonry-item-with-image' title=\"Epinettes_exterieur\" alt=\"\"   itemprop=\"thumbnailUrl\" ><div class='av-inner-masonry-sizer'><\/div><figure class='av-inner-masonry main_color'><div class=\"av-masonry-outerimage-container\"><div class=\"av-masonry-image-container\" style=\"background-image: url(https:\/\/apartis.swiss\/site\/wp-content\/uploads\/2017\/08\/Epinettes_exterieur-705x470.jpg);\" title=\"Epinettes_exterieur\" ><\/div><\/div><\/figure><\/a><!--end av-masonry entry--><a href=\"https:\/\/apartis.swiss\/site\/wp-content\/uploads\/2017\/08\/Epinettes_balcon_2-1030x687.jpg\"  aria-label=\"image Epinettes_balcon_2\"  id='av-masonry-1-item-2436' data-av-masonry-item='2436' class='av-masonry-entry isotope-item post-2436 attachment type-attachment status-inherit hentry  av-masonry-item-with-image' title=\"Epinettes_balcon_2\" alt=\"\"   itemprop=\"thumbnailUrl\" ><div class='av-inner-masonry-sizer'><\/div><figure class='av-inner-masonry main_color'><div class=\"av-masonry-outerimage-container\"><div class=\"av-masonry-image-container\" style=\"background-image: url(https:\/\/apartis.swiss\/site\/wp-content\/uploads\/2017\/08\/Epinettes_balcon_2-705x470.jpg);\" title=\"Epinettes_balcon_2\" ><\/div><\/div><\/figure><\/a><!--end av-masonry entry--><a href=\"https:\/\/apartis.swiss\/site\/wp-content\/uploads\/2017\/08\/Epinettes_salle_eau_1-1030x687.jpg\"  aria-label=\"image Epinettes_salle_eau_1\"  id='av-masonry-1-item-2427' data-av-masonry-item='2427' class='av-masonry-entry isotope-item post-2427 attachment type-attachment status-inherit hentry  av-masonry-item-with-image' title=\"Epinettes_salle_eau_1\" alt=\"\"   itemprop=\"thumbnailUrl\" ><div class='av-inner-masonry-sizer'><\/div><figure class='av-inner-masonry main_color'><div class=\"av-masonry-outerimage-container\"><div class=\"av-masonry-image-container\" style=\"background-image: url(https:\/\/apartis.swiss\/site\/wp-content\/uploads\/2017\/08\/Epinettes_salle_eau_1-705x470.jpg);\" title=\"Epinettes_salle_eau_1\" ><\/div><\/div><\/figure><\/a><!--end av-masonry entry--><\/div><\/div><br \/>\n<div  style='height:50px' class='hr hr-invisible   avia-builder-el-2  el_after_av_masonry_gallery  el_before_av_iconlist  avia-builder-el-first '><span class='hr-inner ' ><span class='hr-inner-style'><\/span><\/span><\/div><br \/>\n<div  class='avia-icon-list-container   avia-builder-el-3  el_after_av_hr  avia-builder-el-last '><ul class='avia-icon-list avia-icon-list-left av-iconlist-big avia_animate_when_almost_visible avia-iconlist-animate'>\n<li><a href='https:\/\/apartis.swiss\/site\/nos-immeubles\/situation-des-immeubles-apartis\/' title='Plan de situation'  target=\"_blank\"  rel=\"noopener noreferrer\"  class='iconlist_icon  avia-font-entypo-fontello'><span class='iconlist-char ' aria-hidden='true' data-av_icon='\ue842' data-av_iconfont='entypo-fontello'><\/span><\/a><article class=\"article-icon-entry av-iconlist-empty\"  itemscope=\"itemscope\" itemtype=\"https:\/\/schema.org\/CreativeWork\" ><div class='iconlist_content_wrap'><header class=\"entry-content-header\"><h4 class='av_iconlist_title iconlist_title   '  itemprop=\"headline\"  ><a href='https:\/\/apartis.swiss\/site\/nos-immeubles\/situation-des-immeubles-apartis\/' title='Plan de situation' target=\"_blank\"  rel=\"noopener noreferrer\">Plan de situation<\/a><\/h4><\/header><div class='iconlist_content  '  itemprop=\"text\"  ><\/div><\/div><footer class=\"entry-footer\"><\/footer><\/article><div class='iconlist-timeline'><\/div><\/li>\n<li><a href='https:\/\/apartis.swiss\/site\/wp-content\/uploads\/downloads\/2018\/02\/Epin-plan.pdf' title='Plan appartement type'  target=\"_blank\"  rel=\"noopener noreferrer\"  class='iconlist_icon  avia-font-entypo-fontello'><span class='iconlist-char ' aria-hidden='true' data-av_icon='\ue8d7' data-av_iconfont='entypo-fontello'><\/span><\/a><article class=\"article-icon-entry av-iconlist-empty\"  itemscope=\"itemscope\" itemtype=\"https:\/\/schema.org\/CreativeWork\" ><div class='iconlist_content_wrap'><header class=\"entry-content-header\"><h4 class='av_iconlist_title iconlist_title   '  itemprop=\"headline\"  ><a href='https:\/\/apartis.swiss\/site\/wp-content\/uploads\/downloads\/2018\/02\/Epin-plan.pdf' title='Plan appartement type' target=\"_blank\"  rel=\"noopener noreferrer\">Plan appartement type<\/a><\/h4><\/header><div class='iconlist_content  '  itemprop=\"text\"  ><\/div><\/div><footer class=\"entry-footer\"><\/footer><\/article><div class='iconlist-timeline'><\/div><\/li>\n<li><a href='https:\/\/apartis.swiss\/site\/a-louer\/conditions-de-location\/' title='Condition de location'  target=\"_blank\"  rel=\"noopener noreferrer\"  class='iconlist_icon  avia-font-entypo-fontello'><span class='iconlist-char ' aria-hidden='true' data-av_icon='\ue84e' data-av_iconfont='entypo-fontello'><\/span><\/a><article class=\"article-icon-entry av-iconlist-empty\"  itemscope=\"itemscope\" itemtype=\"https:\/\/schema.org\/CreativeWork\" ><div class='iconlist_content_wrap'><header class=\"entry-content-header\"><h4 class='av_iconlist_title iconlist_title   '  itemprop=\"headline\"  ><a href='https:\/\/apartis.swiss\/site\/a-louer\/conditions-de-location\/' title='Condition de location' target=\"_blank\"  rel=\"noopener noreferrer\">Condition de location<\/a><\/h4><\/header><div class='iconlist_content  '  itemprop=\"text\"  ><\/div><\/div><footer class=\"entry-footer\"><\/footer><\/article><div class='iconlist-timeline'><\/div><\/li>\n<li><a href='https:\/\/apartis.swiss\/site\/wp-content\/uploads\/downloads\/2018\/04\/rm-epin-f.pdf' title='R\u00e9glement de maison'  target=\"_blank\"  rel=\"noopener noreferrer\"  class='iconlist_icon  avia-font-entypo-fontello'><span class='iconlist-char ' aria-hidden='true' data-av_icon='\ue821' data-av_iconfont='entypo-fontello'><\/span><\/a><article class=\"article-icon-entry av-iconlist-empty\"  itemscope=\"itemscope\" itemtype=\"https:\/\/schema.org\/CreativeWork\" ><div class='iconlist_content_wrap'><header class=\"entry-content-header\"><h4 class='av_iconlist_title iconlist_title   '  itemprop=\"headline\"  ><a href='https:\/\/apartis.swiss\/site\/wp-content\/uploads\/downloads\/2018\/04\/rm-epin-f.pdf' title='R\u00e9glement de maison' target=\"_blank\"  rel=\"noopener noreferrer\">R\u00e9glement de maison<\/a><\/h4><\/header><div class='iconlist_content  '  itemprop=\"text\"  ><\/div><\/div><footer class=\"entry-footer\"><\/footer><\/article><div class='iconlist-timeline'><\/div><\/li>\n<li><a href='https:\/\/apartis.swiss\/site\/wp-content\/uploads\/downloads\/2018\/03\/Brochure_dechets_2018.pdf' title='Gestion des d\u00e9chets'  target=\"_blank\"  rel=\"noopener noreferrer\"  class='iconlist_icon  avia-font-entypo-fontello'><span class='iconlist-char ' aria-hidden='true' data-av_icon='\ue847' data-av_iconfont='entypo-fontello'><\/span><\/a><article class=\"article-icon-entry av-iconlist-empty\"  itemscope=\"itemscope\" itemtype=\"https:\/\/schema.org\/CreativeWork\" ><div class='iconlist_content_wrap'><header class=\"entry-content-header\"><h4 class='av_iconlist_title iconlist_title   '  itemprop=\"headline\"  ><a href='https:\/\/apartis.swiss\/site\/wp-content\/uploads\/downloads\/2018\/03\/Brochure_dechets_2018.pdf' title='Gestion des d\u00e9chets' target=\"_blank\"  rel=\"noopener noreferrer\">Gestion des d\u00e9chets<\/a><\/h4><\/header><div class='iconlist_content  '  itemprop=\"text\"  ><\/div><\/div><footer class=\"entry-footer\"><\/footer><\/article><div class='iconlist-timeline'><\/div><\/li>\n<li><a href='https:\/\/apartis.swiss\/site\/nos-immeubles\/informations-generales\/' title='Informations g\u00e9n\u00e9rales'  target=\"_blank\"  rel=\"noopener noreferrer\"  class='iconlist_icon  avia-font-entypo-fontello'><span class='iconlist-char ' aria-hidden='true' data-av_icon='\ue81f' data-av_iconfont='entypo-fontello'><\/span><\/a><article class=\"article-icon-entry av-iconlist-empty\"  itemscope=\"itemscope\" itemtype=\"https:\/\/schema.org\/CreativeWork\" ><div class='iconlist_content_wrap'><header class=\"entry-content-header\"><h4 class='av_iconlist_title iconlist_title   '  itemprop=\"headline\"  ><a href='https:\/\/apartis.swiss\/site\/nos-immeubles\/informations-generales\/' title='Informations g\u00e9n\u00e9rales' target=\"_blank\"  rel=\"noopener noreferrer\">Informations g\u00e9n\u00e9rales<\/a><\/h4><\/header><div class='iconlist_content  '  itemprop=\"text\"  ><\/div><\/div><footer class=\"entry-footer\"><\/footer><\/article><div class='iconlist-timeline'><\/div><\/li>\n<li><div  class='iconlist_icon  avia-font-entypo-fontello'><span class='iconlist-char ' aria-hidden='true' data-av_icon='\ue84f' data-av_iconfont='entypo-fontello'><\/span><\/div><article class=\"article-icon-entry av-iconlist-empty\"  itemscope=\"itemscope\" itemtype=\"https:\/\/schema.org\/CreativeWork\" ><div class='iconlist_content_wrap'><header class=\"entry-content-header\"><h4 class='av_iconlist_title iconlist_title   '  itemprop=\"headline\"  ><a href='https:\/\/apartis.swiss\/site\/wp-content\/plugins\/download-monitor\/download.php?id=75' title='Brochure Apartis' target=\"_blank\"  rel=\"noopener noreferrer\">Brochure Apartis<\/a><\/h4><\/header><div class='iconlist_content  '  itemprop=\"text\"  ><\/div><\/div><footer class=\"entry-footer\"><\/footer><\/article><div class='iconlist-timeline'><\/div><\/li>\n<\/ul><\/div><\/p><\/div><br \/>\n<div class=\"flex_column av_three_fifth  flex_column_div av-zero-column-padding   avia-builder-el-4  el_after_av_two_fifth  avia-builder-el-last  \" style='border-radius:0px; '><p><div  style='padding-bottom:10px; ' class='av-special-heading av-special-heading-h2  blockquote modern-quote  avia-builder-el-5  el_before_av_toggle_container  avia-builder-el-first  '><h2 class='av-special-heading-tag '  itemprop=\"headline\"  >Chemin des Epinettes 51-53-55 | Marly<\/h2><div class='special-heading-border'><div class='special-heading-inner-border' ><\/div><\/div><\/div><br \/>\n<div   class=\"togglecontainer   toggle_close_all  avia-builder-el-6  el_after_av_heading  avia-builder-el-last \" >\n<section class=\"av_toggle_section\"  itemscope=\"itemscope\" itemtype=\"https:\/\/schema.org\/CreativeWork\"  >    <div role=\"tablist\" class=\"single_toggle\" data-tags=\"{Tout} \"  >        <p data-fake-id=\"#toggle-id-1\" class=\"toggler activeTitle\"  itemprop=\"headline\"    role=\"tab\" tabindex=\"0\" aria-controls=\"toggle-id-1\">Quartier Marly-Jonction<span class=\"toggle_icon\" >        <span class=\"vert_icon\"><\/span><span class=\"hor_icon\"><\/span><\/span><\/p>        <div id=\"toggle-id-1\" class=\"toggle_wrap active_tc\"  style='display:block;' >            <div class=\"toggle_content invers-color \"  itemprop=\"text\"   ><p>Marly est situ\u00e9 au sud de la ville de Fribourg. On y a parvient depuis le quartier de P\u00e9rolles &#8211; le quartier des \u00e9tudiants par excellence &#8211; en enjambant la Sarine par le pont de P\u00e9rolles.<\/p>\n<p>Autour du Centre Commercial Marly-Jonction, un nouveau quartier compos\u00e9 de petits immeubles s&rsquo;est d\u00e9velopp\u00e9. Nos immeubles du Chemin des Epinettes profitent d&rsquo;un r\u00e9seau de transports publics remarquable, de toutes les commodit\u00e9s du centre commercial voisin (magasin d&rsquo;alimentation, pharmacie, caf\u00e9, etc.), d&rsquo;une salle polyvalente et d&rsquo;un grand parking. Sa proximit\u00e9 avec la nature en fait un lieu de vie tr\u00e8s appr\u00e9ci\u00e9.<\/p>\n            <\/div>        <\/div>    <\/div><\/section>\n<section class=\"av_toggle_section\"  itemscope=\"itemscope\" itemtype=\"https:\/\/schema.org\/CreativeWork\"  >    <div role=\"tablist\" class=\"single_toggle\" data-tags=\"{Tout} \"  >        <p data-fake-id=\"#toggle-id-2\" class=\"toggler \"  itemprop=\"headline\"    role=\"tab\" tabindex=\"0\" aria-controls=\"toggle-id-2\">Loyers, logements, espaces communs<span class=\"toggle_icon\" >        <span class=\"vert_icon\"><\/span><span class=\"hor_icon\"><\/span><\/span><\/p>        <div id=\"toggle-id-2\" class=\"toggle_wrap \"   >            <div class=\"toggle_content invers-color \"  itemprop=\"text\"   ><p><strong>Les loyers<\/strong><\/p>\n<ul>\n<li>Varient selon grandeur et type d\u2019appartement<\/li>\n<li>De CHF 295.- \u00e0 380.- par mois (env. \u20ac 245 \u00e0 315)<\/li>\n<li>2 lofts \u00e0 CHF 650.- par mois<\/li>\n<li>Charges comprises : chauffage, eau chaude, internet Wifi<\/li>\n<li>Non inclus : frais d\u2019\u00e9lectricit\u00e9, de t\u00e9l\u00e9phone, de t\u00e9l\u00e9vision et taxe m\u00e9dias (factur\u00e9s directement par les prestataires de ces diff\u00e9rents services)<\/li>\n<li>L\u2019acompte de charges pour le chauffage et l\u2019eau chaude pay\u00e9 avec le loyer est d\u00e9compt\u00e9 une fois par ann\u00e9e (octobre environ).<\/li>\n<\/ul>\n<p><strong>Appartements<\/strong><\/p>\n<ul>\n<li>126 chambres dans 51 appartements r\u00e9partis dans 3 immeubles contigus, sur 5 \u00e9tages chacun<\/li>\n<li>Appartements de 2 \u00e0 3 chambres, cuisine\/s\u00e9jour, douche, WC<\/li>\n<li>2 lofts avec terrasse au sous-sol des immeubles Epinettes 51 et 55<\/li>\n<li>Am\u00e9nagement des cuisines simple et fonctionnel<\/li>\n<li>Balcon dans les 3 pi\u00e8ces, sortie jardin dans certains appartements de 2 pi\u00e8ces<\/li>\n<\/ul>\n<p><strong>Chambres<\/strong><\/p>\n<ul>\n<li>De 14 \u00e0 15m<sup>2<\/sup><\/li>\n<li>Non meubl\u00e9es<\/li>\n<li>Chaque chambre dispose d\u2019une grande fen\u00eatre et un rev\u00eatement en parquet<\/li>\n<\/ul>\n<p><strong>Espaces communs<\/strong><\/p>\n<ul>\n<li>Hall d\u2019entr\u00e9e\u00a0: bo\u00eetes aux lettres, vitrine d\u2019informations d\u2019Apartis et panneau d\u2019affichage libre<\/li>\n<li>Terrasse en \u00e9t\u00e9 avec tables et chaises<\/li>\n<li><a href=\"https:\/\/apartis.swiss\/info-locataires\/salles-polyvalentes\/\">Salle polyvalente dans l\u2019immeuble 53<\/a><\/li>\n<li>Espaces communs\u00a0<strong>NON FUMEUR<\/strong><\/li>\n<\/ul>\n            <\/div>        <\/div>    <\/div><\/section>\n<section class=\"av_toggle_section\"  itemscope=\"itemscope\" itemtype=\"https:\/\/schema.org\/CreativeWork\"  >    <div role=\"tablist\" class=\"single_toggle\" data-tags=\"{Tout} \"  >        <p data-fake-id=\"#toggle-id-3\" class=\"toggler \"  itemprop=\"headline\"    role=\"tab\" tabindex=\"0\" aria-controls=\"toggle-id-3\">Situation &amp; Acc\u00e8s<span class=\"toggle_icon\" >        <span class=\"vert_icon\"><\/span><span class=\"hor_icon\"><\/span><\/span><\/p>        <div id=\"toggle-id-3\" class=\"toggle_wrap \"   >            <div class=\"toggle_content invers-color \"  itemprop=\"text\"   ><ul>\n<li><strong>Situation des b\u00e2timents<\/strong>\n<ul>\n<li>\u00c0 Marly, en p\u00e9riph\u00e9rie de Fribourg<\/li>\n<li>L\u2019endroit est calme<\/li>\n<li>\u00c0 2 km des b\u00e2timents universitaires de P\u00e9rolles I-II et des hautes \u00e9coles<\/li>\n<li>10-15 minutes en v\u00e9lo ou en bus du centre-ville de Fribourg<\/li>\n<li>A proximit\u00e9 d\u2019un centre commercial<\/li>\n<\/ul>\n<p><strong>Transports Publics<\/strong><\/p>\n<ul>\n<li>Lignes de bus 1 \/ 3 \/ 7<\/li>\n<li>Arr\u00eat de bus \u00ab\u00a0Jonction\u00a0\u00bb \u00e0 2 minutes du b\u00e2timent<\/li>\n<li>Horaires de bus et abonnements disponibles \u00e0 la gare centrale<\/li>\n<li><a href=\"http:\/\/horaire.tpf.ch\/\" target=\"_blank\" rel=\"noopener noreferrer\">Horaire de bus<\/a><\/li>\n<\/ul>\n<\/li>\n<\/ul>\n            <\/div>        <\/div>    <\/div><\/section>\n<section class=\"av_toggle_section\"  itemscope=\"itemscope\" itemtype=\"https:\/\/schema.org\/CreativeWork\"  >    <div role=\"tablist\" class=\"single_toggle\" data-tags=\"{Tout} \"  >        <p data-fake-id=\"#toggle-id-4\" class=\"toggler \"  itemprop=\"headline\"    role=\"tab\" tabindex=\"0\" aria-controls=\"toggle-id-4\">Equipements<span class=\"toggle_icon\" >        <span class=\"vert_icon\"><\/span><span class=\"hor_icon\"><\/span><\/span><\/p>        <div id=\"toggle-id-4\" class=\"toggle_wrap \"   >            <div class=\"toggle_content invers-color \"  itemprop=\"text\"   ><p><strong>Caves<\/strong><\/p>\n<ul>\n<li>1 cave par appartement<\/li>\n<li>La cave a le m\u00eame num\u00e9ro que celui de l\u2019appartement<\/li>\n<li>Chaque locataire a droit \u00e0 une partie de la cave<\/li>\n<li>Fait partie du logement\u00a0: \u00e0 leur d\u00e9part, les locataires sont pri\u00e9s de reprendre leurs affaires, de ranger et nettoyer la cave<\/li>\n<\/ul>\n<p><strong>Buanderie<\/strong><\/p>\n<ul>\n<li>Au sous-sol de chaque b\u00e2timent<\/li>\n<li>2 machines \u00e0 laver, 2 machines \u00e0 s\u00e9cher et \u00e9tendage dans chaque buanderie<\/li>\n<li>Fonctionnement \u00e0 l\u2019aide d\u2019une cl\u00e9 de lavage \u00e0 commander\u00a0:\u00a0<a href=\"http:\/\/www.keycom.ch\/\" target=\"_blank\" rel=\"noopener noreferrer\">www.keycom.ch<\/a><\/li>\n<li>Pas de plan de lavage<\/li>\n<li>Apr\u00e8s chaque utilisation, le locataire nettoie les machines, les filtres et le sol<\/li>\n<li>Aucun objet (bidon de lessive, linge, etc.) ne reste sur place<\/li>\n<\/ul>\n<p><strong>Parc \u00e0 v\u00e9los<\/strong><\/p>\n<ul>\n<li>1 abri devant chaque immeuble (environ 12 v\u00e9los chacun)<\/li>\n<li>1 support sans toiture \u00e0 droite de l\u2019immeuble 55 (environ 20 v\u00e9los)<\/li>\n<li>Ne pas entreposer de v\u00e9los ailleurs qu\u2019aux emplacements r\u00e9serv\u00e9s<\/li>\n<\/ul>\n<p><strong>Place de parc<\/strong><\/p>\n<ul>\n<li>34 places de parc sont \u00e0 disposition pour CHF 30.- par mois, s\u2019adresser \u00e0 Apartis<\/li>\n<li>Quelques places de parc pour les visiteurs uniquement (devant l\u2019immeuble 51)<\/li>\n<li>Stationnement interdit aux alentours de l\u2019immeuble sous peine d\u2019amende<\/li>\n<\/ul>\n            <\/div>        <\/div>    <\/div><\/section>\n<section class=\"av_toggle_section\"  itemscope=\"itemscope\" itemtype=\"https:\/\/schema.org\/CreativeWork\"  >    <div role=\"tablist\" class=\"single_toggle\" data-tags=\"{Tout} \"  >        <p data-fake-id=\"#toggle-id-5\" class=\"toggler \"  itemprop=\"headline\"    role=\"tab\" tabindex=\"0\" aria-controls=\"toggle-id-5\">Cl\u00e9s, concierge<span class=\"toggle_icon\" >        <span class=\"vert_icon\"><\/span><span class=\"hor_icon\"><\/span><\/span><\/p>        <div id=\"toggle-id-5\" class=\"toggle_wrap \"   >            <div class=\"toggle_content invers-color \"  itemprop=\"text\"   ><ul>\n<li><strong>Cl\u00e9s<\/strong>Le locataire re\u00e7oit 1 cl\u00e9 pour acc\u00e9der \u00e0\u00a0:\n<ul>\n<li>L\u2019entr\u00e9e principale (se ferme automatiquement pour des raisons de s\u00e9curit\u00e9)<\/li>\n<li>L\u2019appartement<\/li>\n<li>La chambre<\/li>\n<\/ul>\n<p>Pour des raisons de s\u00e9curit\u00e9\u00a0:<\/p>\n<ul>\n<li>Prendre toujours la cl\u00e9 avec soi<\/li>\n<li>Fermer toujours les portes \u00e0 cl\u00e9<\/li>\n<\/ul>\n<p>Cl\u00e9s des bo\u00eetes aux lettres et des caves\u00a0:<\/p>\n<ul>\n<li>1 cl\u00e9 de bo\u00eete aux lettres et 1 cl\u00e9 de cave par appartement<\/li>\n<li>Ces cl\u00e9s restent suspendues pr\u00e8s de la porte d\u2019entr\u00e9e de l\u2019appartement<\/li>\n<li>Toujours les remettre en place apr\u00e8s utilisation\u00a0!<\/li>\n<\/ul>\n<p>Perte d\u2019une cl\u00e9<\/p>\n<ul>\n<li>Apartis commande une cl\u00e9 de remplacement \u00e0 charge du locataire<\/li>\n<li>En cas de vol, il peut \u00eatre utile de changer les cylindres de l\u2019appartement<\/li>\n<\/ul>\n<\/li>\n<\/ul>\n<p><strong>Concierge<\/strong><\/p>\n<ul>\n<li>Il est disponible pour toute question concernant l\u2019usage des locaux, le fonctionnement des buanderies, les d\u00e9g\u00e2ts ou r\u00e9parations et pour la gestion des d\u00e9chets<\/li>\n<li>En cas d\u2019absence, laisser un message dans sa bo\u00eete aux lettres\/\u00e0 messages<\/li>\n<li><a href=\"https:\/\/apartis.swiss\/apartis\/collaborateurs\/\">Collaborateurs Apartis<\/a><\/li>\n<\/ul>\n            <\/div>        <\/div>    <\/div><\/section>\n<section class=\"av_toggle_section\"  itemscope=\"itemscope\" itemtype=\"https:\/\/schema.org\/CreativeWork\"  >    <div role=\"tablist\" class=\"single_toggle\" data-tags=\"{Tout} \"  >        <p data-fake-id=\"#toggle-id-6\" class=\"toggler \"  itemprop=\"headline\"    role=\"tab\" tabindex=\"0\" aria-controls=\"toggle-id-6\">Vid\u00e9o<span class=\"toggle_icon\" >        <span class=\"vert_icon\"><\/span><span class=\"hor_icon\"><\/span><\/span><\/p>        <div id=\"toggle-id-6\" class=\"toggle_wrap \"   >            <div class=\"toggle_content invers-color \"  itemprop=\"text\"   ><p><iframe loading=\"lazy\" style=\"border: none; overflow: hidden;\" src=\"https:\/\/www.facebook.com\/plugins\/video.php?href=https%3A%2F%2Fwww.facebook.com%2FApartisFR%2Fvideos%2F469163117292588%2F&amp;show_text=0&amp;width=560\" width=\"560\" height=\"315\" frameborder=\"0\" scrolling=\"no\" allowfullscreen=\"allowfullscreen\"><\/iframe><\/p>\n            <\/div>        <\/div>    <\/div><\/section>\n<\/div><\/p><\/div><\/p>\n","protected":false},"excerpt":{"rendered":"<p>Loyer moyen CHF 305 | ~ \u20ac 255<\/p>\n","protected":false},"featured_media":8359,"comment_status":"closed","ping_status":"closed","template":"","tags":[],"portfolio_entries":[6],"class_list":["post-224","portfolio","type-portfolio","status-publish","has-post-thumbnail","hentry","portfolio_entries-apartis"],"_links":{"self":[{"href":"https:\/\/apartis.swiss\/site\/wp-json\/wp\/v2\/portfolio\/224"}],"collection":[{"href":"https:\/\/apartis.swiss\/site\/wp-json\/wp\/v2\/portfolio"}],"about":[{"href":"https:\/\/apartis.swiss\/site\/wp-json\/wp\/v2\/types\/portfolio"}],"replies":[{"embeddable":true,"href":"https:\/\/apartis.swiss\/site\/wp-json\/wp\/v2\/comments?post=224"}],"version-history":[{"count":2,"href":"https:\/\/apartis.swiss\/site\/wp-json\/wp\/v2\/portfolio\/224\/revisions"}],"predecessor-version":[{"id":14970,"href":"https:\/\/apartis.swiss\/site\/wp-json\/wp\/v2\/portfolio\/224\/revisions\/14970"}],"wp:featuredmedia":[{"embeddable":true,"href":"https:\/\/apartis.swiss\/site\/wp-json\/wp\/v2\/media\/8359"}],"wp:attachment":[{"href":"https:\/\/apartis.swiss\/site\/wp-json\/wp\/v2\/media?parent=224"}],"wp:term":[{"taxonomy":"post_tag","embeddable":true,"href":"https:\/\/apartis.swiss\/site\/wp-json\/wp\/v2\/tags?post=224"},{"taxonomy":"portfolio_entries","embeddable":true,"href":"https:\/\/apartis.swiss\/site\/wp-json\/wp\/v2\/portfolio_entries?post=224"}],"curies":[{"name":"wp","href":"https:\/\/api.w.org\/{rel}","templated":true}]}}