{"id":200,"date":"2017-08-25T09:01:21","date_gmt":"2017-08-25T07:01:21","guid":{"rendered":"http:\/\/apartis.swiss\/site\/portfolio-item\/avenue-du-midi-2\/"},"modified":"2022-02-09T08:49:18","modified_gmt":"2022-02-09T07:49:18","slug":"route-mont-carmel","status":"publish","type":"portfolio","link":"https:\/\/apartis.swiss\/site\/portfolio-item\/route-mont-carmel\/","title":{"rendered":"Route Mont-Carmel"},"content":{"rendered":"<div class=\"flex_column av_two_fifth  flex_column_div av-zero-column-padding first  avia-builder-el-0  el_before_av_three_fifth  avia-builder-el-first  \" style='border-radius:0px; '><p><div id='av-masonry-1' class='av-masonry  noHover av-fixed-size av-large-gap av-hover-overlay-active av-masonry-animation-active av-masonry-col-3 av-caption-always av-caption-style- av-masonry-gallery   av-orientation-square  '  ><div class='av-masonry-container isotope av-js-disabled ' ><div class='av-masonry-entry isotope-item av-masonry-item-no-image '><\/div><a href=\"https:\/\/apartis.swiss\/site\/wp-content\/uploads\/2017\/08\/Bellevue-1030x686.jpg\"  aria-label=\"image Bellevue\"  id='av-masonry-1-item-8333' data-av-masonry-item='8333' class='av-masonry-entry isotope-item post-8333 attachment type-attachment status-inherit hentry  av-masonry-item-with-image' title=\"Bellevue\" alt=\"\"   itemprop=\"thumbnailUrl\" ><div class='av-inner-masonry-sizer'><\/div><figure class='av-inner-masonry main_color'><div class=\"av-masonry-outerimage-container\"><div class=\"av-masonry-image-container\" style=\"background-image: url(https:\/\/apartis.swiss\/site\/wp-content\/uploads\/2017\/08\/Bellevue-705x470.jpg);\" title=\"Bellevue\" ><\/div><\/div><\/figure><\/a><!--end av-masonry entry--><a href=\"https:\/\/apartis.swiss\/site\/wp-content\/uploads\/2017\/08\/Mont-Carmel_exterieur-1030x686.jpg\"  aria-label=\"image Mont-Carmel_exterieur\"  id='av-masonry-1-item-8585' data-av-masonry-item='8585' class='av-masonry-entry isotope-item post-8585 attachment type-attachment status-inherit hentry  av-masonry-item-with-image' title=\"Mont-Carmel_exterieur\" alt=\"\"   itemprop=\"thumbnailUrl\" ><div class='av-inner-masonry-sizer'><\/div><figure class='av-inner-masonry main_color'><div class=\"av-masonry-outerimage-container\"><div class=\"av-masonry-image-container\" style=\"background-image: url(https:\/\/apartis.swiss\/site\/wp-content\/uploads\/2017\/08\/Mont-Carmel_exterieur-705x470.jpg);\" title=\"Mont-Carmel_exterieur\" ><\/div><\/div><\/figure><\/a><!--end av-masonry entry--><a href=\"https:\/\/apartis.swiss\/site\/wp-content\/uploads\/2019\/04\/Bell_142-1030x684.jpg\"  aria-label=\"image Bell_142\"  id='av-masonry-1-item-6979' data-av-masonry-item='6979' class='av-masonry-entry isotope-item post-6979 attachment type-attachment status-inherit hentry  av-masonry-item-with-image' title=\"Bell_142\" alt=\"\"   itemprop=\"thumbnailUrl\" ><div class='av-inner-masonry-sizer'><\/div><figure class='av-inner-masonry main_color'><div class=\"av-masonry-outerimage-container\"><div class=\"av-masonry-image-container\" style=\"background-image: url(https:\/\/apartis.swiss\/site\/wp-content\/uploads\/2019\/04\/Bell_142-705x468.jpg);\" title=\"Bell_142\" ><\/div><\/div><\/figure><\/a><!--end av-masonry entry--><a href=\"https:\/\/apartis.swiss\/site\/wp-content\/uploads\/2019\/04\/Bell_102-1030x773.jpg\"  aria-label=\"image Bell_102\"  id='av-masonry-1-item-6964' data-av-masonry-item='6964' class='av-masonry-entry isotope-item post-6964 attachment type-attachment status-inherit hentry  av-masonry-item-with-image' title=\"Bell_102\" alt=\"\"   itemprop=\"thumbnailUrl\" ><div class='av-inner-masonry-sizer'><\/div><figure class='av-inner-masonry main_color'><div class=\"av-masonry-outerimage-container\"><div class=\"av-masonry-image-container\" style=\"background-image: url(https:\/\/apartis.swiss\/site\/wp-content\/uploads\/2019\/04\/Bell_102-705x529.jpg);\" title=\"Bell_102\" ><\/div><\/div><\/figure><\/a><!--end av-masonry entry--><a href=\"https:\/\/apartis.swiss\/site\/wp-content\/uploads\/2019\/04\/Bell_127-1030x684.jpg\"  aria-label=\"image Bell_127\"  id='av-masonry-1-item-6973' data-av-masonry-item='6973' class='av-masonry-entry isotope-item post-6973 attachment type-attachment status-inherit hentry  av-masonry-item-with-image' title=\"Bell_127\" alt=\"\"   itemprop=\"thumbnailUrl\" ><div class='av-inner-masonry-sizer'><\/div><figure class='av-inner-masonry main_color'><div class=\"av-masonry-outerimage-container\"><div class=\"av-masonry-image-container\" style=\"background-image: url(https:\/\/apartis.swiss\/site\/wp-content\/uploads\/2019\/04\/Bell_127-705x468.jpg);\" title=\"Bell_127\" ><\/div><\/div><\/figure><\/a><!--end av-masonry entry--><a href=\"https:\/\/apartis.swiss\/site\/wp-content\/uploads\/2017\/08\/Mont-Carmel_living-1030x686.jpg\"  aria-label=\"image Mont-Carmel_living\"  id='av-masonry-1-item-8588' data-av-masonry-item='8588' class='av-masonry-entry isotope-item post-8588 attachment type-attachment status-inherit hentry  av-masonry-item-with-image' title=\"Mont-Carmel_living\" alt=\"\"   itemprop=\"thumbnailUrl\" ><div class='av-inner-masonry-sizer'><\/div><figure class='av-inner-masonry main_color'><div class=\"av-masonry-outerimage-container\"><div class=\"av-masonry-image-container\" style=\"background-image: url(https:\/\/apartis.swiss\/site\/wp-content\/uploads\/2017\/08\/Mont-Carmel_living-705x470.jpg);\" title=\"Mont-Carmel_living\" ><\/div><\/div><\/figure><\/a><!--end av-masonry entry--><a href=\"https:\/\/apartis.swiss\/site\/wp-content\/uploads\/2017\/08\/Mont-Carmel_cuisine-1030x686.jpg\"  aria-label=\"image Mont-Carmel_cuisine\"  id='av-masonry-1-item-8582' data-av-masonry-item='8582' class='av-masonry-entry isotope-item post-8582 attachment type-attachment status-inherit hentry  av-masonry-item-with-image' title=\"Mont-Carmel_cuisine\" alt=\"\"   itemprop=\"thumbnailUrl\" ><div class='av-inner-masonry-sizer'><\/div><figure class='av-inner-masonry main_color'><div class=\"av-masonry-outerimage-container\"><div class=\"av-masonry-image-container\" style=\"background-image: url(https:\/\/apartis.swiss\/site\/wp-content\/uploads\/2017\/08\/Mont-Carmel_cuisine-705x470.jpg);\" title=\"Mont-Carmel_cuisine\" ><\/div><\/div><\/figure><\/a><!--end av-masonry entry--><a href=\"https:\/\/apartis.swiss\/site\/wp-content\/uploads\/2019\/04\/Bell_134-1030x684.jpg\"  aria-label=\"image Bell_134\"  id='av-masonry-1-item-6976' data-av-masonry-item='6976' class='av-masonry-entry isotope-item post-6976 attachment type-attachment status-inherit hentry  av-masonry-item-with-image' title=\"Bell_134\" alt=\"\"   itemprop=\"thumbnailUrl\" ><div class='av-inner-masonry-sizer'><\/div><figure class='av-inner-masonry main_color'><div class=\"av-masonry-outerimage-container\"><div class=\"av-masonry-image-container\" style=\"background-image: url(https:\/\/apartis.swiss\/site\/wp-content\/uploads\/2019\/04\/Bell_134-705x468.jpg);\" title=\"Bell_134\" ><\/div><\/div><\/figure><\/a><!--end av-masonry entry--><a href=\"https:\/\/apartis.swiss\/site\/wp-content\/uploads\/2019\/04\/Bell_106-1030x684.jpg\"  aria-label=\"image Bell_106\"  id='av-masonry-1-item-6967' data-av-masonry-item='6967' class='av-masonry-entry isotope-item post-6967 attachment type-attachment status-inherit hentry  av-masonry-item-with-image' title=\"Bell_106\" alt=\"\"   itemprop=\"thumbnailUrl\" ><div class='av-inner-masonry-sizer'><\/div><figure class='av-inner-masonry main_color'><div class=\"av-masonry-outerimage-container\"><div class=\"av-masonry-image-container\" style=\"background-image: url(https:\/\/apartis.swiss\/site\/wp-content\/uploads\/2019\/04\/Bell_106-705x468.jpg);\" title=\"Bell_106\" ><\/div><\/div><\/figure><\/a><!--end av-masonry entry--><a href=\"https:\/\/apartis.swiss\/site\/wp-content\/uploads\/2019\/04\/Bell_107-1030x684.jpg\"  aria-label=\"image Bell_107\"  id='av-masonry-1-item-6970' data-av-masonry-item='6970' class='av-masonry-entry isotope-item post-6970 attachment type-attachment status-inherit hentry  av-masonry-item-with-image' title=\"Bell_107\" alt=\"\"   itemprop=\"thumbnailUrl\" ><div class='av-inner-masonry-sizer'><\/div><figure class='av-inner-masonry main_color'><div class=\"av-masonry-outerimage-container\"><div class=\"av-masonry-image-container\" style=\"background-image: url(https:\/\/apartis.swiss\/site\/wp-content\/uploads\/2019\/04\/Bell_107-705x468.jpg);\" title=\"Bell_107\" ><\/div><\/div><\/figure><\/a><!--end av-masonry entry--><a href=\"https:\/\/apartis.swiss\/site\/wp-content\/uploads\/2019\/04\/Bell_135-1030x684.jpg\"  aria-label=\"image Bell_135\"  id='av-masonry-1-item-6999' data-av-masonry-item='6999' class='av-masonry-entry isotope-item post-6999 attachment type-attachment status-inherit hentry  av-masonry-item-with-image' title=\"Bell_135\" alt=\"\"   itemprop=\"thumbnailUrl\" ><div class='av-inner-masonry-sizer'><\/div><figure class='av-inner-masonry main_color'><div class=\"av-masonry-outerimage-container\"><div class=\"av-masonry-image-container\" style=\"background-image: url(https:\/\/apartis.swiss\/site\/wp-content\/uploads\/2019\/04\/Bell_135-705x468.jpg);\" title=\"Bell_135\" ><\/div><\/div><\/figure><\/a><!--end av-masonry entry--><a href=\"https:\/\/apartis.swiss\/site\/wp-content\/uploads\/2019\/04\/Bell_189-1030x684.jpg\"  aria-label=\"image Bell_189\"  id='av-masonry-1-item-6995' data-av-masonry-item='6995' class='av-masonry-entry isotope-item post-6995 attachment type-attachment status-inherit hentry  av-masonry-item-with-image' title=\"Bell_189\" alt=\"\"   itemprop=\"thumbnailUrl\" ><div class='av-inner-masonry-sizer'><\/div><figure class='av-inner-masonry main_color'><div class=\"av-masonry-outerimage-container\"><div class=\"av-masonry-image-container\" style=\"background-image: url(https:\/\/apartis.swiss\/site\/wp-content\/uploads\/2019\/04\/Bell_189-705x468.jpg);\" title=\"Bell_189\" ><\/div><\/div><\/figure><\/a><!--end av-masonry entry--><a href=\"https:\/\/apartis.swiss\/site\/wp-content\/uploads\/2017\/08\/Mont-Carmel_loisir-1030x686.jpg\"  aria-label=\"image Mont-Carmel_loisir\"  id='av-masonry-1-item-8591' data-av-masonry-item='8591' class='av-masonry-entry isotope-item post-8591 attachment type-attachment status-inherit hentry  av-masonry-item-with-image' title=\"Mont-Carmel_loisir\" alt=\"\"   itemprop=\"thumbnailUrl\" ><div class='av-inner-masonry-sizer'><\/div><figure class='av-inner-masonry main_color'><div class=\"av-masonry-outerimage-container\"><div class=\"av-masonry-image-container\" style=\"background-image: url(https:\/\/apartis.swiss\/site\/wp-content\/uploads\/2017\/08\/Mont-Carmel_loisir-705x470.jpg);\" title=\"Mont-Carmel_loisir\" ><\/div><\/div><\/figure><\/a><!--end av-masonry entry--><a href=\"https:\/\/apartis.swiss\/site\/wp-content\/uploads\/2017\/08\/Mont-Carmel_babyfoot-1030x686.jpg\"  aria-label=\"image Mont-Carmel_babyfoot\"  id='av-masonry-1-item-8579' data-av-masonry-item='8579' class='av-masonry-entry isotope-item post-8579 attachment type-attachment status-inherit hentry  av-masonry-item-with-image' title=\"Mont-Carmel_babyfoot\" alt=\"\"   itemprop=\"thumbnailUrl\" ><div class='av-inner-masonry-sizer'><\/div><figure class='av-inner-masonry main_color'><div class=\"av-masonry-outerimage-container\"><div class=\"av-masonry-image-container\" style=\"background-image: url(https:\/\/apartis.swiss\/site\/wp-content\/uploads\/2017\/08\/Mont-Carmel_babyfoot-705x470.jpg);\" title=\"Mont-Carmel_babyfoot\" ><\/div><\/div><\/figure><\/a><!--end av-masonry entry--><\/div><\/div><br \/>\n<div  style='height:50px' class='hr hr-invisible   avia-builder-el-2  el_after_av_masonry_gallery  el_before_av_iconlist  avia-builder-el-first '><span class='hr-inner ' ><span class='hr-inner-style'><\/span><\/span><\/div><br \/>\n<div  class='avia-icon-list-container   avia-builder-el-3  el_after_av_hr  avia-builder-el-last '><ul class='avia-icon-list avia-icon-list-left av-iconlist-big avia_animate_when_almost_visible avia-iconlist-animate'>\n<li><a href='https:\/\/apartis.swiss\/site\/nos-immeubles\/situation-des-immeubles-apartis\/' title='Plan de situation'  target=\"_blank\"  rel=\"noopener noreferrer\"  class='iconlist_icon  avia-font-entypo-fontello'><span class='iconlist-char ' aria-hidden='true' data-av_icon='\ue842' data-av_iconfont='entypo-fontello'><\/span><\/a><article class=\"article-icon-entry av-iconlist-empty\"  itemscope=\"itemscope\" itemtype=\"https:\/\/schema.org\/CreativeWork\" ><div class='iconlist_content_wrap'><header class=\"entry-content-header\"><h4 class='av_iconlist_title iconlist_title   '  itemprop=\"headline\"  ><a href='https:\/\/apartis.swiss\/site\/nos-immeubles\/situation-des-immeubles-apartis\/' title='Plan de situation' target=\"_blank\"  rel=\"noopener noreferrer\">Plan de situation<\/a><\/h4><\/header><div class='iconlist_content  '  itemprop=\"text\"  ><\/div><\/div><footer class=\"entry-footer\"><\/footer><\/article><div class='iconlist-timeline'><\/div><\/li>\n<li><a href='https:\/\/apartis.swiss\/site\/wp-content\/uploads\/downloads\/2018\/02\/Bell1-plan.pdf' title='Plan appartement type'  target=\"_blank\"  rel=\"noopener noreferrer\"  class='iconlist_icon  avia-font-entypo-fontello'><span class='iconlist-char ' aria-hidden='true' data-av_icon='\ue8d7' data-av_iconfont='entypo-fontello'><\/span><\/a><article class=\"article-icon-entry av-iconlist-empty\"  itemscope=\"itemscope\" itemtype=\"https:\/\/schema.org\/CreativeWork\" ><div class='iconlist_content_wrap'><header class=\"entry-content-header\"><h4 class='av_iconlist_title iconlist_title   '  itemprop=\"headline\"  ><a href='https:\/\/apartis.swiss\/site\/wp-content\/uploads\/downloads\/2018\/02\/Bell1-plan.pdf' title='Plan appartement type' target=\"_blank\"  rel=\"noopener noreferrer\">Plan appartement type<\/a><\/h4><\/header><div class='iconlist_content  '  itemprop=\"text\"  ><\/div><\/div><footer class=\"entry-footer\"><\/footer><\/article><div class='iconlist-timeline'><\/div><\/li>\n<li><a href='https:\/\/apartis.swiss\/site\/a-louer\/conditions-de-location\/' title='Condition de location'  target=\"_blank\"  rel=\"noopener noreferrer\"  class='iconlist_icon  avia-font-entypo-fontello'><span class='iconlist-char ' aria-hidden='true' data-av_icon='\ue84e' data-av_iconfont='entypo-fontello'><\/span><\/a><article class=\"article-icon-entry av-iconlist-empty\"  itemscope=\"itemscope\" itemtype=\"https:\/\/schema.org\/CreativeWork\" ><div class='iconlist_content_wrap'><header class=\"entry-content-header\"><h4 class='av_iconlist_title iconlist_title   '  itemprop=\"headline\"  ><a href='https:\/\/apartis.swiss\/site\/a-louer\/conditions-de-location\/' title='Condition de location' target=\"_blank\"  rel=\"noopener noreferrer\">Condition de location<\/a><\/h4><\/header><div class='iconlist_content  '  itemprop=\"text\"  ><\/div><\/div><footer class=\"entry-footer\"><\/footer><\/article><div class='iconlist-timeline'><\/div><\/li>\n<li><a href='https:\/\/apartis.swiss\/site\/wp-content\/uploads\/downloads\/2018\/01\/rm-montcarmel-f.pdf' title='R\u00e9glement de maison'  target=\"_blank\"  rel=\"noopener noreferrer\"  class='iconlist_icon  avia-font-entypo-fontello'><span class='iconlist-char ' aria-hidden='true' data-av_icon='\ue821' data-av_iconfont='entypo-fontello'><\/span><\/a><article class=\"article-icon-entry av-iconlist-empty\"  itemscope=\"itemscope\" itemtype=\"https:\/\/schema.org\/CreativeWork\" ><div class='iconlist_content_wrap'><header class=\"entry-content-header\"><h4 class='av_iconlist_title iconlist_title   '  itemprop=\"headline\"  ><a href='https:\/\/apartis.swiss\/site\/wp-content\/uploads\/downloads\/2018\/01\/rm-montcarmel-f.pdf' title='R\u00e9glement de maison' target=\"_blank\"  rel=\"noopener noreferrer\">R\u00e9glement de maison<\/a><\/h4><\/header><div class='iconlist_content  '  itemprop=\"text\"  ><\/div><\/div><footer class=\"entry-footer\"><\/footer><\/article><div class='iconlist-timeline'><\/div><\/li>\n<li><a href='https:\/\/apartis.swiss\/site\/wp-content\/uploads\/downloads\/2021\/07\/montcarmel-f.pdf' title='Gestion des d\u00e9chets'  target=\"_blank\"  rel=\"noopener noreferrer\"  class='iconlist_icon  avia-font-entypo-fontello'><span class='iconlist-char ' aria-hidden='true' data-av_icon='\ue847' data-av_iconfont='entypo-fontello'><\/span><\/a><article class=\"article-icon-entry av-iconlist-empty\"  itemscope=\"itemscope\" itemtype=\"https:\/\/schema.org\/CreativeWork\" ><div class='iconlist_content_wrap'><header class=\"entry-content-header\"><h4 class='av_iconlist_title iconlist_title   '  itemprop=\"headline\"  ><a href='https:\/\/apartis.swiss\/site\/wp-content\/uploads\/downloads\/2021\/07\/montcarmel-f.pdf' title='Gestion des d\u00e9chets' target=\"_blank\"  rel=\"noopener noreferrer\">Gestion des d\u00e9chets<\/a><\/h4><\/header><div class='iconlist_content  '  itemprop=\"text\"  ><\/div><\/div><footer class=\"entry-footer\"><\/footer><\/article><div class='iconlist-timeline'><\/div><\/li>\n<li><a href='https:\/\/apartis.swiss\/site\/nos-immeubles\/informations-generales\/' title='Informations g\u00e9n\u00e9rales'  target=\"_blank\"  rel=\"noopener noreferrer\"  class='iconlist_icon  avia-font-entypo-fontello'><span class='iconlist-char ' aria-hidden='true' data-av_icon='\ue81f' data-av_iconfont='entypo-fontello'><\/span><\/a><article class=\"article-icon-entry av-iconlist-empty\"  itemscope=\"itemscope\" itemtype=\"https:\/\/schema.org\/CreativeWork\" ><div class='iconlist_content_wrap'><header class=\"entry-content-header\"><h4 class='av_iconlist_title iconlist_title   '  itemprop=\"headline\"  ><a href='https:\/\/apartis.swiss\/site\/nos-immeubles\/informations-generales\/' title='Informations g\u00e9n\u00e9rales' target=\"_blank\"  rel=\"noopener noreferrer\">Informations g\u00e9n\u00e9rales<\/a><\/h4><\/header><div class='iconlist_content  '  itemprop=\"text\"  ><\/div><\/div><footer class=\"entry-footer\"><\/footer><\/article><div class='iconlist-timeline'><\/div><\/li>\n<li><div  class='iconlist_icon  avia-font-entypo-fontello'><span class='iconlist-char ' aria-hidden='true' data-av_icon='\ue84f' data-av_iconfont='entypo-fontello'><\/span><\/div><article class=\"article-icon-entry av-iconlist-empty\"  itemscope=\"itemscope\" itemtype=\"https:\/\/schema.org\/CreativeWork\" ><div class='iconlist_content_wrap'><header class=\"entry-content-header\"><h4 class='av_iconlist_title iconlist_title   '  itemprop=\"headline\"  ><a href='https:\/\/apartis.swiss\/site\/wp-content\/plugins\/download-monitor\/download.php?id=75' title='Brochure Apartis' target=\"_blank\"  rel=\"noopener noreferrer\">Brochure Apartis<\/a><\/h4><\/header><div class='iconlist_content  '  itemprop=\"text\"  ><\/div><\/div><footer class=\"entry-footer\"><\/footer><\/article><div class='iconlist-timeline'><\/div><\/li>\n<\/ul><\/div><\/p><\/div><div class=\"flex_column av_three_fifth  flex_column_div av-zero-column-padding   avia-builder-el-4  el_after_av_two_fifth  avia-builder-el-last  \" style='border-radius:0px; '><p><div  style='padding-bottom:10px; ' class='av-special-heading av-special-heading-h2  blockquote modern-quote  avia-builder-el-5  el_before_av_toggle_container  avia-builder-el-first  '><h2 class='av-special-heading-tag '  itemprop=\"headline\"  >Route Mont-Carmel 21-29 | Givisiez<\/h2><div class='special-heading-border'><div class='special-heading-inner-border' ><\/div><\/div><\/div><br \/>\n<div   class=\"togglecontainer   toggle_close_all  avia-builder-el-6  el_after_av_heading  avia-builder-el-last \" >\n<section class=\"av_toggle_section\"  itemscope=\"itemscope\" itemtype=\"https:\/\/schema.org\/CreativeWork\"  >    <div role=\"tablist\" class=\"single_toggle\" data-tags=\"{Tout} \"  >        <p data-fake-id=\"#toggle-id-1\" class=\"toggler activeTitle\"  itemprop=\"headline\"    role=\"tab\" tabindex=\"0\" aria-controls=\"toggle-id-1\">Quartier du Jura<span class=\"toggle_icon\" >        <span class=\"vert_icon\"><\/span><span class=\"hor_icon\"><\/span><\/span><\/p>        <div id=\"toggle-id-1\" class=\"toggle_wrap active_tc\"  style='display:block;' >            <div class=\"toggle_content invers-color \"  itemprop=\"text\"   ><p>La route du Jura relie l&rsquo;Universit\u00e9 de Mis\u00e9ricorde \u00e0 l&rsquo;Ouest de la ville. Au bout de la route du Jura, d\u00e9j\u00e0 sur la commune de Givisiez, se trouvent nos immeubles de la Route Mont-Carmel.<\/p>\n<p>Tous les appartements disposent d&rsquo;un balcon ou d&rsquo;une terrasse situ\u00e9s plein sud avec une vue imprenable sur une partie du village et la campagne environnante. Un parking souterrain, une salle polyvalente et une salle de rencontre compl\u00e8tent les infrastructures.<\/p>\n<p>A quelques minutes \u00e0 pied se trouvent . la Haute \u00e9cole de Musique, un shop avec un bancomat, un grand magasin d&rsquo;alimentation \u00e0 bas prix, des boulangeries et une poste.<\/p>\n<p>L&rsquo;Etang du Jura tout proche et la for\u00eat de Moncor invitent \u00e0 la balade et \u00e0 la d\u00e9tente. Un terrain multisport (basket, volley, etc.) jouxte nos immeubles et une trattoria ouverte jusqu&rsquo;\u00e0 6 heures du matin r\u00e9jouira les noctambules.<\/p>\n            <\/div>        <\/div>    <\/div><\/section>\n<section class=\"av_toggle_section\"  itemscope=\"itemscope\" itemtype=\"https:\/\/schema.org\/CreativeWork\"  >    <div role=\"tablist\" class=\"single_toggle\" data-tags=\"{Tout} \"  >        <p data-fake-id=\"#toggle-id-2\" class=\"toggler \"  itemprop=\"headline\"    role=\"tab\" tabindex=\"0\" aria-controls=\"toggle-id-2\">Loyers. logements, espaces communs<span class=\"toggle_icon\" >        <span class=\"vert_icon\"><\/span><span class=\"hor_icon\"><\/span><\/span><\/p>        <div id=\"toggle-id-2\" class=\"toggle_wrap \"   >            <div class=\"toggle_content invers-color \"  itemprop=\"text\"   ><p><strong>Loyers<\/strong><\/p>\n<ul>\n<li>Varient selon grandeur et type d\u2018appartement<\/li>\n<li>De CHF 330.- \u00e0 470.- par mois (env. \u20ac 275.- \u00e0 390.-)<\/li>\n<li>Studios\u00a0: CHF 520.- \u00e0 550.-, (env. \u20ac430.- \u00e0 460.-)<\/li>\n<li>1\u00bd pi\u00e8ce: CHF 770.- (env. \u20ac 640.-)<\/li>\n<li>Charges comprises: chauffage, eau chaude, internet Wifi<\/li>\n<li>Non inclus: frais d\u2019\u00e9lectricit\u00e9, de t\u00e9l\u00e9phone, de t\u00e9l\u00e9vision et taxe m\u00e9dias (factur\u00e9s directement par les prestataires de ces diff\u00e9rents services)<\/li>\n<li>L\u2019acompte de charges pour le chauffage et l\u2019eau chaude pay\u00e9 avec le loyer est d\u00e9compt\u00e9 une fois par ann\u00e9e (octobre environ).<\/li>\n<\/ul>\n<p><strong>Appartements<\/strong><\/p>\n<ul>\n<li>209 chambres dans 62 appartements, dans 5 immeubles, sur 5 \u00e9tages chacun<\/li>\n<li>Appartements de 1 \u00e0 5 chambres, cuisine, douche, 1 ou 2 WC<\/li>\n<li>Armoire murale dans chaque hall d\u2019appartement<\/li>\n<li>Am\u00e9nagement des cuisines simple et fonctionnel<\/li>\n<li>Balcons ou terrasse dans chaque appartement<\/li>\n<li>Certains appartements ont un s\u00e9jour<\/li>\n<\/ul>\n<p><strong>Chambres<\/strong><\/p>\n<ul>\n<li>De 12 \u00e0 18m<sup>2<\/sup><\/li>\n<li>Non meubl\u00e9es (30 chambres meubl\u00e9es uniquement \u00e0 disposition des \u00e9tudiants d\u2018\u00e9change)<\/li>\n<li>Chaque chambre dispose d\u2019une grande fen\u00eatre et un rev\u00eatement en parquet (les chambres de 18m2 ont du carrelage)<\/li>\n<\/ul>\n<p><strong>Espaces communs<\/strong><\/p>\n<ul>\n<li>Hall d\u2019entr\u00e9e: bo\u00eetes aux lettres, vitrine d\u2019informations d\u2019Apartis et panneau d\u2019affichage libre<\/li>\n<li>Salle polyvalente dans l\u2019immeuble 29:\u00a0<a href=\"https:\/\/apartis.swiss\/info-locataires\/salles-polyvalentes\/\" target=\"_blank\" rel=\"noopener noreferrer\">Salle polyvalente<\/a><\/li>\n<li>Salle d\u2019\u00e9tude et salle TV dans l\u2019immeuble 23<\/li>\n<li>Espaces communs\u00a0<strong>NON FUMEUR<\/strong><\/li>\n<\/ul>\n            <\/div>        <\/div>    <\/div><\/section>\n<section class=\"av_toggle_section\"  itemscope=\"itemscope\" itemtype=\"https:\/\/schema.org\/CreativeWork\"  >    <div role=\"tablist\" class=\"single_toggle\" data-tags=\"{Tout} \"  >        <p data-fake-id=\"#toggle-id-3\" class=\"toggler \"  itemprop=\"headline\"    role=\"tab\" tabindex=\"0\" aria-controls=\"toggle-id-3\">Situation &amp; Acc\u00e8s<span class=\"toggle_icon\" >        <span class=\"vert_icon\"><\/span><span class=\"hor_icon\"><\/span><\/span><\/p>        <div id=\"toggle-id-3\" class=\"toggle_wrap \"   >            <div class=\"toggle_content invers-color \"  itemprop=\"text\"   ><p><strong>Situation des b\u00e2timents<\/strong><\/p>\n<ul>\n<li>A Givisiez, en p\u00e9riph\u00e9rie de Fribourg<\/li>\n<li>A 2 km des b\u00e2timents universitaires de Mis\u00e9ricorde<\/li>\n<li>A 10 minutes \u00e0 v\u00e9lo ou en bus du centre-ville de Fribourg<\/li>\n<li>A 2 minutes \u00e0 pied d\u2019un centre commercial, de la poste, d\u2019une banque et d\u2019un centre de fitness<\/li>\n<li>Place de jeux (basquet, etc.) \u00e0 c\u00f4t\u00e9 des b\u00e2timents<\/li>\n<\/ul>\n<p><strong>Transports Publics<\/strong><\/p>\n<ul>\n<li>Lignes de bus 3 \/ 8<\/li>\n<li>Arr\u00eat de bus \u00ab\u00a0Mont-Carmel\u00a0\u00bb \u00e0 2 minutes \u00e0 pied du b\u00e2timent.<\/li>\n<li>Horaires de bus et abonnements disponibles \u00e0 la gare centrale<\/li>\n<li><a href=\"http:\/\/www.tpf.ch\/documents\/10180\/973012\/2018_Agglo_L3.pdf\/fdf07b8b-6d4e-49f8-bbf5-e5f44f69bda6\" target=\"_blank\" rel=\"noopener noreferrer\">horaires bus<\/a><\/li>\n<\/ul>\n            <\/div>        <\/div>    <\/div><\/section>\n<section class=\"av_toggle_section\"  itemscope=\"itemscope\" itemtype=\"https:\/\/schema.org\/CreativeWork\"  >    <div role=\"tablist\" class=\"single_toggle\" data-tags=\"{Tout} \"  >        <p data-fake-id=\"#toggle-id-4\" class=\"toggler \"  itemprop=\"headline\"    role=\"tab\" tabindex=\"0\" aria-controls=\"toggle-id-4\">Equipements<span class=\"toggle_icon\" >        <span class=\"vert_icon\"><\/span><span class=\"hor_icon\"><\/span><\/span><\/p>        <div id=\"toggle-id-4\" class=\"toggle_wrap \"   >            <div class=\"toggle_content invers-color \"  itemprop=\"text\"   ><p><strong>Caves<\/strong><\/p>\n<ul>\n<li>1 cave par appartement<\/li>\n<li>La cave a le m\u00eame num\u00e9ro que celui de l\u2019appartement<\/li>\n<li>Chaque locataire a droit \u00e0 une partie de la cave<\/li>\n<li>Fait partie du logement\u00a0: \u00e0 leur d\u00e9part, les locataires sont pri\u00e9s de reprendre leurs affaires, de ranger et nettoyer la cave<\/li>\n<\/ul>\n<p><strong>Buanderie<\/strong><\/p>\n<ul>\n<li>Au rez de chaque b\u00e2timent<\/li>\n<li>2 machines \u00e0 laver, 2 machines \u00e0 s\u00e9cher et \u00e9tendage dans chaque buanderie<\/li>\n<li>Fonctionnement \u00e0 l\u2019aide d\u2019une cl\u00e9 de lavage \u00e0 commander\u00a0:\u00a0<a href=\"http:\/\/www.keycom.ch\/\" target=\"_blank\" rel=\"noopener noreferrer\">keycom<\/a><\/li>\n<li>Pas de plan de lavage : entre 21 heures et 7 heures, les machines sont hors service.<\/li>\n<li>Apr\u00e8s chaque utilisation, le locataire nettoie les machines, les filtres et le sol<\/li>\n<li>Aucun objet (bidon de lessive, linge, etc.) ne reste sur place<\/li>\n<\/ul>\n<p><strong>Parc \u00e0 v\u00e9los<\/strong><\/p>\n<ul>\n<li>1 abri avec support pour 30 v\u00e9los (entr\u00e9e 23)<\/li>\n<li>1 abri avec support pour 20 v\u00e9los (entr\u00e9e 29)<\/li>\n<li>1 support pour 30 v\u00e9los sous le passage entre immeuble 25 et 27<\/li>\n<li>1 local \u00e0 v\u00e9lo \u00e0 l\u2019in\u00e9rieur (sans support)dans les immeubles 21,23 et 29 (env. 15 v\u00e9los par local)<\/li>\n<li>Ne pas entreposer de v\u00e9los ailleurs qu\u2019aux emplacements r\u00e9serv\u00e9s<\/li>\n<\/ul>\n<p><strong>Place de parc<\/strong><\/p>\n<ul>\n<li>37 places de parc pour voiture dans le garage souterrain pour CHF 50.- par mois, s\u2019adresser \u00e0 Apartis<\/li>\n<li>7 places de parc pour moto-scooters dans le garage souterrain pour CHF 20.- par mois, s\u2019adresser \u00e0 Apartis<\/li>\n<li>8 places de parc ext\u00e9rieur pour les visiteurs uniquement<\/li>\n<li>Stationnement interdit aux alentours des immeubles sous peine d\u2019amende<\/li>\n<\/ul>\n            <\/div>        <\/div>    <\/div><\/section>\n<section class=\"av_toggle_section\"  itemscope=\"itemscope\" itemtype=\"https:\/\/schema.org\/CreativeWork\"  >    <div role=\"tablist\" class=\"single_toggle\" data-tags=\"{Tout} \"  >        <p data-fake-id=\"#toggle-id-5\" class=\"toggler \"  itemprop=\"headline\"    role=\"tab\" tabindex=\"0\" aria-controls=\"toggle-id-5\">Cl\u00e9s, concierge<span class=\"toggle_icon\" >        <span class=\"vert_icon\"><\/span><span class=\"hor_icon\"><\/span><\/span><\/p>        <div id=\"toggle-id-5\" class=\"toggle_wrap \"   >            <div class=\"toggle_content invers-color \"  itemprop=\"text\"   ><p><strong>Services, abonnement et taxes<\/strong><\/p>\n<p>Informations g\u00e9n\u00e9rales<\/p>\n<p><strong>Heures de repos<\/strong><\/p>\n<p>De\u00a022:00 \u00e0 07:00\u00a0\u00e0 l\u2019int\u00e9rieur et l\u2019ext\u00e9rieur de l\u2019immeuble<br \/>\nVoir aussi R\u00e8glement de maison<\/p>\n<p><strong>Cl\u00e9s<\/strong><\/p>\n<p>Le locataire re\u00e7oit 1 cl\u00e9 pour acc\u00e9der \u00e0\u00a0:<\/p>\n<ul>\n<li>L\u2019entr\u00e9e principale (se ferme automatiquement pour des raisons de s\u00e9curit\u00e9)<\/li>\n<li>L\u2019appartement<\/li>\n<li>La chambre<\/li>\n<\/ul>\n<p>Pour des raisons de s\u00e9curit\u00e9\u00a0:<\/p>\n<ul>\n<li>Prendre toujours la cl\u00e9 avec soi<\/li>\n<li>Fermer toujours les portes \u00e0 cl\u00e9<\/li>\n<\/ul>\n<p>Cl\u00e9s des bo\u00eetes aux lettres et des caves\u00a0:<\/p>\n<ul>\n<li>1 cl\u00e9 de bo\u00eete aux lettres et 1 cl\u00e9 de cave par appartement<\/li>\n<li>Ces cl\u00e9s restent suspendues pr\u00e8s de la porte d\u2019entr\u00e9e de l\u2019appartement<\/li>\n<li>Toujours les remettre en place apr\u00e8s utilisation\u00a0!<\/li>\n<\/ul>\n<p>Perte d\u2019une cl\u00e9<\/p>\n<ul>\n<li>Apartis commande une cl\u00e9 de remplacement \u00e0 charge du locataire<\/li>\n<li>En cas de vol, il peut \u00eatre utile de changer les cylindres de l\u2019appartement<\/li>\n<\/ul>\n<p><strong>Concierge<\/strong><\/p>\n<ul>\n<li>Appartement du concierge\u00a0: appartement 2002, entr\u00e9e 23, rez-de-chauss\u00e9e<\/li>\n<li>Il est disponible pour toute question concernant l\u2019usage des locaux, le fonctionnement des buanderies, les d\u00e9g\u00e2ts ou r\u00e9parations et pour la gestion des d\u00e9chets<\/li>\n<li>En cas d\u2019absence, laisser un message dans sa bo\u00eete aux lettres\/\u00e0 messages<\/li>\n<li><a href=\"https:\/\/apartis.swiss\/apartis\/collaborateurs\/\">Collaborateurs Apartis<\/a><\/li>\n<li><\/li>\n<\/ul>\n            <\/div>        <\/div>    <\/div><\/section>\n<section class=\"av_toggle_section\"  itemscope=\"itemscope\" itemtype=\"https:\/\/schema.org\/CreativeWork\"  >    <div role=\"tablist\" class=\"single_toggle\" data-tags=\"{Tout} \"  >        <p data-fake-id=\"#toggle-id-6\" class=\"toggler \"  itemprop=\"headline\"    role=\"tab\" tabindex=\"0\" aria-controls=\"toggle-id-6\">Vid\u00e9o<span class=\"toggle_icon\" >        <span class=\"vert_icon\"><\/span><span class=\"hor_icon\"><\/span><\/span><\/p>        <div id=\"toggle-id-6\" class=\"toggle_wrap \"   >            <div class=\"toggle_content invers-color \"  itemprop=\"text\"   ><p><iframe loading=\"lazy\" style=\"border: none; overflow: hidden;\" src=\"https:\/\/www.facebook.com\/plugins\/video.php?href=https%3A%2F%2Fwww.facebook.com%2FApartisFR%2Fvideos%2F2921195391281691%2F&amp;show_text=0&amp;width=560\" width=\"560\" height=\"315\" frameborder=\"0\" scrolling=\"no\" allowfullscreen=\"allowfullscreen\"><\/iframe><\/p>\n            <\/div>        <\/div>    <\/div><\/section>\n<\/div><\/p><\/div><\/p>\n","protected":false},"excerpt":{"rendered":"<p>Loyer moyen CHF 411 | ~ \u20ac 345<\/p>\n","protected":false},"featured_media":8333,"comment_status":"closed","ping_status":"closed","template":"","tags":[],"portfolio_entries":[6],"class_list":["post-200","portfolio","type-portfolio","status-publish","has-post-thumbnail","hentry","portfolio_entries-apartis"],"_links":{"self":[{"href":"https:\/\/apartis.swiss\/site\/wp-json\/wp\/v2\/portfolio\/200"}],"collection":[{"href":"https:\/\/apartis.swiss\/site\/wp-json\/wp\/v2\/portfolio"}],"about":[{"href":"https:\/\/apartis.swiss\/site\/wp-json\/wp\/v2\/types\/portfolio"}],"replies":[{"embeddable":true,"href":"https:\/\/apartis.swiss\/site\/wp-json\/wp\/v2\/comments?post=200"}],"version-history":[{"count":0,"href":"https:\/\/apartis.swiss\/site\/wp-json\/wp\/v2\/portfolio\/200\/revisions"}],"wp:featuredmedia":[{"embeddable":true,"href":"https:\/\/apartis.swiss\/site\/wp-json\/wp\/v2\/media\/8333"}],"wp:attachment":[{"href":"https:\/\/apartis.swiss\/site\/wp-json\/wp\/v2\/media?parent=200"}],"wp:term":[{"taxonomy":"post_tag","embeddable":true,"href":"https:\/\/apartis.swiss\/site\/wp-json\/wp\/v2\/tags?post=200"},{"taxonomy":"portfolio_entries","embeddable":true,"href":"https:\/\/apartis.swiss\/site\/wp-json\/wp\/v2\/portfolio_entries?post=200"}],"curies":[{"name":"wp","href":"https:\/\/api.w.org\/{rel}","templated":true}]}}