{"id":13947,"date":"2023-10-30T11:55:59","date_gmt":"2023-10-30T10:55:59","guid":{"rendered":"https:\/\/apartis.swiss\/portfolio-item\/maison-sonnenberg-2\/"},"modified":"2024-11-29T11:28:26","modified_gmt":"2024-11-29T10:28:26","slug":"vil-joseph-chaley","status":"publish","type":"portfolio","link":"https:\/\/apartis.swiss\/site\/portfolio-item\/vil-joseph-chaley\/","title":{"rendered":"Villa Rue Joseph-Chaley 24"},"content":{"rendered":"<div class=\"flex_column av_two_fifth  flex_column_div av-zero-column-padding first  avia-builder-el-0  el_before_av_three_fifth  avia-builder-el-first  \" style='border-radius:0px; '><p><div id='av-masonry-1' class='av-masonry  noHover av-fixed-size av-large-gap av-hover-overlay-active av-masonry-animation-active av-masonry-col-3 av-caption-always av-caption-style- av-masonry-gallery   av-orientation-square  '  ><div class='av-masonry-container isotope av-js-disabled ' ><div class='av-masonry-entry isotope-item av-masonry-item-no-image '><\/div><a href=\"https:\/\/apartis.swiss\/site\/wp-content\/uploads\/2023\/10\/IMG_0180-1030x687.jpg\"  aria-label=\"image IMG_0180\"  id='av-masonry-1-item-13950' data-av-masonry-item='13950' class='av-masonry-entry isotope-item post-13950 attachment type-attachment status-inherit hentry  av-masonry-item-with-image' title=\"IMG_0180\" alt=\"\"   itemprop=\"thumbnailUrl\" ><div class='av-inner-masonry-sizer'><\/div><figure class='av-inner-masonry main_color'><div class=\"av-masonry-outerimage-container\"><div class=\"av-masonry-image-container\" style=\"background-image: url(https:\/\/apartis.swiss\/site\/wp-content\/uploads\/2023\/10\/IMG_0180-705x470.jpg);\" title=\"IMG_0180\" ><\/div><\/div><\/figure><\/a><!--end av-masonry entry--><a href=\"https:\/\/apartis.swiss\/site\/wp-content\/uploads\/2023\/10\/IMG_0192-1030x687.jpg\"  aria-label=\"image IMG_0192\"  id='av-masonry-1-item-13953' data-av-masonry-item='13953' class='av-masonry-entry isotope-item post-13953 attachment type-attachment status-inherit hentry  av-masonry-item-with-image' title=\"IMG_0192\" alt=\"\"   itemprop=\"thumbnailUrl\" ><div class='av-inner-masonry-sizer'><\/div><figure class='av-inner-masonry main_color'><div class=\"av-masonry-outerimage-container\"><div class=\"av-masonry-image-container\" style=\"background-image: url(https:\/\/apartis.swiss\/site\/wp-content\/uploads\/2023\/10\/IMG_0192-705x470.jpg);\" title=\"IMG_0192\" ><\/div><\/div><\/figure><\/a><!--end av-masonry entry--><a href=\"https:\/\/apartis.swiss\/site\/wp-content\/uploads\/2023\/10\/IMG_0195-1030x687.jpg\"  aria-label=\"image IMG_0195\"  id='av-masonry-1-item-13956' data-av-masonry-item='13956' class='av-masonry-entry isotope-item post-13956 attachment type-attachment status-inherit hentry  av-masonry-item-with-image' title=\"IMG_0195\" alt=\"\"   itemprop=\"thumbnailUrl\" ><div class='av-inner-masonry-sizer'><\/div><figure class='av-inner-masonry main_color'><div class=\"av-masonry-outerimage-container\"><div class=\"av-masonry-image-container\" style=\"background-image: url(https:\/\/apartis.swiss\/site\/wp-content\/uploads\/2023\/10\/IMG_0195-705x470.jpg);\" title=\"IMG_0195\" ><\/div><\/div><\/figure><\/a><!--end av-masonry entry--><a href=\"https:\/\/apartis.swiss\/site\/wp-content\/uploads\/2023\/10\/IMG_0169-1030x687.jpg\"  aria-label=\"image IMG_0169\"  id='av-masonry-1-item-13959' data-av-masonry-item='13959' class='av-masonry-entry isotope-item post-13959 attachment type-attachment status-inherit hentry  av-masonry-item-with-image' title=\"IMG_0169\" alt=\"\"   itemprop=\"thumbnailUrl\" ><div class='av-inner-masonry-sizer'><\/div><figure class='av-inner-masonry main_color'><div class=\"av-masonry-outerimage-container\"><div class=\"av-masonry-image-container\" style=\"background-image: url(https:\/\/apartis.swiss\/site\/wp-content\/uploads\/2023\/10\/IMG_0169-705x470.jpg);\" title=\"IMG_0169\" ><\/div><\/div><\/figure><\/a><!--end av-masonry entry--><\/div><\/div><br \/>\n<div  style='height:50px' class='hr hr-invisible   avia-builder-el-2  el_after_av_masonry_gallery  el_before_av_iconlist  avia-builder-el-first '><span class='hr-inner ' ><span class='hr-inner-style'><\/span><\/span><\/div><br \/>\n<div  class='avia-icon-list-container   avia-builder-el-3  el_after_av_hr  avia-builder-el-last '><ul class='avia-icon-list avia-icon-list-left av-iconlist-big avia_animate_when_almost_visible avia-iconlist-animate'>\n<li><a href='https:\/\/apartis.swiss\/site\/nos-immeubles\/situation-des-immeubles-apartis\/' title='Plan de situation'  target=\"_blank\"  rel=\"noopener noreferrer\"  class='iconlist_icon  avia-font-entypo-fontello'><span class='iconlist-char ' aria-hidden='true' data-av_icon='\ue842' data-av_iconfont='entypo-fontello'><\/span><\/a><article class=\"article-icon-entry av-iconlist-empty\"  itemscope=\"itemscope\" itemtype=\"https:\/\/schema.org\/CreativeWork\" ><div class='iconlist_content_wrap'><header class=\"entry-content-header\"><h4 class='av_iconlist_title iconlist_title   '  itemprop=\"headline\"  ><a href='https:\/\/apartis.swiss\/site\/nos-immeubles\/situation-des-immeubles-apartis\/' title='Plan de situation' target=\"_blank\"  rel=\"noopener noreferrer\">Plan de situation<\/a><\/h4><\/header><div class='iconlist_content  '  itemprop=\"text\"  ><\/div><\/div><footer class=\"entry-footer\"><\/footer><\/article><div class='iconlist-timeline'><\/div><\/li>\n<li><a href='https:\/\/apartis.swiss\/site\/a-louer\/conditions-de-location\/' title='Condition de location'  target=\"_blank\"  rel=\"noopener noreferrer\"  class='iconlist_icon  avia-font-entypo-fontello'><span class='iconlist-char ' aria-hidden='true' data-av_icon='\ue84e' data-av_iconfont='entypo-fontello'><\/span><\/a><article class=\"article-icon-entry av-iconlist-empty\"  itemscope=\"itemscope\" itemtype=\"https:\/\/schema.org\/CreativeWork\" ><div class='iconlist_content_wrap'><header class=\"entry-content-header\"><h4 class='av_iconlist_title iconlist_title   '  itemprop=\"headline\"  ><a href='https:\/\/apartis.swiss\/site\/a-louer\/conditions-de-location\/' title='Condition de location' target=\"_blank\"  rel=\"noopener noreferrer\">Condition de location<\/a><\/h4><\/header><div class='iconlist_content  '  itemprop=\"text\"  ><\/div><\/div><footer class=\"entry-footer\"><\/footer><\/article><div class='iconlist-timeline'><\/div><\/li>\n<li><a href='https:\/\/apartis.swiss\/site\/download\/14988\/?tmstv=1732875709' title='R\u00e9glement de maison'  target=\"_blank\"  rel=\"noopener noreferrer\"  class='iconlist_icon  avia-font-entypo-fontello'><span class='iconlist-char ' aria-hidden='true' data-av_icon='\ue821' data-av_iconfont='entypo-fontello'><\/span><\/a><article class=\"article-icon-entry av-iconlist-empty\"  itemscope=\"itemscope\" itemtype=\"https:\/\/schema.org\/CreativeWork\" ><div class='iconlist_content_wrap'><header class=\"entry-content-header\"><h4 class='av_iconlist_title iconlist_title   '  itemprop=\"headline\"  ><a href='https:\/\/apartis.swiss\/site\/download\/14988\/?tmstv=1732875709' title='R\u00e9glement de maison' target=\"_blank\"  rel=\"noopener noreferrer\">R\u00e9glement de maison<\/a><\/h4><\/header><div class='iconlist_content  '  itemprop=\"text\"  ><\/div><\/div><footer class=\"entry-footer\"><\/footer><\/article><div class='iconlist-timeline'><\/div><\/li>\n<li><div  class='iconlist_icon  avia-font-entypo-fontello'><span class='iconlist-char ' aria-hidden='true' data-av_icon='\ue847' data-av_iconfont='entypo-fontello'><\/span><\/div><article class=\"article-icon-entry \"  itemscope=\"itemscope\" itemtype=\"https:\/\/schema.org\/CreativeWork\" ><div class='iconlist_content_wrap'><header class=\"entry-content-header\"><h4 class='av_iconlist_title iconlist_title   '  itemprop=\"headline\"  >Gestion des d\u00e9chets<\/h4><\/header><div class='iconlist_content  '  itemprop=\"text\"  ><p>Respecter le r\u00e8glement en vigueur dans la maison<\/p>\n<\/div><\/div><footer class=\"entry-footer\"><\/footer><\/article><div class='iconlist-timeline'><\/div><\/li>\n<li><a href='https:\/\/apartis.swiss\/site\/nos-immeubles\/informations-generales\/' title='Informations g\u00e9n\u00e9rales'  target=\"_blank\"  rel=\"noopener noreferrer\"  class='iconlist_icon  avia-font-entypo-fontello'><span class='iconlist-char ' aria-hidden='true' data-av_icon='\ue81f' data-av_iconfont='entypo-fontello'><\/span><\/a><article class=\"article-icon-entry av-iconlist-empty\"  itemscope=\"itemscope\" itemtype=\"https:\/\/schema.org\/CreativeWork\" ><div class='iconlist_content_wrap'><header class=\"entry-content-header\"><h4 class='av_iconlist_title iconlist_title   '  itemprop=\"headline\"  ><a href='https:\/\/apartis.swiss\/site\/nos-immeubles\/informations-generales\/' title='Informations g\u00e9n\u00e9rales' target=\"_blank\"  rel=\"noopener noreferrer\">Informations g\u00e9n\u00e9rales<\/a><\/h4><\/header><div class='iconlist_content  '  itemprop=\"text\"  ><\/div><\/div><footer class=\"entry-footer\"><\/footer><\/article><div class='iconlist-timeline'><\/div><\/li>\n<li><div  class='iconlist_icon  avia-font-entypo-fontello'><span class='iconlist-char ' aria-hidden='true' data-av_icon='\ue84f' data-av_iconfont='entypo-fontello'><\/span><\/div><article class=\"article-icon-entry av-iconlist-empty\"  itemscope=\"itemscope\" itemtype=\"https:\/\/schema.org\/CreativeWork\" ><div class='iconlist_content_wrap'><header class=\"entry-content-header\"><h4 class='av_iconlist_title iconlist_title   '  itemprop=\"headline\"  ><a href='https:\/\/apartis.swiss\/site\/wp-content\/plugins\/download-monitor\/download.php?id=75' title='Brochure Apartis' target=\"_blank\"  rel=\"noopener noreferrer\">Brochure Apartis<\/a><\/h4><\/header><div class='iconlist_content  '  itemprop=\"text\"  ><\/div><\/div><footer class=\"entry-footer\"><\/footer><\/article><div class='iconlist-timeline'><\/div><\/li>\n<\/ul><\/div><\/p><\/div><div class=\"flex_column av_three_fifth  flex_column_div av-zero-column-padding   avia-builder-el-4  el_after_av_two_fifth  avia-builder-el-last  \" style='border-radius:0px; '><p><div  style='padding-bottom:10px; ' class='av-special-heading av-special-heading-h2  blockquote modern-quote  avia-builder-el-5  el_before_av_toggle_container  avia-builder-el-first  '><h2 class='av-special-heading-tag '  itemprop=\"headline\"  >Villa Rue Joseph-Chaley 24 | Fribourg<\/h2><div class='special-heading-border'><div class='special-heading-inner-border' ><\/div><\/div><\/div><br \/>\n<div   class=\"togglecontainer   toggle_close_all  avia-builder-el-6  el_after_av_heading  avia-builder-el-last \" >\n<section class=\"av_toggle_section\"  itemscope=\"itemscope\" itemtype=\"https:\/\/schema.org\/CreativeWork\"  >    <div role=\"tablist\" class=\"single_toggle\" data-tags=\"{Tout} \"  >        <p data-fake-id=\"#toggle-id-1\" class=\"toggler activeTitle\"  itemprop=\"headline\"    role=\"tab\" tabindex=\"0\" aria-controls=\"toggle-id-1\">Quartier de la Basse-Ville<span class=\"toggle_icon\" >        <span class=\"vert_icon\"><\/span><span class=\"hor_icon\"><\/span><\/span><\/p>        <div id=\"toggle-id-1\" class=\"toggle_wrap active_tc\"  style='display:block;' >            <div class=\"toggle_content invers-color \"  itemprop=\"text\"   ><p>Le Schoenberg se trouve sur les hauteurs de Fribourg, il s\u2019agit du plus grand quartier de la ville de Fribourg.<\/p>\n            <\/div>        <\/div>    <\/div><\/section>\n<section class=\"av_toggle_section\"  itemscope=\"itemscope\" itemtype=\"https:\/\/schema.org\/CreativeWork\"  >    <div role=\"tablist\" class=\"single_toggle\" data-tags=\"{Tout} \"  >        <p data-fake-id=\"#toggle-id-2\" class=\"toggler \"  itemprop=\"headline\"    role=\"tab\" tabindex=\"0\" aria-controls=\"toggle-id-2\">Loyers, logements, espaces communs<span class=\"toggle_icon\" >        <span class=\"vert_icon\"><\/span><span class=\"hor_icon\"><\/span><\/span><\/p>        <div id=\"toggle-id-2\" class=\"toggle_wrap \"   >            <div class=\"toggle_content invers-color \"  itemprop=\"text\"   ><p><strong>Les loyers<\/strong><\/p>\n<ul>\n<li>Varient selon la grandeur de la chambre<\/li>\n<li>De CHF 395.- \u00e0 625.- par mois<\/li>\n<li>Charges comprises\u00a0: chauffage, eau chaude, internet Wifi<\/li>\n<li>Non inclus\u00a0: frais d\u2019\u00e9lectricit\u00e9, de t\u00e9l\u00e9phone, de t\u00e9l\u00e9vision et taxe m\u00e9dias (factur\u00e9s directement par les prestataires de ces diff\u00e9rents services)<\/li>\n<li>L\u2019acompte de charges pour le chauffage et l\u2019eau chaude pay\u00e9 avec le loyer est d\u00e9compt\u00e9 une fois par ann\u00e9e (octobre environ).<\/li>\n<li>Pour des contrats de dur\u00e9e ind\u00e9termin\u00e9e mais au maximum jusqu\u2019au 30.09.2026<\/li>\n<\/ul>\n<p><strong>La villa<\/strong><\/p>\n<ul>\n<li>6 chambres sur deux niveaux<\/li>\n<li>Cuisine habitable et \u00e9quip\u00e9e<\/li>\n<li>\u00a01 WC et 1 salle de bain au rez, 1 salle de bain WC<\/li>\n<li>Terrasse orient\u00e9 sud, grand jardin, barbecue, table et chaises<\/li>\n<li>1 cave, cong\u00e9lateur<\/li>\n<\/ul>\n<p><strong>Chambres<\/strong><\/p>\n<ul>\n<li>De 9,35m2 \u00e0 27,14m2<\/li>\n<li>Non-meubl\u00e9es, certaine avec une armoire int\u00e9gr\u00e9e<\/li>\n<\/ul>\n<p><strong>Espaces communs<\/strong><\/p>\n<ul>\n<li>Espaces communs NON FUMEUR<\/li>\n<li>Cuisine\u00a0: chaque locataire nettoie et range la vaisselle, il nettoie les appareils utilis\u00e9s (frigo, cuisini\u00e8re, four, hotte, etc.)<\/li>\n<li>Salles de bain, WC, couloirs\u00a0: \u00e0 entretenir en accord avec les colocataires<\/li>\n<li>Entretien des ext\u00e9rieurs par jardinier sauf salage et d\u00e9neigement devant l\u2019entr\u00e9e<\/li>\n<\/ul>\n            <\/div>        <\/div>    <\/div><\/section>\n<section class=\"av_toggle_section\"  itemscope=\"itemscope\" itemtype=\"https:\/\/schema.org\/CreativeWork\"  >    <div role=\"tablist\" class=\"single_toggle\" data-tags=\"{Tout} \"  >        <p data-fake-id=\"#toggle-id-3\" class=\"toggler \"  itemprop=\"headline\"    role=\"tab\" tabindex=\"0\" aria-controls=\"toggle-id-3\">Situation &amp; Acc\u00e8s<span class=\"toggle_icon\" >        <span class=\"vert_icon\"><\/span><span class=\"hor_icon\"><\/span><\/span><\/p>        <div id=\"toggle-id-3\" class=\"toggle_wrap \"   >            <div class=\"toggle_content invers-color \"  itemprop=\"text\"   ><p><strong>Situation et acc\u00e8s<\/strong><\/p>\n<ul>\n<li>Nombreux restaurants et magasins d\u2019alimentation dans le quartier<\/li>\n<li>Magnifique jardin avec vue sur la ville de Fribourg<\/li>\n<li>A 13 min de bus de la gare, arr\u00eat \u00ab\u00a0Chaley\u00a0\u00bb devant la maison, ligne de bus 2<\/li>\n<\/ul>\n            <\/div>        <\/div>    <\/div><\/section>\n<section class=\"av_toggle_section\"  itemscope=\"itemscope\" itemtype=\"https:\/\/schema.org\/CreativeWork\"  >    <div role=\"tablist\" class=\"single_toggle\" data-tags=\"{Tout} \"  >        <p data-fake-id=\"#toggle-id-4\" class=\"toggler \"  itemprop=\"headline\"    role=\"tab\" tabindex=\"0\" aria-controls=\"toggle-id-4\">Equipements<span class=\"toggle_icon\" >        <span class=\"vert_icon\"><\/span><span class=\"hor_icon\"><\/span><\/span><\/p>        <div id=\"toggle-id-4\" class=\"toggle_wrap \"   >            <div class=\"toggle_content invers-color \"  itemprop=\"text\"   ><p><strong>Buanderie<\/strong><\/p>\n<ul>\n<li>Buanderie \u00e9quip\u00e9e de machine \u00e0 laver et \u00e0 s\u00e9cher, cordes de s\u00e9chage (apr\u00e8s chaque utilisation, le locataire nettoie les machines, les filtres et le sol)<\/li>\n<\/ul>\n            <\/div>        <\/div>    <\/div><\/section>\n<section class=\"av_toggle_section\"  itemscope=\"itemscope\" itemtype=\"https:\/\/schema.org\/CreativeWork\"  >    <div role=\"tablist\" class=\"single_toggle\" data-tags=\"{Tout} \"  >        <p data-fake-id=\"#toggle-id-5\" class=\"toggler \"  itemprop=\"headline\"    role=\"tab\" tabindex=\"0\" aria-controls=\"toggle-id-5\">Cl\u00e9s, concierge<span class=\"toggle_icon\" >        <span class=\"vert_icon\"><\/span><span class=\"hor_icon\"><\/span><\/span><\/p>        <div id=\"toggle-id-5\" class=\"toggle_wrap \"   >            <div class=\"toggle_content invers-color \"  itemprop=\"text\"   ><p><strong>Cl\u00e9s<\/strong><\/p>\n<p>Le locataire re\u00e7oit\u00a0:<\/p>\n<ul>\n<li>1 cl\u00e9 pour l\u2019entr\u00e9e principale<\/li>\n<li>1 cl\u00e9 pour la chambre<\/li>\n<\/ul>\n<p>Pour des raisons de s\u00e9curit\u00e9\u00a0:<\/p>\n<ul>\n<li>Prendre toujours la cl\u00e9 avec soi<\/li>\n<li>Fermer toujours les portes \u00e0 cl\u00e9<\/li>\n<\/ul>\n<ul>\n<li>Cl\u00e9s des bo\u00eetes aux lettres<\/li>\n<li>1 cl\u00e9 de bo\u00eete aux lettres pour la colocation<\/li>\n<\/ul>\n<p>Perte d\u2019une cl\u00e9<\/p>\n<ul>\n<li>Apartis commande une cl\u00e9 de remplacement \u00e0 charge du locataire<\/li>\n<li>En cas de vol, il peut \u00eatre utile de changer le cylindre de la maison<\/li>\n<\/ul>\n<p><strong>Concierge<\/strong><\/p>\n<ul>\n<li>Le service technique d\u2019Apartis est disponible pour toute question concernant l\u2019usage des locaux, le fonctionnement des buanderies, les d\u00e9g\u00e2ts ou r\u00e9parations et pour la gestion des d\u00e9chets<\/li>\n<\/ul>\n            <\/div>        <\/div>    <\/div><\/section>\n<\/div><\/p><\/div><\/p>\n","protected":false},"excerpt":{"rendered":"<p>Loyer moyen CHF 353 | ~ \u20ac 296<\/p>\n","protected":false},"featured_media":13990,"comment_status":"closed","ping_status":"closed","template":"","tags":[],"portfolio_entries":[6],"class_list":["post-13947","portfolio","type-portfolio","status-publish","has-post-thumbnail","hentry","portfolio_entries-apartis"],"_links":{"self":[{"href":"https:\/\/apartis.swiss\/site\/wp-json\/wp\/v2\/portfolio\/13947"}],"collection":[{"href":"https:\/\/apartis.swiss\/site\/wp-json\/wp\/v2\/portfolio"}],"about":[{"href":"https:\/\/apartis.swiss\/site\/wp-json\/wp\/v2\/types\/portfolio"}],"replies":[{"embeddable":true,"href":"https:\/\/apartis.swiss\/site\/wp-json\/wp\/v2\/comments?post=13947"}],"version-history":[{"count":3,"href":"https:\/\/apartis.swiss\/site\/wp-json\/wp\/v2\/portfolio\/13947\/revisions"}],"predecessor-version":[{"id":13948,"href":"https:\/\/apartis.swiss\/site\/wp-json\/wp\/v2\/portfolio\/13947\/revisions\/13948"}],"wp:featuredmedia":[{"embeddable":true,"href":"https:\/\/apartis.swiss\/site\/wp-json\/wp\/v2\/media\/13990"}],"wp:attachment":[{"href":"https:\/\/apartis.swiss\/site\/wp-json\/wp\/v2\/media?parent=13947"}],"wp:term":[{"taxonomy":"post_tag","embeddable":true,"href":"https:\/\/apartis.swiss\/site\/wp-json\/wp\/v2\/tags?post=13947"},{"taxonomy":"portfolio_entries","embeddable":true,"href":"https:\/\/apartis.swiss\/site\/wp-json\/wp\/v2\/portfolio_entries?post=13947"}],"curies":[{"name":"wp","href":"https:\/\/api.w.org\/{rel}","templated":true}]}}