{"id":134,"date":"2017-08-24T10:22:38","date_gmt":"2017-08-24T08:22:38","guid":{"rendered":"http:\/\/apartis.swiss\/site\/?post_type=portfolio&#038;p=134\/"},"modified":"2021-10-28T09:24:38","modified_gmt":"2021-10-28T07:24:38","slug":"avenue-du-midi","status":"publish","type":"portfolio","link":"https:\/\/apartis.swiss\/site\/portfolio-item\/avenue-du-midi\/","title":{"rendered":"Avenue du Midi"},"content":{"rendered":"<div class=\"flex_column av_two_fifth  flex_column_div av-zero-column-padding first  avia-builder-el-0  el_before_av_three_fifth  avia-builder-el-first  \" style='border-radius:0px; '><p><div id='av-masonry-1' class='av-masonry  noHover av-fixed-size av-large-gap av-hover-overlay-active av-masonry-animation-active av-masonry-col-3 av-caption-always av-caption-style- av-masonry-gallery   av-orientation-square  '  ><div class='av-masonry-container isotope av-js-disabled ' ><div class='av-masonry-entry isotope-item av-masonry-item-no-image '><\/div><a href=\"https:\/\/apartis.swiss\/site\/wp-content\/uploads\/2017\/08\/Midi-1030x686.jpg\"  aria-label=\"image Midi\"  id='av-masonry-1-item-8414' data-av-masonry-item='8414' class='av-masonry-entry isotope-item post-8414 attachment type-attachment status-inherit hentry  av-masonry-item-with-image' title=\"Midi\" alt=\"\"   itemprop=\"thumbnailUrl\" ><div class='av-inner-masonry-sizer'><\/div><figure class='av-inner-masonry main_color'><div class=\"av-masonry-outerimage-container\"><div class=\"av-masonry-image-container\" style=\"background-image: url(https:\/\/apartis.swiss\/site\/wp-content\/uploads\/2017\/08\/Midi-705x470.jpg);\" title=\"Midi\" ><\/div><\/div><\/figure><\/a><!--end av-masonry entry--><a href=\"https:\/\/apartis.swiss\/site\/wp-content\/uploads\/2017\/08\/Midi_balcon-1030x686.jpg\"  aria-label=\"image Midi_balcon\"  id='av-masonry-1-item-8489' data-av-masonry-item='8489' class='av-masonry-entry isotope-item post-8489 attachment type-attachment status-inherit hentry  av-masonry-item-with-image' title=\"Midi_balcon\" alt=\"\"   itemprop=\"thumbnailUrl\" ><div class='av-inner-masonry-sizer'><\/div><figure class='av-inner-masonry main_color'><div class=\"av-masonry-outerimage-container\"><div class=\"av-masonry-image-container\" style=\"background-image: url(https:\/\/apartis.swiss\/site\/wp-content\/uploads\/2017\/08\/Midi_balcon-705x470.jpg);\" title=\"Midi_balcon\" ><\/div><\/div><\/figure><\/a><!--end av-masonry entry--><a href=\"https:\/\/apartis.swiss\/site\/wp-content\/uploads\/2017\/08\/Midi_chambre_balcon-1030x686.jpg\"  aria-label=\"image Midi_chambre_balcon\"  id='av-masonry-1-item-8492' data-av-masonry-item='8492' class='av-masonry-entry isotope-item post-8492 attachment type-attachment status-inherit hentry  av-masonry-item-with-image' title=\"Midi_chambre_balcon\" alt=\"\"   itemprop=\"thumbnailUrl\" ><div class='av-inner-masonry-sizer'><\/div><figure class='av-inner-masonry main_color'><div class=\"av-masonry-outerimage-container\"><div class=\"av-masonry-image-container\" style=\"background-image: url(https:\/\/apartis.swiss\/site\/wp-content\/uploads\/2017\/08\/Midi_chambre_balcon-705x470.jpg);\" title=\"Midi_chambre_balcon\" ><\/div><\/div><\/figure><\/a><!--end av-masonry entry--><a href=\"https:\/\/apartis.swiss\/site\/wp-content\/uploads\/2021\/10\/DSC_5047-1030x824.jpg\"  aria-label=\"image DSC_5047\"  id='av-masonry-1-item-12521' data-av-masonry-item='12521' class='av-masonry-entry isotope-item post-12521 attachment type-attachment status-inherit hentry  av-masonry-item-with-image' title=\"DSC_5047\" alt=\"\"   itemprop=\"thumbnailUrl\" ><div class='av-inner-masonry-sizer'><\/div><figure class='av-inner-masonry main_color'><div class=\"av-masonry-outerimage-container\"><div class=\"av-masonry-image-container\" style=\"background-image: url(https:\/\/apartis.swiss\/site\/wp-content\/uploads\/2021\/10\/DSC_5047-705x564.jpg);\" title=\"DSC_5047\" ><\/div><\/div><\/figure><\/a><!--end av-masonry entry--><a href=\"https:\/\/apartis.swiss\/site\/wp-content\/uploads\/2017\/08\/Midi_chambre-1030x686.jpg\"  aria-label=\"image Midi_chambre\"  id='av-masonry-1-item-8498' data-av-masonry-item='8498' class='av-masonry-entry isotope-item post-8498 attachment type-attachment status-inherit hentry  av-masonry-item-with-image' title=\"Midi_chambre\" alt=\"\"   itemprop=\"thumbnailUrl\" ><div class='av-inner-masonry-sizer'><\/div><figure class='av-inner-masonry main_color'><div class=\"av-masonry-outerimage-container\"><div class=\"av-masonry-image-container\" style=\"background-image: url(https:\/\/apartis.swiss\/site\/wp-content\/uploads\/2017\/08\/Midi_chambre-705x470.jpg);\" title=\"Midi_chambre\" ><\/div><\/div><\/figure><\/a><!--end av-masonry entry--><a href=\"https:\/\/apartis.swiss\/site\/wp-content\/uploads\/2017\/08\/Midi_chambre_danse-1030x686.jpg\"  aria-label=\"image Midi_chambre_danse\"  id='av-masonry-1-item-8495' data-av-masonry-item='8495' class='av-masonry-entry isotope-item post-8495 attachment type-attachment status-inherit hentry  av-masonry-item-with-image' title=\"Midi_chambre_danse\" alt=\"\"   itemprop=\"thumbnailUrl\" ><div class='av-inner-masonry-sizer'><\/div><figure class='av-inner-masonry main_color'><div class=\"av-masonry-outerimage-container\"><div class=\"av-masonry-image-container\" style=\"background-image: url(https:\/\/apartis.swiss\/site\/wp-content\/uploads\/2017\/08\/Midi_chambre_danse-705x470.jpg);\" title=\"Midi_chambre_danse\" ><\/div><\/div><\/figure><\/a><!--end av-masonry entry--><a href=\"https:\/\/apartis.swiss\/site\/wp-content\/uploads\/2017\/08\/Midi_chambre_01-1030x687.jpg\"  aria-label=\"image Midi_chambre_01\"  id='av-masonry-1-item-2236' data-av-masonry-item='2236' class='av-masonry-entry isotope-item post-2236 attachment type-attachment status-inherit hentry  av-masonry-item-with-image' title=\"Midi_chambre_01\" alt=\"\"   itemprop=\"thumbnailUrl\" ><div class='av-inner-masonry-sizer'><\/div><figure class='av-inner-masonry main_color'><div class=\"av-masonry-outerimage-container\"><div class=\"av-masonry-image-container\" style=\"background-image: url(https:\/\/apartis.swiss\/site\/wp-content\/uploads\/2017\/08\/Midi_chambre_01-705x470.jpg);\" title=\"Midi_chambre_01\" ><\/div><\/div><\/figure><\/a><!--end av-masonry entry--><a href=\"https:\/\/apartis.swiss\/site\/wp-content\/uploads\/2017\/08\/Midi_chambre_02-1030x687.jpg\"  aria-label=\"image Midi_chambre_02\"  id='av-masonry-1-item-2239' data-av-masonry-item='2239' class='av-masonry-entry isotope-item post-2239 attachment type-attachment status-inherit hentry  av-masonry-item-with-image' title=\"Midi_chambre_02\" alt=\"\"   itemprop=\"thumbnailUrl\" ><div class='av-inner-masonry-sizer'><\/div><figure class='av-inner-masonry main_color'><div class=\"av-masonry-outerimage-container\"><div class=\"av-masonry-image-container\" style=\"background-image: url(https:\/\/apartis.swiss\/site\/wp-content\/uploads\/2017\/08\/Midi_chambre_02-705x470.jpg);\" title=\"Midi_chambre_02\" ><\/div><\/div><\/figure><\/a><!--end av-masonry entry--><a href=\"https:\/\/apartis.swiss\/site\/wp-content\/uploads\/2017\/08\/Midi_chambre_03-1030x687.jpg\"  aria-label=\"image Midi_chambre_03\"  id='av-masonry-1-item-2242' data-av-masonry-item='2242' class='av-masonry-entry isotope-item post-2242 attachment type-attachment status-inherit hentry  av-masonry-item-with-image' title=\"Midi_chambre_03\" alt=\"\"   itemprop=\"thumbnailUrl\" ><div class='av-inner-masonry-sizer'><\/div><figure class='av-inner-masonry main_color'><div class=\"av-masonry-outerimage-container\"><div class=\"av-masonry-image-container\" style=\"background-image: url(https:\/\/apartis.swiss\/site\/wp-content\/uploads\/2017\/08\/Midi_chambre_03-705x470.jpg);\" title=\"Midi_chambre_03\" ><\/div><\/div><\/figure><\/a><!--end av-masonry entry--><a href=\"https:\/\/apartis.swiss\/site\/wp-content\/uploads\/2017\/08\/Midi_chambre_04-1030x687.jpg\"  aria-label=\"image Midi_chambre_04\"  id='av-masonry-1-item-2245' data-av-masonry-item='2245' class='av-masonry-entry isotope-item post-2245 attachment type-attachment status-inherit hentry  av-masonry-item-with-image' title=\"Midi_chambre_04\" alt=\"\"   itemprop=\"thumbnailUrl\" ><div class='av-inner-masonry-sizer'><\/div><figure class='av-inner-masonry main_color'><div class=\"av-masonry-outerimage-container\"><div class=\"av-masonry-image-container\" style=\"background-image: url(https:\/\/apartis.swiss\/site\/wp-content\/uploads\/2017\/08\/Midi_chambre_04-705x470.jpg);\" title=\"Midi_chambre_04\" ><\/div><\/div><\/figure><\/a><!--end av-masonry entry--><a href=\"https:\/\/apartis.swiss\/site\/wp-content\/uploads\/2017\/08\/Midi_chambre_06-1030x687.jpg\"  aria-label=\"image Midi_chambre_06\"  id='av-masonry-1-item-2251' data-av-masonry-item='2251' class='av-masonry-entry isotope-item post-2251 attachment type-attachment status-inherit hentry  av-masonry-item-with-image' title=\"Midi_chambre_06\" alt=\"\"   itemprop=\"thumbnailUrl\" ><div class='av-inner-masonry-sizer'><\/div><figure class='av-inner-masonry main_color'><div class=\"av-masonry-outerimage-container\"><div class=\"av-masonry-image-container\" style=\"background-image: url(https:\/\/apartis.swiss\/site\/wp-content\/uploads\/2017\/08\/Midi_chambre_06-705x470.jpg);\" title=\"Midi_chambre_06\" ><\/div><\/div><\/figure><\/a><!--end av-masonry entry--><a href=\"https:\/\/apartis.swiss\/site\/wp-content\/uploads\/2017\/08\/Midi_cuisine_03-1030x687.jpg\"  aria-label=\"image Midi_cuisine_03\"  id='av-masonry-1-item-2263' data-av-masonry-item='2263' class='av-masonry-entry isotope-item post-2263 attachment type-attachment status-inherit hentry  av-masonry-item-with-image' title=\"Midi_cuisine_03\" alt=\"\"   itemprop=\"thumbnailUrl\" ><div class='av-inner-masonry-sizer'><\/div><figure class='av-inner-masonry main_color'><div class=\"av-masonry-outerimage-container\"><div class=\"av-masonry-image-container\" style=\"background-image: url(https:\/\/apartis.swiss\/site\/wp-content\/uploads\/2017\/08\/Midi_cuisine_03-705x470.jpg);\" title=\"Midi_cuisine_03\" ><\/div><\/div><\/figure><\/a><!--end av-masonry entry--><a href=\"https:\/\/apartis.swiss\/site\/wp-content\/uploads\/2017\/08\/Midi_cuisine_04-1030x687.jpg\"  aria-label=\"image Midi_cuisine_04\"  id='av-masonry-1-item-2266' data-av-masonry-item='2266' class='av-masonry-entry isotope-item post-2266 attachment type-attachment status-inherit hentry  av-masonry-item-with-image' title=\"Midi_cuisine_04\" alt=\"\"   itemprop=\"thumbnailUrl\" ><div class='av-inner-masonry-sizer'><\/div><figure class='av-inner-masonry main_color'><div class=\"av-masonry-outerimage-container\"><div class=\"av-masonry-image-container\" style=\"background-image: url(https:\/\/apartis.swiss\/site\/wp-content\/uploads\/2017\/08\/Midi_cuisine_04-705x470.jpg);\" title=\"Midi_cuisine_04\" ><\/div><\/div><\/figure><\/a><!--end av-masonry entry--><a href=\"https:\/\/apartis.swiss\/site\/wp-content\/uploads\/2021\/10\/DSC_5021-824x1030.jpg\"  aria-label=\"image DSC_5021\"  id='av-masonry-1-item-12518' data-av-masonry-item='12518' class='av-masonry-entry isotope-item post-12518 attachment type-attachment status-inherit hentry  av-masonry-item-with-image' title=\"DSC_5021\" alt=\"\"   itemprop=\"thumbnailUrl\" ><div class='av-inner-masonry-sizer'><\/div><figure class='av-inner-masonry main_color'><div class=\"av-masonry-outerimage-container\"><div class=\"av-masonry-image-container\" style=\"background-image: url(https:\/\/apartis.swiss\/site\/wp-content\/uploads\/2021\/10\/DSC_5021-564x705.jpg);\" title=\"DSC_5021\" ><\/div><\/div><\/figure><\/a><!--end av-masonry entry--><a href=\"https:\/\/apartis.swiss\/site\/wp-content\/uploads\/2021\/10\/DSC_5121-1030x824.jpg\"  aria-label=\"image DSC_5121\"  id='av-masonry-1-item-12527' data-av-masonry-item='12527' class='av-masonry-entry isotope-item post-12527 attachment type-attachment status-inherit hentry  av-masonry-item-with-image' title=\"DSC_5121\" alt=\"\"   itemprop=\"thumbnailUrl\" ><div class='av-inner-masonry-sizer'><\/div><figure class='av-inner-masonry main_color'><div class=\"av-masonry-outerimage-container\"><div class=\"av-masonry-image-container\" style=\"background-image: url(https:\/\/apartis.swiss\/site\/wp-content\/uploads\/2021\/10\/DSC_5121-705x564.jpg);\" title=\"DSC_5121\" ><\/div><\/div><\/figure><\/a><!--end av-masonry entry--><a href=\"https:\/\/apartis.swiss\/site\/wp-content\/uploads\/2021\/10\/DSC_5124-1030x824.jpg\"  aria-label=\"image DSC_5124\"  id='av-masonry-1-item-12530' data-av-masonry-item='12530' class='av-masonry-entry isotope-item post-12530 attachment type-attachment status-inherit hentry  av-masonry-item-with-image' title=\"DSC_5124\" alt=\"\"   itemprop=\"thumbnailUrl\" ><div class='av-inner-masonry-sizer'><\/div><figure class='av-inner-masonry main_color'><div class=\"av-masonry-outerimage-container\"><div class=\"av-masonry-image-container\" style=\"background-image: url(https:\/\/apartis.swiss\/site\/wp-content\/uploads\/2021\/10\/DSC_5124-705x564.jpg);\" title=\"DSC_5124\" ><\/div><\/div><\/figure><\/a><!--end av-masonry entry--><a href=\"https:\/\/apartis.swiss\/site\/wp-content\/uploads\/2021\/10\/DSC_5020-1030x824.jpg\"  aria-label=\"image DSC_5020\"  id='av-masonry-1-item-12536' data-av-masonry-item='12536' class='av-masonry-entry isotope-item post-12536 attachment type-attachment status-inherit hentry  av-masonry-item-with-image' title=\"DSC_5020\" alt=\"\"   itemprop=\"thumbnailUrl\" ><div class='av-inner-masonry-sizer'><\/div><figure class='av-inner-masonry main_color'><div class=\"av-masonry-outerimage-container\"><div class=\"av-masonry-image-container\" style=\"background-image: url(https:\/\/apartis.swiss\/site\/wp-content\/uploads\/2021\/10\/DSC_5020-705x564.jpg);\" title=\"DSC_5020\" ><\/div><\/div><\/figure><\/a><!--end av-masonry entry--><a href=\"https:\/\/apartis.swiss\/site\/wp-content\/uploads\/2021\/10\/DSC_5019-824x1030.jpg\"  aria-label=\"image DSC_5019\"  id='av-masonry-1-item-12533' data-av-masonry-item='12533' class='av-masonry-entry isotope-item post-12533 attachment type-attachment status-inherit hentry  av-masonry-item-with-image' title=\"DSC_5019\" alt=\"\"   itemprop=\"thumbnailUrl\" ><div class='av-inner-masonry-sizer'><\/div><figure class='av-inner-masonry main_color'><div class=\"av-masonry-outerimage-container\"><div class=\"av-masonry-image-container\" style=\"background-image: url(https:\/\/apartis.swiss\/site\/wp-content\/uploads\/2021\/10\/DSC_5019-564x705.jpg);\" title=\"DSC_5019\" ><\/div><\/div><\/figure><\/a><!--end av-masonry entry--><a href=\"https:\/\/apartis.swiss\/site\/wp-content\/uploads\/2021\/10\/DSC_5082-824x1030.jpg\"  aria-label=\"image DSC_5082\"  id='av-masonry-1-item-12524' data-av-masonry-item='12524' class='av-masonry-entry isotope-item post-12524 attachment type-attachment status-inherit hentry  av-masonry-item-with-image' title=\"DSC_5082\" alt=\"\"   itemprop=\"thumbnailUrl\" ><div class='av-inner-masonry-sizer'><\/div><figure class='av-inner-masonry main_color'><div class=\"av-masonry-outerimage-container\"><div class=\"av-masonry-image-container\" style=\"background-image: url(https:\/\/apartis.swiss\/site\/wp-content\/uploads\/2021\/10\/DSC_5082-564x705.jpg);\" title=\"DSC_5082\" ><\/div><\/div><\/figure><\/a><!--end av-masonry entry--><\/div><\/div><br \/>\n<div  style='height:50px' class='hr hr-invisible   avia-builder-el-2  el_after_av_masonry_gallery  el_before_av_iconlist  avia-builder-el-first '><span class='hr-inner ' ><span class='hr-inner-style'><\/span><\/span><\/div><br \/>\n<div  class='avia-icon-list-container   avia-builder-el-3  el_after_av_hr  avia-builder-el-last '><ul class='avia-icon-list avia-icon-list-left av-iconlist-big avia_animate_when_almost_visible avia-iconlist-animate'>\n<li><a href='https:\/\/apartis.swiss\/site\/nos-immeubles\/situation-des-immeubles-apartis\/' title='Plan de situation'  target=\"_blank\"  rel=\"noopener noreferrer\"  class='iconlist_icon  avia-font-entypo-fontello'><span class='iconlist-char ' aria-hidden='true' data-av_icon='\ue842' data-av_iconfont='entypo-fontello'><\/span><\/a><article class=\"article-icon-entry av-iconlist-empty\"  itemscope=\"itemscope\" itemtype=\"https:\/\/schema.org\/CreativeWork\" ><div class='iconlist_content_wrap'><header class=\"entry-content-header\"><h4 class='av_iconlist_title iconlist_title   '  itemprop=\"headline\"  ><a href='https:\/\/apartis.swiss\/site\/nos-immeubles\/situation-des-immeubles-apartis\/' title='Plan de situation' target=\"_blank\"  rel=\"noopener noreferrer\">Plan de situation<\/a><\/h4><\/header><div class='iconlist_content  '  itemprop=\"text\"  ><\/div><\/div><footer class=\"entry-footer\"><\/footer><\/article><div class='iconlist-timeline'><\/div><\/li>\n<li><a href='https:\/\/apartis.swiss\/site\/wp-content\/uploads\/downloads\/2018\/02\/Midi-plan.pdf' title='Plan appartement type'  target=\"_blank\"  rel=\"noopener noreferrer\"  class='iconlist_icon  avia-font-entypo-fontello'><span class='iconlist-char ' aria-hidden='true' data-av_icon='\ue8d7' data-av_iconfont='entypo-fontello'><\/span><\/a><article class=\"article-icon-entry av-iconlist-empty\"  itemscope=\"itemscope\" itemtype=\"https:\/\/schema.org\/CreativeWork\" ><div class='iconlist_content_wrap'><header class=\"entry-content-header\"><h4 class='av_iconlist_title iconlist_title   '  itemprop=\"headline\"  ><a href='https:\/\/apartis.swiss\/site\/wp-content\/uploads\/downloads\/2018\/02\/Midi-plan.pdf' title='Plan appartement type' target=\"_blank\"  rel=\"noopener noreferrer\">Plan appartement type<\/a><\/h4><\/header><div class='iconlist_content  '  itemprop=\"text\"  ><\/div><\/div><footer class=\"entry-footer\"><\/footer><\/article><div class='iconlist-timeline'><\/div><\/li>\n<li><a href='https:\/\/apartis.swiss\/site\/a-louer\/conditions-de-location\/' title='Condition de location'  target=\"_blank\"  rel=\"noopener noreferrer\"  class='iconlist_icon  avia-font-entypo-fontello'><span class='iconlist-char ' aria-hidden='true' data-av_icon='\ue84e' data-av_iconfont='entypo-fontello'><\/span><\/a><article class=\"article-icon-entry av-iconlist-empty\"  itemscope=\"itemscope\" itemtype=\"https:\/\/schema.org\/CreativeWork\" ><div class='iconlist_content_wrap'><header class=\"entry-content-header\"><h4 class='av_iconlist_title iconlist_title   '  itemprop=\"headline\"  ><a href='https:\/\/apartis.swiss\/site\/a-louer\/conditions-de-location\/' title='Condition de location' target=\"_blank\"  rel=\"noopener noreferrer\">Condition de location<\/a><\/h4><\/header><div class='iconlist_content  '  itemprop=\"text\"  ><\/div><\/div><footer class=\"entry-footer\"><\/footer><\/article><div class='iconlist-timeline'><\/div><\/li>\n<li><a href='https:\/\/apartis.swiss\/site\/wp-content\/uploads\/downloads\/2018\/01\/rm-midi-f.pdf' title='R\u00e9glement de maison'  target=\"_blank\"  rel=\"noopener noreferrer\"  class='iconlist_icon  avia-font-entypo-fontello'><span class='iconlist-char ' aria-hidden='true' data-av_icon='\ue821' data-av_iconfont='entypo-fontello'><\/span><\/a><article class=\"article-icon-entry av-iconlist-empty\"  itemscope=\"itemscope\" itemtype=\"https:\/\/schema.org\/CreativeWork\" ><div class='iconlist_content_wrap'><header class=\"entry-content-header\"><h4 class='av_iconlist_title iconlist_title   '  itemprop=\"headline\"  ><a href='https:\/\/apartis.swiss\/site\/wp-content\/uploads\/downloads\/2018\/01\/rm-midi-f.pdf' title='R\u00e9glement de maison' target=\"_blank\"  rel=\"noopener noreferrer\">R\u00e9glement de maison<\/a><\/h4><\/header><div class='iconlist_content  '  itemprop=\"text\"  ><\/div><\/div><footer class=\"entry-footer\"><\/footer><\/article><div class='iconlist-timeline'><\/div><\/li>\n<li><a href='https:\/\/apartis.swiss\/site\/wp-content\/uploads\/downloads\/2017\/11\/midi-f.pdf' title='Gestion des d\u00e9chets'  target=\"_blank\"  rel=\"noopener noreferrer\"  class='iconlist_icon  avia-font-entypo-fontello'><span class='iconlist-char ' aria-hidden='true' data-av_icon='\ue847' data-av_iconfont='entypo-fontello'><\/span><\/a><article class=\"article-icon-entry av-iconlist-empty\"  itemscope=\"itemscope\" itemtype=\"https:\/\/schema.org\/CreativeWork\" ><div class='iconlist_content_wrap'><header class=\"entry-content-header\"><h4 class='av_iconlist_title iconlist_title   '  itemprop=\"headline\"  ><a href='https:\/\/apartis.swiss\/site\/wp-content\/uploads\/downloads\/2017\/11\/midi-f.pdf' title='Gestion des d\u00e9chets' target=\"_blank\"  rel=\"noopener noreferrer\">Gestion des d\u00e9chets<\/a><\/h4><\/header><div class='iconlist_content  '  itemprop=\"text\"  ><\/div><\/div><footer class=\"entry-footer\"><\/footer><\/article><div class='iconlist-timeline'><\/div><\/li>\n<li><a href='https:\/\/apartis.swiss\/site\/nos-immeubles\/informations-generales\/' title='Informations g\u00e9n\u00e9rales'  target=\"_blank\"  rel=\"noopener noreferrer\"  class='iconlist_icon  avia-font-entypo-fontello'><span class='iconlist-char ' aria-hidden='true' data-av_icon='\ue81f' data-av_iconfont='entypo-fontello'><\/span><\/a><article class=\"article-icon-entry av-iconlist-empty\"  itemscope=\"itemscope\" itemtype=\"https:\/\/schema.org\/CreativeWork\" ><div class='iconlist_content_wrap'><header class=\"entry-content-header\"><h4 class='av_iconlist_title iconlist_title   '  itemprop=\"headline\"  ><a href='https:\/\/apartis.swiss\/site\/nos-immeubles\/informations-generales\/' title='Informations g\u00e9n\u00e9rales' target=\"_blank\"  rel=\"noopener noreferrer\">Informations g\u00e9n\u00e9rales<\/a><\/h4><\/header><div class='iconlist_content  '  itemprop=\"text\"  ><\/div><\/div><footer class=\"entry-footer\"><\/footer><\/article><div class='iconlist-timeline'><\/div><\/li>\n<li><div  class='iconlist_icon  avia-font-entypo-fontello'><span class='iconlist-char ' aria-hidden='true' data-av_icon='\ue84f' data-av_iconfont='entypo-fontello'><\/span><\/div><article class=\"article-icon-entry av-iconlist-empty\"  itemscope=\"itemscope\" itemtype=\"https:\/\/schema.org\/CreativeWork\" ><div class='iconlist_content_wrap'><header class=\"entry-content-header\"><h4 class='av_iconlist_title iconlist_title   '  itemprop=\"headline\"  ><a href='https:\/\/apartis.swiss\/site\/wp-content\/plugins\/download-monitor\/download.php?id=75' title='Brochure Apartis' target=\"_blank\"  rel=\"noopener noreferrer\">Brochure Apartis<\/a><\/h4><\/header><div class='iconlist_content  '  itemprop=\"text\"  ><\/div><\/div><footer class=\"entry-footer\"><\/footer><\/article><div class='iconlist-timeline'><\/div><\/li>\n<\/ul><\/div><\/p><\/div><div class=\"flex_column av_three_fifth  flex_column_div av-zero-column-padding   avia-builder-el-4  el_after_av_two_fifth  avia-builder-el-last  \" style='border-radius:0px; '><p><div  style='padding-bottom:10px; ' class='av-special-heading av-special-heading-h2  blockquote modern-quote  avia-builder-el-5  el_before_av_toggle_container  avia-builder-el-first  '><h2 class='av-special-heading-tag '  itemprop=\"headline\"  >Avenue du Midi 3-5-7 | Fribourg<\/h2><div class='special-heading-border'><div class='special-heading-inner-border' ><\/div><\/div><\/div><br \/>\n<div   class=\"togglecontainer   toggle_close_all  avia-builder-el-6  el_after_av_heading  avia-builder-el-last \" >\n<section class=\"av_toggle_section\"  itemscope=\"itemscope\" itemtype=\"https:\/\/schema.org\/CreativeWork\"  >    <div role=\"tablist\" class=\"single_toggle\" data-tags=\"{Tout} \"  >        <p data-fake-id=\"#toggle-id-1\" class=\"toggler activeTitle\"  itemprop=\"headline\"    role=\"tab\" tabindex=\"0\" aria-controls=\"toggle-id-1\">Quartier du centre<span class=\"toggle_icon\" >        <span class=\"vert_icon\"><\/span><span class=\"hor_icon\"><\/span><\/span><\/p>        <div id=\"toggle-id-1\" class=\"toggle_wrap active_tc\"  style='display:block;' >            <div class=\"toggle_content invers-color \"  itemprop=\"text\"   ><p>Au carrefour de l&rsquo;Avenue du Midi et de l&rsquo;Avenue de Beauregard se trouvent les immeubles Avenue du Midi. Situ\u00e9s derri\u00e8re la gare de Fribourg, ils sont \u00e0 \u00e9gale distance des Hautes \u00e9coles\/Universit\u00e9s de P\u00e9rolles et de l&rsquo;Universit\u00e9 de Mis\u00e9ricorde. Les locaux de la Facult\u00e9 de droit sont \u00e0 une minute \u00e0 pied.<\/p>\n<p>Toutes les commodit\u00e9s du centre-ville sont directement accessibles \u00e0 pied (restos, magasins, poste, banque, cin\u00e9mas, etc.).<\/p>\n<p>Les trois immeubles du Varis sont situ\u00e9s sur l&rsquo;une des routes les plus en pente de la ville, entre la Biblioth\u00e8que cantonale et universitaire et le Mus\u00e9e d&rsquo;Art et d&rsquo;Histoire. La Haute \u00e9cole p\u00e9dagogique, l&rsquo;Universit\u00e9 de Mis\u00e9ricorde et l&rsquo;Ecole professionnelle sont \u00e0 quelques minutes. La Rue St-Michel et son coll\u00e8ge \u00e9ponyme m\u00e8ne directement au centre-ville et \u00e0 ses rues pi\u00e9tonnes o\u00f9 tous les types de commerces sont repr\u00e9sent\u00e9s. Le sympathique quartier d&rsquo;Alt qui surplombe nos immeubles offre divers petits commerces et animations.<\/p>\n<p>Le charmant quartier du Bourg et sa cath\u00e9drale bord\u00e9e d&rsquo;\u00e9choppes originales et de bistrots typiques est tout proche.<\/p>\n            <\/div>        <\/div>    <\/div><\/section>\n<section class=\"av_toggle_section\"  itemscope=\"itemscope\" itemtype=\"https:\/\/schema.org\/CreativeWork\"  >    <div role=\"tablist\" class=\"single_toggle\" data-tags=\"{Tout} \"  >        <p data-fake-id=\"#toggle-id-2\" class=\"toggler \"  itemprop=\"headline\"    role=\"tab\" tabindex=\"0\" aria-controls=\"toggle-id-2\">Loyers, logements, espaces communs<span class=\"toggle_icon\" >        <span class=\"vert_icon\"><\/span><span class=\"hor_icon\"><\/span><\/span><\/p>        <div id=\"toggle-id-2\" class=\"toggle_wrap \"   >            <div class=\"toggle_content invers-color \"  itemprop=\"text\"   ><p><strong>Loyers<\/strong><\/p>\n<p>Varient selon grandeur et type d\u2019appartement<br \/>\nDe CHF 330.- \u00e0 520.- par mois (env. \u20ac 275 \u00e0 435)<br \/>\nCharges comprises : chauffage, eau chaude, internet WIFI<br \/>\nNon inclus : frais d\u2019\u00e9lectricit\u00e9, de t\u00e9l\u00e9phone et de t\u00e9l\u00e9vision, taxe m\u00e9dias (factur\u00e9s directement par les prestataires de ces diff\u00e9rents services)<br \/>\nL\u2019acompte de charges pour le chauffage et l\u2019eau chaude pay\u00e9 avec le loyer est d\u00e9compt\u00e9 une fois par ann\u00e9e (octobre environ).<\/p>\n<p><strong>Appartements<\/strong><\/p>\n<ul>\n<li>97 chambres dans 27 appartements sur 5 \u00e9tages<\/li>\n<li>Appartements de 3 ou 4 chambres, cuisine habitable, salle de bains avec douche, WC s\u00e9par\u00e9<\/li>\n<li>Am\u00e9nagement des cuisines simple et fonctionnel<\/li>\n<li>S\u00e9jour dans certains appartements<\/li>\n<li>Entr\u00e9e principale immeuble Midi 5\u00a0: rez sup\u00e9rieur, c\u00f4t\u00e9 Chemin Richemond<\/li>\n<li>Possibilit\u00e9 d\u2019y acc\u00e9der par l\u2019Av. du Midi depuis les escaliers lat\u00e9raux qui m\u00e8nent aux entr\u00e9es 3 et 7<\/li>\n<\/ul>\n<p><strong>Chambres<\/strong><\/p>\n<ul>\n<li>De 12 \u00e0 26m2\u00a0(2\/3 des chambres &gt; 20m2)<\/li>\n<li>Non meubl\u00e9es<\/li>\n<li>Certaines chambres ont un balcon ou une v\u00e9randa<\/li>\n<li>Chaque chambre dispose d\u2019une grande fen\u00eatre et un rev\u00eatement en parquet<\/li>\n<\/ul>\n<p><strong>Espaces communs<\/strong><\/p>\n<ul>\n<li>Hall d\u2019entr\u00e9e : bo\u00eetes aux lettres, vitrine d\u2019informations d\u2019Apartis et panneau d\u2019affichage libre<\/li>\n<li>Terrasse en \u00e9t\u00e9 au-dessus du local \u00e0 d\u00e9chets<\/li>\n<li>Espaces communs\u00a0NON FUMEUR<\/li>\n<li><a href=\"https:\/\/apartis.swiss\/info-locataires\/salles-polyvalentes\/\">Salles polyvalentes<\/a><\/li>\n<\/ul>\n            <\/div>        <\/div>    <\/div><\/section>\n<section class=\"av_toggle_section\"  itemscope=\"itemscope\" itemtype=\"https:\/\/schema.org\/CreativeWork\"  >    <div role=\"tablist\" class=\"single_toggle\" data-tags=\"{Tout} \"  >        <p data-fake-id=\"#toggle-id-3\" class=\"toggler \"  itemprop=\"headline\"    role=\"tab\" tabindex=\"0\" aria-controls=\"toggle-id-3\">Situation &amp; Acc\u00e8s<span class=\"toggle_icon\" >        <span class=\"vert_icon\"><\/span><span class=\"hor_icon\"><\/span><\/span><\/p>        <div id=\"toggle-id-3\" class=\"toggle_wrap \"   >            <div class=\"toggle_content invers-color \"  itemprop=\"text\"   ><p><strong>Situation des b\u00e2timents<\/strong><\/p>\n<ul>\n<li>A Fribourg, au centre-ville<\/li>\n<li>A 2 minutes \u00e0 pied de la gare centrale de Fribourg et des zones pi\u00e9tonnes (poste, magasins, banques, etc.)<\/li>\n<li>A 5 minutes \u00e0 v\u00e9lo ou en bus de l\u2019Universit\u00e9 de P\u00e9rolles ou de Mis\u00e9ricorde<\/li>\n<li>Plan de situation<\/li>\n<\/ul>\n<p><strong>Transports Publics<\/strong><\/p>\n<ul>\n<li>Arr\u00eats de bus \u00ab\u00a0Beauregard\u00a0\u00bb et \u00ab\u00a0Midi\u00a0\u00bb \u00e0 1 minute du b\u00e2timent.<\/li>\n<li>Horaires de bus et abonnements disponibles \u00e0 la gare centrale<\/li>\n<li><a href=\"http:\/\/www.tpf.ch\/agglo;jsessionid=6168A9A273D020A9159AA72E34280F70\" target=\"_blank\" rel=\"noopener\">Horaire de bus<\/a><\/li>\n<\/ul>\n            <\/div>        <\/div>    <\/div><\/section>\n<section class=\"av_toggle_section\"  itemscope=\"itemscope\" itemtype=\"https:\/\/schema.org\/CreativeWork\"  >    <div role=\"tablist\" class=\"single_toggle\" data-tags=\"{Tout} \"  >        <p data-fake-id=\"#toggle-id-4\" class=\"toggler \"  itemprop=\"headline\"    role=\"tab\" tabindex=\"0\" aria-controls=\"toggle-id-4\">Equipements<span class=\"toggle_icon\" >        <span class=\"vert_icon\"><\/span><span class=\"hor_icon\"><\/span><\/span><\/p>        <div id=\"toggle-id-4\" class=\"toggle_wrap \"   >            <div class=\"toggle_content invers-color \"  itemprop=\"text\"   ><p><strong>Caves<\/strong><\/p>\n<ul>\n<li>1 cave par appartement<\/li>\n<li>La cave a le m\u00eame num\u00e9ro que celui de l\u2019appartement<\/li>\n<li>Chaque locataire a droit \u00e0 une partie de la cave<\/li>\n<li>Fait partie du logement\u00a0: \u00e0 leur d\u00e9part, les locataires sont pri\u00e9s de reprendre leurs affaires, de ranger et nettoyer la cave<\/li>\n<\/ul>\n<p><strong>Buanderie<\/strong><\/p>\n<ul>\n<li>Au sous-sol du b\u00e2timent n\u00b05<\/li>\n<li>3 machines \u00e0 laver et 3 s\u00e8che-linge<\/li>\n<li>Etendage \u00e0 disposition au rez, dans la cour int\u00e9rieure<\/li>\n<li>Fonctionnement \u00e0 l\u2019aide d\u2019une cl\u00e9 de lavage \u00e0 commander\u00a0:\u00a0www.keycom.ch<\/li>\n<li>Pas de plan de lavage<\/li>\n<li>Apr\u00e8s chaque utilisation, le locataire nettoie les machines, les filtres et le sol<\/li>\n<li>Aucun objet (bidon de lessive, linge, etc.) ne reste sur place<\/li>\n<\/ul>\n<p><strong>Parc \u00e0 v\u00e9los<\/strong><\/p>\n<ul>\n<li>A droite de l\u2019immeuble n\u00b07<\/li>\n<li>Ne pas entreposer de v\u00e9los ailleurs qu\u2019aux emplacements r\u00e9serv\u00e9s<\/li>\n<\/ul>\n<p><strong>Place de parc<\/strong><\/p>\n<ul>\n<li>1 place de parc\u00a0lou\u00e9e\u00a0est \u00e0 disposition<\/li>\n<li>Stationnement interdit aux alentours de l\u2019immeuble sous peine d\u2019amende<\/li>\n<li>1 place r\u00e9serv\u00e9e aux d\u00e9m\u00e9nagements.\u00a0S\u2019adresser au concierge.<\/li>\n<\/ul>\n            <\/div>        <\/div>    <\/div><\/section>\n<section class=\"av_toggle_section\"  itemscope=\"itemscope\" itemtype=\"https:\/\/schema.org\/CreativeWork\"  >    <div role=\"tablist\" class=\"single_toggle\" data-tags=\"{Tout} \"  >        <p data-fake-id=\"#toggle-id-5\" class=\"toggler \"  itemprop=\"headline\"    role=\"tab\" tabindex=\"0\" aria-controls=\"toggle-id-5\">Cl\u00e9s, concierge<span class=\"toggle_icon\" >        <span class=\"vert_icon\"><\/span><span class=\"hor_icon\"><\/span><\/span><\/p>        <div id=\"toggle-id-5\" class=\"toggle_wrap \"   >            <div class=\"toggle_content invers-color \"  itemprop=\"text\"   ><p><strong>Cl\u00e9s<\/strong><\/p>\n<p>Le locataire re\u00e7oit 1 cl\u00e9 pour acc\u00e9der \u00e0\u00a0:<\/p>\n<ul>\n<li>L\u2019entr\u00e9e principale (se ferme automatiquement pour des raisons de s\u00e9curit\u00e9)<\/li>\n<li>L\u2019appartement<\/li>\n<li>La chambre<\/li>\n<\/ul>\n<p>Pour des raisons de s\u00e9curit\u00e9 :<\/p>\n<ul>\n<li>Prendre toujours la cl\u00e9 avec soi<\/li>\n<li>Fermer toujours les portes \u00e0 cl\u00e9<\/li>\n<\/ul>\n<p>Cl\u00e9s des bo\u00eetes aux lettres et des caves :<\/p>\n<ul>\n<li>1 bo\u00eete aux lettres et 1 cave par appartement avec 1 cl\u00e9 pour tous<\/li>\n<li>Ces cl\u00e9s restent suspendues pr\u00e8s de la porte d\u2019entr\u00e9e de l\u2019appartement<\/li>\n<li>Toujours les remettre en place apr\u00e8s utilisation\u00a0!<\/li>\n<\/ul>\n<p>Perte d\u2019une cl\u00e9 :<\/p>\n<ul>\n<li>Apartis commande une cl\u00e9 de remplacement \u00e0 charge du locataire<\/li>\n<li>En cas de vol, il peut \u00eatre utile de changer les cylindres de l\u2019appartement<\/li>\n<\/ul>\n<p><strong>Concierge<\/strong><\/p>\n<ul>\n<li>Externe, ses coordonn\u00e9es sont affich\u00e9es \u00e0 l\u2019\u00e9tage<\/li>\n<li>Il est disponible pour toute question concernant l\u2019usage des locaux, le fonctionnement des buanderies, les d\u00e9g\u00e2ts ou r\u00e9parations et pour la gestion des d\u00e9chets<\/li>\n<li><a href=\"https:\/\/apartis.swiss\/apartis\/collaborateurs\/\">Collaborateurs Apartis<\/a><\/li>\n<\/ul>\n            <\/div>        <\/div>    <\/div><\/section>\n<\/div><\/p><\/div><\/p>\n","protected":false},"excerpt":{"rendered":"<p>Loyer moyen CHF 408 | ~ \u20ac 342<\/p>\n","protected":false},"featured_media":8414,"comment_status":"closed","ping_status":"closed","template":"","tags":[],"portfolio_entries":[6],"class_list":["post-134","portfolio","type-portfolio","status-publish","has-post-thumbnail","hentry","portfolio_entries-apartis"],"_links":{"self":[{"href":"https:\/\/apartis.swiss\/site\/wp-json\/wp\/v2\/portfolio\/134"}],"collection":[{"href":"https:\/\/apartis.swiss\/site\/wp-json\/wp\/v2\/portfolio"}],"about":[{"href":"https:\/\/apartis.swiss\/site\/wp-json\/wp\/v2\/types\/portfolio"}],"replies":[{"embeddable":true,"href":"https:\/\/apartis.swiss\/site\/wp-json\/wp\/v2\/comments?post=134"}],"version-history":[{"count":0,"href":"https:\/\/apartis.swiss\/site\/wp-json\/wp\/v2\/portfolio\/134\/revisions"}],"wp:featuredmedia":[{"embeddable":true,"href":"https:\/\/apartis.swiss\/site\/wp-json\/wp\/v2\/media\/8414"}],"wp:attachment":[{"href":"https:\/\/apartis.swiss\/site\/wp-json\/wp\/v2\/media?parent=134"}],"wp:term":[{"taxonomy":"post_tag","embeddable":true,"href":"https:\/\/apartis.swiss\/site\/wp-json\/wp\/v2\/tags?post=134"},{"taxonomy":"portfolio_entries","embeddable":true,"href":"https:\/\/apartis.swiss\/site\/wp-json\/wp\/v2\/portfolio_entries?post=134"}],"curies":[{"name":"wp","href":"https:\/\/api.w.org\/{rel}","templated":true}]}}