{"id":752,"date":"2017-11-13T17:50:57","date_gmt":"2017-11-13T16:50:57","guid":{"rendered":"http:\/\/apartis.swiss\/site\/?page_id=752"},"modified":"2020-02-12T10:56:59","modified_gmt":"2020-02-12T09:56:59","slug":"actualites","status":"publish","type":"page","link":"https:\/\/apartis.swiss\/site\/actualites\/","title":{"rendered":"Actualit\u00e9s"},"content":{"rendered":"<div class=\"flex_column av_one_full  flex_column_div av-zero-column-padding first  avia-builder-el-0  el_before_av_one_full  avia-builder-el-first  \" style='border-radius:0px; '><div  style='padding-bottom:10px; ' class='av-special-heading av-special-heading-h2  blockquote modern-quote  avia-builder-el-1  avia-builder-el-no-sibling  '><h2 class='av-special-heading-tag '  itemprop=\"headline\"  >Actualit\u00e9s<\/h2><div class='special-heading-border'><div class='special-heading-inner-border' ><\/div><\/div><\/div><\/div>\n<div class=\"flex_column av_one_full  flex_column_div av-zero-column-padding first  avia-builder-el-2  el_after_av_one_full  avia-builder-el-last  column-top-margin\" style='border-radius:0px; '><div   data-autoplay=''  data-interval='5'  data-animation='fade'  data-show_slide_delay='90'  class='avia-content-slider avia-content-grid-active avia-content-slider1 avia-content-slider-even  avia-builder-el-3  avia-builder-el-no-sibling  '  itemscope=\"itemscope\" itemtype=\"https:\/\/schema.org\/Blog\" ><div class='avia-content-slider-inner'><div class='slide-entry-wrap'><article class='slide-entry flex_column  post-entry post-entry-12090 slide-entry-overview slide-loop-1 slide-parity-odd  av_one_fourth first real-thumbnail post-format-standard'  itemscope=\"itemscope\" itemtype=\"https:\/\/schema.org\/CreativeWork\" ><a href='https:\/\/apartis.swiss\/site\/gestion-du-chauffage-nouveaute\/' data-rel='slide-1' class='slide-image' title='Gestion du chauffage : nouveaut\u00e9 !'><img decoding=\"async\" width=\"260\" height=\"185\" src=\"https:\/\/apartis.swiss\/site\/wp-content\/uploads\/2021\/06\/gestion_chauffage-260x185.jpg\" class=\"wp-image-12091 avia-img-lazy-loading-not-12091 attachment-portfolio_small size-portfolio_small wp-post-image\" alt=\"\" \/><\/a><div class='slide-content'><header class=\"entry-content-header\"><h3 class='slide-entry-title entry-title '  itemprop=\"headline\" ><a href='https:\/\/apartis.swiss\/site\/gestion-du-chauffage-nouveaute\/' title='Gestion du chauffage : nouveaut\u00e9 !'>Gestion du chauffage : nouveaut\u00e9 !<\/a><\/h3><span class=\"blog-categories minor-meta\"><a href=\"https:\/\/apartis.swiss\/site\/category\/apartis-fr\/\" rel=\"tag\">Apartis<\/a> <\/span><span class=\"av-vertical-delimiter\"><\/span><\/header><div class='slide-entry-excerpt entry-content'  itemprop=\"text\" >\r\n<div class=\"read-more-link\"><a href=\"https:\/\/apartis.swiss\/site\/gestion-du-chauffage-nouveaute\/\" class=\"more-link\">Lire la suite<span class=\"more-link-arrow\"><\/span><\/a><\/div><\/div><\/div><footer class=\"entry-footer\"><div class='slide-meta'><time class='slide-meta-time updated'  itemprop=\"datePublished\" datetime=\"2022-06-30T15:00:33+02:00\" >30 juin 2022<\/time><\/div><\/footer><span class='hidden'>\n\t\t\t\t<span class='av-structured-data'  itemprop=\"image\" itemscope=\"itemscope\" itemtype=\"https:\/\/schema.org\/ImageObject\" >\n\t\t\t\t\t\t<span itemprop='url'>https:\/\/apartis.swiss\/site\/wp-content\/uploads\/2021\/06\/gestion_chauffage.jpg<\/span>\n\t\t\t\t\t\t<span itemprop='height'>686<\/span>\n\t\t\t\t\t\t<span itemprop='width'>1213<\/span>\n\t\t\t\t<\/span>\n\t\t\t\t<span class='av-structured-data'  itemprop=\"publisher\" itemtype=\"https:\/\/schema.org\/Organization\" itemscope=\"itemscope\" >\n\t\t\t\t\t\t<span itemprop='name'>Apartis<\/span>\n\t\t\t\t\t\t<span itemprop='logo' itemscope itemtype='https:\/\/schema.org\/ImageObject'>\n\t\t\t\t\t\t\t<span itemprop='url'>https:\/\/apartis.swiss\/site\/wp-content\/uploads\/2017\/08\/logo-apartis.png<\/span>\n\t\t\t\t\t\t <\/span>\n\t\t\t\t<\/span><span class='av-structured-data'  itemprop=\"author\" itemscope=\"itemscope\" itemtype=\"https:\/\/schema.org\/Person\" ><span itemprop='name'>Apartis<\/span><\/span><span class='av-structured-data'  itemprop=\"datePublished\" datetime=\"2017-11-13T17:50:57+01:00\" >2022-06-30 15:00:33<\/span><span class='av-structured-data'  itemprop=\"dateModified\" itemtype=\"https:\/\/schema.org\/dateModified\" >2022-06-30 15:36:20<\/span><span class='av-structured-data'  itemprop=\"mainEntityOfPage\" itemtype=\"https:\/\/schema.org\/mainEntityOfPage\" ><span itemprop='name'>Gestion du chauffage : nouveaut\u00e9 !<\/span><\/span><\/span><\/article><article class='slide-entry flex_column  post-entry post-entry-13019 slide-entry-overview slide-loop-2 slide-parity-even  av_one_fourth  real-thumbnail post-format-standard'  itemscope=\"itemscope\" itemtype=\"https:\/\/schema.org\/CreativeWork\" ><a href='https:\/\/apartis.swiss\/site\/voisins-trop-bruyants\/' data-rel='slide-1' class='slide-image' title='Que faire si vos voisins sont trop bruyants ?'><img decoding=\"async\" width=\"260\" height=\"185\" src=\"https:\/\/apartis.swiss\/site\/wp-content\/uploads\/2022\/03\/bruit-260x185.jpg\" class=\"wp-image-13016 avia-img-lazy-loading-not-13016 attachment-portfolio_small size-portfolio_small wp-post-image\" alt=\"\" \/><\/a><div class='slide-content'><header class=\"entry-content-header\"><h3 class='slide-entry-title entry-title '  itemprop=\"headline\" ><a href='https:\/\/apartis.swiss\/site\/voisins-trop-bruyants\/' title='Que faire si vos voisins sont trop bruyants ?'>Que faire si vos voisins sont trop bruyants ?<\/a><\/h3><span class=\"blog-categories minor-meta\"><a href=\"https:\/\/apartis.swiss\/site\/category\/apartis-fr\/\" rel=\"tag\">Apartis<\/a>, <a href=\"https:\/\/apartis.swiss\/site\/category\/article-fr\/\" rel=\"tag\">Article<\/a> <\/span><span class=\"av-vertical-delimiter\"><\/span><\/header><div class='slide-entry-excerpt entry-content'  itemprop=\"text\" >\r\n\r\n&nbsp;\r\n\r\n&nbsp;\r\n\r\nLes f\u00eates, la musique forte, les cris et rires sonores de vos voisins vous tapent sur les nerfs\u00a0et vous emp\u00eachent de dormir\u00a0? Alors agissez\u00a0!\r\n\r\nLe r\u00e8glement de maison fait partie du contrat que tout locataire signe\u2026<div class=\"read-more-link\"><a href=\"https:\/\/apartis.swiss\/site\/voisins-trop-bruyants\/\" class=\"more-link\">Lire la suite<span class=\"more-link-arrow\"><\/span><\/a><\/div><\/div><\/div><footer class=\"entry-footer\"><div class='slide-meta'><time class='slide-meta-time updated'  itemprop=\"datePublished\" datetime=\"2022-03-24T15:45:27+01:00\" >24 mars 2022<\/time><\/div><\/footer><span class='hidden'>\n\t\t\t\t<span class='av-structured-data'  itemprop=\"image\" itemscope=\"itemscope\" itemtype=\"https:\/\/schema.org\/ImageObject\" >\n\t\t\t\t\t\t<span itemprop='url'>https:\/\/apartis.swiss\/site\/wp-content\/uploads\/2022\/03\/bruit.jpg<\/span>\n\t\t\t\t\t\t<span itemprop='height'>515<\/span>\n\t\t\t\t\t\t<span itemprop='width'>1920<\/span>\n\t\t\t\t<\/span>\n\t\t\t\t<span class='av-structured-data'  itemprop=\"publisher\" itemtype=\"https:\/\/schema.org\/Organization\" itemscope=\"itemscope\" >\n\t\t\t\t\t\t<span itemprop='name'>Apartis<\/span>\n\t\t\t\t\t\t<span itemprop='logo' itemscope itemtype='https:\/\/schema.org\/ImageObject'>\n\t\t\t\t\t\t\t<span itemprop='url'>https:\/\/apartis.swiss\/site\/wp-content\/uploads\/2017\/08\/logo-apartis.png<\/span>\n\t\t\t\t\t\t <\/span>\n\t\t\t\t<\/span><span class='av-structured-data'  itemprop=\"author\" itemscope=\"itemscope\" itemtype=\"https:\/\/schema.org\/Person\" ><span itemprop='name'>Apartis<\/span><\/span><span class='av-structured-data'  itemprop=\"datePublished\" datetime=\"2017-11-13T17:50:57+01:00\" >2022-03-24 15:45:27<\/span><span class='av-structured-data'  itemprop=\"dateModified\" itemtype=\"https:\/\/schema.org\/dateModified\" >2022-03-24 15:45:27<\/span><span class='av-structured-data'  itemprop=\"mainEntityOfPage\" itemtype=\"https:\/\/schema.org\/mainEntityOfPage\" ><span itemprop='name'>Que faire si vos voisins sont trop bruyants ?<\/span><\/span><\/span><\/article><article class='slide-entry flex_column  post-entry post-entry-12837 slide-entry-overview slide-loop-3 slide-parity-odd  av_one_fourth  real-thumbnail post-format-standard'  itemscope=\"itemscope\" itemtype=\"https:\/\/schema.org\/CreativeWork\" ><a href='https:\/\/apartis.swiss\/site\/fast-pass-offre-speciale-roomis\/' data-rel='slide-1' class='slide-image' title='Fast Pass &#8211; Offre sp\u00e9ciale Room&rsquo;is'><img decoding=\"async\" width=\"260\" height=\"185\" src=\"https:\/\/apartis.swiss\/site\/wp-content\/uploads\/2022\/02\/fast_pass-room_is-260x185.png\" class=\"wp-image-12841 avia-img-lazy-loading-not-12841 attachment-portfolio_small size-portfolio_small wp-post-image\" alt=\"\" \/><\/a><div class='slide-content'><header class=\"entry-content-header\"><h3 class='slide-entry-title entry-title '  itemprop=\"headline\" ><a href='https:\/\/apartis.swiss\/site\/fast-pass-offre-speciale-roomis\/' title='Fast Pass &#8211; Offre sp\u00e9ciale Room&rsquo;is'>Fast Pass &#8211; Offre sp\u00e9ciale Room&rsquo;is<\/a><\/h3><span class=\"blog-categories minor-meta\"><a href=\"https:\/\/apartis.swiss\/site\/category\/apartis-fr\/\" rel=\"tag\">Apartis<\/a> <\/span><span class=\"av-vertical-delimiter\"><\/span><\/header><div class='slide-entry-excerpt entry-content'  itemprop=\"text\" >Fast Pass est un pass digital destin\u00e9 aux jeunes et \u00e9tudiants de la ville de Fribourg et qui permet \u00e0 ses d\u00e9tenteurs de profiter d'un rabais de 50% dans plus de vingt restaurants tels que L\u2019Impr\u00e9vu, L\u2019unique Tartare, Vapiano, Artisan\u2026<div class=\"read-more-link\"><a href=\"https:\/\/apartis.swiss\/site\/fast-pass-offre-speciale-roomis\/\" class=\"more-link\">Lire la suite<span class=\"more-link-arrow\"><\/span><\/a><\/div><\/div><\/div><footer class=\"entry-footer\"><div class='slide-meta'><time class='slide-meta-time updated'  itemprop=\"datePublished\" datetime=\"2022-02-24T15:39:41+01:00\" >24 f\u00e9vrier 2022<\/time><\/div><\/footer><span class='hidden'>\n\t\t\t\t<span class='av-structured-data'  itemprop=\"image\" itemscope=\"itemscope\" itemtype=\"https:\/\/schema.org\/ImageObject\" >\n\t\t\t\t\t\t<span itemprop='url'>https:\/\/apartis.swiss\/site\/wp-content\/uploads\/2022\/02\/fast_pass-room_is.png<\/span>\n\t\t\t\t\t\t<span itemprop='height'>540<\/span>\n\t\t\t\t\t\t<span itemprop='width'>810<\/span>\n\t\t\t\t<\/span>\n\t\t\t\t<span class='av-structured-data'  itemprop=\"publisher\" itemtype=\"https:\/\/schema.org\/Organization\" itemscope=\"itemscope\" >\n\t\t\t\t\t\t<span itemprop='name'>Apartis<\/span>\n\t\t\t\t\t\t<span itemprop='logo' itemscope itemtype='https:\/\/schema.org\/ImageObject'>\n\t\t\t\t\t\t\t<span itemprop='url'>https:\/\/apartis.swiss\/site\/wp-content\/uploads\/2017\/08\/logo-apartis.png<\/span>\n\t\t\t\t\t\t <\/span>\n\t\t\t\t<\/span><span class='av-structured-data'  itemprop=\"author\" itemscope=\"itemscope\" itemtype=\"https:\/\/schema.org\/Person\" ><span itemprop='name'>Apartis<\/span><\/span><span class='av-structured-data'  itemprop=\"datePublished\" datetime=\"2017-11-13T17:50:57+01:00\" >2022-02-24 15:39:41<\/span><span class='av-structured-data'  itemprop=\"dateModified\" itemtype=\"https:\/\/schema.org\/dateModified\" >2022-03-08 08:03:49<\/span><span class='av-structured-data'  itemprop=\"mainEntityOfPage\" itemtype=\"https:\/\/schema.org\/mainEntityOfPage\" ><span itemprop='name'>Fast Pass &#8211; Offre sp\u00e9ciale Room&rsquo;is<\/span><\/span><\/span><\/article><article class='slide-entry flex_column  post-entry post-entry-12761 slide-entry-overview slide-loop-4 slide-parity-even  av_one_fourth  real-thumbnail post-format-standard'  itemscope=\"itemscope\" itemtype=\"https:\/\/schema.org\/CreativeWork\" ><a href='https:\/\/apartis.swiss\/site\/defibrillateur-cardiaid\/' data-rel='slide-1' class='slide-image' title='D\u00e9fibrillateur CardiAid'><img decoding=\"async\" width=\"260\" height=\"185\" src=\"https:\/\/apartis.swiss\/site\/wp-content\/uploads\/2021\/12\/Banner-CardiAid-Semi-Auto-260x185.jpg\" class=\"wp-image-12712 avia-img-lazy-loading-not-12712 attachment-portfolio_small size-portfolio_small wp-post-image\" alt=\"\" \/><\/a><div class='slide-content'><header class=\"entry-content-header\"><h3 class='slide-entry-title entry-title '  itemprop=\"headline\" ><a href='https:\/\/apartis.swiss\/site\/defibrillateur-cardiaid\/' title='D\u00e9fibrillateur CardiAid'>D\u00e9fibrillateur CardiAid<\/a><\/h3><span class=\"blog-categories minor-meta\"><a href=\"https:\/\/apartis.swiss\/site\/category\/apartis-fr\/\" rel=\"tag\">Apartis<\/a> <\/span><span class=\"av-vertical-delimiter\"><\/span><\/header><div class='slide-entry-excerpt entry-content'  itemprop=\"text\" ><div class=\"read-more-link\"><a href=\"https:\/\/apartis.swiss\/site\/defibrillateur-cardiaid\/\" class=\"more-link\">Lire la suite<span class=\"more-link-arrow\"><\/span><\/a><\/div><\/div><\/div><footer class=\"entry-footer\"><div class='slide-meta'><time class='slide-meta-time updated'  itemprop=\"datePublished\" datetime=\"2021-12-22T17:06:00+01:00\" >22 d\u00e9cembre 2021<\/time><\/div><\/footer><span class='hidden'>\n\t\t\t\t<span class='av-structured-data'  itemprop=\"image\" itemscope=\"itemscope\" itemtype=\"https:\/\/schema.org\/ImageObject\" >\n\t\t\t\t\t\t<span itemprop='url'>https:\/\/apartis.swiss\/site\/wp-content\/uploads\/2021\/12\/Banner-CardiAid-Semi-Auto.jpg<\/span>\n\t\t\t\t\t\t<span itemprop='height'>630<\/span>\n\t\t\t\t\t\t<span itemprop='width'>1500<\/span>\n\t\t\t\t<\/span>\n\t\t\t\t<span class='av-structured-data'  itemprop=\"publisher\" itemtype=\"https:\/\/schema.org\/Organization\" itemscope=\"itemscope\" >\n\t\t\t\t\t\t<span itemprop='name'>Apartis<\/span>\n\t\t\t\t\t\t<span itemprop='logo' itemscope itemtype='https:\/\/schema.org\/ImageObject'>\n\t\t\t\t\t\t\t<span itemprop='url'>https:\/\/apartis.swiss\/site\/wp-content\/uploads\/2017\/08\/logo-apartis.png<\/span>\n\t\t\t\t\t\t <\/span>\n\t\t\t\t<\/span><span class='av-structured-data'  itemprop=\"author\" itemscope=\"itemscope\" itemtype=\"https:\/\/schema.org\/Person\" ><span itemprop='name'>Apartis<\/span><\/span><span class='av-structured-data'  itemprop=\"datePublished\" datetime=\"2017-11-13T17:50:57+01:00\" >2021-12-22 17:06:00<\/span><span class='av-structured-data'  itemprop=\"dateModified\" itemtype=\"https:\/\/schema.org\/dateModified\" >2021-12-22 17:10:29<\/span><span class='av-structured-data'  itemprop=\"mainEntityOfPage\" itemtype=\"https:\/\/schema.org\/mainEntityOfPage\" ><span itemprop='name'>D\u00e9fibrillateur CardiAid<\/span><\/span><\/span><\/article><\/div><div class='slide-entry-wrap'><article class='slide-entry flex_column  post-entry post-entry-12692 slide-entry-overview slide-loop-5 slide-parity-odd  av_one_fourth first real-thumbnail post-format-standard'  itemscope=\"itemscope\" itemtype=\"https:\/\/schema.org\/CreativeWork\" ><a href='https:\/\/apartis.swiss\/site\/horaire-de-fermeture\/' data-rel='slide-1' class='slide-image' title='Horaire de fermeture'><img decoding=\"async\" width=\"260\" height=\"185\" src=\"https:\/\/apartis.swiss\/site\/wp-content\/uploads\/2021\/12\/2021-22-260x185.jpg\" class=\"wp-image-12696 avia-img-lazy-loading-not-12696 attachment-portfolio_small size-portfolio_small wp-post-image\" alt=\"\" \/><\/a><div class='slide-content'><header class=\"entry-content-header\"><h3 class='slide-entry-title entry-title '  itemprop=\"headline\" ><a href='https:\/\/apartis.swiss\/site\/horaire-de-fermeture\/' title='Horaire de fermeture'>Horaire de fermeture<\/a><\/h3><span class=\"blog-categories minor-meta\"><a href=\"https:\/\/apartis.swiss\/site\/category\/apartis-fr\/\" rel=\"tag\">Apartis<\/a> <\/span><span class=\"av-vertical-delimiter\"><\/span><\/header><div class='slide-entry-excerpt entry-content'  itemprop=\"text\" >Nos bureaux seront ferm\u00e9s du 24.12.2021 au 09.01.2022.\u00a0Le courrier postal et les e-mails ne seront pas trait\u00e9s avant le 10 janvier.\r\n\r\nA l\u2019attention des locataires d\u2019Apartis :\r\nEn cas de probl\u00e8me dans votre immeuble, merci de prendre\u2026<div class=\"read-more-link\"><a href=\"https:\/\/apartis.swiss\/site\/horaire-de-fermeture\/\" class=\"more-link\">Lire la suite<span class=\"more-link-arrow\"><\/span><\/a><\/div><\/div><\/div><footer class=\"entry-footer\"><div class='slide-meta'><time class='slide-meta-time updated'  itemprop=\"datePublished\" datetime=\"2021-12-21T11:15:25+01:00\" >21 d\u00e9cembre 2021<\/time><\/div><\/footer><span class='hidden'>\n\t\t\t\t<span class='av-structured-data'  itemprop=\"image\" itemscope=\"itemscope\" itemtype=\"https:\/\/schema.org\/ImageObject\" >\n\t\t\t\t\t\t<span itemprop='url'>https:\/\/apartis.swiss\/site\/wp-content\/uploads\/2021\/12\/2021-22.jpg<\/span>\n\t\t\t\t\t\t<span itemprop='height'>972<\/span>\n\t\t\t\t\t\t<span itemprop='width'>1900<\/span>\n\t\t\t\t<\/span>\n\t\t\t\t<span class='av-structured-data'  itemprop=\"publisher\" itemtype=\"https:\/\/schema.org\/Organization\" itemscope=\"itemscope\" >\n\t\t\t\t\t\t<span itemprop='name'>Apartis<\/span>\n\t\t\t\t\t\t<span itemprop='logo' itemscope itemtype='https:\/\/schema.org\/ImageObject'>\n\t\t\t\t\t\t\t<span itemprop='url'>https:\/\/apartis.swiss\/site\/wp-content\/uploads\/2017\/08\/logo-apartis.png<\/span>\n\t\t\t\t\t\t <\/span>\n\t\t\t\t<\/span><span class='av-structured-data'  itemprop=\"author\" itemscope=\"itemscope\" itemtype=\"https:\/\/schema.org\/Person\" ><span itemprop='name'>Apartis<\/span><\/span><span class='av-structured-data'  itemprop=\"datePublished\" datetime=\"2017-11-13T17:50:57+01:00\" >2021-12-21 11:15:25<\/span><span class='av-structured-data'  itemprop=\"dateModified\" itemtype=\"https:\/\/schema.org\/dateModified\" >2021-12-21 11:15:25<\/span><span class='av-structured-data'  itemprop=\"mainEntityOfPage\" itemtype=\"https:\/\/schema.org\/mainEntityOfPage\" ><span itemprop='name'>Horaire de fermeture<\/span><\/span><\/span><\/article><article class='slide-entry flex_column  post-entry post-entry-11404 slide-entry-overview slide-loop-6 slide-parity-even  av_one_fourth  real-thumbnail post-format-standard'  itemscope=\"itemscope\" itemtype=\"https:\/\/schema.org\/CreativeWork\" ><a href='https:\/\/apartis.swiss\/site\/conseil-federal-renforce-mesures\/' data-rel='slide-1' class='slide-image' title='Coronavirus : le Conseil f\u00e9d\u00e9ral renforce les mesures'><img decoding=\"async\" width=\"260\" height=\"185\" src=\"https:\/\/apartis.swiss\/site\/wp-content\/uploads\/2021\/07\/Consignes_recommandations_20210623-260x185.png\" class=\"wp-image-12141 avia-img-lazy-loading-not-12141 attachment-portfolio_small size-portfolio_small wp-post-image\" alt=\"\" \/><\/a><div class='slide-content'><header class=\"entry-content-header\"><h3 class='slide-entry-title entry-title '  itemprop=\"headline\" ><a href='https:\/\/apartis.swiss\/site\/conseil-federal-renforce-mesures\/' title='Coronavirus : le Conseil f\u00e9d\u00e9ral renforce les mesures'>Coronavirus : le Conseil f\u00e9d\u00e9ral renforce les mesures<\/a><\/h3><span class=\"blog-categories minor-meta\"><a href=\"https:\/\/apartis.swiss\/site\/category\/apartis-fr\/\" rel=\"tag\">Apartis<\/a> <\/span><span class=\"av-vertical-delimiter\"><\/span><\/header><div class='slide-entry-excerpt entry-content'  itemprop=\"text\" ><div class=\"read-more-link\"><a href=\"https:\/\/apartis.swiss\/site\/conseil-federal-renforce-mesures\/\" class=\"more-link\">Lire la suite<span class=\"more-link-arrow\"><\/span><\/a><\/div><\/div><\/div><footer class=\"entry-footer\"><div class='slide-meta'><time class='slide-meta-time updated'  itemprop=\"datePublished\" datetime=\"2021-12-17T16:00:22+01:00\" >17 d\u00e9cembre 2021<\/time><\/div><\/footer><span class='hidden'>\n\t\t\t\t<span class='av-structured-data'  itemprop=\"image\" itemscope=\"itemscope\" itemtype=\"https:\/\/schema.org\/ImageObject\" >\n\t\t\t\t\t\t<span itemprop='url'>https:\/\/apartis.swiss\/site\/wp-content\/uploads\/2021\/07\/Consignes_recommandations_20210623.png<\/span>\n\t\t\t\t\t\t<span itemprop='height'>2666<\/span>\n\t\t\t\t\t\t<span itemprop='width'>2666<\/span>\n\t\t\t\t<\/span>\n\t\t\t\t<span class='av-structured-data'  itemprop=\"publisher\" itemtype=\"https:\/\/schema.org\/Organization\" itemscope=\"itemscope\" >\n\t\t\t\t\t\t<span itemprop='name'>Apartis<\/span>\n\t\t\t\t\t\t<span itemprop='logo' itemscope itemtype='https:\/\/schema.org\/ImageObject'>\n\t\t\t\t\t\t\t<span itemprop='url'>https:\/\/apartis.swiss\/site\/wp-content\/uploads\/2017\/08\/logo-apartis.png<\/span>\n\t\t\t\t\t\t <\/span>\n\t\t\t\t<\/span><span class='av-structured-data'  itemprop=\"author\" itemscope=\"itemscope\" itemtype=\"https:\/\/schema.org\/Person\" ><span itemprop='name'>Apartis<\/span><\/span><span class='av-structured-data'  itemprop=\"datePublished\" datetime=\"2017-11-13T17:50:57+01:00\" >2021-12-17 16:00:22<\/span><span class='av-structured-data'  itemprop=\"dateModified\" itemtype=\"https:\/\/schema.org\/dateModified\" >2021-12-21 10:32:23<\/span><span class='av-structured-data'  itemprop=\"mainEntityOfPage\" itemtype=\"https:\/\/schema.org\/mainEntityOfPage\" ><span itemprop='name'>Coronavirus : le Conseil f\u00e9d\u00e9ral renforce les mesures<\/span><\/span><\/span><\/article><article class='slide-entry flex_column  post-entry post-entry-13063 slide-entry-overview slide-loop-7 slide-parity-odd  av_one_fourth  real-thumbnail post-format-standard'  itemscope=\"itemscope\" itemtype=\"https:\/\/schema.org\/CreativeWork\" ><a href='https:\/\/apartis.swiss\/site\/bssr-publication-variowohnungen\/' data-rel='slide-1' class='slide-image' title='BSSR &#8211; Publication \u00ab\u00a0Variowohnungen\u00a0\u00bb'><img decoding=\"async\" width=\"260\" height=\"153\" src=\"https:\/\/apartis.swiss\/site\/wp-content\/uploads\/2022\/03\/logo-bbsr-260x153.png\" class=\"wp-image-13062 avia-img-lazy-loading-not-13062 attachment-portfolio_small size-portfolio_small wp-post-image\" alt=\"\" \/><\/a><div class='slide-content'><header class=\"entry-content-header\"><h3 class='slide-entry-title entry-title '  itemprop=\"headline\" ><a href='https:\/\/apartis.swiss\/site\/bssr-publication-variowohnungen\/' title='BSSR &#8211; Publication \u00ab\u00a0Variowohnungen\u00a0\u00bb'>BSSR &#8211; Publication \u00ab\u00a0Variowohnungen\u00a0\u00bb<\/a><\/h3><span class=\"blog-categories minor-meta\"><a href=\"https:\/\/apartis.swiss\/site\/category\/apartis-fr\/\" rel=\"tag\">Apartis<\/a> <\/span><span class=\"av-vertical-delimiter\"><\/span><\/header><div class='slide-entry-excerpt entry-content'  itemprop=\"text\" >\r\n\r\nDans le contexte d'un march\u00e9 du logement tendu, en particulier dans les villes et les agglom\u00e9rations, le minist\u00e8re f\u00e9d\u00e9ral de la construction et le BBSR ont mis l'accent fin 2015 sur le th\u00e8me du logement abordable en lan\u00e7ant le \"programme\u2026<div class=\"read-more-link\"><a href=\"https:\/\/apartis.swiss\/site\/bssr-publication-variowohnungen\/\" class=\"more-link\">Lire la suite<span class=\"more-link-arrow\"><\/span><\/a><\/div><\/div><\/div><footer class=\"entry-footer\"><div class='slide-meta'><time class='slide-meta-time updated'  itemprop=\"datePublished\" datetime=\"2021-09-30T13:00:21+02:00\" >30 septembre 2021<\/time><\/div><\/footer><span class='hidden'>\n\t\t\t\t<span class='av-structured-data'  itemprop=\"image\" itemscope=\"itemscope\" itemtype=\"https:\/\/schema.org\/ImageObject\" >\n\t\t\t\t\t\t<span itemprop='url'>https:\/\/apartis.swiss\/site\/wp-content\/uploads\/2022\/03\/logo-bbsr.png<\/span>\n\t\t\t\t\t\t<span itemprop='height'>153<\/span>\n\t\t\t\t\t\t<span itemprop='width'>900<\/span>\n\t\t\t\t<\/span>\n\t\t\t\t<span class='av-structured-data'  itemprop=\"publisher\" itemtype=\"https:\/\/schema.org\/Organization\" itemscope=\"itemscope\" >\n\t\t\t\t\t\t<span itemprop='name'>Apartis<\/span>\n\t\t\t\t\t\t<span itemprop='logo' itemscope itemtype='https:\/\/schema.org\/ImageObject'>\n\t\t\t\t\t\t\t<span itemprop='url'>https:\/\/apartis.swiss\/site\/wp-content\/uploads\/2017\/08\/logo-apartis.png<\/span>\n\t\t\t\t\t\t <\/span>\n\t\t\t\t<\/span><span class='av-structured-data'  itemprop=\"author\" itemscope=\"itemscope\" itemtype=\"https:\/\/schema.org\/Person\" ><span itemprop='name'>Apartis<\/span><\/span><span class='av-structured-data'  itemprop=\"datePublished\" datetime=\"2017-11-13T17:50:57+01:00\" >2021-09-30 13:00:21<\/span><span class='av-structured-data'  itemprop=\"dateModified\" itemtype=\"https:\/\/schema.org\/dateModified\" >2022-03-29 14:04:39<\/span><span class='av-structured-data'  itemprop=\"mainEntityOfPage\" itemtype=\"https:\/\/schema.org\/mainEntityOfPage\" ><span itemprop='name'>BSSR &#8211; Publication \u00ab\u00a0Variowohnungen\u00a0\u00bb<\/span><\/span><\/span><\/article><article class='slide-entry flex_column  post-entry post-entry-9453 slide-entry-overview slide-loop-8 slide-parity-even  av_one_fourth  real-thumbnail post-format-standard'  itemscope=\"itemscope\" itemtype=\"https:\/\/schema.org\/CreativeWork\" ><a href='https:\/\/apartis.swiss\/site\/flyer-fonderie\/' data-rel='slide-1' class='slide-image' title='Flyer Fonderie &#8211; D\u00e8s le 15.09.2020'><img decoding=\"async\" width=\"260\" height=\"185\" src=\"https:\/\/apartis.swiss\/site\/wp-content\/uploads\/2020\/06\/Flyer_Fonderie_Mail-260x185.png\" class=\"wp-image-10360 avia-img-lazy-loading-not-10360 attachment-portfolio_small size-portfolio_small wp-post-image\" alt=\"\" \/><\/a><div class='slide-content'><header class=\"entry-content-header\"><h3 class='slide-entry-title entry-title '  itemprop=\"headline\" ><a href='https:\/\/apartis.swiss\/site\/flyer-fonderie\/' title='Flyer Fonderie &#8211; D\u00e8s le 15.09.2020'>Flyer Fonderie &#8211; D\u00e8s le 15.09.2020<\/a><\/h3><span class=\"blog-categories minor-meta\"><a href=\"https:\/\/apartis.swiss\/site\/category\/projet_fonderie\/\" rel=\"tag\">Projet Fonderie<\/a> <\/span><span class=\"av-vertical-delimiter\"><\/span><\/header><div class='slide-entry-excerpt entry-content'  itemprop=\"text\" >\r\n\r\n[version PDF]\r\n\r\n[d\u00e9tail et inscription]<div class=\"read-more-link\"><a href=\"https:\/\/apartis.swiss\/site\/flyer-fonderie\/\" class=\"more-link\">Lire la suite<span class=\"more-link-arrow\"><\/span><\/a><\/div><\/div><\/div><footer class=\"entry-footer\"><div class='slide-meta'><time class='slide-meta-time updated'  itemprop=\"datePublished\" datetime=\"2021-09-30T13:00:21+02:00\" >30 septembre 2021<\/time><\/div><\/footer><span class='hidden'>\n\t\t\t\t<span class='av-structured-data'  itemprop=\"image\" itemscope=\"itemscope\" itemtype=\"https:\/\/schema.org\/ImageObject\" >\n\t\t\t\t\t\t<span itemprop='url'>https:\/\/apartis.swiss\/site\/wp-content\/uploads\/2020\/06\/Flyer_Fonderie_Mail.png<\/span>\n\t\t\t\t\t\t<span itemprop='height'>2210<\/span>\n\t\t\t\t\t\t<span itemprop='width'>2481<\/span>\n\t\t\t\t<\/span>\n\t\t\t\t<span class='av-structured-data'  itemprop=\"publisher\" itemtype=\"https:\/\/schema.org\/Organization\" itemscope=\"itemscope\" >\n\t\t\t\t\t\t<span itemprop='name'>apartis<\/span>\n\t\t\t\t\t\t<span itemprop='logo' itemscope itemtype='https:\/\/schema.org\/ImageObject'>\n\t\t\t\t\t\t\t<span itemprop='url'>https:\/\/apartis.swiss\/site\/wp-content\/uploads\/2017\/08\/logo-apartis.png<\/span>\n\t\t\t\t\t\t <\/span>\n\t\t\t\t<\/span><span class='av-structured-data'  itemprop=\"author\" itemscope=\"itemscope\" itemtype=\"https:\/\/schema.org\/Person\" ><span itemprop='name'>apartis<\/span><\/span><span class='av-structured-data'  itemprop=\"datePublished\" datetime=\"2017-11-13T17:50:57+01:00\" >2021-09-30 13:00:21<\/span><span class='av-structured-data'  itemprop=\"dateModified\" itemtype=\"https:\/\/schema.org\/dateModified\" >2022-04-28 15:15:04<\/span><span class='av-structured-data'  itemprop=\"mainEntityOfPage\" itemtype=\"https:\/\/schema.org\/mainEntityOfPage\" ><span itemprop='name'>Flyer Fonderie &#8211; D\u00e8s le 15.09.2020<\/span><\/span><\/span><\/article><\/div><div class='slide-entry-wrap'><article class='slide-entry flex_column  post-entry post-entry-12386 slide-entry-overview slide-loop-9 slide-parity-odd  av_one_fourth first real-thumbnail post-format-standard'  itemscope=\"itemscope\" itemtype=\"https:\/\/schema.org\/CreativeWork\" ><a href='https:\/\/apartis.swiss\/site\/etusound-festival\/' data-rel='slide-1' class='slide-image' title='Etu&rsquo;Sound Festival'><img decoding=\"async\" width=\"260\" height=\"185\" src=\"https:\/\/apartis.swiss\/site\/wp-content\/uploads\/2021\/09\/EtuSound-260x185.png\" class=\"wp-image-12387 avia-img-lazy-loading-not-12387 attachment-portfolio_small size-portfolio_small wp-post-image\" alt=\"\" \/><\/a><div class='slide-content'><header class=\"entry-content-header\"><h3 class='slide-entry-title entry-title '  itemprop=\"headline\" ><a href='https:\/\/apartis.swiss\/site\/etusound-festival\/' title='Etu&rsquo;Sound Festival'>Etu&rsquo;Sound Festival<\/a><\/h3><span class=\"blog-categories minor-meta\"><a href=\"https:\/\/apartis.swiss\/site\/category\/apartis-fr\/\" rel=\"tag\">Apartis<\/a> <\/span><span class=\"av-vertical-delimiter\"><\/span><\/header><div class='slide-entry-excerpt entry-content'  itemprop=\"text\" ><div class=\"read-more-link\"><a href=\"https:\/\/apartis.swiss\/site\/etusound-festival\/\" class=\"more-link\">Lire la suite<span class=\"more-link-arrow\"><\/span><\/a><\/div><\/div><\/div><footer class=\"entry-footer\"><div class='slide-meta'><time class='slide-meta-time updated'  itemprop=\"datePublished\" datetime=\"2021-09-29T13:51:29+02:00\" >29 septembre 2021<\/time><\/div><\/footer><span class='hidden'>\n\t\t\t\t<span class='av-structured-data'  itemprop=\"image\" itemscope=\"itemscope\" itemtype=\"https:\/\/schema.org\/ImageObject\" >\n\t\t\t\t\t\t<span itemprop='url'>https:\/\/apartis.swiss\/site\/wp-content\/uploads\/2021\/09\/EtuSound.png<\/span>\n\t\t\t\t\t\t<span itemprop='height'>312<\/span>\n\t\t\t\t\t\t<span itemprop='width'>820<\/span>\n\t\t\t\t<\/span>\n\t\t\t\t<span class='av-structured-data'  itemprop=\"publisher\" itemtype=\"https:\/\/schema.org\/Organization\" itemscope=\"itemscope\" >\n\t\t\t\t\t\t<span itemprop='name'>Apartis<\/span>\n\t\t\t\t\t\t<span itemprop='logo' itemscope itemtype='https:\/\/schema.org\/ImageObject'>\n\t\t\t\t\t\t\t<span itemprop='url'>https:\/\/apartis.swiss\/site\/wp-content\/uploads\/2017\/08\/logo-apartis.png<\/span>\n\t\t\t\t\t\t <\/span>\n\t\t\t\t<\/span><span class='av-structured-data'  itemprop=\"author\" itemscope=\"itemscope\" itemtype=\"https:\/\/schema.org\/Person\" ><span itemprop='name'>Apartis<\/span><\/span><span class='av-structured-data'  itemprop=\"datePublished\" datetime=\"2017-11-13T17:50:57+01:00\" >2021-09-29 13:51:29<\/span><span class='av-structured-data'  itemprop=\"dateModified\" itemtype=\"https:\/\/schema.org\/dateModified\" >2021-09-29 13:51:29<\/span><span class='av-structured-data'  itemprop=\"mainEntityOfPage\" itemtype=\"https:\/\/schema.org\/mainEntityOfPage\" ><span itemprop='name'>Etu&rsquo;Sound Festival<\/span><\/span><\/span><\/article><article class='slide-entry flex_column  post-entry post-entry-12218 slide-entry-overview slide-loop-10 slide-parity-even  av_one_fourth  real-thumbnail post-format-standard'  itemscope=\"itemscope\" itemtype=\"https:\/\/schema.org\/CreativeWork\" ><a href='https:\/\/apartis.swiss\/site\/vous-preferez-vivre-seul\/' data-rel='slide-1' class='slide-image' title='Vous pr\u00e9f\u00e9rez vivre seul plut\u00f4t qu&rsquo;en communaut\u00e9?'><img decoding=\"async\" width=\"260\" height=\"185\" src=\"https:\/\/apartis.swiss\/site\/wp-content\/uploads\/2021\/08\/vivre_apartis_episode_04-260x185.png\" class=\"wp-image-12215 avia-img-lazy-loading-not-12215 attachment-portfolio_small size-portfolio_small wp-post-image\" alt=\"\" \/><\/a><div class='slide-content'><header class=\"entry-content-header\"><h3 class='slide-entry-title entry-title '  itemprop=\"headline\" ><a href='https:\/\/apartis.swiss\/site\/vous-preferez-vivre-seul\/' title='Vous pr\u00e9f\u00e9rez vivre seul plut\u00f4t qu&rsquo;en communaut\u00e9?'>Vous pr\u00e9f\u00e9rez vivre seul plut\u00f4t qu&rsquo;en communaut\u00e9?<\/a><\/h3><span class=\"blog-categories minor-meta\"><a href=\"https:\/\/apartis.swiss\/site\/category\/apartis-fr\/\" rel=\"tag\">Apartis<\/a>, <a href=\"https:\/\/apartis.swiss\/site\/category\/article-fr\/\" rel=\"tag\">Article<\/a> <\/span><span class=\"av-vertical-delimiter\"><\/span><\/header><div class='slide-entry-excerpt entry-content'  itemprop=\"text\" ><div class=\"read-more-link\"><a href=\"https:\/\/apartis.swiss\/site\/vous-preferez-vivre-seul\/\" class=\"more-link\">Lire la suite<span class=\"more-link-arrow\"><\/span><\/a><\/div><\/div><\/div><footer class=\"entry-footer\"><div class='slide-meta'><time class='slide-meta-time updated'  itemprop=\"datePublished\" datetime=\"2021-07-26T17:00:29+02:00\" >26 juillet 2021<\/time><\/div><\/footer><span class='hidden'>\n\t\t\t\t<span class='av-structured-data'  itemprop=\"image\" itemscope=\"itemscope\" itemtype=\"https:\/\/schema.org\/ImageObject\" >\n\t\t\t\t\t\t<span itemprop='url'>https:\/\/apartis.swiss\/site\/wp-content\/uploads\/2021\/08\/vivre_apartis_episode_04.png<\/span>\n\t\t\t\t\t\t<span itemprop='height'>732<\/span>\n\t\t\t\t\t\t<span itemprop='width'>1420<\/span>\n\t\t\t\t<\/span>\n\t\t\t\t<span class='av-structured-data'  itemprop=\"publisher\" itemtype=\"https:\/\/schema.org\/Organization\" itemscope=\"itemscope\" >\n\t\t\t\t\t\t<span itemprop='name'>Apartis<\/span>\n\t\t\t\t\t\t<span itemprop='logo' itemscope itemtype='https:\/\/schema.org\/ImageObject'>\n\t\t\t\t\t\t\t<span itemprop='url'>https:\/\/apartis.swiss\/site\/wp-content\/uploads\/2017\/08\/logo-apartis.png<\/span>\n\t\t\t\t\t\t <\/span>\n\t\t\t\t<\/span><span class='av-structured-data'  itemprop=\"author\" itemscope=\"itemscope\" itemtype=\"https:\/\/schema.org\/Person\" ><span itemprop='name'>Apartis<\/span><\/span><span class='av-structured-data'  itemprop=\"datePublished\" datetime=\"2017-11-13T17:50:57+01:00\" >2021-07-26 17:00:29<\/span><span class='av-structured-data'  itemprop=\"dateModified\" itemtype=\"https:\/\/schema.org\/dateModified\" >2021-08-17 07:50:58<\/span><span class='av-structured-data'  itemprop=\"mainEntityOfPage\" itemtype=\"https:\/\/schema.org\/mainEntityOfPage\" ><span itemprop='name'>Vous pr\u00e9f\u00e9rez vivre seul plut\u00f4t qu&rsquo;en communaut\u00e9?<\/span><\/span><\/span><\/article><article class='slide-entry flex_column  post-entry post-entry-12197 slide-entry-overview slide-loop-11 slide-parity-odd  av_one_fourth  real-thumbnail post-format-standard'  itemscope=\"itemscope\" itemtype=\"https:\/\/schema.org\/CreativeWork\" ><a href='https:\/\/apartis.swiss\/site\/de-rome-a-fribourg-decouvrez-le-portrait-de-sofia\/' data-rel='slide-1' class='slide-image' title='De Rome \u00e0 Fribourg, d\u00e9couvrez le portrait de Sofia'><img decoding=\"async\" width=\"260\" height=\"185\" src=\"https:\/\/apartis.swiss\/site\/wp-content\/uploads\/2021\/07\/vivre_apartis_episode_03-1-260x185.png\" class=\"wp-image-12201 avia-img-lazy-loading-not-12201 attachment-portfolio_small size-portfolio_small wp-post-image\" alt=\"\" \/><\/a><div class='slide-content'><header class=\"entry-content-header\"><h3 class='slide-entry-title entry-title '  itemprop=\"headline\" ><a href='https:\/\/apartis.swiss\/site\/de-rome-a-fribourg-decouvrez-le-portrait-de-sofia\/' title='De Rome \u00e0 Fribourg, d\u00e9couvrez le portrait de Sofia'>De Rome \u00e0 Fribourg, d\u00e9couvrez le portrait de Sofia<\/a><\/h3><span class=\"blog-categories minor-meta\"><a href=\"https:\/\/apartis.swiss\/site\/category\/apartis-fr\/\" rel=\"tag\">Apartis<\/a>, <a href=\"https:\/\/apartis.swiss\/site\/category\/article-fr\/\" rel=\"tag\">Article<\/a> <\/span><span class=\"av-vertical-delimiter\"><\/span><\/header><div class='slide-entry-excerpt entry-content'  itemprop=\"text\" ><div class=\"read-more-link\"><a href=\"https:\/\/apartis.swiss\/site\/de-rome-a-fribourg-decouvrez-le-portrait-de-sofia\/\" class=\"more-link\">Lire la suite<span class=\"more-link-arrow\"><\/span><\/a><\/div><\/div><\/div><footer class=\"entry-footer\"><div class='slide-meta'><time class='slide-meta-time updated'  itemprop=\"datePublished\" datetime=\"2021-06-25T16:00:41+02:00\" >25 juin 2021<\/time><\/div><\/footer><span class='hidden'>\n\t\t\t\t<span class='av-structured-data'  itemprop=\"image\" itemscope=\"itemscope\" itemtype=\"https:\/\/schema.org\/ImageObject\" >\n\t\t\t\t\t\t<span itemprop='url'>https:\/\/apartis.swiss\/site\/wp-content\/uploads\/2021\/07\/vivre_apartis_episode_03-1.png<\/span>\n\t\t\t\t\t\t<span itemprop='height'>732<\/span>\n\t\t\t\t\t\t<span itemprop='width'>1420<\/span>\n\t\t\t\t<\/span>\n\t\t\t\t<span class='av-structured-data'  itemprop=\"publisher\" itemtype=\"https:\/\/schema.org\/Organization\" itemscope=\"itemscope\" >\n\t\t\t\t\t\t<span itemprop='name'>Apartis<\/span>\n\t\t\t\t\t\t<span itemprop='logo' itemscope itemtype='https:\/\/schema.org\/ImageObject'>\n\t\t\t\t\t\t\t<span itemprop='url'>https:\/\/apartis.swiss\/site\/wp-content\/uploads\/2017\/08\/logo-apartis.png<\/span>\n\t\t\t\t\t\t <\/span>\n\t\t\t\t<\/span><span class='av-structured-data'  itemprop=\"author\" itemscope=\"itemscope\" itemtype=\"https:\/\/schema.org\/Person\" ><span itemprop='name'>Apartis<\/span><\/span><span class='av-structured-data'  itemprop=\"datePublished\" datetime=\"2017-11-13T17:50:57+01:00\" >2021-06-25 16:00:41<\/span><span class='av-structured-data'  itemprop=\"dateModified\" itemtype=\"https:\/\/schema.org\/dateModified\" >2021-08-17 07:50:50<\/span><span class='av-structured-data'  itemprop=\"mainEntityOfPage\" itemtype=\"https:\/\/schema.org\/mainEntityOfPage\" ><span itemprop='name'>De Rome \u00e0 Fribourg, d\u00e9couvrez le portrait de Sofia<\/span><\/span><\/span><\/article><article class='slide-entry flex_column  post-entry post-entry-12185 slide-entry-overview slide-loop-12 slide-parity-even  post-entry-last  av_one_fourth  real-thumbnail post-format-standard'  itemscope=\"itemscope\" itemtype=\"https:\/\/schema.org\/CreativeWork\" ><a href='https:\/\/apartis.swiss\/site\/vivre-chez-apartis-episode-2\/' data-rel='slide-1' class='slide-image' title='Vivre chez Apartis, \u00e9pisode 2'><img decoding=\"async\" width=\"260\" height=\"185\" src=\"https:\/\/apartis.swiss\/site\/wp-content\/uploads\/2021\/07\/vivre_apartis_episode_02-260x185.png\" class=\"wp-image-12186 avia-img-lazy-loading-not-12186 attachment-portfolio_small size-portfolio_small wp-post-image\" alt=\"\" \/><\/a><div class='slide-content'><header class=\"entry-content-header\"><h3 class='slide-entry-title entry-title '  itemprop=\"headline\" ><a href='https:\/\/apartis.swiss\/site\/vivre-chez-apartis-episode-2\/' title='Vivre chez Apartis, \u00e9pisode 2'>Vivre chez Apartis, \u00e9pisode 2<\/a><\/h3><span class=\"blog-categories minor-meta\"><a href=\"https:\/\/apartis.swiss\/site\/category\/apartis-fr\/\" rel=\"tag\">Apartis<\/a>, <a href=\"https:\/\/apartis.swiss\/site\/category\/article-fr\/\" rel=\"tag\">Article<\/a> <\/span><span class=\"av-vertical-delimiter\"><\/span><\/header><div class='slide-entry-excerpt entry-content'  itemprop=\"text\" ><div class=\"read-more-link\"><a href=\"https:\/\/apartis.swiss\/site\/vivre-chez-apartis-episode-2\/\" class=\"more-link\">Lire la suite<span class=\"more-link-arrow\"><\/span><\/a><\/div><\/div><\/div><footer class=\"entry-footer\"><div class='slide-meta'><time class='slide-meta-time updated'  itemprop=\"datePublished\" datetime=\"2021-05-24T17:00:49+02:00\" >24 mai 2021<\/time><\/div><\/footer><span class='hidden'>\n\t\t\t\t<span class='av-structured-data'  itemprop=\"image\" itemscope=\"itemscope\" itemtype=\"https:\/\/schema.org\/ImageObject\" >\n\t\t\t\t\t\t<span itemprop='url'>https:\/\/apartis.swiss\/site\/wp-content\/uploads\/2021\/07\/vivre_apartis_episode_02.png<\/span>\n\t\t\t\t\t\t<span itemprop='height'>732<\/span>\n\t\t\t\t\t\t<span itemprop='width'>1420<\/span>\n\t\t\t\t<\/span>\n\t\t\t\t<span class='av-structured-data'  itemprop=\"publisher\" itemtype=\"https:\/\/schema.org\/Organization\" itemscope=\"itemscope\" >\n\t\t\t\t\t\t<span itemprop='name'>Apartis<\/span>\n\t\t\t\t\t\t<span itemprop='logo' itemscope itemtype='https:\/\/schema.org\/ImageObject'>\n\t\t\t\t\t\t\t<span itemprop='url'>https:\/\/apartis.swiss\/site\/wp-content\/uploads\/2017\/08\/logo-apartis.png<\/span>\n\t\t\t\t\t\t <\/span>\n\t\t\t\t<\/span><span class='av-structured-data'  itemprop=\"author\" itemscope=\"itemscope\" itemtype=\"https:\/\/schema.org\/Person\" ><span itemprop='name'>Apartis<\/span><\/span><span class='av-structured-data'  itemprop=\"datePublished\" datetime=\"2017-11-13T17:50:57+01:00\" >2021-05-24 17:00:49<\/span><span class='av-structured-data'  itemprop=\"dateModified\" itemtype=\"https:\/\/schema.org\/dateModified\" >2021-08-17 07:51:06<\/span><span class='av-structured-data'  itemprop=\"mainEntityOfPage\" itemtype=\"https:\/\/schema.org\/mainEntityOfPage\" ><span itemprop='name'>Vivre chez Apartis, \u00e9pisode 2<\/span><\/span><\/span><\/article><\/div><\/div><div class='pagination-wrap pagination-slider'><nav class='pagination'><span class='pagination-meta'>Page 1 sur 4<\/span><span class='current'>1<\/span><a href='https:\/\/apartis.swiss\/site\/wp-json\/wp\/v2\/pages\/752\/?avia-element-paging=2' class='inactive next_page' >2<\/a><a href='https:\/\/apartis.swiss\/site\/wp-json\/wp\/v2\/pages\/752\/?avia-element-paging=3' class='inactive' >3<\/a><a href='https:\/\/apartis.swiss\/site\/wp-json\/wp\/v2\/pages\/752\/?avia-element-paging=4' class='inactive' >4<\/a><\/nav>\n<\/div><\/div><\/div>\n","protected":false},"excerpt":{"rendered":"","protected":false},"author":2,"featured_media":0,"parent":0,"menu_order":7,"comment_status":"closed","ping_status":"closed","template":"","meta":{"footnotes":""},"class_list":["post-752","page","type-page","status-publish","hentry"],"publishpress_future_action":{"enabled":false,"date":"2026-09-08 08:03:24","action":"change-status","newStatus":"draft","terms":[],"taxonomy":"translation_priority"},"_links":{"self":[{"href":"https:\/\/apartis.swiss\/site\/wp-json\/wp\/v2\/pages\/752"}],"collection":[{"href":"https:\/\/apartis.swiss\/site\/wp-json\/wp\/v2\/pages"}],"about":[{"href":"https:\/\/apartis.swiss\/site\/wp-json\/wp\/v2\/types\/page"}],"author":[{"embeddable":true,"href":"https:\/\/apartis.swiss\/site\/wp-json\/wp\/v2\/users\/2"}],"replies":[{"embeddable":true,"href":"https:\/\/apartis.swiss\/site\/wp-json\/wp\/v2\/comments?post=752"}],"version-history":[{"count":0,"href":"https:\/\/apartis.swiss\/site\/wp-json\/wp\/v2\/pages\/752\/revisions"}],"wp:attachment":[{"href":"https:\/\/apartis.swiss\/site\/wp-json\/wp\/v2\/media?parent=752"}],"curies":[{"name":"wp","href":"https:\/\/api.w.org\/{rel}","templated":true}]}}