{"id":7090,"date":"2019-05-03T08:51:24","date_gmt":"2019-05-03T06:51:24","guid":{"rendered":"https:\/\/apartis.swiss\/?page_id=7090"},"modified":"2019-05-28T16:46:05","modified_gmt":"2019-05-28T14:46:05","slug":"fonderie","status":"publish","type":"page","link":"https:\/\/apartis.swiss\/site\/apartis\/fonderie\/","title":{"rendered":"Fonderie"},"content":{"rendered":"<div  style='padding-bottom:10px; ' class='av-special-heading av-special-heading-h2  blockquote modern-quote  avia-builder-el-0  el_before_av_one_full  avia-builder-el-first  '><h2 class='av-special-heading-tag '  itemprop=\"headline\"  >Fonderie<\/h2><div class='special-heading-border'><div class='special-heading-inner-border' ><\/div><\/div><\/div>\n<div class=\"flex_column av_one_full  flex_column_div av-zero-column-padding first  avia-builder-el-1  el_after_av_heading  el_before_av_one_full  \" style='border-radius:0px; '><p><div  style='padding-bottom:10px; ' class='av-special-heading av-special-heading-h3  blockquote modern-quote  avia-builder-el-2  el_before_av_textblock  avia-builder-el-first  '><h3 class='av-special-heading-tag '  itemprop=\"headline\"  >Webcam<\/h3><div class='special-heading-border'><div class='special-heading-inner-border' ><\/div><\/div><\/div><br \/>\n<section class=\"av_textblock_section \"  itemscope=\"itemscope\" itemtype=\"https:\/\/schema.org\/CreativeWork\" ><div class='avia_textblock  '   itemprop=\"text\" ><p><iframe id=\"rs_cam_1068\" style=\"width: 100%; height: 450px; border: none;\" src=\"https:\/\/halter.roundshot.com\/fonderiefribourg\" allowfullscreen=\"allowfullscreen\"><\/iframe><\/p>\n<\/div><\/section><\/p><\/div>\n<div class=\"flex_column av_one_full  flex_column_div av-zero-column-padding first  avia-builder-el-4  el_after_av_one_full  avia-builder-el-last  column-top-margin\" style='border-radius:0px; '><p><div  style='padding-bottom:10px; ' class='av-special-heading av-special-heading-h3  blockquote modern-quote  avia-builder-el-5  el_before_av_blog  avia-builder-el-first  '><h3 class='av-special-heading-tag '  itemprop=\"headline\"  >Derni\u00e8res news<\/h3><div class='special-heading-border'><div class='special-heading-inner-border' ><\/div><\/div><\/div><br \/>\n<div   data-autoplay=''  data-interval='5'  data-animation='fade'  data-show_slide_delay='90'  class='avia-content-slider avia-content-grid-active avia-content-slider1 avia-content-slider-odd  avia-builder-el-6  el_after_av_heading  avia-builder-el-last  '  itemscope=\"itemscope\" itemtype=\"https:\/\/schema.org\/Blog\" ><div class='avia-content-slider-inner'><div class='slide-entry-wrap'><article class='slide-entry flex_column  post-entry post-entry-9453 slide-entry-overview slide-loop-1 slide-parity-odd  av_one_third first real-thumbnail post-format-standard'  itemscope=\"itemscope\" itemtype=\"https:\/\/schema.org\/CreativeWork\" ><a href='https:\/\/apartis.swiss\/site\/flyer-fonderie\/' data-rel='slide-1' class='slide-image' title='Flyer Fonderie &#8211; D\u00e8s le 15.09.2020'><img decoding=\"async\" width=\"495\" height=\"400\" src=\"https:\/\/apartis.swiss\/site\/wp-content\/uploads\/2020\/06\/Flyer_Fonderie_Mail-495x400.png\" class=\"wp-image-10360 avia-img-lazy-loading-not-10360 attachment-portfolio size-portfolio wp-post-image\" alt=\"\" srcset=\"https:\/\/apartis.swiss\/site\/wp-content\/uploads\/2020\/06\/Flyer_Fonderie_Mail-495x400.png 495w, https:\/\/apartis.swiss\/site\/wp-content\/uploads\/2020\/06\/Flyer_Fonderie_Mail-845x684.png 845w\" sizes=\"(max-width: 495px) 100vw, 495px\" \/><\/a><div class='slide-content'><header class=\"entry-content-header\"><h3 class='slide-entry-title entry-title '  itemprop=\"headline\" ><a href='https:\/\/apartis.swiss\/site\/flyer-fonderie\/' title='Flyer Fonderie &#8211; D\u00e8s le 15.09.2020'>Flyer Fonderie &#8211; D\u00e8s le 15.09.2020<\/a><\/h3><span class=\"blog-categories minor-meta\"><a href=\"https:\/\/apartis.swiss\/site\/category\/projet_fonderie\/\" rel=\"tag\">Projet Fonderie<\/a> <\/span><span class=\"av-vertical-delimiter\"><\/span><\/header><div class='slide-entry-excerpt entry-content'  itemprop=\"text\" >\r\n\r\n[version PDF]\r\n\r\n[d\u00e9tail et inscription]<\/div><\/div><footer class=\"entry-footer\"><div class='slide-meta'><time class='slide-meta-time updated'  itemprop=\"datePublished\" datetime=\"2021-09-30T13:00:21+02:00\" >30 septembre 2021<\/time><\/div><\/footer><span class='hidden'>\n\t\t\t\t<span class='av-structured-data'  itemprop=\"image\" itemscope=\"itemscope\" itemtype=\"https:\/\/schema.org\/ImageObject\" >\n\t\t\t\t\t\t<span itemprop='url'>https:\/\/apartis.swiss\/site\/wp-content\/uploads\/2020\/06\/Flyer_Fonderie_Mail.png<\/span>\n\t\t\t\t\t\t<span itemprop='height'>2210<\/span>\n\t\t\t\t\t\t<span itemprop='width'>2481<\/span>\n\t\t\t\t<\/span>\n\t\t\t\t<span class='av-structured-data'  itemprop=\"publisher\" itemtype=\"https:\/\/schema.org\/Organization\" itemscope=\"itemscope\" >\n\t\t\t\t\t\t<span itemprop='name'>apartis<\/span>\n\t\t\t\t\t\t<span itemprop='logo' itemscope itemtype='https:\/\/schema.org\/ImageObject'>\n\t\t\t\t\t\t\t<span itemprop='url'>https:\/\/apartis.swiss\/site\/wp-content\/uploads\/2017\/08\/logo-apartis.png<\/span>\n\t\t\t\t\t\t <\/span>\n\t\t\t\t<\/span><span class='av-structured-data'  itemprop=\"author\" itemscope=\"itemscope\" itemtype=\"https:\/\/schema.org\/Person\" ><span itemprop='name'>apartis<\/span><\/span><span class='av-structured-data'  itemprop=\"datePublished\" datetime=\"2019-05-03T08:51:24+02:00\" >2021-09-30 13:00:21<\/span><span class='av-structured-data'  itemprop=\"dateModified\" itemtype=\"https:\/\/schema.org\/dateModified\" >2022-04-28 15:15:04<\/span><span class='av-structured-data'  itemprop=\"mainEntityOfPage\" itemtype=\"https:\/\/schema.org\/mainEntityOfPage\" ><span itemprop='name'>Flyer Fonderie &#8211; D\u00e8s le 15.09.2020<\/span><\/span><\/span><\/article><article class='slide-entry flex_column  post-entry post-entry-10492 slide-entry-overview slide-loop-2 slide-parity-even  av_one_third  real-thumbnail post-format-standard'  itemscope=\"itemscope\" itemtype=\"https:\/\/schema.org\/CreativeWork\" ><a href='https:\/\/apartis.swiss\/site\/la-fonderie-presentation-des-appartements\/' data-rel='slide-1' class='slide-image' title='Vid\u00e9o Fonderie &#8211; Pr\u00e9sentation des appartements'><img decoding=\"async\" width=\"495\" height=\"400\" src=\"https:\/\/apartis.swiss\/site\/wp-content\/uploads\/2020\/07\/fonderie-thumb-495x400.jpg\" class=\"wp-image-10495 avia-img-lazy-loading-not-10495 attachment-portfolio size-portfolio wp-post-image\" alt=\"\" \/><\/a><div class='slide-content'><header class=\"entry-content-header\"><h3 class='slide-entry-title entry-title '  itemprop=\"headline\" ><a href='https:\/\/apartis.swiss\/site\/la-fonderie-presentation-des-appartements\/' title='Vid\u00e9o Fonderie &#8211; Pr\u00e9sentation des appartements'>Vid\u00e9o Fonderie &#8211; Pr\u00e9sentation des appartements<\/a><\/h3><span class=\"blog-categories minor-meta\"><a href=\"https:\/\/apartis.swiss\/site\/category\/apartis-fr\/\" rel=\"tag\">Apartis<\/a>, <a href=\"https:\/\/apartis.swiss\/site\/category\/projet_fonderie\/\" rel=\"tag\">Projet Fonderie<\/a> <\/span><span class=\"av-vertical-delimiter\"><\/span><\/header><\/div><footer class=\"entry-footer\"><div class='slide-meta'><time class='slide-meta-time updated'  itemprop=\"datePublished\" datetime=\"2021-09-30T13:00:21+02:00\" >30 septembre 2021<\/time><\/div><\/footer><span class='hidden'>\n\t\t\t\t<span class='av-structured-data'  itemprop=\"image\" itemscope=\"itemscope\" itemtype=\"https:\/\/schema.org\/ImageObject\" >\n\t\t\t\t\t\t<span itemprop='url'>https:\/\/apartis.swiss\/site\/wp-content\/uploads\/2020\/07\/fonderie-thumb.jpg<\/span>\n\t\t\t\t\t\t<span itemprop='height'>600<\/span>\n\t\t\t\t\t\t<span itemprop='width'>900<\/span>\n\t\t\t\t<\/span>\n\t\t\t\t<span class='av-structured-data'  itemprop=\"publisher\" itemtype=\"https:\/\/schema.org\/Organization\" itemscope=\"itemscope\" >\n\t\t\t\t\t\t<span itemprop='name'>steschu<\/span>\n\t\t\t\t\t\t<span itemprop='logo' itemscope itemtype='https:\/\/schema.org\/ImageObject'>\n\t\t\t\t\t\t\t<span itemprop='url'>https:\/\/apartis.swiss\/site\/wp-content\/uploads\/2017\/08\/logo-apartis.png<\/span>\n\t\t\t\t\t\t <\/span>\n\t\t\t\t<\/span><span class='av-structured-data'  itemprop=\"author\" itemscope=\"itemscope\" itemtype=\"https:\/\/schema.org\/Person\" ><span itemprop='name'>steschu<\/span><\/span><span class='av-structured-data'  itemprop=\"datePublished\" datetime=\"2019-05-03T08:51:24+02:00\" >2020-11-02 08:00:26<\/span><span class='av-structured-data'  itemprop=\"dateModified\" itemtype=\"https:\/\/schema.org\/dateModified\" >2020-11-02 08:10:14<\/span><span class='av-structured-data'  itemprop=\"mainEntityOfPage\" itemtype=\"https:\/\/schema.org\/mainEntityOfPage\" ><span itemprop='name'>Vid\u00e9o Fonderie &#8211; Pr\u00e9sentation des appartements<\/span><\/span><\/span><\/article><article class='slide-entry flex_column  post-entry post-entry-10980 slide-entry-overview slide-loop-3 slide-parity-odd  av_one_third  real-thumbnail post-format-standard'  itemscope=\"itemscope\" itemtype=\"https:\/\/schema.org\/CreativeWork\" ><a href='https:\/\/apartis.swiss\/site\/fonderie-interview-jean-pierre-gauch\/' data-rel='slide-1' class='slide-image' title='La Fonderie, interview de Jean-Pierre Gauch'><img decoding=\"async\" width=\"495\" height=\"400\" src=\"https:\/\/apartis.swiss\/site\/wp-content\/uploads\/2020\/10\/interview_jean-pierre-gauch-495x400.jpg\" class=\"wp-image-10981 avia-img-lazy-loading-not-10981 attachment-portfolio size-portfolio wp-post-image\" alt=\"\" \/><\/a><div class='slide-content'><header class=\"entry-content-header\"><h3 class='slide-entry-title entry-title '  itemprop=\"headline\" ><a href='https:\/\/apartis.swiss\/site\/fonderie-interview-jean-pierre-gauch\/' title='La Fonderie, interview de Jean-Pierre Gauch'>La Fonderie, interview de Jean-Pierre Gauch<\/a><\/h3><span class=\"blog-categories minor-meta\"><a href=\"https:\/\/apartis.swiss\/site\/category\/apartis-fr\/\" rel=\"tag\">Apartis<\/a>, <a href=\"https:\/\/apartis.swiss\/site\/category\/article-fr\/\" rel=\"tag\">Article<\/a>, <a href=\"https:\/\/apartis.swiss\/site\/category\/projet_fonderie\/\" rel=\"tag\">Projet Fonderie<\/a> <\/span><span class=\"av-vertical-delimiter\"><\/span><\/header><div class='slide-entry-excerpt entry-content'  itemprop=\"text\" >Partez \u00e0 la rencontre de Jean-Pierre Gauch, le directeur de la Fondation Apartis. Il nous explique pourquoi il est important de donner la possibilit\u00e9 aux \u00e9tudiants de vivre dans un quartier tel que celui de la Fonderie.\r\n\r\nCliquez ici pour\u2026<\/div><\/div><footer class=\"entry-footer\"><div class='slide-meta'><time class='slide-meta-time updated'  itemprop=\"datePublished\" datetime=\"2020-10-21T15:58:53+02:00\" >21 octobre 2020<\/time><\/div><\/footer><span class='hidden'>\n\t\t\t\t<span class='av-structured-data'  itemprop=\"image\" itemscope=\"itemscope\" itemtype=\"https:\/\/schema.org\/ImageObject\" >\n\t\t\t\t\t\t<span itemprop='url'>https:\/\/apartis.swiss\/site\/wp-content\/uploads\/2020\/10\/interview_jean-pierre-gauch.jpg<\/span>\n\t\t\t\t\t\t<span itemprop='height'>678<\/span>\n\t\t\t\t\t\t<span itemprop='width'>1200<\/span>\n\t\t\t\t<\/span>\n\t\t\t\t<span class='av-structured-data'  itemprop=\"publisher\" itemtype=\"https:\/\/schema.org\/Organization\" itemscope=\"itemscope\" >\n\t\t\t\t\t\t<span itemprop='name'>Apartis<\/span>\n\t\t\t\t\t\t<span itemprop='logo' itemscope itemtype='https:\/\/schema.org\/ImageObject'>\n\t\t\t\t\t\t\t<span itemprop='url'>https:\/\/apartis.swiss\/site\/wp-content\/uploads\/2017\/08\/logo-apartis.png<\/span>\n\t\t\t\t\t\t <\/span>\n\t\t\t\t<\/span><span class='av-structured-data'  itemprop=\"author\" itemscope=\"itemscope\" itemtype=\"https:\/\/schema.org\/Person\" ><span itemprop='name'>Apartis<\/span><\/span><span class='av-structured-data'  itemprop=\"datePublished\" datetime=\"2019-05-03T08:51:24+02:00\" >2020-10-21 15:58:53<\/span><span class='av-structured-data'  itemprop=\"dateModified\" itemtype=\"https:\/\/schema.org\/dateModified\" >2020-10-21 15:58:53<\/span><span class='av-structured-data'  itemprop=\"mainEntityOfPage\" itemtype=\"https:\/\/schema.org\/mainEntityOfPage\" ><span itemprop='name'>La Fonderie, interview de Jean-Pierre Gauch<\/span><\/span><\/span><\/article><\/div><div class='slide-entry-wrap'><article class='slide-entry flex_column  post-entry post-entry-10838 slide-entry-overview slide-loop-4 slide-parity-odd  av_one_third first real-thumbnail post-format-standard'  itemscope=\"itemscope\" itemtype=\"https:\/\/schema.org\/CreativeWork\" ><a href='https:\/\/apartis.swiss\/site\/fonderie-interview-marcel-blattner\/' data-rel='slide-1' class='slide-image' title='La Fonderie, interview de Marcel Blattner'><img decoding=\"async\" width=\"495\" height=\"400\" src=\"https:\/\/apartis.swiss\/site\/wp-content\/uploads\/2020\/09\/marcel_blattner-495x400.png\" class=\"wp-image-10839 avia-img-lazy-loading-not-10839 attachment-portfolio size-portfolio wp-post-image\" alt=\"\" \/><\/a><div class='slide-content'><header class=\"entry-content-header\"><h3 class='slide-entry-title entry-title '  itemprop=\"headline\" ><a href='https:\/\/apartis.swiss\/site\/fonderie-interview-marcel-blattner\/' title='La Fonderie, interview de Marcel Blattner'>La Fonderie, interview de Marcel Blattner<\/a><\/h3><span class=\"blog-categories minor-meta\"><a href=\"https:\/\/apartis.swiss\/site\/category\/apartis-fr\/\" rel=\"tag\">Apartis<\/a>, <a href=\"https:\/\/apartis.swiss\/site\/category\/article-fr\/\" rel=\"tag\">Article<\/a>, <a href=\"https:\/\/apartis.swiss\/site\/category\/projet_fonderie\/\" rel=\"tag\">Projet Fonderie<\/a> <\/span><span class=\"av-vertical-delimiter\"><\/span><\/header><div class='slide-entry-excerpt entry-content'  itemprop=\"text\" >Cette semaine nous avons le plaisir de vous pr\u00e9senter Marcel Blatter, de l'entreprise Halter AG. Il a particip\u00e9 au d\u00e9veloppement des plans de ce quartier industriels, devenu r\u00e9sidentiel. Il nous d\u00e9voile aujourd'hui les diff\u00e9rentes \u00e9tapes\u2026<\/div><\/div><footer class=\"entry-footer\"><div class='slide-meta'><time class='slide-meta-time updated'  itemprop=\"datePublished\" datetime=\"2020-09-14T17:24:47+02:00\" >14 septembre 2020<\/time><\/div><\/footer><span class='hidden'>\n\t\t\t\t<span class='av-structured-data'  itemprop=\"image\" itemscope=\"itemscope\" itemtype=\"https:\/\/schema.org\/ImageObject\" >\n\t\t\t\t\t\t<span itemprop='url'>https:\/\/apartis.swiss\/site\/wp-content\/uploads\/2020\/09\/marcel_blattner.png<\/span>\n\t\t\t\t\t\t<span itemprop='height'>630<\/span>\n\t\t\t\t\t\t<span itemprop='width'>1200<\/span>\n\t\t\t\t<\/span>\n\t\t\t\t<span class='av-structured-data'  itemprop=\"publisher\" itemtype=\"https:\/\/schema.org\/Organization\" itemscope=\"itemscope\" >\n\t\t\t\t\t\t<span itemprop='name'>Apartis<\/span>\n\t\t\t\t\t\t<span itemprop='logo' itemscope itemtype='https:\/\/schema.org\/ImageObject'>\n\t\t\t\t\t\t\t<span itemprop='url'>https:\/\/apartis.swiss\/site\/wp-content\/uploads\/2017\/08\/logo-apartis.png<\/span>\n\t\t\t\t\t\t <\/span>\n\t\t\t\t<\/span><span class='av-structured-data'  itemprop=\"author\" itemscope=\"itemscope\" itemtype=\"https:\/\/schema.org\/Person\" ><span itemprop='name'>Apartis<\/span><\/span><span class='av-structured-data'  itemprop=\"datePublished\" datetime=\"2019-05-03T08:51:24+02:00\" >2020-09-14 17:24:47<\/span><span class='av-structured-data'  itemprop=\"dateModified\" itemtype=\"https:\/\/schema.org\/dateModified\" >2020-09-14 17:24:47<\/span><span class='av-structured-data'  itemprop=\"mainEntityOfPage\" itemtype=\"https:\/\/schema.org\/mainEntityOfPage\" ><span itemprop='name'>La Fonderie, interview de Marcel Blattner<\/span><\/span><\/span><\/article><article class='slide-entry flex_column  post-entry post-entry-10688 slide-entry-overview slide-loop-5 slide-parity-even  av_one_third  real-thumbnail post-format-standard'  itemscope=\"itemscope\" itemtype=\"https:\/\/schema.org\/CreativeWork\" ><a href='https:\/\/apartis.swiss\/site\/fonderie-interview-charles-ducrot\/' data-rel='slide-1' class='slide-image' title='La Fonderie, interview de Charles Ducrot'><img decoding=\"async\" width=\"495\" height=\"400\" src=\"https:\/\/apartis.swiss\/site\/wp-content\/uploads\/2020\/08\/charles_ducrot-495x400.jpg\" class=\"wp-image-10697 avia-img-lazy-loading-not-10697 attachment-portfolio size-portfolio wp-post-image\" alt=\"\" srcset=\"https:\/\/apartis.swiss\/site\/wp-content\/uploads\/2020\/08\/charles_ducrot-495x400.jpg 495w, https:\/\/apartis.swiss\/site\/wp-content\/uploads\/2020\/08\/charles_ducrot-845x684.jpg 845w\" sizes=\"(max-width: 495px) 100vw, 495px\" \/><\/a><div class='slide-content'><header class=\"entry-content-header\"><h3 class='slide-entry-title entry-title '  itemprop=\"headline\" ><a href='https:\/\/apartis.swiss\/site\/fonderie-interview-charles-ducrot\/' title='La Fonderie, interview de Charles Ducrot'>La Fonderie, interview de Charles Ducrot<\/a><\/h3><span class=\"blog-categories minor-meta\"><a href=\"https:\/\/apartis.swiss\/site\/category\/apartis-fr\/\" rel=\"tag\">Apartis<\/a>, <a href=\"https:\/\/apartis.swiss\/site\/category\/article-fr\/\" rel=\"tag\">Article<\/a>, <a href=\"https:\/\/apartis.swiss\/site\/category\/projet_fonderie\/\" rel=\"tag\">Projet Fonderie<\/a> <\/span><span class=\"av-vertical-delimiter\"><\/span><\/header><div class='slide-entry-excerpt entry-content'  itemprop=\"text\" >Charles Ducrot, pr\u00e9sident de la fondation Apartis, nous a donn\u00e9 rendez-vous \u00e0 l'universit\u00e9 de Fribourg. D\u00e9couvrez les enjeux que le projet de la Fonderie a engendr\u00e9 pour lui.\r\n\r\n<\/div><\/div><footer class=\"entry-footer\"><div class='slide-meta'><time class='slide-meta-time updated'  itemprop=\"datePublished\" datetime=\"2020-08-27T08:28:54+02:00\" >27 ao\u00fbt 2020<\/time><\/div><\/footer><span class='hidden'>\n\t\t\t\t<span class='av-structured-data'  itemprop=\"image\" itemscope=\"itemscope\" itemtype=\"https:\/\/schema.org\/ImageObject\" >\n\t\t\t\t\t\t<span itemprop='url'>https:\/\/apartis.swiss\/site\/wp-content\/uploads\/2020\/08\/charles_ducrot.jpg<\/span>\n\t\t\t\t\t\t<span itemprop='height'>720<\/span>\n\t\t\t\t\t\t<span itemprop='width'>1200<\/span>\n\t\t\t\t<\/span>\n\t\t\t\t<span class='av-structured-data'  itemprop=\"publisher\" itemtype=\"https:\/\/schema.org\/Organization\" itemscope=\"itemscope\" >\n\t\t\t\t\t\t<span itemprop='name'>Apartis<\/span>\n\t\t\t\t\t\t<span itemprop='logo' itemscope itemtype='https:\/\/schema.org\/ImageObject'>\n\t\t\t\t\t\t\t<span itemprop='url'>https:\/\/apartis.swiss\/site\/wp-content\/uploads\/2017\/08\/logo-apartis.png<\/span>\n\t\t\t\t\t\t <\/span>\n\t\t\t\t<\/span><span class='av-structured-data'  itemprop=\"author\" itemscope=\"itemscope\" itemtype=\"https:\/\/schema.org\/Person\" ><span itemprop='name'>Apartis<\/span><\/span><span class='av-structured-data'  itemprop=\"datePublished\" datetime=\"2019-05-03T08:51:24+02:00\" >2020-08-27 08:28:54<\/span><span class='av-structured-data'  itemprop=\"dateModified\" itemtype=\"https:\/\/schema.org\/dateModified\" >2020-09-14 17:23:49<\/span><span class='av-structured-data'  itemprop=\"mainEntityOfPage\" itemtype=\"https:\/\/schema.org\/mainEntityOfPage\" ><span itemprop='name'>La Fonderie, interview de Charles Ducrot<\/span><\/span><\/span><\/article><article class='slide-entry flex_column  post-entry post-entry-10586 slide-entry-overview slide-loop-6 slide-parity-odd  post-entry-last  av_one_third  real-thumbnail post-format-standard'  itemscope=\"itemscope\" itemtype=\"https:\/\/schema.org\/CreativeWork\" ><a href='https:\/\/apartis.swiss\/site\/fonderie-interview-andrea-burgener-woeffray\/' data-rel='slide-1' class='slide-image' title='La Fonderie, interview d&rsquo;Andrea Burgener Woeffray'><img decoding=\"async\" width=\"495\" height=\"400\" src=\"https:\/\/apartis.swiss\/site\/wp-content\/uploads\/2020\/07\/fonderie-andrea-burgener-woeffray-495x400.jpg\" class=\"wp-image-10589 avia-img-lazy-loading-not-10589 attachment-portfolio size-portfolio wp-post-image\" alt=\"\" srcset=\"https:\/\/apartis.swiss\/site\/wp-content\/uploads\/2020\/07\/fonderie-andrea-burgener-woeffray-495x400.jpg 495w, https:\/\/apartis.swiss\/site\/wp-content\/uploads\/2020\/07\/fonderie-andrea-burgener-woeffray-845x684.jpg 845w\" sizes=\"(max-width: 495px) 100vw, 495px\" \/><\/a><div class='slide-content'><header class=\"entry-content-header\"><h3 class='slide-entry-title entry-title '  itemprop=\"headline\" ><a href='https:\/\/apartis.swiss\/site\/fonderie-interview-andrea-burgener-woeffray\/' title='La Fonderie, interview d&rsquo;Andrea Burgener Woeffray'>La Fonderie, interview d&rsquo;Andrea Burgener Woeffray<\/a><\/h3><span class=\"blog-categories minor-meta\"><a href=\"https:\/\/apartis.swiss\/site\/category\/apartis-fr\/\" rel=\"tag\">Apartis<\/a>, <a href=\"https:\/\/apartis.swiss\/site\/category\/article-fr\/\" rel=\"tag\">Article<\/a>, <a href=\"https:\/\/apartis.swiss\/site\/category\/projet_fonderie\/\" rel=\"tag\">Projet Fonderie<\/a> <\/span><span class=\"av-vertical-delimiter\"><\/span><\/header><div class='slide-entry-excerpt entry-content'  itemprop=\"text\" >Partez \u00e0 la rencontre Andrea Burgener Woeffray, conseill\u00e8re communale \u00e0 Fribourg depuis 2016. Elle nous explique pourquoi le projet de la Fonderie lui tient autant \u00e0 coeur et surtout en quoi il est novateur.\r\n\r\n[Tout sur la Fonderie ici\u2026<\/div><\/div><footer class=\"entry-footer\"><div class='slide-meta'><time class='slide-meta-time updated'  itemprop=\"datePublished\" datetime=\"2020-07-30T17:00:46+02:00\" >30 juillet 2020<\/time><\/div><\/footer><span class='hidden'>\n\t\t\t\t<span class='av-structured-data'  itemprop=\"image\" itemscope=\"itemscope\" itemtype=\"https:\/\/schema.org\/ImageObject\" >\n\t\t\t\t\t\t<span itemprop='url'>https:\/\/apartis.swiss\/site\/wp-content\/uploads\/2020\/07\/fonderie-andrea-burgener-woeffray.jpg<\/span>\n\t\t\t\t\t\t<span itemprop='height'>700<\/span>\n\t\t\t\t\t\t<span itemprop='width'>1200<\/span>\n\t\t\t\t<\/span>\n\t\t\t\t<span class='av-structured-data'  itemprop=\"publisher\" itemtype=\"https:\/\/schema.org\/Organization\" itemscope=\"itemscope\" >\n\t\t\t\t\t\t<span itemprop='name'>Apartis<\/span>\n\t\t\t\t\t\t<span itemprop='logo' itemscope itemtype='https:\/\/schema.org\/ImageObject'>\n\t\t\t\t\t\t\t<span itemprop='url'>https:\/\/apartis.swiss\/site\/wp-content\/uploads\/2017\/08\/logo-apartis.png<\/span>\n\t\t\t\t\t\t <\/span>\n\t\t\t\t<\/span><span class='av-structured-data'  itemprop=\"author\" itemscope=\"itemscope\" itemtype=\"https:\/\/schema.org\/Person\" ><span itemprop='name'>Apartis<\/span><\/span><span class='av-structured-data'  itemprop=\"datePublished\" datetime=\"2019-05-03T08:51:24+02:00\" >2020-07-30 17:00:46<\/span><span class='av-structured-data'  itemprop=\"dateModified\" itemtype=\"https:\/\/schema.org\/dateModified\" >2020-08-03 17:49:38<\/span><span class='av-structured-data'  itemprop=\"mainEntityOfPage\" itemtype=\"https:\/\/schema.org\/mainEntityOfPage\" ><span itemprop='name'>La Fonderie, interview d&rsquo;Andrea Burgener Woeffray<\/span><\/span><\/span><\/article><\/div><\/div><div class='pagination-wrap pagination-slider'><nav class='pagination'><span class='pagination-meta'>Page 1 sur 3<\/span><span class='current'>1<\/span><a href='https:\/\/apartis.swiss\/site\/wp-json\/wp\/v2\/pages\/7090\/?avia-element-paging=2' class='inactive next_page' >2<\/a><a href='https:\/\/apartis.swiss\/site\/wp-json\/wp\/v2\/pages\/7090\/?avia-element-paging=3' class='inactive' >3<\/a><\/nav>\n<\/div><\/div><\/p><\/div>\n","protected":false},"excerpt":{"rendered":"","protected":false},"author":2,"featured_media":0,"parent":62,"menu_order":1,"comment_status":"closed","ping_status":"closed","template":"","meta":{"footnotes":""},"class_list":["post-7090","page","type-page","status-publish","hentry"],"publishpress_future_action":{"enabled":false,"date":"2026-09-08 08:08:25","action":"change-status","newStatus":"draft","terms":[],"taxonomy":"translation_priority"},"_links":{"self":[{"href":"https:\/\/apartis.swiss\/site\/wp-json\/wp\/v2\/pages\/7090"}],"collection":[{"href":"https:\/\/apartis.swiss\/site\/wp-json\/wp\/v2\/pages"}],"about":[{"href":"https:\/\/apartis.swiss\/site\/wp-json\/wp\/v2\/types\/page"}],"author":[{"embeddable":true,"href":"https:\/\/apartis.swiss\/site\/wp-json\/wp\/v2\/users\/2"}],"replies":[{"embeddable":true,"href":"https:\/\/apartis.swiss\/site\/wp-json\/wp\/v2\/comments?post=7090"}],"version-history":[{"count":0,"href":"https:\/\/apartis.swiss\/site\/wp-json\/wp\/v2\/pages\/7090\/revisions"}],"up":[{"embeddable":true,"href":"https:\/\/apartis.swiss\/site\/wp-json\/wp\/v2\/pages\/62"}],"wp:attachment":[{"href":"https:\/\/apartis.swiss\/site\/wp-json\/wp\/v2\/media?parent=7090"}],"curies":[{"name":"wp","href":"https:\/\/api.w.org\/{rel}","templated":true}]}}