{"id":2832,"date":"2019-02-05T08:10:22","date_gmt":"2019-02-05T07:10:22","guid":{"rendered":"https:\/\/apartis.swiss\/site\/faq-locataire-2\/"},"modified":"2026-02-20T13:22:35","modified_gmt":"2026-02-20T12:22:35","slug":"faq-a-louer","status":"publish","type":"page","link":"https:\/\/apartis.swiss\/site\/a-louer\/faq-a-louer\/","title":{"rendered":"FAQ A louer"},"content":{"rendered":"<p><div class=\"flex_column av_one_full  flex_column_div av-zero-column-padding first  avia-builder-el-0  el_before_av_two_third  avia-builder-el-first  \" style='border-radius:0px; '><div  style='padding-bottom:30px; ' class='av-special-heading av-special-heading-h2  blockquote modern-quote  avia-builder-el-1  avia-builder-el-no-sibling  '><h2 class='av-special-heading-tag '  itemprop=\"headline\"  >Recherche d\u2019un logement \u00e0 Fribourg<\/h2><div class='special-heading-border'><div class='special-heading-inner-border' ><\/div><\/div><\/div><\/div><br \/>\n<div class=\"flex_column av_two_third  flex_column_div av-zero-column-padding first  avia-builder-el-2  el_after_av_one_full  el_before_av_one_third  column-top-margin\" style='border-radius:0px; '><div   class=\"togglecontainer   toggle_close_all  avia-builder-el-3  avia-builder-el-no-sibling \" >\n<section class=\"av_toggle_section\"  itemscope=\"itemscope\" itemtype=\"https:\/\/schema.org\/CreativeWork\"  >    <div role=\"tablist\" class=\"single_toggle\" data-tags=\"{Tout} \"  >        <p data-fake-id=\"#toggle-id-1\" class=\"toggler activeTitle\"  itemprop=\"headline\"    role=\"tab\" tabindex=\"0\" aria-controls=\"toggle-id-1\">Je cherche un logement<span class=\"toggle_icon\" >        <span class=\"vert_icon\"><\/span><span class=\"hor_icon\"><\/span><\/span><\/p>        <div id=\"toggle-id-1\" class=\"toggle_wrap active_tc\"  style='display:block;' >            <div class=\"toggle_content invers-color \"  itemprop=\"text\"   ><p><strong>Chez Apartis:<\/strong><\/p>\n<ul>\n<li><a href=\"https:\/\/apartis.swiss\/a-louer\/logements-libres\/\">Chambres libres Apartis<\/a><\/li>\n<\/ul>\n<p><strong>Autres adresses:<\/strong><\/p>\n<ul>\n<li><a href=\"https:\/\/apartis.swiss\/site\/a-louer\/conseils-de-recherche\/\">Conseils pratiques recherche logements<\/a><\/li>\n<\/ul>\n            <\/div>        <\/div>    <\/div><\/section>\n<section class=\"av_toggle_section\"  itemscope=\"itemscope\" itemtype=\"https:\/\/schema.org\/CreativeWork\"  >    <div role=\"tablist\" class=\"single_toggle\" data-tags=\"{Tout} \"  >        <p data-fake-id=\"#toggle-id-2\" class=\"toggler \"  itemprop=\"headline\"    role=\"tab\" tabindex=\"0\" aria-controls=\"toggle-id-2\"> Je suis \u00e9tudiant d\u2019\u00e9change ou d\u2019h\u00f4te (Erasmus, Convention, freemover, ISEP) <span class=\"toggle_icon\" >        <span class=\"vert_icon\"><\/span><span class=\"hor_icon\"><\/span><\/span><\/p>        <div id=\"toggle-id-2\" class=\"toggle_wrap \"   >            <div class=\"toggle_content invers-color \"  itemprop=\"text\"   ><p>Apartis loue environ 60 chambres meubl\u00e9es avec des conditions de location adapt\u00e9es aux \u00e9tudiants d\u2019\u00e9change ou d\u2019h\u00f4te. \u00a0Pour ces chambres, adressez-vous au Service des Relations Internationales de l\u2019Universit\u00e9 de Fribourg <a href=\"https:\/\/www3.unifr.ch\/uni\/en\/administration\/acad\/international\/\" class=\"broken_link\">http:\/\/www.unifr.ch\/international<\/a>. Ce service vous envoie toutes les informations utiles concernant les logements disponibles chez Apartis et nous transmet votre inscription. Une description des logements pour \u00e9tudiants d\u2019\u00e9change est disponible sous : <a href=\"https:\/\/apartis.swiss\/site\/portfolio-item\/logements-erasmus\/\">Rte Mont-Carmel \u00e0 Givisiez<\/a>.<\/p>\n            <\/div>        <\/div>    <\/div><\/section>\n<section class=\"av_toggle_section\"  itemscope=\"itemscope\" itemtype=\"https:\/\/schema.org\/CreativeWork\"  >    <div role=\"tablist\" class=\"single_toggle\" data-tags=\"{Tout} \"  >        <p data-fake-id=\"#toggle-id-3\" class=\"toggler \"  itemprop=\"headline\"    role=\"tab\" tabindex=\"0\" aria-controls=\"toggle-id-3\"> Genre de logements \u00e0 louer chez Apartis<span class=\"toggle_icon\" >        <span class=\"vert_icon\"><\/span><span class=\"hor_icon\"><\/span><\/span><\/p>        <div id=\"toggle-id-3\" class=\"toggle_wrap \"   >            <div class=\"toggle_content invers-color \"  itemprop=\"text\"   ><p>Apartis loue des chambres dans des appartements communautaires de 2 \u00e0 5 pi\u00e8ces. Chaque locataire re\u00e7oit un contrat pour sa chambre et partage cuisine, salle de bains et WC, etc. avec d\u2019autres personnes. Apartis loue 104 studios et 8 appartements de 1,5 pi\u00e8ce sur un total d\u2019environ 830 unit\u00e9s de logement.<\/p>\n            <\/div>        <\/div>    <\/div><\/section>\n<section class=\"av_toggle_section\"  itemscope=\"itemscope\" itemtype=\"https:\/\/schema.org\/CreativeWork\"  >    <div role=\"tablist\" class=\"single_toggle\" data-tags=\"{Tout} \"  >        <p data-fake-id=\"#toggle-id-4\" class=\"toggler \"  itemprop=\"headline\"    role=\"tab\" tabindex=\"0\" aria-controls=\"toggle-id-4\"> Nombre d\u2019occupant par chambre<span class=\"toggle_icon\" >        <span class=\"vert_icon\"><\/span><span class=\"hor_icon\"><\/span><\/span><\/p>        <div id=\"toggle-id-4\" class=\"toggle_wrap \"   >            <div class=\"toggle_content invers-color \"  itemprop=\"text\"   ><p>Il y a un locataire par chambre. Si 2 \u00e9tudiants veulent habiter ensemble, ils doivent loger dans un appartement de 2 pi\u00e8ces. Un appartement de 3 pi\u00e8ces ne peut pas \u00eatre attribu\u00e9 \u00e0 2 personnes.<\/p>\n            <\/div>        <\/div>    <\/div><\/section>\n<section class=\"av_toggle_section\"  itemscope=\"itemscope\" itemtype=\"https:\/\/schema.org\/CreativeWork\"  >    <div role=\"tablist\" class=\"single_toggle\" data-tags=\"{Tout} \"  >        <p data-fake-id=\"#toggle-id-5\" class=\"toggler \"  itemprop=\"headline\"    role=\"tab\" tabindex=\"0\" aria-controls=\"toggle-id-5\">Logements non-fumeurs ou fumeurs<span class=\"toggle_icon\" >        <span class=\"vert_icon\"><\/span><span class=\"hor_icon\"><\/span><\/span><\/p>        <div id=\"toggle-id-5\" class=\"toggle_wrap \"   >            <div class=\"toggle_content invers-color \"  itemprop=\"text\"   ><p>Les locataires sont libres de fumer ou non dans leur chambre (\u00e0 leurs risques en cas de jaunissement des murs). Dans les locaux communs par contre, les locataires se mettent d\u2019accord tout en respectant les non-fumeurs. Il est interdit de fumer au Sonnenberg.<\/p>\n            <\/div>        <\/div>    <\/div><\/section>\n<section class=\"av_toggle_section\"  itemscope=\"itemscope\" itemtype=\"https:\/\/schema.org\/CreativeWork\"  >    <div role=\"tablist\" class=\"single_toggle\" data-tags=\"{Tout} \"  >        <p data-fake-id=\"#toggle-id-6\" class=\"toggler \"  itemprop=\"headline\"    role=\"tab\" tabindex=\"0\" aria-controls=\"toggle-id-6\">Est-ce que je peux choisir la langue et le sexe de mes colocataires ?<span class=\"toggle_icon\" >        <span class=\"vert_icon\"><\/span><span class=\"hor_icon\"><\/span><\/span><\/p>        <div id=\"toggle-id-6\" class=\"toggle_wrap \"   >            <div class=\"toggle_content invers-color \"  itemprop=\"text\"   ><p>Apartis a pour politique de louer ses logements \u00e0 des personnes en formation ind\u00e9pendamment de tout crit\u00e8re de sexe, d&rsquo;appartenance ethnique ou de religion. Le fait que certains appartements sont occup\u00e9s par des locataires de langue allemande ou par des hommes uniquement ne d\u00e9pend pas d&rsquo;Apartis, mais est d\u00fb au hasard des relocations.<\/p>\n            <\/div>        <\/div>    <\/div><\/section>\n<section class=\"av_toggle_section\"  itemscope=\"itemscope\" itemtype=\"https:\/\/schema.org\/CreativeWork\"  >    <div role=\"tablist\" class=\"single_toggle\" data-tags=\"{Tout} \"  >        <p data-fake-id=\"#toggle-id-7\" class=\"toggler \"  itemprop=\"headline\"    role=\"tab\" tabindex=\"0\" aria-controls=\"toggle-id-7\">Est-ce que la chambre et l\u2019appartement sont meubl\u00e9s ?<span class=\"toggle_icon\" >        <span class=\"vert_icon\"><\/span><span class=\"hor_icon\"><\/span><\/span><\/p>        <div id=\"toggle-id-7\" class=\"toggle_wrap \"   >            <div class=\"toggle_content invers-color \"  itemprop=\"text\"   ><p>Quelques appartements r\u00e9serv\u00e9s aux \u00e9tudiants d\u2019\u00e9change sont meubl\u00e9s, de m\u00eame que les chambres situ\u00e9es dans la maison Sonnenberg et le Foyer des Jeunes. Sinon, les autres chambres d&rsquo;Apartis <u>ne sont pas meubl\u00e9es<\/u>. Chaque locataire a la possibilit\u00e9 de meubler sa chambre comme il le souhaite. La cuisine &#8211; s\u00e9jour est d\u00e9j\u00e0 agenc\u00e9e (frigo, cuisini\u00e8re &#8211; four, etc.) mais n\u2019est pas meubl\u00e9e. Les locataires s\u2019entendent donc entre eux pour meubler ces endroits. Les ustensiles de cuisine sont fournis par les locataires.<\/p>\n            <\/div>        <\/div>    <\/div><\/section>\n<section class=\"av_toggle_section\"  itemscope=\"itemscope\" itemtype=\"https:\/\/schema.org\/CreativeWork\"  >    <div role=\"tablist\" class=\"single_toggle\" data-tags=\"{Tout} \"  >        <p data-fake-id=\"#toggle-id-8\" class=\"toggler \"  itemprop=\"headline\"    role=\"tab\" tabindex=\"0\" aria-controls=\"toggle-id-8\">Parcage<span class=\"toggle_icon\" >        <span class=\"vert_icon\"><\/span><span class=\"hor_icon\"><\/span><\/span><\/p>        <div id=\"toggle-id-8\" class=\"toggle_wrap \"   >            <div class=\"toggle_content invers-color \"  itemprop=\"text\"   ><ul>\n<li><a href=\"https:\/\/apartis.swiss\/portfolio-item\/route-mont-carmel\/#toggle-id-3\">Mont-Carmel<\/a> \u00e0 Givisiez\u00a0: 37\u00a0 places de parc dans garage souterrain, loyer : fr. 50.-\/mois. Il y a une liste d&rsquo;attente. Le stationnement autour de l\u2019immeuble est interdit.<\/li>\n<li><a href=\"https:\/\/apartis.swiss\/portfolio-item\/chemin-des-epinettes\/\">Epinettes<\/a> \u00e0 Marly\u00a0: 34 places de parc dans grand parking ext\u00e9rieur, loyer 30.-\/mois. Il y a une liste d&rsquo;attente.\u00a0Le stationnement autour de l\u2019immeuble est interdit.<\/li>\n<li><a href=\"https:\/\/apartis.swiss\/portfolio-item\/varis\/\">Varis<\/a> \u00e0 Fribourg\u00a0: 5 places de parc ext\u00e9rieures, loyer 50.-\/mois. Il y a une liste d&rsquo;attente.<\/li>\n<li><a href=\"https:\/\/apartis.swiss\/portfolio-item\/avenue-du-midi\/\">Midi<\/a> \u00e0 Fribourg\u00a0: 1 place de parc, le stationnement autour de l\u2019immeuble est interdit.<\/li>\n<li><a href=\"https:\/\/apartis.swiss\/portfolio-item\/rue-de-lindustrie\/\">Industrie 14<\/a> \u00e0 Fribourg<a href=\"http:\/\/www.unifr.ch\/apartis\/fr\/detailIndustrie.php\" target=\"_blank\" rel=\"noopener noreferrer\">\u00a0<\/a>: 0 place de parc, quelques places payantes dans les alentours (vignette habitant).<\/li>\n<li>R\u00e9sidences du Campus <a href=\"https:\/\/apartis.swiss\/portfolio-item\/residences-du-campus-cube\/\">Cube<\/a> &amp; <a href=\"https:\/\/apartis.swiss\/portfolio-item\/residences-du-campus-front\/\">Front<\/a> : 6 places de parc dans le garage souterrain, loyer CHF 100.-\/mois. Il y a une liste d&rsquo;attente. Places payantes dans les alentours (vignette habitant).<\/li>\n<li><a href=\"https:\/\/apartis.swiss\/portfolio-item\/maison-sonnenberg\/\">Sonnenberg<\/a>: possibilit\u00e9 de louer quelques places (s&rsquo;adresser au propri\u00e9taire)<\/li>\n<\/ul>\n            <\/div>        <\/div>    <\/div><\/section>\n<section class=\"av_toggle_section\"  itemscope=\"itemscope\" itemtype=\"https:\/\/schema.org\/CreativeWork\"  >    <div role=\"tablist\" class=\"single_toggle\" data-tags=\"{Tout} \"  >        <p data-fake-id=\"#toggle-id-9\" class=\"toggler \"  itemprop=\"headline\"    role=\"tab\" tabindex=\"0\" aria-controls=\"toggle-id-9\">Logements accessibles aux handicap\u00e9s<span class=\"toggle_icon\" >        <span class=\"vert_icon\"><\/span><span class=\"hor_icon\"><\/span><\/span><\/p>        <div id=\"toggle-id-9\" class=\"toggle_wrap \"   >            <div class=\"toggle_content invers-color \"  itemprop=\"text\"   ><p>Les appartements situ\u00e9s au rez-de-chauss\u00e9e sont en g\u00e9n\u00e9ral accessibles pour les handicap\u00e9s. Les logements situ\u00e9s au Varis 5,7,9, \u00e0 la Rue de l\u2019Industrie 14 et \u00e0 la route Wilhelm-Kaiser 6 \u00e0 Fribourg sont \u00e9quip\u00e9s d\u2019ascenseurs et d\u2019autres infrastructures sp\u00e9cifiques.<\/p>\n            <\/div>        <\/div>    <\/div><\/section>\n<section class=\"av_toggle_section\"  itemscope=\"itemscope\" itemtype=\"https:\/\/schema.org\/CreativeWork\"  >    <div role=\"tablist\" class=\"single_toggle\" data-tags=\"{Tout} \"  >        <p data-fake-id=\"#toggle-id-10\" class=\"toggler \"  itemprop=\"headline\"    role=\"tab\" tabindex=\"0\" aria-controls=\"toggle-id-10\">Dur\u00e9e de location<span class=\"toggle_icon\" >        <span class=\"vert_icon\"><\/span><span class=\"hor_icon\"><\/span><\/span><\/p>        <div id=\"toggle-id-10\" class=\"toggle_wrap \"   >            <div class=\"toggle_content invers-color \"  itemprop=\"text\"   ><p>Les contrats \u00e9tablis par Apartis sont de dur\u00e9e ind\u00e9termin\u00e9e et sont r\u00e9siliables conform\u00e9ment aux conditions mentionn\u00e9es \u00e0 la question li\u00e9e aux conditions de location. De ce fait, la dur\u00e9e minimale de location \u00e0 pr\u00e9voir est en principe de 6 mois. A noter que les foyers priv\u00e9s fixent d&rsquo;autres conditions de location et de r\u00e9siliation.<\/p>\n            <\/div>        <\/div>    <\/div><\/section>\n<section class=\"av_toggle_section\"  itemscope=\"itemscope\" itemtype=\"https:\/\/schema.org\/CreativeWork\"  >    <div role=\"tablist\" class=\"single_toggle\" data-tags=\"{Tout} \"  >        <p data-fake-id=\"#toggle-id-11\" class=\"toggler \"  itemprop=\"headline\"    role=\"tab\" tabindex=\"0\" aria-controls=\"toggle-id-11\">Conditions de location<span class=\"toggle_icon\" >        <span class=\"vert_icon\"><\/span><span class=\"hor_icon\"><\/span><\/span><\/p>        <div id=\"toggle-id-11\" class=\"toggle_wrap \"   >            <div class=\"toggle_content invers-color \"  itemprop=\"text\"   ><p>Il faut \u00eatre \u00e9tudiant et \u00eatre en formation dans un lieu de formation reconnu par Apartis (par ex. Universit\u00e9, \u00e9cole d\u2019ing\u00e9nieurs, HES, Ecole professionnelle, entre autres). La liste compl\u00e8te des lieux de formation procurant le droit d&rsquo;habitation dans un logement d&rsquo;Apartis est contenue dans la [T\u00e9l\u00e9chargement introuvable].<\/p>\n            <\/div>        <\/div>    <\/div><\/section>\n<section class=\"av_toggle_section\"  itemscope=\"itemscope\" itemtype=\"https:\/\/schema.org\/CreativeWork\"  >    <div role=\"tablist\" class=\"single_toggle\" data-tags=\"{Tout} \"  >        <p data-fake-id=\"#toggle-id-12\" class=\"toggler \"  itemprop=\"headline\"    role=\"tab\" tabindex=\"0\" aria-controls=\"toggle-id-12\">Conditions pour les stagiaires, assistants, doctorants<span class=\"toggle_icon\" >        <span class=\"vert_icon\"><\/span><span class=\"hor_icon\"><\/span><\/span><\/p>        <div id=\"toggle-id-12\" class=\"toggle_wrap \"   >            <div class=\"toggle_content invers-color \"  itemprop=\"text\"   ><p>Une copie du contrat d\u2019engagement est exig\u00e9e. Les stagiaires, assistants ou doctorants ne sont pas consid\u00e9r\u00e9s comme \u00e9tudiants si leur activit\u00e9 professionnelle d\u00e9passe 40 %. La liste compl\u00e8te des formations procurant le droit d&rsquo;habitation dans un logement Apartis est contenue dans la [T\u00e9l\u00e9chargement introuvable].<\/p>\n            <\/div>        <\/div>    <\/div><\/section>\n<section class=\"av_toggle_section\"  itemscope=\"itemscope\" itemtype=\"https:\/\/schema.org\/CreativeWork\"  >    <div role=\"tablist\" class=\"single_toggle\" data-tags=\"{Tout} \"  >        <p data-fake-id=\"#toggle-id-13\" class=\"toggler \"  itemprop=\"headline\"    role=\"tab\" tabindex=\"0\" aria-controls=\"toggle-id-13\">Le co\u00fbt d\u2019une chambre chez Apartis<span class=\"toggle_icon\" >        <span class=\"vert_icon\"><\/span><span class=\"hor_icon\"><\/span><\/span><\/p>        <div id=\"toggle-id-13\" class=\"toggle_wrap \"   >            <div class=\"toggle_content invers-color \"  itemprop=\"text\"   ><p>Le loyer mensuel,\u00a0<u>y inclus internet et un acompte de charges pour le chauffage et l\u2019eau chaude<\/u>, varie selon la surface de la chambre et l\u2019endroit o\u00f9 se trouve l\u2019immeuble :<\/p>\n<p>(Base\u00a0: CHF 1.20 = \u20ac 1)<\/p>\n<p>Route de Mont-Carmel \u00e0 Givisiez :<\/p>\n<ul>\n<li>chambre : entre CHF 330.- (env. \u20ac 275) et CHF 470.- (env. \u20ac 392)<\/li>\n<li>studios : entre CHF 520.- (env. \u20ac435) et CHF 550 (env. \u20ac 460)<\/li>\n<li>1,5 pces: CHF 770 (env. 640)<\/li>\n<\/ul>\n<p>Av. du Midi \u00e0 Fribourg :<\/p>\n<ul>\n<li>entre CHF 330.- (env. \u20ac 275) et CHF 526.- (env. \u20ac438)<\/li>\n<\/ul>\n<p>Epinettes \u00e0 Marly :<\/p>\n<ul>\n<li>entre CHF 295.- (env. \u20ac 246) et CHF 380.- (env. \u20ac 317)<\/li>\n<li>loft: CHF 650 (env. \u20ac 540)<\/li>\n<\/ul>\n<p>Varis \u00e0 Fribourg:<\/p>\n<ul>\n<li>chambre : entre CHF 390.- (env. \u20ac 325) et CHF 475.- (env. \u20ac 396)<\/li>\n<li>studio: entre CHF 550.- (env. \u20ac 460) et CHF 625.- (env. 520)<\/li>\n<\/ul>\n<p>Rue de l&rsquo;Industrie 14 \u00e0 Fribourg:<\/p>\n<ul>\n<li>entre CHF 330.- (env. \u20ac 275) et CHF 460.- (env. \u20ac 385)<\/li>\n<\/ul>\n<p>Route Wilhelm-Kaiser 6 (Cube) \u00e0 Fribourg :<\/p>\n<ul>\n<li>entre CHF 565 (env. \u20ac 470) et CHF 690 (env. \u20ac 550)<\/li>\n<\/ul>\n<p>Route Wilhelm-Kaiser 2, Rue de l&rsquo;Industrie 24, 26, 28 (Front) \u00e0 Fribourg :<\/p>\n<ul>\n<li>entre CHF 410 (env. \u20ac 340) et CHF 560 (env. \u20ac 460)<\/li>\n<\/ul>\n<p>Sonnenberg \u00e0 Fribourg :<\/p>\n<ul>\n<li>entre CHF 320 (env. \u20ac 267) et CHF 380.- (env. \u20ac 317), y compris ameublement, \u00e9lectricit\u00e9, nettoyage hebdomadaire des locaux communs<\/li>\n<\/ul>\n<p>Foyer des Jeunes \u00e0 Marly :<\/p>\n<ul>\n<li>chambre : CHF 310 (env. \u20ac 260), y compris ameublement, \u00e9lectricit\u00e9, Internet, nettoyage hebdomadaire des locaux communs<\/li>\n<\/ul>\n<p>Un d\u00e9compte de charges est adress\u00e9 au locataire une fois par ann\u00e9e (env. octobre).<\/p>\n<p>Le loyer est \u00e0 verser mensuellement pour le 1er jour de chaque mois.<\/p>\n<p>Avant l\u2019entr\u00e9e dans la chambre, une garantie de loyer \u00e9quivalent \u00e0 3 mois de loyer et des frais de contrat de CHF 20.- (env. \u20ac 17) sont \u00e0 payer.<\/p>\n            <\/div>        <\/div>    <\/div><\/section>\n<section class=\"av_toggle_section\"  itemscope=\"itemscope\" itemtype=\"https:\/\/schema.org\/CreativeWork\"  >    <div role=\"tablist\" class=\"single_toggle\" data-tags=\"{Tout} \"  >        <p data-fake-id=\"#toggle-id-14\" class=\"toggler \"  itemprop=\"headline\"    role=\"tab\" tabindex=\"0\" aria-controls=\"toggle-id-14\">A faire avant de quitter la chambre<span class=\"toggle_icon\" >        <span class=\"vert_icon\"><\/span><span class=\"hor_icon\"><\/span><\/span><\/p>        <div id=\"toggle-id-14\" class=\"toggle_wrap \"   >            <div class=\"toggle_content invers-color \"  itemprop=\"text\"   ><p>R\u00e9silier le bail par \u00e9crit : le bail est de dur\u00e9e ind\u00e9termin\u00e9e, r\u00e9siliable deux fois par ann\u00e9e, soit le\u00a0<strong>31 janvier ou le 31 ao\u00fbt<\/strong>, en respectant un pr\u00e9avis de\u00a0<strong>3 mois<\/strong>.<\/p>\n<p>En cas de r\u00e9siliation hors des d\u00e9lais susmentionn\u00e9s (r\u00e9siliation pour le 31 d\u00e9cembre n&rsquo;est pas admise), le locataire est responsable du paiement du loyer durant la dur\u00e9e convenue dans le contrat, sauf s\u2019il trouve un successeur ad\u00e9quat (solvable, b\u00e9n\u00e9ficiant du <a href=\"https:\/\/apartis.swiss\/site\/wp-content\/uploads\/downloads\/2017\/11\/Directive_DH_fr.pdf\" target=\"_blank\" rel=\"noopener noreferrer\">droit d&rsquo;habitation\u00a0<\/a>, accept\u00e9 par les colocataires).\u00a0<u>Attention<\/u>\u00a0: les \u00e9tudiants d\u2019\u00e9change ou h\u00f4tes ne sont pas admis (pour cette cat\u00e9gorie d\u2019\u00e9tudiants, des chambres meubl\u00e9es avec conditions de location adapt\u00e9es sont r\u00e9serv\u00e9es).<\/p>\n<p>La chambre et les locaux communs de l\u2019appartement doivent \u00eatre rendus propres.<\/p>\n            <\/div>        <\/div>    <\/div><\/section>\n<\/div><\/div><div class=\"flex_column av_one_third  flex_column_div av-zero-column-padding   avia-builder-el-4  el_after_av_two_third  avia-builder-el-last  column-top-margin\" style='border-radius:0px; '><div  class='avia-image-container  av-styling-    avia-builder-el-5  avia-builder-el-no-sibling  avia-align-center '  itemprop=\"image\" itemscope=\"itemscope\" itemtype=\"https:\/\/schema.org\/ImageObject\"  ><div class='avia-image-container-inner'><div class='avia-image-overlay-wrap'><img decoding=\"async\" class='wp-image-6376 avia-img-lazy-loading-not-6376 avia_image' src=\"https:\/\/apartis.swiss\/site\/wp-content\/uploads\/2019\/04\/faq-300x194.png\" alt='' title='faq' height=\"194\" width=\"300\"  itemprop=\"thumbnailUrl\" srcset=\"https:\/\/apartis.swiss\/site\/wp-content\/uploads\/2019\/04\/faq-300x194.png 300w, https:\/\/apartis.swiss\/site\/wp-content\/uploads\/2019\/04\/faq-768x496.png 768w, https:\/\/apartis.swiss\/site\/wp-content\/uploads\/2019\/04\/faq-705x455.png 705w, https:\/\/apartis.swiss\/site\/wp-content\/uploads\/2019\/04\/faq-450x291.png 450w, https:\/\/apartis.swiss\/site\/wp-content\/uploads\/2019\/04\/faq.png 1000w\" sizes=\"(max-width: 300px) 100vw, 300px\" \/><\/div><\/div><\/div><\/div><\/p>\n","protected":false},"excerpt":{"rendered":"","protected":false},"author":5,"featured_media":0,"parent":66,"menu_order":4,"comment_status":"closed","ping_status":"closed","template":"","meta":{"footnotes":""},"class_list":["post-2832","page","type-page","status-publish","hentry"],"publishpress_future_action":{"enabled":false,"date":"2026-09-08 07:32:55","action":"change-status","newStatus":"draft","terms":[],"taxonomy":"translation_priority"},"_links":{"self":[{"href":"https:\/\/apartis.swiss\/site\/wp-json\/wp\/v2\/pages\/2832"}],"collection":[{"href":"https:\/\/apartis.swiss\/site\/wp-json\/wp\/v2\/pages"}],"about":[{"href":"https:\/\/apartis.swiss\/site\/wp-json\/wp\/v2\/types\/page"}],"author":[{"embeddable":true,"href":"https:\/\/apartis.swiss\/site\/wp-json\/wp\/v2\/users\/5"}],"replies":[{"embeddable":true,"href":"https:\/\/apartis.swiss\/site\/wp-json\/wp\/v2\/comments?post=2832"}],"version-history":[{"count":3,"href":"https:\/\/apartis.swiss\/site\/wp-json\/wp\/v2\/pages\/2832\/revisions"}],"predecessor-version":[{"id":15316,"href":"https:\/\/apartis.swiss\/site\/wp-json\/wp\/v2\/pages\/2832\/revisions\/15316"}],"up":[{"embeddable":true,"href":"https:\/\/apartis.swiss\/site\/wp-json\/wp\/v2\/pages\/66"}],"wp:attachment":[{"href":"https:\/\/apartis.swiss\/site\/wp-json\/wp\/v2\/media?parent=2832"}],"curies":[{"name":"wp","href":"https:\/\/api.w.org\/{rel}","templated":true}]}}