{"id":2126,"date":"2018-04-25T10:45:15","date_gmt":"2018-04-25T08:45:15","guid":{"rendered":"http:\/\/apartis.swiss\/site\/?page_id=2126"},"modified":"2024-12-03T13:25:15","modified_gmt":"2024-12-03T12:25:15","slug":"informations-generales","status":"publish","type":"page","link":"https:\/\/apartis.swiss\/site\/nos-immeubles\/informations-generales\/","title":{"rendered":"Informations g\u00e9n\u00e9rales"},"content":{"rendered":"<p><strong>Service d\u2019urgence durant les week-ends et jours f\u00e9ri\u00e9s<\/strong><\/p>\n<ul>\n<li>Uniquement en cas de\u00a0:<br \/>\nPanne de chauffage, d\u2019eau chaude, d\u2019\u00e9lectricit\u00e9<br \/>\nInondation, reflux de WC<\/li>\n<li>Proc\u00e9der comme suit\u00a0:\n<ol>\n<li>Contacter le concierge<\/li>\n<li>En son absence, composez le n\u00b0 d\u2019urgence d\u2019Apartis\u00a0: <strong>026 300 91 00<\/strong><\/li>\n<\/ol>\n<\/li>\n<\/ul>\n<p><strong>D\u00e9g\u00e2ts<\/strong><\/p>\n<ul>\n<li>Sont \u00e0 charge des locataires\u00a0: la r\u00e9paration des petits d\u00e9g\u00e2ts et l\u2019entretien courant de l\u2019appartement. Ces travaux sont \u00e0 r\u00e9gler directement par le locataire (cf. conditions g\u00e9n\u00e9rales pour habitations et places de parc, partie int\u00e9grante de votre contrat)<\/li>\n<\/ul>\n<ul>\n<li>Pour les autres cas, s\u2019adresser au concierge ou les signaler \u00e0 Apartis via votre espace personnel et un avis de panne.<\/li>\n<\/ul>\n<p><strong>Salles polyvalentes pour f\u00eates<\/strong><\/p>\n<ul>\n<li><a href=\"https:\/\/apartis.swiss\/info-locataires\/salles-polyvalentes\/\" target=\"_blank\" rel=\"noopener noreferrer\">salles polyvalentes<\/a><\/li>\n<\/ul>\n<p><strong>Electricit\u00e9<\/strong><\/p>\n<ul>\n<li>Acqu\u00e9rir un abonnement par appartement aupr\u00e8s du Groupe E<\/li>\n<li>En cas de d\u00e9m\u00e9nagement du titulaire, un locataire restant prend le relais<\/li>\n<li><strong>Annoncer les mutations au Groupe E<\/strong>\u00a0: <a href=\"http:\/\/www.groupe-e.ch\" target=\"_blank\" rel=\"noopener noreferrer\">groupe-e.ch<\/a><\/li>\n<\/ul>\n<p><strong>T\u00e9l\u00e9phone<\/strong><\/p>\n<ul>\n<li>Rue de l\u2019Industrie, Rte Wilhelm-Kaiser et Rte de la Fonderie : pas de prise t\u00e9l\u00e9phonique<\/li>\n<li>Autres immeubles\u00a0: prise pour le raccordement fixe dans le hall de l\u2019appartement<\/li>\n<li>Abonnement \u00e0 souscrire aupr\u00e8s d\u2019un op\u00e9rateur de votre choix<\/li>\n<li>Frais \u00e0 charge des locataires (\u00e9galement les frais de premi\u00e8re mise en service)<\/li>\n<li>Annoncer les mutations ou r\u00e9siliations \u00e0 son d\u00e9part<\/li>\n<\/ul>\n<p><strong>Internet<\/strong><\/p>\n<ul>\n<li>Connexion haut d\u00e9bit Wifi et par fibre optique dans chaque chambre (inclus dans le loyer).<\/li>\n<li>Apartis transmet au locataire ses codes d&rsquo;acc\u00e8s Internet.<\/li>\n<li>En cas de probl\u00e8me, contacter le helpdesk\u00a0: <a href=\"mailto:helpdesk@apartis.ch\">helpdesk@apartis.ch<\/a> ou 026 300 73 37<\/li>\n<\/ul>\n<p><strong>Taxes diverses<\/strong><\/p>\n<ul>\n<li>La taxe radio\/t\u00e9l\u00e9vision est obligatoire et doit \u00eatre pay\u00e9e par chaque m\u00e9nage et non par chaque personne. \u00a0Plus d&rsquo;informations :\u00a0<a href=\"http:\/\/www.serafe.ch\" target=\"_blank\" rel=\"noopener noreferrer\">serafe.ch<\/a><\/li>\n<\/ul>\n<p><strong>Adresses importantes et t\u00e9l\u00e9phones<\/strong><\/p>\n<ul>\n<li>Raccordement t\u00e9l\u00e9phonique<br \/>\nSwisscom-Fribourg-Centre<br \/>\nAv. de la Gare 18<br \/>\n1700 Fribourg<\/li>\n<li>Redevance radio\/TV<br \/>\nSerafe<br \/>\nPostfach<br \/>\n8010 Z\u00fcrich<br \/>\nTel: 058 201 31 67<br \/>\n<a href=\"https:\/\/www.serafe.ch\/en\/\" target=\"_blank\" rel=\"noopener noreferrer\">http:\/\/www.serafe.ch<\/a><\/li>\n<li>Abonnement T\u00e9l\u00e9r\u00e9seau<br \/>\nUPC Cablecom<br \/>\n<a href=\"http:\/\/www.cablecom.ch\/\" target=\"_blank\" rel=\"noopener noreferrer\" class=\"broken_link\">http:\/\/www.cablecom.ch<\/a><br \/>\nT\u00e9l 0800 464 646<\/li>\n<li>Electricit\u00e9<br \/>\nGroupe E<br \/>\nBd de P\u00e9rolles 25<br \/>\n1701 Fribourg<br \/>\n<a href=\"http:\/\/www.groupe-e.ch\/\" target=\"_blank\" rel=\"noopener noreferrer\">http:\/\/www.groupe-e.ch<\/a><br \/>\nT\u00e9l 026 352 52 52<\/li>\n<\/ul>\n","protected":false},"excerpt":{"rendered":"<p>Service d\u2019urgence durant les week-ends et jours f\u00e9ri\u00e9s Uniquement en cas de\u00a0: Panne de chauffage, d\u2019eau chaude, d\u2019\u00e9lectricit\u00e9 Inondation, reflux de WC Proc\u00e9der comme suit\u00a0: Contacter le concierge En son absence, composez le n\u00b0 d\u2019urgence d\u2019Apartis\u00a0: 026 300 91 00 D\u00e9g\u00e2ts Sont \u00e0 charge des locataires\u00a0: la r\u00e9paration des petits d\u00e9g\u00e2ts et l\u2019entretien courant de [&hellip;]<\/p>\n","protected":false},"author":2,"featured_media":0,"parent":64,"menu_order":1,"comment_status":"closed","ping_status":"closed","template":"","meta":{"footnotes":""},"class_list":["post-2126","page","type-page","status-publish","hentry"],"publishpress_future_action":{"enabled":false,"date":"2026-09-08 07:32:54","action":"change-status","newStatus":"draft","terms":[],"taxonomy":"translation_priority"},"_links":{"self":[{"href":"https:\/\/apartis.swiss\/site\/wp-json\/wp\/v2\/pages\/2126"}],"collection":[{"href":"https:\/\/apartis.swiss\/site\/wp-json\/wp\/v2\/pages"}],"about":[{"href":"https:\/\/apartis.swiss\/site\/wp-json\/wp\/v2\/types\/page"}],"author":[{"embeddable":true,"href":"https:\/\/apartis.swiss\/site\/wp-json\/wp\/v2\/users\/2"}],"replies":[{"embeddable":true,"href":"https:\/\/apartis.swiss\/site\/wp-json\/wp\/v2\/comments?post=2126"}],"version-history":[{"count":3,"href":"https:\/\/apartis.swiss\/site\/wp-json\/wp\/v2\/pages\/2126\/revisions"}],"predecessor-version":[{"id":15078,"href":"https:\/\/apartis.swiss\/site\/wp-json\/wp\/v2\/pages\/2126\/revisions\/15078"}],"up":[{"embeddable":true,"href":"https:\/\/apartis.swiss\/site\/wp-json\/wp\/v2\/pages\/64"}],"wp:attachment":[{"href":"https:\/\/apartis.swiss\/site\/wp-json\/wp\/v2\/media?parent=2126"}],"curies":[{"name":"wp","href":"https:\/\/api.w.org\/{rel}","templated":true}]}}