{"id":11019,"date":"2020-10-22T12:02:14","date_gmt":"2020-10-22T10:02:14","guid":{"rendered":"https:\/\/apartis.swiss\/?page_id=11019"},"modified":"2022-12-06T10:09:57","modified_gmt":"2022-12-06T09:09:57","slug":"a-louer-a-fribourg-logements-pour-etudiantes-et-etudiants","status":"publish","type":"page","link":"https:\/\/apartis.swiss\/site\/a-louer-a-fribourg-logements-pour-etudiantes-et-etudiants\/","title":{"rendered":"A louer \u00e0 Fribourg &#8211; Logements pour \u00e9tudiantes et \u00e9tudiants"},"content":{"rendered":"<div class=\"flex_column av_one_full  flex_column_div first  avia-builder-el-0  avia-builder-el-no-sibling  \" style='border-width:2px; border-color:#000000; border-style:solid; padding:20px; border-radius:5px; ' id=\"center-div--margin-0-auto-width-100px-\" ><p><div  style='padding-bottom:10px; ' class='av-special-heading av-special-heading-h2  blockquote modern-quote modern-centered  avia-builder-el-1  el_before_av_textblock  avia-builder-el-first  '><h2 class='av-special-heading-tag '  itemprop=\"headline\"  >A louer \u00e0 Fribourg<\/p>\n<p>Logements pour \u00e9tudiantes et \u00e9tudiants<\/h2><div class='special-heading-border'><div class='special-heading-inner-border' ><\/div><\/div><\/div><br \/>\n<section class=\"av_textblock_section \"  itemscope=\"itemscope\" itemtype=\"https:\/\/schema.org\/CreativeWork\" ><div class='avia_textblock  '   itemprop=\"text\" ><p>Apartis est une fondation de droit priv\u00e9 \u00e0 but non lucratif, dont l\u2019objectif principal est de mettre \u00e0 la disposition des \u00e9tudiants de l\u2019Universit\u00e9, des Hautes \u00e9coles* et d\u2019autres lieux de formation* des logements \u00e0 loyer mod\u00e9r\u00e9 dans la ville de Fribourg et dans les environs.<br \/>\n[<a href=\"https:\/\/apartis.swiss\/in-affitto-friburgo-alloggi-per-studentesse-e-studenti\/\" target=\"_blank\" rel=\"noopener\"><em>clicca qui per una traduzione in italiano<\/em><\/a>]<\/p>\n<h3>Avantages d\u2019habiter chez Apartis\u00a0:<\/h3>\n<ul>\n<li>Chambres en colocation ou studios individuels<\/li>\n<li>Contrat de location individuel (par chambre et par personne)<\/li>\n<li>Logements de qualit\u00e9 \u00e0 prix sympa<\/li>\n<li>Immeubles au centre-ville ou en p\u00e9riph\u00e9rie, proches des transports publics<\/li>\n<li>Gestion administrative facilit\u00e9e pour les \u00e9tudiants<\/li>\n<li>Parc immobilier moderne ou ancien, bien entretenu<\/li>\n<li>Service de qualit\u00e9<\/li>\n<li>Locaux communs \u00e9quip\u00e9s de mani\u00e8re fonctionnelle<\/li>\n<li>Service de conciergerie dans chaque immeuble et service d\u2019urgence en dehors des heures de bureau<\/li>\n<li>Logements en g\u00e9n\u00e9ral non meubl\u00e9s pour permettre \u00e0 chacun de personnaliser son int\u00e9rieur selon ses go\u00fbts et ses besoins<\/li>\n<\/ul>\n<h3>Informations\u00a0:<\/h3>\n<ul>\n<li><a href=\"https:\/\/apartis.swiss\/a-louer\/logements-libres\/\">Chambres libres chez Apartis<\/a><\/li>\n<li><a href=\"https:\/\/apartis.swiss\/site\/wp-content\/uploads\/downloads\/2019\/12\/Brochure_Apartis.pdf\" target=\"_blank\" rel=\"noopener\">Brochure Immeubles Apartis<\/a><\/li>\n<li><a href=\"https:\/\/apartis.swiss\/la-fonderie-presentation-des-appartements\/\" target=\"_blank\" rel=\"noopener\">Vid\u00e9o Immeuble Fonderie<\/a><\/li>\n<\/ul>\n<p><em>*Hautes \u00e9coles\u00a0: Ing\u00e9nieur et architecte, gestion, sant\u00e9, travail social, musique, p\u00e9dagogique<\/em><br \/>\n<em>*Ecoles professionnelles, EIKON, coll\u00e8ges, Ecole des M\u00e9tiers, etc.<\/em><\/p>\n<\/div><\/section><\/p><\/div>\n","protected":false},"excerpt":{"rendered":"","protected":false},"author":2,"featured_media":0,"parent":0,"menu_order":5,"comment_status":"closed","ping_status":"closed","template":"","meta":{"footnotes":""},"class_list":["post-11019","page","type-page","status-publish","hentry"],"publishpress_future_action":{"enabled":false,"date":"2026-09-08 08:03:37","action":"change-status","newStatus":"draft","terms":[],"taxonomy":"translation_priority"},"_links":{"self":[{"href":"https:\/\/apartis.swiss\/site\/wp-json\/wp\/v2\/pages\/11019"}],"collection":[{"href":"https:\/\/apartis.swiss\/site\/wp-json\/wp\/v2\/pages"}],"about":[{"href":"https:\/\/apartis.swiss\/site\/wp-json\/wp\/v2\/types\/page"}],"author":[{"embeddable":true,"href":"https:\/\/apartis.swiss\/site\/wp-json\/wp\/v2\/users\/2"}],"replies":[{"embeddable":true,"href":"https:\/\/apartis.swiss\/site\/wp-json\/wp\/v2\/comments?post=11019"}],"version-history":[{"count":2,"href":"https:\/\/apartis.swiss\/site\/wp-json\/wp\/v2\/pages\/11019\/revisions"}],"predecessor-version":[{"id":15283,"href":"https:\/\/apartis.swiss\/site\/wp-json\/wp\/v2\/pages\/11019\/revisions\/15283"}],"wp:attachment":[{"href":"https:\/\/apartis.swiss\/site\/wp-json\/wp\/v2\/media?parent=11019"}],"curies":[{"name":"wp","href":"https:\/\/api.w.org\/{rel}","templated":true}]}}