{"id":4129,"date":"2017-08-15T09:12:31","date_gmt":"2017-08-25T07:12:30","guid":{"rendered":"https:\/\/apartis.swiss\/site\/portfolio-item\/chemin-des-epinettes\/"},"modified":"2024-11-13T09:28:56","modified_gmt":"2024-11-13T08:28:56","slug":"chemin-des-epinettes","status":"publish","type":"portfolio","link":"https:\/\/apartis.swiss\/site\/de\/portfolio-item\/chemin-des-epinettes\/","title":{"rendered":"Chemin des Epinettes"},"content":{"rendered":"<p><div class=\"flex_column av_two_fifth  flex_column_div av-zero-column-padding first  avia-builder-el-0  el_before_av_three_fifth  avia-builder-el-first  \" style='border-radius:0px; '><p><div id='av-masonry-1' class='av-masonry  noHover av-fixed-size av-large-gap av-hover-overlay-active av-masonry-animation-active av-masonry-col-3 av-caption-always av-caption-style- av-masonry-gallery   av-orientation-square  '  ><div class='av-masonry-container isotope av-js-disabled ' ><div class='av-masonry-entry isotope-item av-masonry-item-no-image '><\/div><a href=\"https:\/\/apartis.swiss\/site\/wp-content\/uploads\/2019\/11\/Epinettes-1030x686.jpg\"  aria-label=\"Bild Epinettes\"  id='av-masonry-1-item-8360' data-av-masonry-item='8360' class='av-masonry-entry isotope-item post-8360 attachment type-attachment status-inherit hentry  av-masonry-item-with-image' title=\"Epinettes\" alt=\"\"   itemprop=\"thumbnailUrl\" ><div class='av-inner-masonry-sizer'><\/div><figure class='av-inner-masonry main_color'><div class=\"av-masonry-outerimage-container\"><div class=\"av-masonry-image-container\" style=\"background-image: url(https:\/\/apartis.swiss\/site\/wp-content\/uploads\/2019\/11\/Epinettes-705x470.jpg);\" title=\"Epinettes\" ><\/div><\/div><\/figure><\/a><!--end av-masonry entry--><a href=\"https:\/\/apartis.swiss\/site\/wp-content\/uploads\/2017\/08\/Epinettes_air-1030x686.jpg\"  aria-label=\"Bild Epinettes_air\"  id='av-masonry-1-item-8529' data-av-masonry-item='8529' class='av-masonry-entry isotope-item post-8529 attachment type-attachment status-inherit hentry  av-masonry-item-with-image' title=\"Epinettes_air\" alt=\"\"   itemprop=\"thumbnailUrl\" ><div class='av-inner-masonry-sizer'><\/div><figure class='av-inner-masonry main_color'><div class=\"av-masonry-outerimage-container\"><div class=\"av-masonry-image-container\" style=\"background-image: url(https:\/\/apartis.swiss\/site\/wp-content\/uploads\/2017\/08\/Epinettes_air-705x470.jpg);\" title=\"Epinettes_air\" ><\/div><\/div><\/figure><\/a><!--end av-masonry entry--><a href=\"https:\/\/apartis.swiss\/site\/wp-content\/uploads\/2017\/08\/Epinettes_entree-1030x686.jpg\"  aria-label=\"Bild Epinettes_entree\"  id='av-masonry-1-item-8532' data-av-masonry-item='8532' class='av-masonry-entry isotope-item post-8532 attachment type-attachment status-inherit hentry  av-masonry-item-with-image' title=\"Epinettes_entree\" alt=\"\"   itemprop=\"thumbnailUrl\" ><div class='av-inner-masonry-sizer'><\/div><figure class='av-inner-masonry main_color'><div class=\"av-masonry-outerimage-container\"><div class=\"av-masonry-image-container\" style=\"background-image: url(https:\/\/apartis.swiss\/site\/wp-content\/uploads\/2017\/08\/Epinettes_entree-705x470.jpg);\" title=\"Epinettes_entree\" ><\/div><\/div><\/figure><\/a><!--end av-masonry entry--><a href=\"https:\/\/apartis.swiss\/site\/wp-content\/uploads\/2017\/08\/Epinettes_chambre_2-1030x687.jpg\"  aria-label=\"Bild Epinettes_chambre_2\"  id='av-masonry-1-item-2399' data-av-masonry-item='2399' class='av-masonry-entry isotope-item post-2399 attachment type-attachment status-inherit hentry  av-masonry-item-with-image' title=\"Epinettes_chambre_2\" alt=\"\"   itemprop=\"thumbnailUrl\" ><div class='av-inner-masonry-sizer'><\/div><figure class='av-inner-masonry main_color'><div class=\"av-masonry-outerimage-container\"><div class=\"av-masonry-image-container\" style=\"background-image: url(https:\/\/apartis.swiss\/site\/wp-content\/uploads\/2017\/08\/Epinettes_chambre_2-705x470.jpg);\" title=\"Epinettes_chambre_2\" ><\/div><\/div><\/figure><\/a><!--end av-masonry entry--><a href=\"https:\/\/apartis.swiss\/site\/wp-content\/uploads\/2017\/08\/epinettes_chambre_4-1030x687.jpg\"  aria-label=\"Bild epinettes_chambre_4\"  id='av-masonry-1-item-2405' data-av-masonry-item='2405' class='av-masonry-entry isotope-item post-2405 attachment type-attachment status-inherit hentry  av-masonry-item-with-image' title=\"epinettes_chambre_4\" alt=\"\"   itemprop=\"thumbnailUrl\" ><div class='av-inner-masonry-sizer'><\/div><figure class='av-inner-masonry main_color'><div class=\"av-masonry-outerimage-container\"><div class=\"av-masonry-image-container\" style=\"background-image: url(https:\/\/apartis.swiss\/site\/wp-content\/uploads\/2017\/08\/epinettes_chambre_4-705x470.jpg);\" title=\"epinettes_chambre_4\" ><\/div><\/div><\/figure><\/a><!--end av-masonry entry--><a href=\"https:\/\/apartis.swiss\/site\/wp-content\/uploads\/2017\/08\/Epinettes_chambre_6-1030x687.jpg\"  aria-label=\"Bild Epinettes_chambre_6\"  id='av-masonry-1-item-2411' data-av-masonry-item='2411' class='av-masonry-entry isotope-item post-2411 attachment type-attachment status-inherit hentry  av-masonry-item-with-image' title=\"Epinettes_chambre_6\" alt=\"\"   itemprop=\"thumbnailUrl\" ><div class='av-inner-masonry-sizer'><\/div><figure class='av-inner-masonry main_color'><div class=\"av-masonry-outerimage-container\"><div class=\"av-masonry-image-container\" style=\"background-image: url(https:\/\/apartis.swiss\/site\/wp-content\/uploads\/2017\/08\/Epinettes_chambre_6-705x470.jpg);\" title=\"Epinettes_chambre_6\" ><\/div><\/div><\/figure><\/a><!--end av-masonry entry--><a href=\"https:\/\/apartis.swiss\/site\/wp-content\/uploads\/2017\/08\/Epinettes_chambre_7-1030x687.jpg\"  aria-label=\"Bild Epinettes_chambre_7\"  id='av-masonry-1-item-2441' data-av-masonry-item='2441' class='av-masonry-entry isotope-item post-2441 attachment type-attachment status-inherit hentry  av-masonry-item-with-image' title=\"Epinettes_chambre_7\" alt=\"\"   itemprop=\"thumbnailUrl\" ><div class='av-inner-masonry-sizer'><\/div><figure class='av-inner-masonry main_color'><div class=\"av-masonry-outerimage-container\"><div class=\"av-masonry-image-container\" style=\"background-image: url(https:\/\/apartis.swiss\/site\/wp-content\/uploads\/2017\/08\/Epinettes_chambre_7-705x470.jpg);\" title=\"Epinettes_chambre_7\" ><\/div><\/div><\/figure><\/a><!--end av-masonry entry--><a href=\"https:\/\/apartis.swiss\/site\/wp-content\/uploads\/2017\/08\/Epinettes_hall_1-1030x687.jpg\"  aria-label=\"Bild Epinettes_hall_1\"  id='av-masonry-1-item-2426' data-av-masonry-item='2426' class='av-masonry-entry isotope-item post-2426 attachment type-attachment status-inherit hentry  av-masonry-item-with-image' title=\"Epinettes_hall_1\" alt=\"\"   itemprop=\"thumbnailUrl\" ><div class='av-inner-masonry-sizer'><\/div><figure class='av-inner-masonry main_color'><div class=\"av-masonry-outerimage-container\"><div class=\"av-masonry-image-container\" style=\"background-image: url(https:\/\/apartis.swiss\/site\/wp-content\/uploads\/2017\/08\/Epinettes_hall_1-705x470.jpg);\" title=\"Epinettes_hall_1\" ><\/div><\/div><\/figure><\/a><!--end av-masonry entry--><a href=\"https:\/\/apartis.swiss\/site\/wp-content\/uploads\/2017\/08\/Epinettes_cuisine_1-1030x687.jpg\"  aria-label=\"Bild Epinettes_cuisine_1\"  id='av-masonry-1-item-2414' data-av-masonry-item='2414' class='av-masonry-entry isotope-item post-2414 attachment type-attachment status-inherit hentry  av-masonry-item-with-image' title=\"Epinettes_cuisine_1\" alt=\"\"   itemprop=\"thumbnailUrl\" ><div class='av-inner-masonry-sizer'><\/div><figure class='av-inner-masonry main_color'><div class=\"av-masonry-outerimage-container\"><div class=\"av-masonry-image-container\" style=\"background-image: url(https:\/\/apartis.swiss\/site\/wp-content\/uploads\/2017\/08\/Epinettes_cuisine_1-705x470.jpg);\" title=\"Epinettes_cuisine_1\" ><\/div><\/div><\/figure><\/a><!--end av-masonry entry--><a href=\"https:\/\/apartis.swiss\/site\/wp-content\/uploads\/2017\/08\/Epinettes_cuisine_3-1030x687.jpg\"  aria-label=\"Bild Epinettes_cuisine_3\"  id='av-masonry-1-item-2420' data-av-masonry-item='2420' class='av-masonry-entry isotope-item post-2420 attachment type-attachment status-inherit hentry  av-masonry-item-with-image' title=\"Epinettes_cuisine_3\" alt=\"\"   itemprop=\"thumbnailUrl\" ><div class='av-inner-masonry-sizer'><\/div><figure class='av-inner-masonry main_color'><div class=\"av-masonry-outerimage-container\"><div class=\"av-masonry-image-container\" style=\"background-image: url(https:\/\/apartis.swiss\/site\/wp-content\/uploads\/2017\/08\/Epinettes_cuisine_3-705x470.jpg);\" title=\"Epinettes_cuisine_3\" ><\/div><\/div><\/figure><\/a><!--end av-masonry entry--><a href=\"https:\/\/apartis.swiss\/site\/wp-content\/uploads\/2017\/08\/Epinettes_cuisine_5-1030x687.jpg\"  aria-label=\"Bild Epinettes_cuisine_5\"  id='av-masonry-1-item-2447' data-av-masonry-item='2447' class='av-masonry-entry isotope-item post-2447 attachment type-attachment status-inherit hentry  av-masonry-item-with-image' title=\"Epinettes_cuisine_5\" alt=\"\"   itemprop=\"thumbnailUrl\" ><div class='av-inner-masonry-sizer'><\/div><figure class='av-inner-masonry main_color'><div class=\"av-masonry-outerimage-container\"><div class=\"av-masonry-image-container\" style=\"background-image: url(https:\/\/apartis.swiss\/site\/wp-content\/uploads\/2017\/08\/Epinettes_cuisine_5-705x470.jpg);\" title=\"Epinettes_cuisine_5\" ><\/div><\/div><\/figure><\/a><!--end av-masonry entry--><a href=\"https:\/\/apartis.swiss\/site\/wp-content\/uploads\/2017\/08\/Epinettes_cuisine_4-1030x687.jpg\"  aria-label=\"Bild Epinettes_cuisine_4\"  id='av-masonry-1-item-2423' data-av-masonry-item='2423' class='av-masonry-entry isotope-item post-2423 attachment type-attachment status-inherit hentry  av-masonry-item-with-image' title=\"Epinettes_cuisine_4\" alt=\"\"   itemprop=\"thumbnailUrl\" ><div class='av-inner-masonry-sizer'><\/div><figure class='av-inner-masonry main_color'><div class=\"av-masonry-outerimage-container\"><div class=\"av-masonry-image-container\" style=\"background-image: url(https:\/\/apartis.swiss\/site\/wp-content\/uploads\/2017\/08\/Epinettes_cuisine_4-705x470.jpg);\" title=\"Epinettes_cuisine_4\" ><\/div><\/div><\/figure><\/a><!--end av-masonry entry--><a href=\"https:\/\/apartis.swiss\/site\/wp-content\/uploads\/2017\/08\/Epinettes_exterieur-1030x686.jpg\"  aria-label=\"Bild Epinettes_exterieur\"  id='av-masonry-1-item-8535' data-av-masonry-item='8535' class='av-masonry-entry isotope-item post-8535 attachment type-attachment status-inherit hentry  av-masonry-item-with-image' title=\"Epinettes_exterieur\" alt=\"\"   itemprop=\"thumbnailUrl\" ><div class='av-inner-masonry-sizer'><\/div><figure class='av-inner-masonry main_color'><div class=\"av-masonry-outerimage-container\"><div class=\"av-masonry-image-container\" style=\"background-image: url(https:\/\/apartis.swiss\/site\/wp-content\/uploads\/2017\/08\/Epinettes_exterieur-705x470.jpg);\" title=\"Epinettes_exterieur\" ><\/div><\/div><\/figure><\/a><!--end av-masonry entry--><a href=\"https:\/\/apartis.swiss\/site\/wp-content\/uploads\/2017\/08\/Epinettes_terrasse-1030x686.jpg\"  aria-label=\"Bild Epinettes_terrasse\"  id='av-masonry-1-item-8538' data-av-masonry-item='8538' class='av-masonry-entry isotope-item post-8538 attachment type-attachment status-inherit hentry  av-masonry-item-with-image' title=\"Epinettes_terrasse\" alt=\"\"   itemprop=\"thumbnailUrl\" ><div class='av-inner-masonry-sizer'><\/div><figure class='av-inner-masonry main_color'><div class=\"av-masonry-outerimage-container\"><div class=\"av-masonry-image-container\" style=\"background-image: url(https:\/\/apartis.swiss\/site\/wp-content\/uploads\/2017\/08\/Epinettes_terrasse-705x470.jpg);\" title=\"Epinettes_terrasse\" ><\/div><\/div><\/figure><\/a><!--end av-masonry entry--><a href=\"https:\/\/apartis.swiss\/site\/wp-content\/uploads\/2017\/08\/Epinettes_balcon_2-1030x687.jpg\"  aria-label=\"Bild Epinettes_balcon_2\"  id='av-masonry-1-item-2438' data-av-masonry-item='2438' class='av-masonry-entry isotope-item post-2438 attachment type-attachment status-inherit hentry  av-masonry-item-with-image' title=\"Epinettes_balcon_2\" alt=\"\"   itemprop=\"thumbnailUrl\" ><div class='av-inner-masonry-sizer'><\/div><figure class='av-inner-masonry main_color'><div class=\"av-masonry-outerimage-container\"><div class=\"av-masonry-image-container\" style=\"background-image: url(https:\/\/apartis.swiss\/site\/wp-content\/uploads\/2017\/08\/Epinettes_balcon_2-705x470.jpg);\" title=\"Epinettes_balcon_2\" ><\/div><\/div><\/figure><\/a><!--end av-masonry entry--><a href=\"https:\/\/apartis.swiss\/site\/wp-content\/uploads\/2017\/08\/Epinettes_salle_eau_1-1030x687.jpg\"  aria-label=\"Bild Epinettes_salle_eau_1\"  id='av-masonry-1-item-2429' data-av-masonry-item='2429' class='av-masonry-entry isotope-item post-2429 attachment type-attachment status-inherit hentry  av-masonry-item-with-image' title=\"Epinettes_salle_eau_1\" alt=\"\"   itemprop=\"thumbnailUrl\" ><div class='av-inner-masonry-sizer'><\/div><figure class='av-inner-masonry main_color'><div class=\"av-masonry-outerimage-container\"><div class=\"av-masonry-image-container\" style=\"background-image: url(https:\/\/apartis.swiss\/site\/wp-content\/uploads\/2017\/08\/Epinettes_salle_eau_1-705x470.jpg);\" title=\"Epinettes_salle_eau_1\" ><\/div><\/div><\/figure><\/a><!--end av-masonry entry--><\/div><\/div><br \/>\n<div  style='height:50px' class='hr hr-invisible   avia-builder-el-2  el_after_av_masonry_gallery  el_before_av_iconlist  avia-builder-el-first '><span class='hr-inner ' ><span class='hr-inner-style'><\/span><\/span><\/div><br \/>\n<div  class='avia-icon-list-container   avia-builder-el-3  el_after_av_hr  avia-builder-el-last '><ul class='avia-icon-list avia-icon-list-left av-iconlist-big avia_animate_when_almost_visible avia-iconlist-animate'>\n<li><a href='https:\/\/apartis.swiss\/site\/de\/unsere-liegenschaften\/situation-der-apartis-gebaude\/' title='Lageplan'  target=\"_blank\"  rel=\"noopener noreferrer\"  class='iconlist_icon  avia-font-entypo-fontello'><span class='iconlist-char ' aria-hidden='true' data-av_icon='\ue842' data-av_iconfont='entypo-fontello'><\/span><\/a><article class=\"article-icon-entry av-iconlist-empty\"  itemscope=\"itemscope\" itemtype=\"https:\/\/schema.org\/CreativeWork\" ><div class='iconlist_content_wrap'><header class=\"entry-content-header\"><h4 class='av_iconlist_title iconlist_title   '  itemprop=\"headline\"  ><a href='https:\/\/apartis.swiss\/site\/de\/unsere-liegenschaften\/situation-der-apartis-gebaude\/' title='Lageplan' target=\"_blank\"  rel=\"noopener noreferrer\">Lageplan<\/a><\/h4><\/header><div class='iconlist_content  '  itemprop=\"text\"  ><\/div><\/div><footer class=\"entry-footer\"><\/footer><\/article><div class='iconlist-timeline'><\/div><\/li>\n<li><a href='https:\/\/apartis.swiss\/site\/wp-content\/uploads\/downloads\/2018\/02\/Epin-plan.pdf' title='Wohnungsgrundriss' target=\"_blank\" rel=\"noopener noreferrer\" class='iconlist_icon  avia-font-entypo-fontello'><span class='iconlist-char ' aria-hidden='true' data-av_icon='\ue8d7' data-av_iconfont='entypo-fontello'><\/span><\/a><article class=\"article-icon-entry av-iconlist-empty\"  itemscope=\"itemscope\" itemtype=\"https:\/\/schema.org\/CreativeWork\" ><div class='iconlist_content_wrap'><header class=\"entry-content-header\"><h4 class='av_iconlist_title iconlist_title   '  itemprop=\"headline\"  ><a href='https:\/\/apartis.swiss\/site\/wp-content\/uploads\/downloads\/2018\/02\/Epin-plan.pdf' title='Wohnungsgrundriss' target=\"_blank\" rel=\"noopener noreferrer\">Wohnungsgrundriss<\/a><\/h4><\/header><div class='iconlist_content  '  itemprop=\"text\"  ><\/div><\/div><footer class=\"entry-footer\"><\/footer><\/article><div class='iconlist-timeline'><\/div><\/li>\n<li><a href='https:\/\/apartis.swiss\/site\/de\/zu-vermieten\/mietbedingungen\/' title='Mietbedingungen'  target=\"_blank\"  rel=\"noopener noreferrer\"  class='iconlist_icon  avia-font-entypo-fontello'><span class='iconlist-char ' aria-hidden='true' data-av_icon='\ue84e' data-av_iconfont='entypo-fontello'><\/span><\/a><article class=\"article-icon-entry av-iconlist-empty\"  itemscope=\"itemscope\" itemtype=\"https:\/\/schema.org\/CreativeWork\" ><div class='iconlist_content_wrap'><header class=\"entry-content-header\"><h4 class='av_iconlist_title iconlist_title   '  itemprop=\"headline\"  ><a href='https:\/\/apartis.swiss\/site\/de\/zu-vermieten\/mietbedingungen\/' title='Mietbedingungen' target=\"_blank\"  rel=\"noopener noreferrer\">Mietbedingungen<\/a><\/h4><\/header><div class='iconlist_content  '  itemprop=\"text\"  ><\/div><\/div><footer class=\"entry-footer\"><\/footer><\/article><div class='iconlist-timeline'><\/div><\/li>\n<li><a href='https:\/\/apartis.swiss\/site\/wp-content\/uploads\/downloads\/2018\/04\/rm-epin-d.pdf' title='Hausordnung' target=\"_blank\" rel=\"noopener noreferrer\" class='iconlist_icon  avia-font-entypo-fontello'><span class='iconlist-char ' aria-hidden='true' data-av_icon='\ue821' data-av_iconfont='entypo-fontello'><\/span><\/a><article class=\"article-icon-entry av-iconlist-empty\"  itemscope=\"itemscope\" itemtype=\"https:\/\/schema.org\/CreativeWork\" ><div class='iconlist_content_wrap'><header class=\"entry-content-header\"><h4 class='av_iconlist_title iconlist_title   '  itemprop=\"headline\"  ><a href='https:\/\/apartis.swiss\/site\/wp-content\/uploads\/downloads\/2018\/04\/rm-epin-d.pdf' title='Hausordnung' target=\"_blank\" rel=\"noopener noreferrer\">Hausordnung<\/a><\/h4><\/header><div class='iconlist_content  '  itemprop=\"text\"  ><\/div><\/div><footer class=\"entry-footer\"><\/footer><\/article><div class='iconlist-timeline'><\/div><\/li>\n<li><a href='https:\/\/apartis.swiss\/site\/wp-content\/uploads\/downloads\/2018\/03\/Brochure_dechets_2018.pdf' title='Abfallentsorgung' target=\"_blank\" rel=\"noopener noreferrer\" class='iconlist_icon  avia-font-entypo-fontello'><span class='iconlist-char ' aria-hidden='true' data-av_icon='\ue847' data-av_iconfont='entypo-fontello'><\/span><\/a><article class=\"article-icon-entry av-iconlist-empty\"  itemscope=\"itemscope\" itemtype=\"https:\/\/schema.org\/CreativeWork\" ><div class='iconlist_content_wrap'><header class=\"entry-content-header\"><h4 class='av_iconlist_title iconlist_title   '  itemprop=\"headline\"  ><a href='https:\/\/apartis.swiss\/site\/wp-content\/uploads\/downloads\/2018\/03\/Brochure_dechets_2018.pdf' title='Abfallentsorgung' target=\"_blank\" rel=\"noopener noreferrer\">Abfallentsorgung<\/a><\/h4><\/header><div class='iconlist_content  '  itemprop=\"text\"  ><\/div><\/div><footer class=\"entry-footer\"><\/footer><\/article><div class='iconlist-timeline'><\/div><\/li>\n<li><a href='https:\/\/apartis.swiss\/site\/de\/unsere-liegenschaften\/allgemeine-informationen\/' title='Allgemeine Informationen'  target=\"_blank\"  rel=\"noopener noreferrer\"  class='iconlist_icon  avia-font-entypo-fontello'><span class='iconlist-char ' aria-hidden='true' data-av_icon='\ue81f' data-av_iconfont='entypo-fontello'><\/span><\/a><article class=\"article-icon-entry av-iconlist-empty\"  itemscope=\"itemscope\" itemtype=\"https:\/\/schema.org\/CreativeWork\" ><div class='iconlist_content_wrap'><header class=\"entry-content-header\"><h4 class='av_iconlist_title iconlist_title   '  itemprop=\"headline\"  ><a href='https:\/\/apartis.swiss\/site\/de\/unsere-liegenschaften\/allgemeine-informationen\/' title='Allgemeine Informationen' target=\"_blank\"  rel=\"noopener noreferrer\">Allgemeine Informationen<\/a><\/h4><\/header><div class='iconlist_content  '  itemprop=\"text\"  ><\/div><\/div><footer class=\"entry-footer\"><\/footer><\/article><div class='iconlist-timeline'><\/div><\/li>\n<li><div  class='iconlist_icon  avia-font-entypo-fontello'><span class='iconlist-char ' aria-hidden='true' data-av_icon='\ue84f' data-av_iconfont='entypo-fontello'><\/span><\/div><article class=\"article-icon-entry av-iconlist-empty\"  itemscope=\"itemscope\" itemtype=\"https:\/\/schema.org\/CreativeWork\" ><div class='iconlist_content_wrap'><header class=\"entry-content-header\"><h4 class='av_iconlist_title iconlist_title   '  itemprop=\"headline\"  ><a href='https:\/\/apartis.swiss\/site\/wp-content\/plugins\/download-monitor\/download.php?id=75' title='Brochure Apartis' target=\"_blank\" rel=\"noopener noreferrer\">Brochure Apartis<\/a><\/h4><\/header><div class='iconlist_content  '  itemprop=\"text\"  ><\/div><\/div><footer class=\"entry-footer\"><\/footer><\/article><div class='iconlist-timeline'><\/div><\/li>\n<\/ul><\/div><\/p><\/div><br \/>\n<div class=\"flex_column av_three_fifth  flex_column_div av-zero-column-padding   avia-builder-el-4  el_after_av_two_fifth  avia-builder-el-last  \" style='border-radius:0px; '><p><div  style='padding-bottom:10px; ' class='av-special-heading av-special-heading-h2  blockquote modern-quote  avia-builder-el-5  el_before_av_toggle_container  avia-builder-el-first  '><h2 class='av-special-heading-tag '  itemprop=\"headline\"  >Chemin des Epinettes 51-53-55 | Marly<\/h2><div class='special-heading-border'><div class='special-heading-inner-border' ><\/div><\/div><\/div><br \/>\n<div   class=\"togglecontainer   toggle_close_all  avia-builder-el-6  el_after_av_heading  avia-builder-el-last \" >\n<section class=\"av_toggle_section\"  itemscope=\"itemscope\" itemtype=\"https:\/\/schema.org\/CreativeWork\"  >    <div role=\"tablist\" class=\"single_toggle\" data-tags=\"{Alle} \"  >        <p data-fake-id=\"#toggle-id-1\" class=\"toggler activeTitle\"  itemprop=\"headline\"    role=\"tab\" tabindex=\"0\" aria-controls=\"toggle-id-1\">Marly-Jonctionquartier<span class=\"toggle_icon\" >        <span class=\"vert_icon\"><\/span><span class=\"hor_icon\"><\/span><\/span><\/p>        <div id=\"toggle-id-1\" class=\"toggle_wrap active_tc\"  style='display:block;' >            <div class=\"toggle_content invers-color \"  itemprop=\"text\"   ><p>Marly befindet sich im S\u00fcden der Stadt Fribourg. Man erreicht Marly vom P\u00e9rollesquartier (dem Studentenviertel) aus \u00fcber die P\u00e9rollesbr\u00fccke, die \u00fcber die Saane f\u00fchrt.<\/p>\n<p>Rund um das Einkaufszentrum Marly-Jonction hat sich ein neues Stadtviertel mit kleinen Wohngeb\u00e4uden entwickelt. Unseren Geb\u00e4uden des Chemin des Epinettes kommen das sehr gut ausgebaute \u00f6ffentliche Verkehrsnetz zugute, wie auch alle Annehmlichkeiten des benachbarten Einkaufszentrums (Lebensmittelgesch\u00e4ft, Apotheke, Caf\u00e9, usw.), des Mehrzwerkraumes sowie des grossen Parkplatzes. Die N\u00e4he zur Natur macht das Stadtviertel zu einem beliebten Wohnort.<\/p>\n            <\/div>        <\/div>    <\/div><\/section>\n<section class=\"av_toggle_section\"  itemscope=\"itemscope\" itemtype=\"https:\/\/schema.org\/CreativeWork\"  >    <div role=\"tablist\" class=\"single_toggle\" data-tags=\"{Alle} \"  >        <p data-fake-id=\"#toggle-id-2\" class=\"toggler \"  itemprop=\"headline\"    role=\"tab\" tabindex=\"0\" aria-controls=\"toggle-id-2\">Mietzins, Unterk\u00fcnfte, Gemeinschaftsr\u00e4ume<span class=\"toggle_icon\" >        <span class=\"vert_icon\"><\/span><span class=\"hor_icon\"><\/span><\/span><\/p>        <div id=\"toggle-id-2\" class=\"toggle_wrap \"   >            <div class=\"toggle_content invers-color \"  itemprop=\"text\"   ><p><strong>Wohnungen<\/strong><\/p>\n<ul>\n<li>126 Zimmer in 51 Wohnungen auf 3 zusammenh\u00e4ngende Geb\u00e4ude verteilt, mit jeweils 5 Stockwerken<\/li>\n<li>2- bis 3-Zimmerwohnungen, K\u00fcche\/Wohnzimmer, Dusche, WC<\/li>\n<li>2 Loftwohnungen mit Terrasse im Untergeschoss der Geb\u00e4ude Epinettes 51 und 55<\/li>\n<li>Einfache und funktionelle Einrichtung der K\u00fcchen<\/li>\n<li>3-Zimmerwohnungen mit Balkon, Gartensitzplatz in einigen 2-Zimmerwohnungen<\/li>\n<li>Grundrissplan einer Gemeinschaftswohnung<\/li>\n<\/ul>\n<p><strong>Zimmer<\/strong><\/p>\n<ul>\n<li>Von 14 bis 15m<sup>2<\/sup><\/li>\n<li>Nicht m\u00f6bliert<\/li>\n<li>Jedes Zimmer verf\u00fcgt \u00fcber ein grosses Fenster und Parkettboden<\/li>\n<\/ul>\n<p><strong>Gemeinschaftsr\u00e4ume<\/strong><\/p>\n<ul>\n<li>Eingangshalle: Briefk\u00e4sten, Schaukasten f\u00fcr Apartis-Informationen und Anschlagbrett<\/li>\n<li>Im Sommer Terrasse mit Tischen und St\u00fchlen<\/li>\n<li><a href=\"https:\/\/apartis.swiss\/de\/mieterinformationen\/mehrzweckraume\/\" class=\"broken_link\">Mehrzweckraum im Geb\u00e4ude 53<\/a><\/li>\n<li>Alle Gemeinschaftr\u00e4ume sind\u00a0<strong>Nichtraucher<\/strong><\/li>\n<\/ul>\n<p><strong>Der Mietzins<\/strong><\/p>\n<ul>\n<li>Variiert je nach Gr\u00f6sse und Art der Wohnung<\/li>\n<li>Von CHF 295.- bis 380.- pro Monat (ca. \u20ac 245 bis 315)<\/li>\n<li>2 Loftwohnungen zu CHF 650.- pro Monat<\/li>\n<li>Inklusive Nebenkosten: Heizung, Warmwasser, Internetanschluss mit Glasfaserkabel<\/li>\n<li>Nicht inbegriffen: Strom-, Telefon- und TV-Kosten (wird direkt vom jeweiligen Anbieter abgerechnet)<\/li>\n<li>Die mit der Miete bezahlte Nebenkostenpauschale f\u00fcr Heizung und Warmwasser wird einmal pro Jahr abgerechnet (ca. Oktober)<\/li>\n<\/ul>\n            <\/div>        <\/div>    <\/div><\/section>\n<section class=\"av_toggle_section\"  itemscope=\"itemscope\" itemtype=\"https:\/\/schema.org\/CreativeWork\"  >    <div role=\"tablist\" class=\"single_toggle\" data-tags=\"{Alle} \"  >        <p data-fake-id=\"#toggle-id-3\" class=\"toggler \"  itemprop=\"headline\"    role=\"tab\" tabindex=\"0\" aria-controls=\"toggle-id-3\">Lage &amp; Anfahrt<span class=\"toggle_icon\" >        <span class=\"vert_icon\"><\/span><span class=\"hor_icon\"><\/span><\/span><\/p>        <div id=\"toggle-id-3\" class=\"toggle_wrap \"   >            <div class=\"toggle_content invers-color \"  itemprop=\"text\"   ><p><strong>Lage der Geb\u00e4ude<\/strong><\/p>\n<ul>\n<li>In Marly, Aussenbezirk von Fribourg<\/li>\n<li>Ruhiger Standort<\/li>\n<li>2 km von den Universit\u00e4tsgeb\u00e4uden P\u00e9rolles I-II und den Hochschulen entfernt<\/li>\n<li>10-15 Minuten mit dem Fahrrad oder Bus vom Stadtzentrum entfernt<\/li>\n<li>In der N\u00e4he eines Einkaufszentrums<\/li>\n<li><a href=\"http:\/\/www.unifr.ch\/apartis\/de\/plan.php\">Lageplan<\/a><\/li>\n<\/ul>\n<p><strong>\u00d6ffentliche Verkehrsmittel<\/strong><\/p>\n<ul>\n<li>Buslinien 1 \/ 3\/ 7<\/li>\n<li>Bushaltestelle \u00ab\u00a0Jonction\u00a0\u00bb 2 Minuten vom Geb\u00e4ude entfernt<\/li>\n<li>Busfahrpl\u00e4ne und Abos erh\u00e4ltlich im Hauptbahnhof<\/li>\n<li><a href=\"http:\/\/horaire.tpf.ch\/\" target=\"_blank\" rel=\"noopener noreferrer\">Busfahrplan<\/a><\/li>\n<\/ul>\n            <\/div>        <\/div>    <\/div><\/section>\n<section class=\"av_toggle_section\"  itemscope=\"itemscope\" itemtype=\"https:\/\/schema.org\/CreativeWork\"  >    <div role=\"tablist\" class=\"single_toggle\" data-tags=\"{Alle} \"  >        <p data-fake-id=\"#toggle-id-4\" class=\"toggler \"  itemprop=\"headline\"    role=\"tab\" tabindex=\"0\" aria-controls=\"toggle-id-4\">Infrastruktur<span class=\"toggle_icon\" >        <span class=\"vert_icon\"><\/span><span class=\"hor_icon\"><\/span><\/span><\/p>        <div id=\"toggle-id-4\" class=\"toggle_wrap \"   >            <div class=\"toggle_content invers-color \"  itemprop=\"text\"   ><p><strong>Keller<\/strong><\/p>\n<ul>\n<li>1 Kellerabteil pro Wohnung<\/li>\n<li>Der Keller ist mit der Wohnungsnummer gekennzeichnet<\/li>\n<li>Jeder Mieter hat das Recht auf einen Platz im Keller<\/li>\n<li>Ist Teil der Wohnung\u00a0: bei Auszug haben die Mieter ihre Gegenst\u00e4nde wieder mitzunehmen bzw. auszur\u00e4umen, den Keller aufzur\u00e4umen und zu putzen<\/li>\n<\/ul>\n<p><strong>Waschk\u00fcche<\/strong><\/p>\n<ul>\n<li>Im Untergeschoss jedes Geb\u00e4udes<\/li>\n<li>2 Waschmaschinen, 2 Trockner und W\u00e4scheleinen in jeder Waschk\u00fcche<\/li>\n<li>Waschschl\u00fcssel muss vom Mieter bestellt werden:\u00a0<a href=\"http:\/\/www.keycom.ch\/\" target=\"_blank\" rel=\"noopener noreferrer\">www.keycom.ch<\/a><\/li>\n<li>Kein Waschplan<\/li>\n<li>Nach Benutzung m\u00fcssen die Waschmaschinen, Filter und der Boden gereinigt werden<\/li>\n<li>Es bleiben keine Gegenst\u00e4nde in der Waschk\u00fcche (Waschmittel, W\u00e4sche usw.)<\/li>\n<\/ul>\n<p><strong>Fahrradst\u00e4nder<\/strong><\/p>\n<ul>\n<li>1 Unterstand vor jedem Geb\u00e4ude (f\u00fcr ca. 12 Fahrr\u00e4der)<\/li>\n<li>1 Fahrradst\u00e4nder ohne \u00dcberdachung rechts vom Geb\u00e4ude 55 (f\u00fcr ca. 20 Fahrr\u00e4der)<\/li>\n<li>Die Fahrr\u00e4der sind nur an diesem reservierten Platz abzustellen<\/li>\n<\/ul>\n<p><strong>Parkpl\u00e4tze<\/strong><\/p>\n<ul>\n<li>34 Parkpl\u00e4tze k\u00f6nnen f\u00fcr CHF 30.- pro Monat gemietet werden, wenden Sie sich an Apartis<\/li>\n<li>Einige Besucherparkpl\u00e4tze (vor dem Geb\u00e4ude 51)<\/li>\n<li>Das Parken neben\/vor den Geb\u00e4uden wird mit einer Busse bestraft<\/li>\n<\/ul>\n<p><strong>Abfallentsorgung<\/strong><\/p>\n<ul>\n<li>Dokument &#8222;<a href=\"http:\/\/www.unifr.ch\/apartis\/pdf\/dechets\/epinettes-f.pdf\" target=\"_blank\" rel=\"noopener noreferrer\">Abfallentsordnung<\/a>&#8222;<\/li>\n<li><a href=\"http:\/\/www.marly.ch\/technique\/edilite\/dechetteries.html\" target=\"_blank\" rel=\"noopener noreferrer\">http:\/\/www.marly.ch\/technique\/edilite\/dechetteries.html<\/a><\/li>\n<\/ul>\n            <\/div>        <\/div>    <\/div><\/section>\n<section class=\"av_toggle_section\"  itemscope=\"itemscope\" itemtype=\"https:\/\/schema.org\/CreativeWork\"  >    <div role=\"tablist\" class=\"single_toggle\" data-tags=\"{Alle} \"  >        <p data-fake-id=\"#toggle-id-5\" class=\"toggler \"  itemprop=\"headline\"    role=\"tab\" tabindex=\"0\" aria-controls=\"toggle-id-5\">Schl\u00fcssel, Hauswart<span class=\"toggle_icon\" >        <span class=\"vert_icon\"><\/span><span class=\"hor_icon\"><\/span><\/span><\/p>        <div id=\"toggle-id-5\" class=\"toggle_wrap \"   >            <div class=\"toggle_content invers-color \"  itemprop=\"text\"   ><p><strong>Schl\u00fcssel<\/strong><\/p>\n<p>Der Mieter erh\u00e4lt 1 Schl\u00fcssel f\u00fcr:<br \/>\n\u2022 Haupteingang (schliesst aus Sicherheitsgr\u00fcnden automatisch)<br \/>\n\u2022 Wohnung<br \/>\n\u2022 Zimmer<\/p>\n<p><strong>Aus Sicherheitsgr\u00fcnden:<\/strong><br \/>\n\u2022 Schl\u00fcssel immer bei sich tragen<br \/>\n\u2022 T\u00fcren immer abschliessen<\/p>\n<p><strong>Briefkasten- und Kellerschl\u00fcssel:<\/strong><br \/>\n\u2022 1 Briefkasten- und 1 Kellerschl\u00fcssel pro Wohnung<br \/>\n\u2022 Die Schl\u00fcssel h\u00e4ngen neben der Eingangst\u00fcre der Wohnung<br \/>\n\u2022 Schl\u00fcssel nach Benutzung immer an ihren Platz zur\u00fcckh\u00e4ngen!<\/p>\n<p><strong>Schl\u00fcssel verloren:<\/strong><br \/>\n\u2022 Apartis bestellt zu Lasten des Mieters einen Ersatzschl\u00fcssel<br \/>\n\u2022 Bei Diebstahl kann ein Austausch des Schlosses der Wohnung notwendig werden<\/p>\n<p><strong>Hauswart<\/strong><\/p>\n<ul>\n<li>Steht zur Verf\u00fcgung betreffend Fragen zu den R\u00e4umlichkeiten, Waschk\u00fcchenbenutzung, Sch\u00e4den oder Reparaturen sowie f\u00fcr die Abfallentsorgung<\/li>\n<li>Bei Abwesenheit hinterlassen Sie eine Nachricht in seinem Briefkasten<\/li>\n<li><a href=\"https:\/\/apartis.swiss\/de\/apartis\/mitarbeiter\/\" target=\"_blank\" rel=\"noopener noreferrer\" class=\"broken_link\">Mitarbeiter Apartis<\/a><\/li>\n<\/ul>\n            <\/div>        <\/div>    <\/div><\/section>\n<section class=\"av_toggle_section\"  itemscope=\"itemscope\" itemtype=\"https:\/\/schema.org\/CreativeWork\"  >    <div role=\"tablist\" class=\"single_toggle\" data-tags=\"{Alle} \"  >        <p data-fake-id=\"#toggle-id-6\" class=\"toggler \"  itemprop=\"headline\"    role=\"tab\" tabindex=\"0\" aria-controls=\"toggle-id-6\">Video<span class=\"toggle_icon\" >        <span class=\"vert_icon\"><\/span><span class=\"hor_icon\"><\/span><\/span><\/p>        <div id=\"toggle-id-6\" class=\"toggle_wrap \"   >            <div class=\"toggle_content invers-color \"  itemprop=\"text\"   ><p><iframe loading=\"lazy\" style=\"border: none; overflow: hidden;\" src=\"https:\/\/www.facebook.com\/plugins\/video.php?href=https%3A%2F%2Fwww.facebook.com%2FApartisFR%2Fvideos%2F469163117292588%2F&amp;show_text=0&amp;width=560\" width=\"560\" height=\"315\" frameborder=\"0\" scrolling=\"no\" allowfullscreen=\"allowfullscreen\"><\/iframe><\/p>\n            <\/div>        <\/div>    <\/div><\/section>\n<\/div><\/p><\/div><\/p>\n","protected":false},"excerpt":{"rendered":"<p>Durchschnittsmiete CHF 305 | ~ \u20ac 255<\/p>\n","protected":false},"featured_media":8360,"comment_status":"closed","ping_status":"closed","template":"","tags":[],"portfolio_entries":[42],"class_list":["post-4129","portfolio","type-portfolio","status-publish","has-post-thumbnail","hentry","portfolio_entries-apartis-de"],"_links":{"self":[{"href":"https:\/\/apartis.swiss\/site\/de\/wp-json\/wp\/v2\/portfolio\/4129"}],"collection":[{"href":"https:\/\/apartis.swiss\/site\/de\/wp-json\/wp\/v2\/portfolio"}],"about":[{"href":"https:\/\/apartis.swiss\/site\/de\/wp-json\/wp\/v2\/types\/portfolio"}],"replies":[{"embeddable":true,"href":"https:\/\/apartis.swiss\/site\/de\/wp-json\/wp\/v2\/comments?post=4129"}],"version-history":[{"count":2,"href":"https:\/\/apartis.swiss\/site\/de\/wp-json\/wp\/v2\/portfolio\/4129\/revisions"}],"predecessor-version":[{"id":14974,"href":"https:\/\/apartis.swiss\/site\/de\/wp-json\/wp\/v2\/portfolio\/4129\/revisions\/14974"}],"wp:featuredmedia":[{"embeddable":true,"href":"https:\/\/apartis.swiss\/site\/de\/wp-json\/wp\/v2\/media\/8360"}],"wp:attachment":[{"href":"https:\/\/apartis.swiss\/site\/de\/wp-json\/wp\/v2\/media?parent=4129"}],"wp:term":[{"taxonomy":"post_tag","embeddable":true,"href":"https:\/\/apartis.swiss\/site\/de\/wp-json\/wp\/v2\/tags?post=4129"},{"taxonomy":"portfolio_entries","embeddable":true,"href":"https:\/\/apartis.swiss\/site\/de\/wp-json\/wp\/v2\/portfolio_entries?post=4129"}],"curies":[{"name":"wp","href":"https:\/\/api.w.org\/{rel}","templated":true}]}}