{"id":4121,"date":"2017-08-11T09:12:31","date_gmt":"2017-08-25T07:12:31","guid":{"rendered":"https:\/\/apartis.swiss\/site\/portfolio-item\/foyer-des-jeunes\/"},"modified":"2022-04-27T11:15:38","modified_gmt":"2022-04-27T09:15:38","slug":"foyer-des-jeunes","status":"publish","type":"portfolio","link":"https:\/\/apartis.swiss\/site\/de\/portfolio-item\/foyer-des-jeunes\/","title":{"rendered":"Foyer des Jeunes"},"content":{"rendered":"<p><div class=\"flex_column av_two_fifth  flex_column_div av-zero-column-padding first  avia-builder-el-0  el_before_av_three_fifth  avia-builder-el-first  \" style='border-radius:0px; '><p><div id='av-masonry-1' class='av-masonry  noHover av-fixed-size av-large-gap av-hover-overlay-active av-masonry-animation-active av-masonry-col-3 av-caption-always av-caption-style- av-masonry-gallery   av-orientation-square  '  ><div class='av-masonry-container isotope av-js-disabled ' ><div class='av-masonry-entry isotope-item av-masonry-item-no-image '><\/div><a href=\"https:\/\/apartis.swiss\/site\/wp-content\/uploads\/2019\/11\/Foyer-Jeunes-1030x686.jpg\"  aria-label=\"Bild Foyer-Jeunes\"  id='av-masonry-1-item-8363' data-av-masonry-item='8363' class='av-masonry-entry isotope-item post-8363 attachment type-attachment status-inherit hentry  av-masonry-item-with-image' title=\"Foyer-Jeunes\" alt=\"\"   itemprop=\"thumbnailUrl\" ><div class='av-inner-masonry-sizer'><\/div><figure class='av-inner-masonry main_color'><div class=\"av-masonry-outerimage-container\"><div class=\"av-masonry-image-container\" style=\"background-image: url(https:\/\/apartis.swiss\/site\/wp-content\/uploads\/2019\/11\/Foyer-Jeunes-705x470.jpg);\" title=\"Foyer-Jeunes\" ><\/div><\/div><\/figure><\/a><!--end av-masonry entry--><a href=\"https:\/\/apartis.swiss\/site\/wp-content\/uploads\/2017\/08\/Foyer-Jeunes_top-1030x686.jpg\"  aria-label=\"Bild Foyer-Jeunes_top\"  id='av-masonry-1-item-8396' data-av-masonry-item='8396' class='av-masonry-entry isotope-item post-8396 attachment type-attachment status-inherit hentry  av-masonry-item-with-image' title=\"Foyer-Jeunes_top\" alt=\"\"   itemprop=\"thumbnailUrl\" ><div class='av-inner-masonry-sizer'><\/div><figure class='av-inner-masonry main_color'><div class=\"av-masonry-outerimage-container\"><div class=\"av-masonry-image-container\" style=\"background-image: url(https:\/\/apartis.swiss\/site\/wp-content\/uploads\/2017\/08\/Foyer-Jeunes_top-705x470.jpg);\" title=\"Foyer-Jeunes_top\" ><\/div><\/div><\/figure><\/a><!--end av-masonry entry--><a href=\"https:\/\/apartis.swiss\/site\/wp-content\/uploads\/2017\/08\/Foyer_Jeunes-1030x687.jpg\"  aria-label=\"Bild Foyer_Jeunes\"  id='av-masonry-1-item-2364' data-av-masonry-item='2364' class='av-masonry-entry isotope-item post-2364 attachment type-attachment status-inherit hentry  av-masonry-item-with-image' title=\"Foyer_Jeunes\" alt=\"\"   itemprop=\"thumbnailUrl\" ><div class='av-inner-masonry-sizer'><\/div><figure class='av-inner-masonry main_color'><div class=\"av-masonry-outerimage-container\"><div class=\"av-masonry-image-container\" style=\"background-image: url(https:\/\/apartis.swiss\/site\/wp-content\/uploads\/2017\/08\/Foyer_Jeunes-705x470.jpg);\" title=\"Foyer_Jeunes\" ><\/div><\/div><\/figure><\/a><!--end av-masonry entry--><\/div><\/div><br \/>\n<div  style='height:50px' class='hr hr-invisible   avia-builder-el-2  el_after_av_masonry_gallery  el_before_av_iconlist  avia-builder-el-first '><span class='hr-inner ' ><span class='hr-inner-style'><\/span><\/span><\/div><br \/>\n<div  class='avia-icon-list-container   avia-builder-el-3  el_after_av_hr  avia-builder-el-last '><ul class='avia-icon-list avia-icon-list-left av-iconlist-big avia_animate_when_almost_visible avia-iconlist-animate'>\n<li><a href='https:\/\/apartis.swiss\/site\/de\/unsere-liegenschaften\/situation-der-apartis-gebaude\/' title='Lageplan'  target=\"_blank\"  rel=\"noopener noreferrer\"  class='iconlist_icon  avia-font-entypo-fontello'><span class='iconlist-char ' aria-hidden='true' data-av_icon='\ue842' data-av_iconfont='entypo-fontello'><\/span><\/a><article class=\"article-icon-entry av-iconlist-empty\"  itemscope=\"itemscope\" itemtype=\"https:\/\/schema.org\/CreativeWork\" ><div class='iconlist_content_wrap'><header class=\"entry-content-header\"><h4 class='av_iconlist_title iconlist_title   '  itemprop=\"headline\"  ><a href='https:\/\/apartis.swiss\/site\/de\/unsere-liegenschaften\/situation-der-apartis-gebaude\/' title='Lageplan' target=\"_blank\"  rel=\"noopener noreferrer\">Lageplan<\/a><\/h4><\/header><div class='iconlist_content  '  itemprop=\"text\"  ><\/div><\/div><footer class=\"entry-footer\"><\/footer><\/article><div class='iconlist-timeline'><\/div><\/li>\n<li><a href='https:\/\/apartis.swiss\/site\/wp-content\/uploads\/downloads\/2018\/02\/FJ-plan.pdf' title='Wohnungsgrundriss' target=\"_blank\" rel=\"noopener noreferrer\" class='iconlist_icon  avia-font-entypo-fontello'><span class='iconlist-char ' aria-hidden='true' data-av_icon='\ue8d7' data-av_iconfont='entypo-fontello'><\/span><\/a><article class=\"article-icon-entry av-iconlist-empty\"  itemscope=\"itemscope\" itemtype=\"https:\/\/schema.org\/CreativeWork\" ><div class='iconlist_content_wrap'><header class=\"entry-content-header\"><h4 class='av_iconlist_title iconlist_title   '  itemprop=\"headline\"  ><a href='https:\/\/apartis.swiss\/site\/wp-content\/uploads\/downloads\/2018\/02\/FJ-plan.pdf' title='Wohnungsgrundriss' target=\"_blank\" rel=\"noopener noreferrer\">Wohnungsgrundriss<\/a><\/h4><\/header><div class='iconlist_content  '  itemprop=\"text\"  ><\/div><\/div><footer class=\"entry-footer\"><\/footer><\/article><div class='iconlist-timeline'><\/div><\/li>\n<li><a href='https:\/\/apartis.swiss\/site\/de\/zu-vermieten\/mietbedingungen\/' title='Mietbedingungen'  target=\"_blank\"  rel=\"noopener noreferrer\"  class='iconlist_icon  avia-font-entypo-fontello'><span class='iconlist-char ' aria-hidden='true' data-av_icon='\ue84e' data-av_iconfont='entypo-fontello'><\/span><\/a><article class=\"article-icon-entry av-iconlist-empty\"  itemscope=\"itemscope\" itemtype=\"https:\/\/schema.org\/CreativeWork\" ><div class='iconlist_content_wrap'><header class=\"entry-content-header\"><h4 class='av_iconlist_title iconlist_title   '  itemprop=\"headline\"  ><a href='https:\/\/apartis.swiss\/site\/de\/zu-vermieten\/mietbedingungen\/' title='Mietbedingungen' target=\"_blank\"  rel=\"noopener noreferrer\">Mietbedingungen<\/a><\/h4><\/header><div class='iconlist_content  '  itemprop=\"text\"  ><\/div><\/div><footer class=\"entry-footer\"><\/footer><\/article><div class='iconlist-timeline'><\/div><\/li>\n<li><a href='https:\/\/apartis.swiss\/site\/wp-content\/uploads\/downloads\/2018\/04\/rm-fjmarly-d.pdf' title='Hausordnung' target=\"_blank\" rel=\"noopener noreferrer\" class='iconlist_icon  avia-font-entypo-fontello'><span class='iconlist-char ' aria-hidden='true' data-av_icon='\ue821' data-av_iconfont='entypo-fontello'><\/span><\/a><article class=\"article-icon-entry av-iconlist-empty\"  itemscope=\"itemscope\" itemtype=\"https:\/\/schema.org\/CreativeWork\" ><div class='iconlist_content_wrap'><header class=\"entry-content-header\"><h4 class='av_iconlist_title iconlist_title   '  itemprop=\"headline\"  ><a href='https:\/\/apartis.swiss\/site\/wp-content\/uploads\/downloads\/2018\/04\/rm-fjmarly-d.pdf' title='Hausordnung' target=\"_blank\" rel=\"noopener noreferrer\">Hausordnung<\/a><\/h4><\/header><div class='iconlist_content  '  itemprop=\"text\"  ><\/div><\/div><footer class=\"entry-footer\"><\/footer><\/article><div class='iconlist-timeline'><\/div><\/li>\n<li><div  class='iconlist_icon  avia-font-entypo-fontello'><span class='iconlist-char ' aria-hidden='true' data-av_icon='\ue847' data-av_iconfont='entypo-fontello'><\/span><\/div><article class=\"article-icon-entry \"  itemscope=\"itemscope\" itemtype=\"https:\/\/schema.org\/CreativeWork\" ><div class='iconlist_content_wrap'><header class=\"entry-content-header\"><h4 class='av_iconlist_title iconlist_title   '  itemprop=\"headline\"  >Abfallentsorgung<\/h4><\/header><div class='iconlist_content  '  itemprop=\"text\"  ><p>Bitte beachten Sie die Hausordnung<\/p>\n<\/div><\/div><footer class=\"entry-footer\"><\/footer><\/article><div class='iconlist-timeline'><\/div><\/li>\n<li><a href='https:\/\/apartis.swiss\/site\/de\/unsere-liegenschaften\/allgemeine-informationen\/' title='Allgemeine Informationen'   class='iconlist_icon  avia-font-entypo-fontello'><span class='iconlist-char ' aria-hidden='true' data-av_icon='\ue81f' data-av_iconfont='entypo-fontello'><\/span><\/a><article class=\"article-icon-entry \"  itemscope=\"itemscope\" itemtype=\"https:\/\/schema.org\/CreativeWork\" ><div class='iconlist_content_wrap'><header class=\"entry-content-header\"><h4 class='av_iconlist_title iconlist_title   '  itemprop=\"headline\"  ><a href='https:\/\/apartis.swiss\/site\/de\/unsere-liegenschaften\/allgemeine-informationen\/' title='Allgemeine Informationen'>Allgemeine Informationen<\/a><\/h4><\/header><div class='iconlist_content  '  itemprop=\"text\"  ><header class=\"entry-content-header\">\n<h4><\/h4>\n<h4><\/h4>\n<h4><\/h4>\n<\/header>\n<div class=\"iconlist_content \"><\/div>\n<\/div><\/div><footer class=\"entry-footer\"><\/footer><\/article><div class='iconlist-timeline'><\/div><\/li>\n<li><div  class='iconlist_icon  avia-font-entypo-fontello'><span class='iconlist-char ' aria-hidden='true' data-av_icon='\ue84f' data-av_iconfont='entypo-fontello'><\/span><\/div><article class=\"article-icon-entry av-iconlist-empty\"  itemscope=\"itemscope\" itemtype=\"https:\/\/schema.org\/CreativeWork\" ><div class='iconlist_content_wrap'><header class=\"entry-content-header\"><h4 class='av_iconlist_title iconlist_title   '  itemprop=\"headline\"  ><a href='https:\/\/apartis.swiss\/site\/wp-content\/plugins\/download-monitor\/download.php?id=75' title='Brochure Apartis' target=\"_blank\" rel=\"noopener noreferrer\">Brochure Apartis<\/a><\/h4><\/header><div class='iconlist_content  '  itemprop=\"text\"  ><\/div><\/div><footer class=\"entry-footer\"><\/footer><\/article><div class='iconlist-timeline'><\/div><\/li>\n<\/ul><\/div><\/p><\/div><br \/>\n<div class=\"flex_column av_three_fifth  flex_column_div av-zero-column-padding   avia-builder-el-4  el_after_av_two_fifth  avia-builder-el-last  \" style='border-radius:0px; '><p><div  style='padding-bottom:10px; ' class='av-special-heading av-special-heading-h2  blockquote modern-quote  avia-builder-el-5  el_before_av_toggle_container  avia-builder-el-first  '><h2 class='av-special-heading-tag '  itemprop=\"headline\"  >Foyer des Jeunes | Marly<\/h2><div class='special-heading-border'><div class='special-heading-inner-border' ><\/div><\/div><\/div><br \/>\n<div   class=\"togglecontainer   toggle_close_all  avia-builder-el-6  el_after_av_heading  avia-builder-el-last \" >\n<section class=\"av_toggle_section\"  itemscope=\"itemscope\" itemtype=\"https:\/\/schema.org\/CreativeWork\"  >    <div role=\"tablist\" class=\"single_toggle\" data-tags=\"{Alle} \"  >        <p data-fake-id=\"#toggle-id-1\" class=\"toggler activeTitle\"  itemprop=\"headline\"    role=\"tab\" tabindex=\"0\" aria-controls=\"toggle-id-1\">Marly-Jonctionquartier<span class=\"toggle_icon\" >        <span class=\"vert_icon\"><\/span><span class=\"hor_icon\"><\/span><\/span><\/p>        <div id=\"toggle-id-1\" class=\"toggle_wrap active_tc\"  style='display:block;' >            <div class=\"toggle_content invers-color \"  itemprop=\"text\"   ><p>Marly befindet sich im S\u00fcden der Stadt Fribourg. Man erreicht Marly vom P\u00e9rollesquartier (dem Studentenviertel) aus \u00fcber die P\u00e9rollesbr\u00fccke, die \u00fcber die Saane f\u00fchrt.<\/p>\n<p>Das Foyer des Jeunes befindet sich in der N\u00e4he von Marly-Grand Pr\u00e9. Rund um das gleichnamige Einkaufszentrum mit seinem Hotel, Restaurant und kleinen Gesch\u00e4ften, haben sich ebenfalls 2 Discounter niedergelassen. Das Wohngeb\u00e4ude von Apartis befindet sich in einem grossen Garten, in einiger Entfernung zur Strasse.<\/p>\n            <\/div>        <\/div>    <\/div><\/section>\n<section class=\"av_toggle_section\"  itemscope=\"itemscope\" itemtype=\"https:\/\/schema.org\/CreativeWork\"  >    <div role=\"tablist\" class=\"single_toggle\" data-tags=\"{Alle} \"  >        <p data-fake-id=\"#toggle-id-2\" class=\"toggler \"  itemprop=\"headline\"    role=\"tab\" tabindex=\"0\" aria-controls=\"toggle-id-2\">Mietzins, Unterk\u00fcnfte, Gemeinschaftsr\u00e4ume<span class=\"toggle_icon\" >        <span class=\"vert_icon\"><\/span><span class=\"hor_icon\"><\/span><\/span><\/p>        <div id=\"toggle-id-2\" class=\"toggle_wrap \"   >            <div class=\"toggle_content invers-color \"  itemprop=\"text\"   ><p><strong>Der Mietzins<\/strong><\/p>\n<ul>\n<li>CHF 310.- pro Monat (ca. \u20ac 250.-)<\/li>\n<li>Inklusive Nebenkosten\u00a0: Heizung, Warmwasser, Elektrizit\u00e4t, M\u00f6blierung, Internetzugang per WIFI, w\u00f6chentliche Reinigung des Korridors, der B\u00e4der und der K\u00fcche<\/li>\n<li>Nicht inbegriffen: Mediengeb\u00fchr und Waschk\u00fcche<\/li>\n<\/ul>\n<p><strong>Geb\u00e4ude<\/strong><\/p>\n<ul>\n<li>19 m\u00f6blierte Zimmer im 2. Stock<\/li>\n<li>Mit Aufzug<\/li>\n<\/ul>\n<p><strong>Zimmer<\/strong><\/p>\n<ul>\n<li>9m<sup>2<\/sup><\/li>\n<li>M\u00f6bliert: Bett, Tisch-B\u00fcro, Stuhl, Regal und Wandschrank<\/li>\n<li>Jedes Zimmer ist mit einem Waschbecken ausgestattet<\/li>\n<li><a href=\"https:\/\/apartis.swiss\/site\/wp-content\/uploads\/downloads\/2018\/02\/FJ-plan.pdf\" target=\"_blank\" rel=\"noopener noreferrer\">Grundrissplan<\/a><\/li>\n<\/ul>\n<p><strong>Gemeinschaftsr\u00e4ume<\/strong><\/p>\n<ul>\n<li>In allen Gemeinschaftsr\u00e4umen herrscht <strong>Rauchverbot<\/strong><\/li>\n<li>1 Wohnk\u00fcche komplett ausgestattet (Platz zum Aufbewahren von Lebensmitteln f\u00fcr jeden Mieter)<\/li>\n<li>3 Duschen und 2 WC)<\/li>\n<li><a href=\"https:\/\/apartis.swiss\/de\/mieterinformationen\/mehrzweckraume\/\" target=\"_blank\" rel=\"noopener noreferrer\" class=\"broken_link\">Merhzweckr\u00e4ume<\/a><\/li>\n<\/ul>\n            <\/div>        <\/div>    <\/div><\/section>\n<section class=\"av_toggle_section\"  itemscope=\"itemscope\" itemtype=\"https:\/\/schema.org\/CreativeWork\"  >    <div role=\"tablist\" class=\"single_toggle\" data-tags=\"{Alle} \"  >        <p data-fake-id=\"#toggle-id-3\" class=\"toggler \"  itemprop=\"headline\"    role=\"tab\" tabindex=\"0\" aria-controls=\"toggle-id-3\">Lage &amp; Anfahrt<span class=\"toggle_icon\" >        <span class=\"vert_icon\"><\/span><span class=\"hor_icon\"><\/span><\/span><\/p>        <div id=\"toggle-id-3\" class=\"toggle_wrap \"   >            <div class=\"toggle_content invers-color \"  itemprop=\"text\"   ><p><strong>Lage des Geb\u00e4udes<\/strong><\/p>\n<ul>\n<li>In Marly, Aussenbezirk von Fribourg<\/li>\n<li>Im Gr\u00fcnen gelegen<\/li>\n<li>2 km von den Universit\u00e4tsgeb\u00e4uden P\u00e9rolles I-II und den Hochschulen entfernt<\/li>\n<li>10-15 Minuten mit dem Fahrrad oder Bus vom Stadtzentrum Freiburg entfernt<\/li>\n<li>In der N\u00e4he von Lebensmittelgesch\u00e4ften und Restaurants<\/li>\n<li><a href=\"https:\/\/apartis.swiss\/de\/unsere-liegenschaften\/situation-der-apartis-gebaude\/\" target=\"_blank\" rel=\"noopener noreferrer\" class=\"broken_link\">Lageplan<\/a><\/li>\n<\/ul>\n<p><strong>\u00d6ffentliche Verkehrsmittel<\/strong><\/p>\n<ul>\n<li>Buslinien 1 \/ 3\/ 7<\/li>\n<li>Bushaltestelle \u00ab\u00a0Les Rittes\u00bb und \u00abGrand Pr\u00e9\u00bb 2 Minuten vom Geb\u00e4ude entfernt<\/li>\n<li>Busfahrpl\u00e4ne und Abos erh\u00e4ltlich im Hauptbahnhof Freiburg<\/li>\n<li><a href=\"http:\/\/horaire.tpf.ch\/\" target=\"_blank\" rel=\"noopener noreferrer\">Busfahrplan<\/a><\/li>\n<\/ul>\n            <\/div>        <\/div>    <\/div><\/section>\n<section class=\"av_toggle_section\"  itemscope=\"itemscope\" itemtype=\"https:\/\/schema.org\/CreativeWork\"  >    <div role=\"tablist\" class=\"single_toggle\" data-tags=\"{Alle} \"  >        <p data-fake-id=\"#toggle-id-4\" class=\"toggler \"  itemprop=\"headline\"    role=\"tab\" tabindex=\"0\" aria-controls=\"toggle-id-4\">Infrastruktur<span class=\"toggle_icon\" >        <span class=\"vert_icon\"><\/span><span class=\"hor_icon\"><\/span><\/span><\/p>        <div id=\"toggle-id-4\" class=\"toggle_wrap \"   >            <div class=\"toggle_content invers-color \"  itemprop=\"text\"   ><p><strong>Waschk\u00fcche<\/strong><\/p>\n<ul>\n<li>Waschmaschinen und Trockner auf Erdgeschoss<\/li>\n<li>Funktioniert mit Wechselautomat<\/li>\n<li>Kein Waschplan<\/li>\n<li>Nach Benutzung m\u00fcssen die Waschmaschinen, Filter und der Boden gereinigt werden<\/li>\n<li>Es bleiben keine Gegenst\u00e4nde in der Waschk\u00fcche (Waschmittel, W\u00e4sche usw.)<\/li>\n<\/ul>\n<p><strong>Fahrradst\u00e4nder<\/strong><\/p>\n<ul>\n<li>10 Pl\u00e4tze f\u00fcr Fahrr\u00e4der in der Garage<\/li>\n<li>Die Fahrr\u00e4der sind nur an diesem reservierten Platz abzustellen<\/li>\n<\/ul>\n<p><strong>Parkpl\u00e4tze<\/strong><\/p>\n<ul>\n<li>Auf Anfrage, wenden Sie sich an den Besitzer<\/li>\n<li>Ohne Genehmigung wird das Parken neben dem Geb\u00e4ude mit einer Busse bestraft<\/li>\n<\/ul>\n            <\/div>        <\/div>    <\/div><\/section>\n<section class=\"av_toggle_section\"  itemscope=\"itemscope\" itemtype=\"https:\/\/schema.org\/CreativeWork\"  >    <div role=\"tablist\" class=\"single_toggle\" data-tags=\"{Alle} \"  >        <p data-fake-id=\"#toggle-id-5\" class=\"toggler \"  itemprop=\"headline\"    role=\"tab\" tabindex=\"0\" aria-controls=\"toggle-id-5\">Schl\u00fcssel, Hauswart<span class=\"toggle_icon\" >        <span class=\"vert_icon\"><\/span><span class=\"hor_icon\"><\/span><\/span><\/p>        <div id=\"toggle-id-5\" class=\"toggle_wrap \"   >            <div class=\"toggle_content invers-color \"  itemprop=\"text\"   ><p><strong>Schl\u00fcssel<\/strong><\/p>\n<p>Der Mieter erh\u00e4lt 2 Schl\u00fcssel f\u00fcr:<\/p>\n<ul>\n<li>1 x Haupteingang des Geb\u00e4udes<\/li>\n<li>1 x Zimmer<\/li>\n<\/ul>\n<p>Aus Sicherheitsgr\u00fcnden:<\/p>\n<ul>\n<li>Schl\u00fcssel immer bei sich tragen<\/li>\n<li>T\u00fcren immer abschliessen<\/li>\n<\/ul>\n<p>Schl\u00fcssel verloren:<\/p>\n<ul>\n<li>Apartis bestellt zu Lasten des Mieters einen Ersatzschl\u00fcssel<\/li>\n<\/ul>\n<p><strong>Hauswart<\/strong><\/p>\n<ul>\n<li>Externer Hauswart, s. Angaben auf dem Stockwerk<\/li>\n<li>Steht zur Verf\u00fcgung betreffend Fragen zu den R\u00e4umlichkeiten, Waschk\u00fcchenbenutzung, Sch\u00e4den oder Reparaturen und f\u00fcr die Abfallentsorgung<\/li>\n<li><a href=\"https:\/\/apartis.swiss\/de\/apartis\/mitarbeiter\/\" target=\"_blank\" rel=\"noopener noreferrer\" class=\"broken_link\">Mitarbeiter Apartis<\/a><\/li>\n<\/ul>\n            <\/div>        <\/div>    <\/div><\/section>\n<\/div><\/p><\/div><\/p>\n","protected":false},"excerpt":{"rendered":"<p>Ende der Verwaltung zum 31.08.2022<br \/>Durchschnittsmiete CHF 310 | ~ \u20ac 260<\/p>\n","protected":false},"featured_media":8363,"comment_status":"closed","ping_status":"closed","template":"","tags":[],"portfolio_entries":[42],"class_list":["post-4121","portfolio","type-portfolio","status-publish","has-post-thumbnail","hentry","portfolio_entries-apartis-de"],"_links":{"self":[{"href":"https:\/\/apartis.swiss\/site\/de\/wp-json\/wp\/v2\/portfolio\/4121"}],"collection":[{"href":"https:\/\/apartis.swiss\/site\/de\/wp-json\/wp\/v2\/portfolio"}],"about":[{"href":"https:\/\/apartis.swiss\/site\/de\/wp-json\/wp\/v2\/types\/portfolio"}],"replies":[{"embeddable":true,"href":"https:\/\/apartis.swiss\/site\/de\/wp-json\/wp\/v2\/comments?post=4121"}],"version-history":[{"count":0,"href":"https:\/\/apartis.swiss\/site\/de\/wp-json\/wp\/v2\/portfolio\/4121\/revisions"}],"wp:featuredmedia":[{"embeddable":true,"href":"https:\/\/apartis.swiss\/site\/de\/wp-json\/wp\/v2\/media\/8363"}],"wp:attachment":[{"href":"https:\/\/apartis.swiss\/site\/de\/wp-json\/wp\/v2\/media?parent=4121"}],"wp:term":[{"taxonomy":"post_tag","embeddable":true,"href":"https:\/\/apartis.swiss\/site\/de\/wp-json\/wp\/v2\/tags?post=4121"},{"taxonomy":"portfolio_entries","embeddable":true,"href":"https:\/\/apartis.swiss\/site\/de\/wp-json\/wp\/v2\/portfolio_entries?post=4121"}],"curies":[{"name":"wp","href":"https:\/\/api.w.org\/{rel}","templated":true}]}}