{"id":4105,"date":"2017-08-24T09:12:31","date_gmt":"2017-08-25T07:12:30","guid":{"rendered":"https:\/\/apartis.swiss\/site\/portfolio-item\/varis\/"},"modified":"2021-03-16T13:47:22","modified_gmt":"2021-03-16T12:47:22","slug":"varis","status":"publish","type":"portfolio","link":"https:\/\/apartis.swiss\/site\/de\/portfolio-item\/varis\/","title":{"rendered":"Varis"},"content":{"rendered":"<div class=\"flex_column av_two_fifth  flex_column_div av-zero-column-padding first  avia-builder-el-0  el_before_av_three_fifth  avia-builder-el-first  \" style='border-radius:0px; '><p><div id='av-masonry-1' class='av-masonry  noHover av-fixed-size av-large-gap av-hover-overlay-active av-masonry-animation-active av-masonry-col-3 av-caption-always av-caption-style- av-masonry-gallery   av-orientation-square  '  ><div class='av-masonry-container isotope av-js-disabled ' ><div class='av-masonry-entry isotope-item av-masonry-item-no-image '><\/div><a href=\"https:\/\/apartis.swiss\/site\/wp-content\/uploads\/2017\/08\/Varis-1030x686.jpg\"  aria-label=\"Bild Varis\"  id='av-masonry-1-item-8426' data-av-masonry-item='8426' class='av-masonry-entry isotope-item post-8426 attachment type-attachment status-inherit hentry  av-masonry-item-with-image' title=\"Varis\" alt=\"\"   itemprop=\"thumbnailUrl\" ><div class='av-inner-masonry-sizer'><\/div><figure class='av-inner-masonry main_color'><div class=\"av-masonry-outerimage-container\"><div class=\"av-masonry-image-container\" style=\"background-image: url(https:\/\/apartis.swiss\/site\/wp-content\/uploads\/2017\/08\/Varis-705x470.jpg);\" title=\"Varis\" ><\/div><\/div><\/figure><\/a><!--end av-masonry entry--><a href=\"https:\/\/apartis.swiss\/site\/wp-content\/uploads\/2017\/08\/Varis_entree-1030x686.jpg\"  aria-label=\"Bild Varis_entree\"  id='av-masonry-1-item-8480' data-av-masonry-item='8480' class='av-masonry-entry isotope-item post-8480 attachment type-attachment status-inherit hentry  av-masonry-item-with-image' title=\"Varis_entree\" alt=\"\"   itemprop=\"thumbnailUrl\" ><div class='av-inner-masonry-sizer'><\/div><figure class='av-inner-masonry main_color'><div class=\"av-masonry-outerimage-container\"><div class=\"av-masonry-image-container\" style=\"background-image: url(https:\/\/apartis.swiss\/site\/wp-content\/uploads\/2017\/08\/Varis_entree-705x470.jpg);\" title=\"Varis_entree\" ><\/div><\/div><\/figure><\/a><!--end av-masonry entry--><a href=\"https:\/\/apartis.swiss\/site\/wp-content\/uploads\/2017\/08\/Varis_cuisine-1030x686.jpg\"  aria-label=\"Bild Varis_cuisine\"  id='av-masonry-1-item-8477' data-av-masonry-item='8477' class='av-masonry-entry isotope-item post-8477 attachment type-attachment status-inherit hentry  av-masonry-item-with-image' title=\"Varis_cuisine\" alt=\"\"   itemprop=\"thumbnailUrl\" ><div class='av-inner-masonry-sizer'><\/div><figure class='av-inner-masonry main_color'><div class=\"av-masonry-outerimage-container\"><div class=\"av-masonry-image-container\" style=\"background-image: url(https:\/\/apartis.swiss\/site\/wp-content\/uploads\/2017\/08\/Varis_cuisine-705x470.jpg);\" title=\"Varis_cuisine\" ><\/div><\/div><\/figure><\/a><!--end av-masonry entry--><a href=\"https:\/\/apartis.swiss\/site\/wp-content\/uploads\/2017\/08\/Varis_chambre-1030x686.jpg\"  aria-label=\"Bild Varis_chambre\"  id='av-masonry-1-item-8474' data-av-masonry-item='8474' class='av-masonry-entry isotope-item post-8474 attachment type-attachment status-inherit hentry  av-masonry-item-with-image' title=\"Varis_chambre\" alt=\"\"   itemprop=\"thumbnailUrl\" ><div class='av-inner-masonry-sizer'><\/div><figure class='av-inner-masonry main_color'><div class=\"av-masonry-outerimage-container\"><div class=\"av-masonry-image-container\" style=\"background-image: url(https:\/\/apartis.swiss\/site\/wp-content\/uploads\/2017\/08\/Varis_chambre-705x470.jpg);\" title=\"Varis_chambre\" ><\/div><\/div><\/figure><\/a><!--end av-masonry entry--><a href=\"https:\/\/apartis.swiss\/site\/wp-content\/uploads\/2019\/04\/Varis_117-1030x684.jpg\"  aria-label=\"Bild Varis_117\"  id='av-masonry-1-item-6951' data-av-masonry-item='6951' class='av-masonry-entry isotope-item post-6951 attachment type-attachment status-inherit hentry  av-masonry-item-with-image' title=\"Varis_117\" alt=\"\"   itemprop=\"thumbnailUrl\" ><div class='av-inner-masonry-sizer'><\/div><figure class='av-inner-masonry main_color'><div class=\"av-masonry-outerimage-container\"><div class=\"av-masonry-image-container\" style=\"background-image: url(https:\/\/apartis.swiss\/site\/wp-content\/uploads\/2019\/04\/Varis_117-705x468.jpg);\" title=\"Varis_117\" ><\/div><\/div><\/figure><\/a><!--end av-masonry entry--><a href=\"https:\/\/apartis.swiss\/site\/wp-content\/uploads\/2019\/04\/Varis_126-1030x684.jpg\"  aria-label=\"Bild Varis_126\"  id='av-masonry-1-item-6939' data-av-masonry-item='6939' class='av-masonry-entry isotope-item post-6939 attachment type-attachment status-inherit hentry  av-masonry-item-with-image' title=\"Varis_126\" alt=\"\"   itemprop=\"thumbnailUrl\" ><div class='av-inner-masonry-sizer'><\/div><figure class='av-inner-masonry main_color'><div class=\"av-masonry-outerimage-container\"><div class=\"av-masonry-image-container\" style=\"background-image: url(https:\/\/apartis.swiss\/site\/wp-content\/uploads\/2019\/04\/Varis_126-705x468.jpg);\" title=\"Varis_126\" ><\/div><\/div><\/figure><\/a><!--end av-masonry entry--><a href=\"https:\/\/apartis.swiss\/site\/wp-content\/uploads\/2019\/04\/Varis_114-1030x684.jpg\"  aria-label=\"Bild Varis_114\"  id='av-masonry-1-item-6945' data-av-masonry-item='6945' class='av-masonry-entry isotope-item post-6945 attachment type-attachment status-inherit hentry  av-masonry-item-with-image' title=\"Varis_114\" alt=\"\"   itemprop=\"thumbnailUrl\" ><div class='av-inner-masonry-sizer'><\/div><figure class='av-inner-masonry main_color'><div class=\"av-masonry-outerimage-container\"><div class=\"av-masonry-image-container\" style=\"background-image: url(https:\/\/apartis.swiss\/site\/wp-content\/uploads\/2019\/04\/Varis_114-705x468.jpg);\" title=\"Varis_114\" ><\/div><\/div><\/figure><\/a><!--end av-masonry entry--><\/div><\/div><br \/>\n<div  style='height:50px' class='hr hr-invisible   avia-builder-el-2  el_after_av_masonry_gallery  el_before_av_iconlist  avia-builder-el-first '><span class='hr-inner ' ><span class='hr-inner-style'><\/span><\/span><\/div><br \/>\n<div  class='avia-icon-list-container   avia-builder-el-3  el_after_av_hr  avia-builder-el-last '><ul class='avia-icon-list avia-icon-list-left av-iconlist-big avia_animate_when_almost_visible avia-iconlist-animate'>\n<li><a href='https:\/\/apartis.swiss\/site\/de\/unsere-liegenschaften\/situation-der-apartis-gebaude\/' title='Lageplan'  target=\"_blank\"  rel=\"noopener noreferrer\"  class='iconlist_icon  avia-font-entypo-fontello'><span class='iconlist-char ' aria-hidden='true' data-av_icon='\ue842' data-av_iconfont='entypo-fontello'><\/span><\/a><article class=\"article-icon-entry av-iconlist-empty\"  itemscope=\"itemscope\" itemtype=\"https:\/\/schema.org\/CreativeWork\" ><div class='iconlist_content_wrap'><header class=\"entry-content-header\"><h4 class='av_iconlist_title iconlist_title   '  itemprop=\"headline\"  ><a href='https:\/\/apartis.swiss\/site\/de\/unsere-liegenschaften\/situation-der-apartis-gebaude\/' title='Lageplan' target=\"_blank\"  rel=\"noopener noreferrer\">Lageplan<\/a><\/h4><\/header><div class='iconlist_content  '  itemprop=\"text\"  ><\/div><\/div><footer class=\"entry-footer\"><\/footer><\/article><div class='iconlist-timeline'><\/div><\/li>\n<li><a href='https:\/\/apartis.swiss\/site\/wp-content\/uploads\/downloads\/2018\/02\/Varis-plan.pdf' title='Wohnungsgrundriss' target=\"_blank\" rel=\"noopener noreferrer\" class='iconlist_icon  avia-font-entypo-fontello'><span class='iconlist-char ' aria-hidden='true' data-av_icon='\ue8d7' data-av_iconfont='entypo-fontello'><\/span><\/a><article class=\"article-icon-entry av-iconlist-empty\"  itemscope=\"itemscope\" itemtype=\"https:\/\/schema.org\/CreativeWork\" ><div class='iconlist_content_wrap'><header class=\"entry-content-header\"><h4 class='av_iconlist_title iconlist_title   '  itemprop=\"headline\"  ><a href='https:\/\/apartis.swiss\/site\/wp-content\/uploads\/downloads\/2018\/02\/Varis-plan.pdf' title='Wohnungsgrundriss' target=\"_blank\" rel=\"noopener noreferrer\">Wohnungsgrundriss<\/a><\/h4><\/header><div class='iconlist_content  '  itemprop=\"text\"  ><\/div><\/div><footer class=\"entry-footer\"><\/footer><\/article><div class='iconlist-timeline'><\/div><\/li>\n<li><a href='https:\/\/apartis.swiss\/site\/de\/zu-vermieten\/mietbedingungen\/' title='Mietbedingungen'  target=\"_blank\"  rel=\"noopener noreferrer\"  class='iconlist_icon  avia-font-entypo-fontello'><span class='iconlist-char ' aria-hidden='true' data-av_icon='\ue84e' data-av_iconfont='entypo-fontello'><\/span><\/a><article class=\"article-icon-entry av-iconlist-empty\"  itemscope=\"itemscope\" itemtype=\"https:\/\/schema.org\/CreativeWork\" ><div class='iconlist_content_wrap'><header class=\"entry-content-header\"><h4 class='av_iconlist_title iconlist_title   '  itemprop=\"headline\"  ><a href='https:\/\/apartis.swiss\/site\/de\/zu-vermieten\/mietbedingungen\/' title='Mietbedingungen' target=\"_blank\"  rel=\"noopener noreferrer\">Mietbedingungen<\/a><\/h4><\/header><div class='iconlist_content  '  itemprop=\"text\"  ><\/div><\/div><footer class=\"entry-footer\"><\/footer><\/article><div class='iconlist-timeline'><\/div><\/li>\n<li><a href='https:\/\/apartis.swiss\/site\/wp-content\/uploads\/downloads\/2017\/11\/rm-varis-d.pdf' title='Hausordnung' target=\"_blank\" rel=\"noopener noreferrer\" class='iconlist_icon  avia-font-entypo-fontello'><span class='iconlist-char ' aria-hidden='true' data-av_icon='\ue821' data-av_iconfont='entypo-fontello'><\/span><\/a><article class=\"article-icon-entry av-iconlist-empty\"  itemscope=\"itemscope\" itemtype=\"https:\/\/schema.org\/CreativeWork\" ><div class='iconlist_content_wrap'><header class=\"entry-content-header\"><h4 class='av_iconlist_title iconlist_title   '  itemprop=\"headline\"  ><a href='https:\/\/apartis.swiss\/site\/wp-content\/uploads\/downloads\/2017\/11\/rm-varis-d.pdf' title='Hausordnung' target=\"_blank\" rel=\"noopener noreferrer\">Hausordnung<\/a><\/h4><\/header><div class='iconlist_content  '  itemprop=\"text\"  ><\/div><\/div><footer class=\"entry-footer\"><\/footer><\/article><div class='iconlist-timeline'><\/div><\/li>\n<li><a href='https:\/\/apartis.swiss\/site\/wp-content\/uploads\/downloads\/2017\/11\/varis-d.pdf' title='Abfallentsorgung' target=\"_blank\" rel=\"noopener noreferrer\" class='iconlist_icon  avia-font-entypo-fontello'><span class='iconlist-char ' aria-hidden='true' data-av_icon='\ue847' data-av_iconfont='entypo-fontello'><\/span><\/a><article class=\"article-icon-entry av-iconlist-empty\"  itemscope=\"itemscope\" itemtype=\"https:\/\/schema.org\/CreativeWork\" ><div class='iconlist_content_wrap'><header class=\"entry-content-header\"><h4 class='av_iconlist_title iconlist_title   '  itemprop=\"headline\"  ><a href='https:\/\/apartis.swiss\/site\/wp-content\/uploads\/downloads\/2017\/11\/varis-d.pdf' title='Abfallentsorgung' target=\"_blank\" rel=\"noopener noreferrer\">Abfallentsorgung<\/a><\/h4><\/header><div class='iconlist_content  '  itemprop=\"text\"  ><\/div><\/div><footer class=\"entry-footer\"><\/footer><\/article><div class='iconlist-timeline'><\/div><\/li>\n<li><a href='https:\/\/apartis.swiss\/site\/de\/unsere-liegenschaften\/allgemeine-informationen\/' title='Allgemeine Informationen'  target=\"_blank\"  rel=\"noopener noreferrer\"  class='iconlist_icon  avia-font-entypo-fontello'><span class='iconlist-char ' aria-hidden='true' data-av_icon='\ue81f' data-av_iconfont='entypo-fontello'><\/span><\/a><article class=\"article-icon-entry av-iconlist-empty\"  itemscope=\"itemscope\" itemtype=\"https:\/\/schema.org\/CreativeWork\" ><div class='iconlist_content_wrap'><header class=\"entry-content-header\"><h4 class='av_iconlist_title iconlist_title   '  itemprop=\"headline\"  ><a href='https:\/\/apartis.swiss\/site\/de\/unsere-liegenschaften\/allgemeine-informationen\/' title='Allgemeine Informationen' target=\"_blank\"  rel=\"noopener noreferrer\">Allgemeine Informationen<\/a><\/h4><\/header><div class='iconlist_content  '  itemprop=\"text\"  ><\/div><\/div><footer class=\"entry-footer\"><\/footer><\/article><div class='iconlist-timeline'><\/div><\/li>\n<li><div  class='iconlist_icon  avia-font-entypo-fontello'><span class='iconlist-char ' aria-hidden='true' data-av_icon='\ue800' data-av_iconfont='entypo-fontello'><\/span><\/div><article class=\"article-icon-entry av-iconlist-empty\"  itemscope=\"itemscope\" itemtype=\"https:\/\/schema.org\/CreativeWork\" ><div class='iconlist_content_wrap'><header class=\"entry-content-header\"><h4 class='av_iconlist_title iconlist_title   '  itemprop=\"headline\"  ><a href='https:\/\/apartis.swiss\/site\/wp-content\/plugins\/download-monitor\/download.php?id=75' title='Brochure Apartis' target=\"_blank\" rel=\"noopener noreferrer\">Brochure Apartis<\/a><\/h4><\/header><div class='iconlist_content  '  itemprop=\"text\"  ><\/div><\/div><footer class=\"entry-footer\"><\/footer><\/article><div class='iconlist-timeline'><\/div><\/li>\n<\/ul><\/div><\/p><\/div>\n<div class=\"flex_column av_three_fifth  flex_column_div av-zero-column-padding   avia-builder-el-4  el_after_av_two_fifth  avia-builder-el-last  \" style='border-radius:0px; '><p><div  style='padding-bottom:10px; ' class='av-special-heading av-special-heading-h2  blockquote modern-quote  avia-builder-el-5  el_before_av_toggle_container  avia-builder-el-first  '><h2 class='av-special-heading-tag '  itemprop=\"headline\"  >Varis 5-7-9 | Fribourg<\/h2><div class='special-heading-border'><div class='special-heading-inner-border' ><\/div><\/div><\/div><br \/>\n<div   class=\"togglecontainer   toggle_close_all  avia-builder-el-6  el_after_av_heading  avia-builder-el-last \" >\n<section class=\"av_toggle_section\"  itemscope=\"itemscope\" itemtype=\"https:\/\/schema.org\/CreativeWork\"  >    <div role=\"tablist\" class=\"single_toggle\" data-tags=\"{Alle} \"  >        <p data-fake-id=\"#toggle-id-1\" class=\"toggler activeTitle\"  itemprop=\"headline\"    role=\"tab\" tabindex=\"0\" aria-controls=\"toggle-id-1\">Zentrumquartier<span class=\"toggle_icon\" >        <span class=\"vert_icon\"><\/span><span class=\"hor_icon\"><\/span><\/span><\/p>        <div id=\"toggle-id-1\" class=\"toggle_wrap active_tc\"  style='display:block;' >            <div class=\"toggle_content invers-color \"  itemprop=\"text\"   ><p>An der Kreuzung der Avenue du Midi und der Avenue de Beauregard befinden sich unsere Geb\u00e4ude der Avenue du Midi, hinter dem Bahnhof gelegen, in gleicher Entfernung zu den Hochschulen \/ der Universit\u00e4t Mis\u00e9ricorde. Die R\u00e4umlichkeiten der Rechtswissenschaftlichen Fakult\u00e4t sind eine Minute zu Fuss entfernt.<\/p>\n<p>Alle Annehmlichkeiten des Stadtzentrums sind direkt zu Fuss erreichbar.<\/p>\n<p>Die drei Geb\u00e4ude des Walriss befinden sich auf einer der steilsten Strassen der Stadt, zwischen der Kantons- und Universit\u00e4tsbibliothek und dem Museum f\u00fcr Kunst und Geschichte. Die P\u00e4dagogische Hochschule, die Universit\u00e4t Mis\u00e9ricorde und die Berufsfachschule sind nur einige Minuten entfernt. Die Rue St-Michel f\u00fchrt direkt zum Stadtzentrum mit einer grossen Auswahl an Gesch\u00e4ften. Das sympathische Alt-Quartier oberhalb unserer Geb\u00e4ude bietet viele kleine Gesch\u00e4fte und Unterhaltung.<\/p>\n<p>Das charmante Burgquartier mit seiner Kathedrale, ges\u00e4umt von originellen kleinen Gesch\u00e4ften sowie typischen Lokalen, ist ganz in der N\u00e4he.<\/p>\n            <\/div>        <\/div>    <\/div><\/section>\n<section class=\"av_toggle_section\"  itemscope=\"itemscope\" itemtype=\"https:\/\/schema.org\/CreativeWork\"  >    <div role=\"tablist\" class=\"single_toggle\" data-tags=\"{Alle} \"  >        <p data-fake-id=\"#toggle-id-2\" class=\"toggler \"  itemprop=\"headline\"    role=\"tab\" tabindex=\"0\" aria-controls=\"toggle-id-2\">Mietzins, Unterk\u00fcnfte, Gemeinschaftsr\u00e4ume<span class=\"toggle_icon\" >        <span class=\"vert_icon\"><\/span><span class=\"hor_icon\"><\/span><\/span><\/p>        <div id=\"toggle-id-2\" class=\"toggle_wrap \"   >            <div class=\"toggle_content invers-color \"  itemprop=\"text\"   ><p><strong>Der Mietzins<\/strong><\/p>\n<ul>\n<li>Variiert je nach Gr\u00f6sse und Art der Wohnung<\/li>\n<li>Zimmer: von CHF 390.- bis 475.- pro Monat (ca. \u20ac 325.- bis 395.-)<\/li>\n<li>Studios: von CHF 550.- bis 625.- pro Monat (ca. \u20ac 460.- bis 420.-)<\/li>\n<li>Inklusive Nebenkosten: Heizung, Warmwasser, Internet Wifi<\/li>\n<li>Nicht inbegriffen: Strom-, Telefon-, TV-Kosten und Mediengeb\u00fchr (wird direkt vom jeweiligen Anbieter abgerechnet)<\/li>\n<li>-Die mit der Miete bezahlte Nebenkostenpauschale f\u00fcr Heizung und Warmwasser wird einmal pro Jahr abgerechnet (ca. Oktober)<\/li>\n<\/ul>\n<p><strong>Wohnungen<\/strong><\/p>\n<ul>\n<li>112 Zimmer in 44 Wohnungen auf 5 Stockwerken (mit Aufzug)<\/li>\n<li>1- bis 3-Zimmerwohnungen, Wohnk\u00fcche, Dusche, ein oder zwei WC<\/li>\n<li>Kleine ebenerdige Terrasse in einigen Wohnungen<\/li>\n<li>Einfache und funktionelle Einrichtung der K\u00fcchen<\/li>\n<li><a href=\"https:\/\/apartis.swiss\/site\/wp-content\/uploads\/downloads\/2018\/02\/Varis-plan.pdf\" target=\"_blank\" rel=\"noopener noreferrer\">Grundrissplan einer Gemeinschaftswohnung<\/a><\/li>\n<\/ul>\n<p><strong>Zimmer<\/strong><\/p>\n<ul>\n<li>Von 14 bis 15m<sup>2<\/sup><\/li>\n<li>Nicht m\u00f6bliert<\/li>\n<li>Jedes Zimmer verf\u00fcgt \u00fcber ein grosses Fenster und Parkettboden<\/li>\n<\/ul>\n<p><strong>Gemeinschaftsr\u00e4ume<\/strong><\/p>\n<ul>\n<li>In den Gemeinschaftsr\u00e4umen herrscht <strong>Rauchverbot<\/strong><\/li>\n<li>Eingangshalle: Briefk\u00e4sten, Schaukasten f\u00fcr Apartis-Informationen und Anschlagbrett<\/li>\n<\/ul>\n<p><strong>Mehrzweckr\u00e4ume<\/strong><\/p>\n<ul>\n<li><a href=\"https:\/\/apartis.swiss\/de\/mieterinformationen\/mehrzweckraume\/\" target=\"_blank\" rel=\"noopener noreferrer\" class=\"broken_link\">Mehrzweckr\u00e4ume<\/a><\/li>\n<\/ul>\n            <\/div>        <\/div>    <\/div><\/section>\n<section class=\"av_toggle_section\"  itemscope=\"itemscope\" itemtype=\"https:\/\/schema.org\/CreativeWork\"  >    <div role=\"tablist\" class=\"single_toggle\" data-tags=\"{Alle} \"  >        <p data-fake-id=\"#toggle-id-3\" class=\"toggler \"  itemprop=\"headline\"    role=\"tab\" tabindex=\"0\" aria-controls=\"toggle-id-3\">Lage &amp; Anfahrt<span class=\"toggle_icon\" >        <span class=\"vert_icon\"><\/span><span class=\"hor_icon\"><\/span><\/span><\/p>        <div id=\"toggle-id-3\" class=\"toggle_wrap \"   >            <div class=\"toggle_content invers-color \"  itemprop=\"text\"   ><p><strong>Lage des Geb\u00e4udes<\/strong><\/p>\n<ul>\n<li>Im Stadtzentrum von Fribourg, in der N\u00e4he des \u00ab\u00a0quartier d\u2019Alt\u00a0\u00bb<\/li>\n<li>2 Minuten zu Fuss von den Universit\u00e4tsgeb\u00e4uden Mis\u00e9ricorde, von der kantonalen Universit\u00e4tsbibliothek und der P\u00e4dagogischen Hochschule entfernt<\/li>\n<li>5 Minuten von der Altstadt und den Fussg\u00e4ngerzonen entfernt (Post, Gesch\u00e4fte, Banken usw.)<\/li>\n<li>10 Minuten vom Hauptbahnhof entfernt<\/li>\n<li>15 Minuten mit dem Fahrrad oder Bus von der Universit\u00e4t P\u00e9rolles entfernt<\/li>\n<li><a href=\"https:\/\/apartis.swiss\/de\/unsere-liegenschaften\/situation-der-apartis-gebaude\/\" target=\"_blank\" rel=\"noopener noreferrer\" class=\"broken_link\">Lageplan<\/a><\/li>\n<\/ul>\n<p><strong>\u00d6ffentliche Verkehrsmittel<\/strong><\/p>\n<ul>\n<li>Buslinien 1 \/ 2 \/ 3 \/ 5 \/ 6<\/li>\n<li>Bushaltestelle \u00ab\u00a0Universit\u00e9\u00a0\u00bb, \u00ab\u00a0Georges Python\u00a0\u00bb oder \u00ab\u00a0Tilleul\u00a0\u00bb 2 Minuten vom Geb\u00e4ude entfernt<\/li>\n<li>Busfahrpl\u00e4ne und Abos erh\u00e4ltlich im Hauptbahnhof<\/li>\n<li><a href=\"http:\/\/horaire.tpf.ch\/\" target=\"_blank\" rel=\"noopener noreferrer\">Busfahrplan<\/a><\/li>\n<\/ul>\n            <\/div>        <\/div>    <\/div><\/section>\n<section class=\"av_toggle_section\"  itemscope=\"itemscope\" itemtype=\"https:\/\/schema.org\/CreativeWork\"  >    <div role=\"tablist\" class=\"single_toggle\" data-tags=\"{Alle} \"  >        <p data-fake-id=\"#toggle-id-4\" class=\"toggler \"  itemprop=\"headline\"    role=\"tab\" tabindex=\"0\" aria-controls=\"toggle-id-4\">Infrastruktur<span class=\"toggle_icon\" >        <span class=\"vert_icon\"><\/span><span class=\"hor_icon\"><\/span><\/span><\/p>        <div id=\"toggle-id-4\" class=\"toggle_wrap \"   >            <div class=\"toggle_content invers-color \"  itemprop=\"text\"   ><p><strong>Keller<\/strong><\/p>\n<ul>\n<li>1 Kellerabteil pro Wohnung<\/li>\n<li>Der Keller ist mit der Wohnungsnummer gekennzeichnet<\/li>\n<li>Jeder Mieter hat das Recht auf einen Platz im Keller<\/li>\n<li>Ist Teil der Wohnung\u00a0: bei Auszug haben die Mieter ihre Gegenst\u00e4nde wieder mitzunehmen bzw. auszur\u00e4umen und den Keller aufzur\u00e4umen und zu putzen<\/li>\n<\/ul>\n<p><strong>Waschk\u00fcche<\/strong><\/p>\n<ul>\n<li>Im Untergeschoss eines jeden Geb\u00e4udes<\/li>\n<li>Waschschl\u00fcssel muss vom Mieter bestellt werden:\u00a0<a href=\"http:\/\/www.keycom.ch\/\" target=\"_blank\" rel=\"noopener noreferrer\">www.keycom.ch<\/a><\/li>\n<li>Kein Waschplan<\/li>\n<li>Nach Benutzung m\u00fcssen die Waschmaschinen, Filter und der Boden gereinigt werden<\/li>\n<li>Es bleiben keine Gegenst\u00e4nde in der Waschk\u00fcche (Waschmittel, W\u00e4sche usw.)<\/li>\n<\/ul>\n<p><strong>Fahrradst\u00e4nder<\/strong><\/p>\n<ul>\n<li>60 \u00fcberdachte Pl\u00e4tze stehen zur Verf\u00fcgung (20 pro Eingang)<\/li>\n<li>Die Fahrr\u00e4der sind nur an diesem reservierten Platz abzustellen<\/li>\n<\/ul>\n<p><strong>Parkpl\u00e4tze<\/strong><\/p>\n<ul>\n<li>5 zu mietende Parkpl\u00e4tze stehen zur Verf\u00fcgung<\/li>\n<li>Das Parken neben dem Geb\u00e4ude wird mit einer Busse bestraft<\/li>\n<\/ul>\n            <\/div>        <\/div>    <\/div><\/section>\n<section class=\"av_toggle_section\"  itemscope=\"itemscope\" itemtype=\"https:\/\/schema.org\/CreativeWork\"  >    <div role=\"tablist\" class=\"single_toggle\" data-tags=\"{Alle} \"  >        <p data-fake-id=\"#toggle-id-5\" class=\"toggler \"  itemprop=\"headline\"    role=\"tab\" tabindex=\"0\" aria-controls=\"toggle-id-5\">Schl\u00fcssel, Hauswart<span class=\"toggle_icon\" >        <span class=\"vert_icon\"><\/span><span class=\"hor_icon\"><\/span><\/span><\/p>        <div id=\"toggle-id-5\" class=\"toggle_wrap \"   >            <div class=\"toggle_content invers-color \"  itemprop=\"text\"   ><p><strong>Schl\u00fcssel<\/strong><\/p>\n<p>Der Mieter erh\u00e4lt 1 Schl\u00fcssel f\u00fcr:<\/p>\n<ul>\n<li>Haupteingang (schliesst aus Sicherheitsgr\u00fcnden automatisch)<\/li>\n<li>Wohnung<\/li>\n<li>Zimmer<\/li>\n<\/ul>\n<p>Aus Sicherheitsgr\u00fcnden:<\/p>\n<ul>\n<li>Schl\u00fcssel immer bei sich tragen<\/li>\n<li>T\u00fcren immer abschliessen<\/li>\n<\/ul>\n<p>Briefkasten- und Kellerschl\u00fcssel\u00a0:<\/p>\n<ul>\n<li>1 Briefkasten und 1 Keller pro Wohnung mit einem Schl\u00fcssel f\u00fcr alle<\/li>\n<li>Die Schl\u00fcssel h\u00e4ngen neben der Eingangst\u00fcre der Wohnung<\/li>\n<li>Schl\u00fcssel nach Benutzung immer an ihren Platz zur\u00fcckh\u00e4ngen!<\/li>\n<\/ul>\n<p>Schl\u00fcssel verloren<\/p>\n<ul>\n<li>Apartis bestellt zu Lasten des Mieters einen Ersatzschl\u00fcssel<\/li>\n<li>Bei Diebstahl kann ein Austausch des Schlosses der Wohnung notwendig werden<\/li>\n<\/ul>\n<p><strong>Hauswart<\/strong><\/p>\n<ul>\n<li>Wohnung der Hauswartin: Varis 7, Erdgeschoss, Wohnung 2003<\/li>\n<li>Steht zur Verf\u00fcgung betreffend Fragen zu den R\u00e4umlichkeiten, Waschk\u00fcchenbenutzung, Sch\u00e4den oder Reparaturen sowie f\u00fcr die Abfallentsorgung<\/li>\n<li>Bei Abwesenheit hinterlassen Sie eine Nachricht in ihrem Briefkasten<\/li>\n<li><a href=\"https:\/\/apartis.swiss\/de\/apartis\/mitarbeiter\/\" target=\"_blank\" rel=\"noopener noreferrer\" class=\"broken_link\">Mitarbeiter Apartis<\/a><\/li>\n<\/ul>\n            <\/div>        <\/div>    <\/div><\/section>\n<\/div><\/p><\/div>\n","protected":false},"excerpt":{"rendered":"<p>Durchschnittsmiete  CHF 425 | ~ \u20ac 357<\/p>\n","protected":false},"featured_media":8426,"comment_status":"closed","ping_status":"closed","template":"","tags":[],"portfolio_entries":[42],"class_list":["post-4105","portfolio","type-portfolio","status-publish","has-post-thumbnail","hentry","portfolio_entries-apartis-de"],"_links":{"self":[{"href":"https:\/\/apartis.swiss\/site\/de\/wp-json\/wp\/v2\/portfolio\/4105"}],"collection":[{"href":"https:\/\/apartis.swiss\/site\/de\/wp-json\/wp\/v2\/portfolio"}],"about":[{"href":"https:\/\/apartis.swiss\/site\/de\/wp-json\/wp\/v2\/types\/portfolio"}],"replies":[{"embeddable":true,"href":"https:\/\/apartis.swiss\/site\/de\/wp-json\/wp\/v2\/comments?post=4105"}],"version-history":[{"count":0,"href":"https:\/\/apartis.swiss\/site\/de\/wp-json\/wp\/v2\/portfolio\/4105\/revisions"}],"wp:featuredmedia":[{"embeddable":true,"href":"https:\/\/apartis.swiss\/site\/de\/wp-json\/wp\/v2\/media\/8426"}],"wp:attachment":[{"href":"https:\/\/apartis.swiss\/site\/de\/wp-json\/wp\/v2\/media?parent=4105"}],"wp:term":[{"taxonomy":"post_tag","embeddable":true,"href":"https:\/\/apartis.swiss\/site\/de\/wp-json\/wp\/v2\/tags?post=4105"},{"taxonomy":"portfolio_entries","embeddable":true,"href":"https:\/\/apartis.swiss\/site\/de\/wp-json\/wp\/v2\/portfolio_entries?post=4105"}],"curies":[{"name":"wp","href":"https:\/\/api.w.org\/{rel}","templated":true}]}}