{"id":4101,"date":"2017-08-25T09:01:21","date_gmt":"2017-08-25T07:01:21","guid":{"rendered":"https:\/\/apartis.swiss\/site\/portfolio-item\/route-mont-carmel\/"},"modified":"2022-02-09T08:49:57","modified_gmt":"2022-02-09T07:49:57","slug":"route-mont-carmel","status":"publish","type":"portfolio","link":"https:\/\/apartis.swiss\/site\/de\/portfolio-item\/route-mont-carmel\/","title":{"rendered":"Route Mont-Carmel"},"content":{"rendered":"<div class=\"flex_column av_two_fifth  flex_column_div av-zero-column-padding first  avia-builder-el-0  el_before_av_three_fifth  avia-builder-el-first  \" style='border-radius:0px; '><p><div id='av-masonry-1' class='av-masonry  noHover av-fixed-size av-large-gap av-hover-overlay-active av-masonry-animation-active av-masonry-col-3 av-caption-always av-caption-style- av-masonry-gallery   av-orientation-square  '  ><div class='av-masonry-container isotope av-js-disabled ' ><div class='av-masonry-entry isotope-item av-masonry-item-no-image '><\/div><a href=\"https:\/\/apartis.swiss\/site\/wp-content\/uploads\/2017\/08\/Bellevue-1030x686.jpg\"  aria-label=\"Bild Bellevue\"  id='av-masonry-1-item-8335' data-av-masonry-item='8335' class='av-masonry-entry isotope-item post-8335 attachment type-attachment status-inherit hentry  av-masonry-item-with-image' title=\"Bellevue\" alt=\"\"   itemprop=\"thumbnailUrl\" ><div class='av-inner-masonry-sizer'><\/div><figure class='av-inner-masonry main_color'><div class=\"av-masonry-outerimage-container\"><div class=\"av-masonry-image-container\" style=\"background-image: url(https:\/\/apartis.swiss\/site\/wp-content\/uploads\/2017\/08\/Bellevue-705x470.jpg);\" title=\"Bellevue\" ><\/div><\/div><\/figure><\/a><!--end av-masonry entry--><a href=\"https:\/\/apartis.swiss\/site\/wp-content\/uploads\/2017\/08\/Mont-Carmel_exterieur-1030x686.jpg\"  aria-label=\"Bild Mont-Carmel_exterieur\"  id='av-masonry-1-item-8587' data-av-masonry-item='8587' class='av-masonry-entry isotope-item post-8587 attachment type-attachment status-inherit hentry  av-masonry-item-with-image' title=\"Mont-Carmel_exterieur\" alt=\"\"   itemprop=\"thumbnailUrl\" ><div class='av-inner-masonry-sizer'><\/div><figure class='av-inner-masonry main_color'><div class=\"av-masonry-outerimage-container\"><div class=\"av-masonry-image-container\" style=\"background-image: url(https:\/\/apartis.swiss\/site\/wp-content\/uploads\/2017\/08\/Mont-Carmel_exterieur-705x470.jpg);\" title=\"Mont-Carmel_exterieur\" ><\/div><\/div><\/figure><\/a><!--end av-masonry entry--><a href=\"https:\/\/apartis.swiss\/site\/wp-content\/uploads\/2019\/04\/Bell_142-1030x684.jpg\"  aria-label=\"Bild Bell_142\"  id='av-masonry-1-item-6981' data-av-masonry-item='6981' class='av-masonry-entry isotope-item post-6981 attachment type-attachment status-inherit hentry  av-masonry-item-with-image' title=\"Bell_142\" alt=\"\"   itemprop=\"thumbnailUrl\" ><div class='av-inner-masonry-sizer'><\/div><figure class='av-inner-masonry main_color'><div class=\"av-masonry-outerimage-container\"><div class=\"av-masonry-image-container\" style=\"background-image: url(https:\/\/apartis.swiss\/site\/wp-content\/uploads\/2019\/04\/Bell_142-705x468.jpg);\" title=\"Bell_142\" ><\/div><\/div><\/figure><\/a><!--end av-masonry entry--><a href=\"https:\/\/apartis.swiss\/site\/wp-content\/uploads\/2019\/04\/Bell_102-1030x773.jpg\"  aria-label=\"Bild Bell_102\"  id='av-masonry-1-item-6966' data-av-masonry-item='6966' class='av-masonry-entry isotope-item post-6966 attachment type-attachment status-inherit hentry  av-masonry-item-with-image' title=\"Bell_102\" alt=\"\"   itemprop=\"thumbnailUrl\" ><div class='av-inner-masonry-sizer'><\/div><figure class='av-inner-masonry main_color'><div class=\"av-masonry-outerimage-container\"><div class=\"av-masonry-image-container\" style=\"background-image: url(https:\/\/apartis.swiss\/site\/wp-content\/uploads\/2019\/04\/Bell_102-705x529.jpg);\" title=\"Bell_102\" ><\/div><\/div><\/figure><\/a><!--end av-masonry entry--><a href=\"https:\/\/apartis.swiss\/site\/wp-content\/uploads\/2019\/04\/Bell_127-1030x684.jpg\"  aria-label=\"Bild Bell_127\"  id='av-masonry-1-item-6975' data-av-masonry-item='6975' class='av-masonry-entry isotope-item post-6975 attachment type-attachment status-inherit hentry  av-masonry-item-with-image' title=\"Bell_127\" alt=\"\"   itemprop=\"thumbnailUrl\" ><div class='av-inner-masonry-sizer'><\/div><figure class='av-inner-masonry main_color'><div class=\"av-masonry-outerimage-container\"><div class=\"av-masonry-image-container\" style=\"background-image: url(https:\/\/apartis.swiss\/site\/wp-content\/uploads\/2019\/04\/Bell_127-705x468.jpg);\" title=\"Bell_127\" ><\/div><\/div><\/figure><\/a><!--end av-masonry entry--><a href=\"https:\/\/apartis.swiss\/site\/wp-content\/uploads\/2017\/08\/Mont-Carmel_cuisine-1030x686.jpg\"  aria-label=\"Bild Mont-Carmel_cuisine\"  id='av-masonry-1-item-8584' data-av-masonry-item='8584' class='av-masonry-entry isotope-item post-8584 attachment type-attachment status-inherit hentry  av-masonry-item-with-image' title=\"Mont-Carmel_cuisine\" alt=\"\"   itemprop=\"thumbnailUrl\" ><div class='av-inner-masonry-sizer'><\/div><figure class='av-inner-masonry main_color'><div class=\"av-masonry-outerimage-container\"><div class=\"av-masonry-image-container\" style=\"background-image: url(https:\/\/apartis.swiss\/site\/wp-content\/uploads\/2017\/08\/Mont-Carmel_cuisine-705x470.jpg);\" title=\"Mont-Carmel_cuisine\" ><\/div><\/div><\/figure><\/a><!--end av-masonry entry--><a href=\"https:\/\/apartis.swiss\/site\/wp-content\/uploads\/2017\/08\/Mont-Carmel_living-1030x686.jpg\"  aria-label=\"Bild Mont-Carmel_living\"  id='av-masonry-1-item-8590' data-av-masonry-item='8590' class='av-masonry-entry isotope-item post-8590 attachment type-attachment status-inherit hentry  av-masonry-item-with-image' title=\"Mont-Carmel_living\" alt=\"\"   itemprop=\"thumbnailUrl\" ><div class='av-inner-masonry-sizer'><\/div><figure class='av-inner-masonry main_color'><div class=\"av-masonry-outerimage-container\"><div class=\"av-masonry-image-container\" style=\"background-image: url(https:\/\/apartis.swiss\/site\/wp-content\/uploads\/2017\/08\/Mont-Carmel_living-705x470.jpg);\" title=\"Mont-Carmel_living\" ><\/div><\/div><\/figure><\/a><!--end av-masonry entry--><a href=\"https:\/\/apartis.swiss\/site\/wp-content\/uploads\/2019\/04\/Bell_134-1030x684.jpg\"  aria-label=\"Bild Bell_134\"  id='av-masonry-1-item-6978' data-av-masonry-item='6978' class='av-masonry-entry isotope-item post-6978 attachment type-attachment status-inherit hentry  av-masonry-item-with-image' title=\"Bell_134\" alt=\"\"   itemprop=\"thumbnailUrl\" ><div class='av-inner-masonry-sizer'><\/div><figure class='av-inner-masonry main_color'><div class=\"av-masonry-outerimage-container\"><div class=\"av-masonry-image-container\" style=\"background-image: url(https:\/\/apartis.swiss\/site\/wp-content\/uploads\/2019\/04\/Bell_134-705x468.jpg);\" title=\"Bell_134\" ><\/div><\/div><\/figure><\/a><!--end av-masonry entry--><a href=\"https:\/\/apartis.swiss\/site\/wp-content\/uploads\/2019\/04\/Bell_107-1030x684.jpg\"  aria-label=\"Bild Bell_107\"  id='av-masonry-1-item-6972' data-av-masonry-item='6972' class='av-masonry-entry isotope-item post-6972 attachment type-attachment status-inherit hentry  av-masonry-item-with-image' title=\"Bell_107\" alt=\"\"   itemprop=\"thumbnailUrl\" ><div class='av-inner-masonry-sizer'><\/div><figure class='av-inner-masonry main_color'><div class=\"av-masonry-outerimage-container\"><div class=\"av-masonry-image-container\" style=\"background-image: url(https:\/\/apartis.swiss\/site\/wp-content\/uploads\/2019\/04\/Bell_107-705x468.jpg);\" title=\"Bell_107\" ><\/div><\/div><\/figure><\/a><!--end av-masonry entry--><a href=\"https:\/\/apartis.swiss\/site\/wp-content\/uploads\/2019\/04\/Bell_106-1030x684.jpg\"  aria-label=\"Bild Bell_106\"  id='av-masonry-1-item-6969' data-av-masonry-item='6969' class='av-masonry-entry isotope-item post-6969 attachment type-attachment status-inherit hentry  av-masonry-item-with-image' title=\"Bell_106\" alt=\"\"   itemprop=\"thumbnailUrl\" ><div class='av-inner-masonry-sizer'><\/div><figure class='av-inner-masonry main_color'><div class=\"av-masonry-outerimage-container\"><div class=\"av-masonry-image-container\" style=\"background-image: url(https:\/\/apartis.swiss\/site\/wp-content\/uploads\/2019\/04\/Bell_106-705x468.jpg);\" title=\"Bell_106\" ><\/div><\/div><\/figure><\/a><!--end av-masonry entry--><a href=\"https:\/\/apartis.swiss\/site\/wp-content\/uploads\/2019\/04\/Bell_135-1030x684.jpg\"  aria-label=\"Bild Bell_135\"  id='av-masonry-1-item-7001' data-av-masonry-item='7001' class='av-masonry-entry isotope-item post-7001 attachment type-attachment status-inherit hentry  av-masonry-item-with-image' title=\"Bell_135\" alt=\"\"   itemprop=\"thumbnailUrl\" ><div class='av-inner-masonry-sizer'><\/div><figure class='av-inner-masonry main_color'><div class=\"av-masonry-outerimage-container\"><div class=\"av-masonry-image-container\" style=\"background-image: url(https:\/\/apartis.swiss\/site\/wp-content\/uploads\/2019\/04\/Bell_135-705x468.jpg);\" title=\"Bell_135\" ><\/div><\/div><\/figure><\/a><!--end av-masonry entry--><a href=\"https:\/\/apartis.swiss\/site\/wp-content\/uploads\/2019\/04\/Bell_189-1030x684.jpg\"  aria-label=\"Bild Bell_189\"  id='av-masonry-1-item-6996' data-av-masonry-item='6996' class='av-masonry-entry isotope-item post-6996 attachment type-attachment status-inherit hentry  av-masonry-item-with-image' title=\"Bell_189\" alt=\"\"   itemprop=\"thumbnailUrl\" ><div class='av-inner-masonry-sizer'><\/div><figure class='av-inner-masonry main_color'><div class=\"av-masonry-outerimage-container\"><div class=\"av-masonry-image-container\" style=\"background-image: url(https:\/\/apartis.swiss\/site\/wp-content\/uploads\/2019\/04\/Bell_189-705x468.jpg);\" title=\"Bell_189\" ><\/div><\/div><\/figure><\/a><!--end av-masonry entry--><a href=\"https:\/\/apartis.swiss\/site\/wp-content\/uploads\/2017\/08\/Mont-Carmel_loisir-1030x686.jpg\"  aria-label=\"Bild Mont-Carmel_loisir\"  id='av-masonry-1-item-8593' data-av-masonry-item='8593' class='av-masonry-entry isotope-item post-8593 attachment type-attachment status-inherit hentry  av-masonry-item-with-image' title=\"Mont-Carmel_loisir\" alt=\"\"   itemprop=\"thumbnailUrl\" ><div class='av-inner-masonry-sizer'><\/div><figure class='av-inner-masonry main_color'><div class=\"av-masonry-outerimage-container\"><div class=\"av-masonry-image-container\" style=\"background-image: url(https:\/\/apartis.swiss\/site\/wp-content\/uploads\/2017\/08\/Mont-Carmel_loisir-705x470.jpg);\" title=\"Mont-Carmel_loisir\" ><\/div><\/div><\/figure><\/a><!--end av-masonry entry--><a href=\"https:\/\/apartis.swiss\/site\/wp-content\/uploads\/2017\/08\/Mont-Carmel_babyfoot-1030x686.jpg\"  aria-label=\"Bild Mont-Carmel_babyfoot\"  id='av-masonry-1-item-8581' data-av-masonry-item='8581' class='av-masonry-entry isotope-item post-8581 attachment type-attachment status-inherit hentry  av-masonry-item-with-image' title=\"Mont-Carmel_babyfoot\" alt=\"\"   itemprop=\"thumbnailUrl\" ><div class='av-inner-masonry-sizer'><\/div><figure class='av-inner-masonry main_color'><div class=\"av-masonry-outerimage-container\"><div class=\"av-masonry-image-container\" style=\"background-image: url(https:\/\/apartis.swiss\/site\/wp-content\/uploads\/2017\/08\/Mont-Carmel_babyfoot-705x470.jpg);\" title=\"Mont-Carmel_babyfoot\" ><\/div><\/div><\/figure><\/a><!--end av-masonry entry--><\/div><\/div><br \/>\n<div  style='height:50px' class='hr hr-invisible   avia-builder-el-2  el_after_av_masonry_gallery  el_before_av_iconlist  avia-builder-el-first '><span class='hr-inner ' ><span class='hr-inner-style'><\/span><\/span><\/div><br \/>\n<div  class='avia-icon-list-container   avia-builder-el-3  el_after_av_hr  avia-builder-el-last '><ul class='avia-icon-list avia-icon-list-left av-iconlist-big avia_animate_when_almost_visible avia-iconlist-animate'>\n<li><a href='https:\/\/apartis.swiss\/site\/de\/unsere-liegenschaften\/situation-der-apartis-gebaude\/' title='Lageplan'  target=\"_blank\"  rel=\"noopener noreferrer\"  class='iconlist_icon  avia-font-entypo-fontello'><span class='iconlist-char ' aria-hidden='true' data-av_icon='\ue842' data-av_iconfont='entypo-fontello'><\/span><\/a><article class=\"article-icon-entry av-iconlist-empty\"  itemscope=\"itemscope\" itemtype=\"https:\/\/schema.org\/CreativeWork\" ><div class='iconlist_content_wrap'><header class=\"entry-content-header\"><h4 class='av_iconlist_title iconlist_title   '  itemprop=\"headline\"  ><a href='https:\/\/apartis.swiss\/site\/de\/unsere-liegenschaften\/situation-der-apartis-gebaude\/' title='Lageplan' target=\"_blank\"  rel=\"noopener noreferrer\">Lageplan<\/a><\/h4><\/header><div class='iconlist_content  '  itemprop=\"text\"  ><\/div><\/div><footer class=\"entry-footer\"><\/footer><\/article><div class='iconlist-timeline'><\/div><\/li>\n<li><a href='https:\/\/apartis.swiss\/site\/wp-content\/uploads\/downloads\/2018\/02\/Bell1-plan.pdf' title='Wohnungsgrundriss' target=\"_blank\" rel=\"noopener noreferrer\" class='iconlist_icon  avia-font-entypo-fontello'><span class='iconlist-char ' aria-hidden='true' data-av_icon='\ue8d7' data-av_iconfont='entypo-fontello'><\/span><\/a><article class=\"article-icon-entry av-iconlist-empty\"  itemscope=\"itemscope\" itemtype=\"https:\/\/schema.org\/CreativeWork\" ><div class='iconlist_content_wrap'><header class=\"entry-content-header\"><h4 class='av_iconlist_title iconlist_title   '  itemprop=\"headline\"  ><a href='https:\/\/apartis.swiss\/site\/wp-content\/uploads\/downloads\/2018\/02\/Bell1-plan.pdf' title='Wohnungsgrundriss' target=\"_blank\" rel=\"noopener noreferrer\">Wohnungsgrundriss<\/a><\/h4><\/header><div class='iconlist_content  '  itemprop=\"text\"  ><\/div><\/div><footer class=\"entry-footer\"><\/footer><\/article><div class='iconlist-timeline'><\/div><\/li>\n<li><a href='https:\/\/apartis.swiss\/site\/de\/zu-vermieten\/mietbedingungen\/' title='Mietbedingungen'  target=\"_blank\"  rel=\"noopener noreferrer\"  class='iconlist_icon  avia-font-entypo-fontello'><span class='iconlist-char ' aria-hidden='true' data-av_icon='\ue84e' data-av_iconfont='entypo-fontello'><\/span><\/a><article class=\"article-icon-entry av-iconlist-empty\"  itemscope=\"itemscope\" itemtype=\"https:\/\/schema.org\/CreativeWork\" ><div class='iconlist_content_wrap'><header class=\"entry-content-header\"><h4 class='av_iconlist_title iconlist_title   '  itemprop=\"headline\"  ><a href='https:\/\/apartis.swiss\/site\/de\/zu-vermieten\/mietbedingungen\/' title='Mietbedingungen' target=\"_blank\"  rel=\"noopener noreferrer\">Mietbedingungen<\/a><\/h4><\/header><div class='iconlist_content  '  itemprop=\"text\"  ><\/div><\/div><footer class=\"entry-footer\"><\/footer><\/article><div class='iconlist-timeline'><\/div><\/li>\n<li><a href='https:\/\/apartis.swiss\/site\/wp-content\/uploads\/downloads\/2017\/11\/rm-montcarmel-d.pdf' title='Hausordnung' target=\"_blank\" rel=\"noopener noreferrer\" class='iconlist_icon  avia-font-entypo-fontello'><span class='iconlist-char ' aria-hidden='true' data-av_icon='\ue821' data-av_iconfont='entypo-fontello'><\/span><\/a><article class=\"article-icon-entry av-iconlist-empty\"  itemscope=\"itemscope\" itemtype=\"https:\/\/schema.org\/CreativeWork\" ><div class='iconlist_content_wrap'><header class=\"entry-content-header\"><h4 class='av_iconlist_title iconlist_title   '  itemprop=\"headline\"  ><a href='https:\/\/apartis.swiss\/site\/wp-content\/uploads\/downloads\/2017\/11\/rm-montcarmel-d.pdf' title='Hausordnung' target=\"_blank\" rel=\"noopener noreferrer\">Hausordnung<\/a><\/h4><\/header><div class='iconlist_content  '  itemprop=\"text\"  ><\/div><\/div><footer class=\"entry-footer\"><\/footer><\/article><div class='iconlist-timeline'><\/div><\/li>\n<li><a href='https:\/\/apartis.swiss\/site\/wp-content\/uploads\/downloads\/2021\/07\/montcarmel-d.pdf' title='Abfallentsorgung' target=\"_blank\" rel=\"noopener noreferrer\" class='iconlist_icon  avia-font-entypo-fontello'><span class='iconlist-char ' aria-hidden='true' data-av_icon='\ue847' data-av_iconfont='entypo-fontello'><\/span><\/a><article class=\"article-icon-entry av-iconlist-empty\"  itemscope=\"itemscope\" itemtype=\"https:\/\/schema.org\/CreativeWork\" ><div class='iconlist_content_wrap'><header class=\"entry-content-header\"><h4 class='av_iconlist_title iconlist_title   '  itemprop=\"headline\"  ><a href='https:\/\/apartis.swiss\/site\/wp-content\/uploads\/downloads\/2021\/07\/montcarmel-d.pdf' title='Abfallentsorgung' target=\"_blank\" rel=\"noopener noreferrer\">Abfallentsorgung<\/a><\/h4><\/header><div class='iconlist_content  '  itemprop=\"text\"  ><\/div><\/div><footer class=\"entry-footer\"><\/footer><\/article><div class='iconlist-timeline'><\/div><\/li>\n<li><a href='https:\/\/apartis.swiss\/site\/de\/unsere-liegenschaften\/allgemeine-informationen\/' title='Allgemeine Informationen'  target=\"_blank\"  rel=\"noopener noreferrer\"  class='iconlist_icon  avia-font-entypo-fontello'><span class='iconlist-char ' aria-hidden='true' data-av_icon='\ue81f' data-av_iconfont='entypo-fontello'><\/span><\/a><article class=\"article-icon-entry av-iconlist-empty\"  itemscope=\"itemscope\" itemtype=\"https:\/\/schema.org\/CreativeWork\" ><div class='iconlist_content_wrap'><header class=\"entry-content-header\"><h4 class='av_iconlist_title iconlist_title   '  itemprop=\"headline\"  ><a href='https:\/\/apartis.swiss\/site\/de\/unsere-liegenschaften\/allgemeine-informationen\/' title='Allgemeine Informationen' target=\"_blank\"  rel=\"noopener noreferrer\">Allgemeine Informationen<\/a><\/h4><\/header><div class='iconlist_content  '  itemprop=\"text\"  ><\/div><\/div><footer class=\"entry-footer\"><\/footer><\/article><div class='iconlist-timeline'><\/div><\/li>\n<li><div  class='iconlist_icon  avia-font-entypo-fontello'><span class='iconlist-char ' aria-hidden='true' data-av_icon='\ue84f' data-av_iconfont='entypo-fontello'><\/span><\/div><article class=\"article-icon-entry av-iconlist-empty\"  itemscope=\"itemscope\" itemtype=\"https:\/\/schema.org\/CreativeWork\" ><div class='iconlist_content_wrap'><header class=\"entry-content-header\"><h4 class='av_iconlist_title iconlist_title   '  itemprop=\"headline\"  ><a href='https:\/\/apartis.swiss\/site\/wp-content\/plugins\/download-monitor\/download.php?id=75' title='Brochure Apartis' target=\"_blank\" rel=\"noopener noreferrer\">Brochure Apartis<\/a><\/h4><\/header><div class='iconlist_content  '  itemprop=\"text\"  ><\/div><\/div><footer class=\"entry-footer\"><\/footer><\/article><div class='iconlist-timeline'><\/div><\/li>\n<\/ul><\/div><\/p><\/div><div class=\"flex_column av_three_fifth  flex_column_div av-zero-column-padding   avia-builder-el-4  el_after_av_two_fifth  avia-builder-el-last  \" style='border-radius:0px; '><p><div  style='padding-bottom:10px; ' class='av-special-heading av-special-heading-h2  blockquote modern-quote  avia-builder-el-5  el_before_av_toggle_container  avia-builder-el-first  '><h2 class='av-special-heading-tag '  itemprop=\"headline\"  >Route Mont-Carmel 21-29 | Givisiez<\/h2><div class='special-heading-border'><div class='special-heading-inner-border' ><\/div><\/div><\/div><br \/>\n<div   class=\"togglecontainer   toggle_close_all  avia-builder-el-6  el_after_av_heading  avia-builder-el-last \" >\n<section class=\"av_toggle_section\"  itemscope=\"itemscope\" itemtype=\"https:\/\/schema.org\/CreativeWork\"  >    <div role=\"tablist\" class=\"single_toggle\" data-tags=\"{Alle} \"  >        <p data-fake-id=\"#toggle-id-1\" class=\"toggler activeTitle\"  itemprop=\"headline\"    role=\"tab\" tabindex=\"0\" aria-controls=\"toggle-id-1\">Juraquartier<span class=\"toggle_icon\" >        <span class=\"vert_icon\"><\/span><span class=\"hor_icon\"><\/span><\/span><\/p>        <div id=\"toggle-id-1\" class=\"toggle_wrap active_tc\"  style='display:block;' >            <div class=\"toggle_content invers-color \"  itemprop=\"text\"   ><p>Die Route du Jura verbindet die Universit\u00e4t Mis\u00e9ricorde mit dem westlichen Teil der Stadt. Am Ende der Route du Jura, welches zum Gemeinde Givisiez geh\u00f6rt, befinden sie unsere Geb\u00e4ude der Route Mont-Carmel.<\/p>\n<p>Alle Wohnungen verf\u00fcgen \u00fcber einen Balkon oder eine Terrasse auf der S\u00fcdseite mit einer wunderbaren Sicht auf das Dorf sowie auf die Umgebung. Zu den Infrastrukturen geh\u00f6ren eine Tiefgarage und zwei Mehrzwerkr\u00e4ume.<\/p>\n<p>Die Musikhochschule, ein Shop mit Bankautomat, ein Discounter, B\u00e4ckereien und eine Post befinden sich einige Minuten zu Fuss entfernt. Der nahe gelegene Etang du Juda und der Moncorwald sind Ideal f\u00fcr Spazierg\u00e4nge und zur Erholung. Ein Mehrzweck &#8211; Sportplatz (Basketball, Volleyball, etc.) grenzt an unsere Geb\u00e4ude und eine bis 6 Uhr morgens ge\u00f6ffnete Trattoria erfreut die Nachtschw\u00e4rmer.<\/p>\n            <\/div>        <\/div>    <\/div><\/section>\n<section class=\"av_toggle_section\"  itemscope=\"itemscope\" itemtype=\"https:\/\/schema.org\/CreativeWork\"  >    <div role=\"tablist\" class=\"single_toggle\" data-tags=\"{Alle} \"  >        <p data-fake-id=\"#toggle-id-2\" class=\"toggler \"  itemprop=\"headline\"    role=\"tab\" tabindex=\"0\" aria-controls=\"toggle-id-2\">Mietzins, Unterk\u00fcnfte, Gemeinschaftsr\u00e4ume<span class=\"toggle_icon\" >        <span class=\"vert_icon\"><\/span><span class=\"hor_icon\"><\/span><\/span><\/p>        <div id=\"toggle-id-2\" class=\"toggle_wrap \"   >            <div class=\"toggle_content invers-color \"  itemprop=\"text\"   ><p><strong>Der Mietzins<\/strong><\/p>\n<ul>\n<li>Variiert je nach Gr\u00f6sse und Art der Wohnung<\/li>\n<li>Von CHF 330.- bis 470.- pro Monat (ca. \u20ac 275.- bis 390.-)<\/li>\n<li>Studios\u00a0: CHF 520.- bis 550.-, (ca. \u20ac430.- bis 460.-)<\/li>\n<li>1\u00bd -Zimmerwohnung: CHF 770.- (ca. \u20ac 640.-)<\/li>\n<li>Inklusive Nebenkosten: Heizung, Warmwasser, Internetanschluss Wifi<\/li>\n<li>Nicht inbegriffen: Strom-, Telefon-, TV-Kosten und Mediengeb\u00fchr (wird direkt vom jeweiligen Anbieter abgerechnet)<\/li>\n<li>Die mit der Miete bezahlte Nebenkostenpauschale f\u00fcr Heizung und Warmwasser wird einmal pro Jahr abgerechnet (ca. Oktober)<\/li>\n<\/ul>\n<p><strong>Wohnungen<\/strong><\/p>\n<ul>\n<li>209 Zimmer in 62 Wohnungen, in 5 Geb\u00e4uden und auf 5 jeweils Stockwerke verteilt<\/li>\n<li>1-5 Zimmerwohnungen, K\u00fcche, Dusche, 1 oder 2 WC<\/li>\n<li>Wandschrank im Korridor jeder Wohnung<\/li>\n<li>Einfache und funktionelle Einrichtung der K\u00fcchen<\/li>\n<li>Balkon oder Terrasse in jeder Wohnung<\/li>\n<li>Einige Wohnungen mit Wohnzimmer<\/li>\n<li><a href=\"https:\/\/apartis.swiss\/site\/wp-content\/uploads\/downloads\/2018\/02\/Bell1-plan.pdf\" target=\"_blank\" rel=\"noopener noreferrer\">Grundrissplan einer Gemeinschaftswohnung<\/a><\/li>\n<\/ul>\n<p><strong>Zimmer<\/strong><\/p>\n<ul>\n<li>Von 12 bis 18m<sup>2<\/sup><\/li>\n<li>Nicht m\u00f6bliert (30 m\u00f6blierte Zimmer f\u00fcr Austauschstudenten)<\/li>\n<li>Jedes Zimmer verf\u00fcgt \u00fcber ein grosses Fenster und Parkettboden (die Zimmer mit einer Gr\u00f6sse von 18m2 haben Steinboden)<\/li>\n<\/ul>\n<p><strong>Gemeinschaftsr\u00e4ume<\/strong><\/p>\n<ul>\n<li>Eingangshalle: Briefk\u00e4sten, Schaukasten f\u00fcr Apartis-Informationen und Anschlagbrett<\/li>\n<li><a href=\"https:\/\/apartis.swiss\/de\/mieterinformationen\/mehrzweckraume\/\" target=\"_blank\" rel=\"noopener noreferrer\" class=\"broken_link\">Mehrzweckraum<\/a> im Geb\u00e4ude 29<\/li>\n<li>Studier- und TV-Zimmer im Geb\u00e4ude 23<\/li>\n<li>In allen Gemeinschaftr\u00e4umen herrscht <strong>Rauchverbot<\/strong><\/li>\n<\/ul>\n            <\/div>        <\/div>    <\/div><\/section>\n<section class=\"av_toggle_section\"  itemscope=\"itemscope\" itemtype=\"https:\/\/schema.org\/CreativeWork\"  >    <div role=\"tablist\" class=\"single_toggle\" data-tags=\"{Alle} \"  >        <p data-fake-id=\"#toggle-id-3\" class=\"toggler \"  itemprop=\"headline\"    role=\"tab\" tabindex=\"0\" aria-controls=\"toggle-id-3\">Lage &amp; Anfahrt<span class=\"toggle_icon\" >        <span class=\"vert_icon\"><\/span><span class=\"hor_icon\"><\/span><\/span><\/p>        <div id=\"toggle-id-3\" class=\"toggle_wrap \"   >            <div class=\"toggle_content invers-color \"  itemprop=\"text\"   ><p><strong>Lage des Geb\u00e4udes<\/strong><\/p>\n<ul>\n<li>In Givisiez, Aussenbezirk von Fribourg<\/li>\n<li>2 km von den Universit\u00e4tsgeb\u00e4uden Mis\u00e9ricorde entfernt<\/li>\n<li>10 Minuten mit dem Fahrrad oder Bus vom Stadtzentrum entfernt<\/li>\n<li>2 Minuten zu Fuss vom Einkaufszentrum, von der Post, der Bank und vom Fitnesszentrum entfernt<\/li>\n<li>Freizeitangebot neben den Geb\u00e4uden (Basketball-Spielfeld usw.)<\/li>\n<li><a href=\"https:\/\/apartis.swiss\/de\/unsere-liegenschaften\/situation-der-apartis-gebaude\/\" target=\"_blank\" rel=\"noopener noreferrer\" class=\"broken_link\">Lageplan<\/a><\/li>\n<\/ul>\n<p><strong>\u00d6ffentliche Verkehrsmittel<\/strong><\/p>\n<ul>\n<li>Buslinien 3 \/ 8<\/li>\n<li>Bushaltestelle \u00ab\u00a0Mont-Carmel\u00a0\u00bb 2 Minuten zu Fuss vom Geb\u00e4ude entfernt.<\/li>\n<li>Busfahrpl\u00e4ne und Abos erh\u00e4ltlich im Hauptbahnhof<\/li>\n<li><a href=\"http:\/\/horaire.tpf.ch\/\" target=\"_blank\" rel=\"noopener noreferrer\">Busfahrplan<\/a><\/li>\n<\/ul>\n            <\/div>        <\/div>    <\/div><\/section>\n<section class=\"av_toggle_section\"  itemscope=\"itemscope\" itemtype=\"https:\/\/schema.org\/CreativeWork\"  >    <div role=\"tablist\" class=\"single_toggle\" data-tags=\"{Alle} \"  >        <p data-fake-id=\"#toggle-id-4\" class=\"toggler \"  itemprop=\"headline\"    role=\"tab\" tabindex=\"0\" aria-controls=\"toggle-id-4\">Infrastruktur<span class=\"toggle_icon\" >        <span class=\"vert_icon\"><\/span><span class=\"hor_icon\"><\/span><\/span><\/p>        <div id=\"toggle-id-4\" class=\"toggle_wrap \"   >            <div class=\"toggle_content invers-color \"  itemprop=\"text\"   ><p><strong>Keller<\/strong><\/p>\n<ul>\n<li>1 Kellerabteil pro Wohnung<\/li>\n<li>Der Keller ist mit der Wohnungsnummer gekennzeichnet<\/li>\n<li>Jeder Mieter hat das Recht auf einen Platz im Keller<\/li>\n<li>Ist Teil der Wohnung\u00a0: bei Auszug haben die Mieter ihre Gegenst\u00e4nde wieder mitzunehmen bzw. auszur\u00e4umen, den Keller aufzur\u00e4umen und zu putzen<\/li>\n<\/ul>\n<p><strong>Waschk\u00fcche<\/strong><\/p>\n<ul>\n<li>Im Erdgeschoss jeden Geb\u00e4udes<\/li>\n<li>2 Waschmaschinen, 2 Trockner und W\u00e4scheleinen in jeder Waschk\u00fcche<\/li>\n<li>Waschschl\u00fcssel muss vom Mieter bestellt werden:\u00a0<a href=\"http:\/\/www.keycom.ch\/\" target=\"_blank\" rel=\"noopener noreferrer\">http:\/\/www.keycom.ch<\/a><\/li>\n<li>Kein Waschplan : zwischen 21 Uhr und 7 Uhr sind die Maschinen ausser betrieb.<\/li>\n<li>Nach Benutzung m\u00fcssen die Waschmaschinen, Filter und der Boden gereinigt werden<\/li>\n<li>Es bleiben keine Gegenst\u00e4nde in der Waschk\u00fcche (Waschmittel, W\u00e4sche usw.)<\/li>\n<\/ul>\n<p><strong>Fahrradraum<\/strong><\/p>\n<ul>\n<li>1 Unterstand mit Platz f\u00fcr 30 Fahrr\u00e4der (Eingang 23)<\/li>\n<li>1 Unterstand mit Platz f\u00fcr 20 Fahrr\u00e4der (Eingang 29)<\/li>\n<li>1 Fahrradst\u00e4nder f\u00fcr 30 Fahrr\u00e4der im Durchgang der Geb\u00e4ude 25 und 27<\/li>\n<li>Je 1 Fahrradraum in den Geb\u00e4uden 21,23 und 29 (ohne Fahrradst\u00e4nder, Platz f\u00fcr ca. 15 Fahrr\u00e4der pro Raum)<\/li>\n<li>Die Fahrr\u00e4der sind nur an diesem reservierten Platz abzustellen<\/li>\n<\/ul>\n<p><strong>Parkpl\u00e4tze<\/strong><\/p>\n<ul>\n<li>37 Autostellpl\u00e4tze in der Tiefgarage zum Preis von CHF 50.- pro Monat, wenden Sie sich an Apartis<\/li>\n<li>7 Parkpl\u00e4tze f\u00fcr Motorr\u00e4der in der Tiefgarage zum Preis von CHF 20.- pro Monat, wenden Sie sich an Apartis<\/li>\n<li>8 Aussenparkpl\u00e4tze, reserviert f\u00fcr Besucher<\/li>\n<li>Das Parken neben den Geb\u00e4uden wird mit einer Busse bestraft<\/li>\n<\/ul>\n            <\/div>        <\/div>    <\/div><\/section>\n<section class=\"av_toggle_section\"  itemscope=\"itemscope\" itemtype=\"https:\/\/schema.org\/CreativeWork\"  >    <div role=\"tablist\" class=\"single_toggle\" data-tags=\"{Alle} \"  >        <p data-fake-id=\"#toggle-id-5\" class=\"toggler \"  itemprop=\"headline\"    role=\"tab\" tabindex=\"0\" aria-controls=\"toggle-id-5\">Schl\u00fcssel, Hauswart<span class=\"toggle_icon\" >        <span class=\"vert_icon\"><\/span><span class=\"hor_icon\"><\/span><\/span><\/p>        <div id=\"toggle-id-5\" class=\"toggle_wrap \"   >            <div class=\"toggle_content invers-color \"  itemprop=\"text\"   ><p><strong>Schl\u00fcssel<\/strong><\/p>\n<p>Der Mieter erh\u00e4lt 1 Schl\u00fcssel f\u00fcr:<\/p>\n<ul>\n<li>Haupteingang (schliesst aus Sicherheitsgr\u00fcnden automatisch)<\/li>\n<li>Wohnung<\/li>\n<li>Zimmer<\/li>\n<\/ul>\n<p>Aus Sicherheitsgr\u00fcnden:<\/p>\n<ul>\n<li>Schl\u00fcssel immer bei sich tragen<\/li>\n<li>T\u00fcren immer abschliessen<\/li>\n<\/ul>\n<p>Briefkasten- und Kellerschl\u00fcssel:<\/p>\n<ul>\n<li>1 Briefkasten und 1 Keller pro Wohnung mit einem Schl\u00fcssel f\u00fcr alle<\/li>\n<li>Die Schl\u00fcssel h\u00e4ngen neben der Eingangst\u00fcre der Wohnung<\/li>\n<li>Schl\u00fcssel nach Benutzung immer an ihren Platz zur\u00fcckh\u00e4ngen!<\/li>\n<\/ul>\n<p>Schl\u00fcssel verloren:<\/p>\n<ul>\n<li>Apartis bestellt zu Lasten des Mieters einen Ersatzschl\u00fcssel<\/li>\n<li>Bei Diebstahl kann ein Austausch des Schlosses der Wohnung notwendig werden<\/li>\n<\/ul>\n<p><strong>Hauswart<\/strong><\/p>\n<ul>\n<li>Wohnung der Hauswartin\u00a0: N\u00b0 2002, Eingang 23, Erdgeschoss<\/li>\n<li>Steht zur Verf\u00fcgung betreffend Fragen zu den R\u00e4umlichkeiten, Waschk\u00fcchenbenutzung, Sch\u00e4den oder Reparaturen sowie f\u00fcr die Abfallentsorgung<\/li>\n<li>Bei Abwesenheit hinterlassen Sie eine Nachricht in ihrem Briefkasten<\/li>\n<li><a href=\"https:\/\/apartis.swiss\/de\/apartis\/mitarbeiter\/\" target=\"_blank\" rel=\"noopener noreferrer\" class=\"broken_link\">Mitarbeiter Apartis<\/a><\/li>\n<\/ul>\n            <\/div>        <\/div>    <\/div><\/section>\n<section class=\"av_toggle_section\"  itemscope=\"itemscope\" itemtype=\"https:\/\/schema.org\/CreativeWork\"  >    <div role=\"tablist\" class=\"single_toggle\" data-tags=\"{Alle} \"  >        <p data-fake-id=\"#toggle-id-6\" class=\"toggler \"  itemprop=\"headline\"    role=\"tab\" tabindex=\"0\" aria-controls=\"toggle-id-6\">Video<span class=\"toggle_icon\" >        <span class=\"vert_icon\"><\/span><span class=\"hor_icon\"><\/span><\/span><\/p>        <div id=\"toggle-id-6\" class=\"toggle_wrap \"   >            <div class=\"toggle_content invers-color \"  itemprop=\"text\"   ><p><iframe loading=\"lazy\" style=\"border: none; overflow: hidden;\" src=\"https:\/\/www.facebook.com\/plugins\/video.php?href=https%3A%2F%2Fwww.facebook.com%2FApartisFR%2Fvideos%2F2921195391281691%2F&amp;show_text=0&amp;width=560\" width=\"560\" height=\"315\" frameborder=\"0\" scrolling=\"no\" allowfullscreen=\"allowfullscreen\"><\/iframe><\/p>\n            <\/div>        <\/div>    <\/div><\/section>\n<\/div><\/p><\/div><\/p>\n","protected":false},"excerpt":{"rendered":"<p> Durchschnittsmiete CHF 408 | ~ \u20ac 342<\/p>\n","protected":false},"featured_media":8335,"comment_status":"closed","ping_status":"closed","template":"","tags":[],"portfolio_entries":[42],"class_list":["post-4101","portfolio","type-portfolio","status-publish","has-post-thumbnail","hentry","portfolio_entries-apartis-de"],"_links":{"self":[{"href":"https:\/\/apartis.swiss\/site\/de\/wp-json\/wp\/v2\/portfolio\/4101"}],"collection":[{"href":"https:\/\/apartis.swiss\/site\/de\/wp-json\/wp\/v2\/portfolio"}],"about":[{"href":"https:\/\/apartis.swiss\/site\/de\/wp-json\/wp\/v2\/types\/portfolio"}],"replies":[{"embeddable":true,"href":"https:\/\/apartis.swiss\/site\/de\/wp-json\/wp\/v2\/comments?post=4101"}],"version-history":[{"count":0,"href":"https:\/\/apartis.swiss\/site\/de\/wp-json\/wp\/v2\/portfolio\/4101\/revisions"}],"wp:featuredmedia":[{"embeddable":true,"href":"https:\/\/apartis.swiss\/site\/de\/wp-json\/wp\/v2\/media\/8335"}],"wp:attachment":[{"href":"https:\/\/apartis.swiss\/site\/de\/wp-json\/wp\/v2\/media?parent=4101"}],"wp:term":[{"taxonomy":"post_tag","embeddable":true,"href":"https:\/\/apartis.swiss\/site\/de\/wp-json\/wp\/v2\/tags?post=4101"},{"taxonomy":"portfolio_entries","embeddable":true,"href":"https:\/\/apartis.swiss\/site\/de\/wp-json\/wp\/v2\/portfolio_entries?post=4101"}],"curies":[{"name":"wp","href":"https:\/\/api.w.org\/{rel}","templated":true}]}}