{"id":4078,"date":"2018-04-10T14:23:49","date_gmt":"2018-04-10T12:23:49","guid":{"rendered":"https:\/\/apartis.swiss\/site\/portfolio-item\/studios-wilhelm-kaiser-6\/"},"modified":"2024-03-12T09:42:27","modified_gmt":"2024-03-12T08:42:27","slug":"studios-wilhelm-kaiser-6","status":"publish","type":"portfolio","link":"https:\/\/apartis.swiss\/site\/de\/portfolio-item\/studios-wilhelm-kaiser-6\/","title":{"rendered":"Studios Wilhelm-Kaiser 6"},"content":{"rendered":"<div class=\"flex_column av_two_fifth  flex_column_div av-zero-column-padding first  avia-builder-el-0  el_before_av_three_fifth  avia-builder-el-first  \" style='border-radius:0px; '><p><div id='av-masonry-1' class='av-masonry  noHover av-fixed-size av-large-gap av-hover-overlay-active av-masonry-animation-active av-masonry-col-3 av-caption-always av-caption-style- av-masonry-gallery   av-orientation-square  '  ><div class='av-masonry-container isotope av-js-disabled ' ><div class='av-masonry-entry isotope-item av-masonry-item-no-image '><\/div><a href=\"https:\/\/apartis.swiss\/site\/wp-content\/uploads\/2018\/04\/studio_wk_01.jpg\"  aria-label=\"Bild studio WK6 1\"  id='av-masonry-1-item-7305' data-av-masonry-item='7305' class='av-masonry-entry isotope-item post-7305 attachment type-attachment status-inherit hentry  av-masonry-item-with-image' title=\"studio WK6 1\" alt=\"\"   itemprop=\"thumbnailUrl\" ><div class='av-inner-masonry-sizer'><\/div><figure class='av-inner-masonry main_color'><div class=\"av-masonry-outerimage-container\"><div class=\"av-masonry-image-container\" style=\"background-image: url(https:\/\/apartis.swiss\/site\/wp-content\/uploads\/2018\/04\/studio_wk_01-705x470.jpg);\" title=\"studio WK6 1\" ><\/div><\/div><\/figure><\/a><!--end av-masonry entry--><a href=\"https:\/\/apartis.swiss\/site\/wp-content\/uploads\/2018\/04\/studio_wk_03.jpg\"  aria-label=\"Bild studio WK6 3\"  id='av-masonry-1-item-7302' data-av-masonry-item='7302' class='av-masonry-entry isotope-item post-7302 attachment type-attachment status-inherit hentry  av-masonry-item-with-image' title=\"studio WK6 3\" alt=\"\"   itemprop=\"thumbnailUrl\" ><div class='av-inner-masonry-sizer'><\/div><figure class='av-inner-masonry main_color'><div class=\"av-masonry-outerimage-container\"><div class=\"av-masonry-image-container\" style=\"background-image: url(https:\/\/apartis.swiss\/site\/wp-content\/uploads\/2018\/04\/studio_wk_03-705x470.jpg);\" title=\"studio WK6 3\" ><\/div><\/div><\/figure><\/a><!--end av-masonry entry--><a href=\"https:\/\/apartis.swiss\/site\/wp-content\/uploads\/2018\/04\/studio_wk_02.jpg\"  aria-label=\"Bild studio WK6 2\"  id='av-masonry-1-item-7299' data-av-masonry-item='7299' class='av-masonry-entry isotope-item post-7299 attachment type-attachment status-inherit hentry  av-masonry-item-with-image' title=\"studio WK6 2\" alt=\"\"   itemprop=\"thumbnailUrl\" ><div class='av-inner-masonry-sizer'><\/div><figure class='av-inner-masonry main_color'><div class=\"av-masonry-outerimage-container\"><div class=\"av-masonry-image-container\" style=\"background-image: url(https:\/\/apartis.swiss\/site\/wp-content\/uploads\/2018\/04\/studio_wk_02-705x470.jpg);\" title=\"studio WK6 2\" ><\/div><\/div><\/figure><\/a><!--end av-masonry entry--><\/div><\/div><br \/>\n<div  style='height:50px' class='hr hr-invisible   avia-builder-el-2  el_after_av_masonry_gallery  el_before_av_iconlist  avia-builder-el-first '><span class='hr-inner ' ><span class='hr-inner-style'><\/span><\/span><\/div><br \/>\n<div  class='avia-icon-list-container   avia-builder-el-3  el_after_av_hr  avia-builder-el-last '><ul class='avia-icon-list avia-icon-list-left av-iconlist-big avia_animate_when_almost_visible avia-iconlist-animate'>\n<li><a href='https:\/\/apartis.swiss\/site\/de\/unsere-liegenschaften\/situation-der-apartis-gebaude\/' title='Lageplan'  target=\"_blank\"  rel=\"noopener noreferrer\"  class='iconlist_icon  avia-font-entypo-fontello'><span class='iconlist-char ' aria-hidden='true' data-av_icon='\ue842' data-av_iconfont='entypo-fontello'><\/span><\/a><article class=\"article-icon-entry av-iconlist-empty\"  itemscope=\"itemscope\" itemtype=\"https:\/\/schema.org\/CreativeWork\" ><div class='iconlist_content_wrap'><header class=\"entry-content-header\"><h4 class='av_iconlist_title iconlist_title   '  itemprop=\"headline\"  ><a href='https:\/\/apartis.swiss\/site\/de\/unsere-liegenschaften\/situation-der-apartis-gebaude\/' title='Lageplan' target=\"_blank\"  rel=\"noopener noreferrer\">Lageplan<\/a><\/h4><\/header><div class='iconlist_content  '  itemprop=\"text\"  ><\/div><\/div><footer class=\"entry-footer\"><\/footer><\/article><div class='iconlist-timeline'><\/div><\/li>\n<li><a href='https:\/\/apartis.swiss\/site\/wp-content\/uploads\/downloads\/2018\/02\/residence_campus-cube_4e.pdf' title='Wohnungsgrundriss' target=\"_blank\" rel=\"noopener noreferrer\" class='iconlist_icon  avia-font-entypo-fontello'><span class='iconlist-char ' aria-hidden='true' data-av_icon='\ue800' data-av_iconfont='entypo-fontello'><\/span><\/a><article class=\"article-icon-entry av-iconlist-empty\"  itemscope=\"itemscope\" itemtype=\"https:\/\/schema.org\/CreativeWork\" ><div class='iconlist_content_wrap'><header class=\"entry-content-header\"><h4 class='av_iconlist_title iconlist_title   '  itemprop=\"headline\"  ><a href='https:\/\/apartis.swiss\/site\/wp-content\/uploads\/downloads\/2018\/02\/residence_campus-cube_4e.pdf' title='Wohnungsgrundriss' target=\"_blank\" rel=\"noopener noreferrer\">Wohnungsgrundriss<\/a><\/h4><\/header><div class='iconlist_content  '  itemprop=\"text\"  ><\/div><\/div><footer class=\"entry-footer\"><\/footer><\/article><div class='iconlist-timeline'><\/div><\/li>\n<li><a href='https:\/\/apartis.swiss\/site\/wp-content\/uploads\/downloads\/2018\/04\/rm-campus-d.pdf' title='Hausordnung' target=\"_blank\" rel=\"noopener noreferrer\" class='iconlist_icon  avia-font-entypo-fontello'><span class='iconlist-char ' aria-hidden='true' data-av_icon='\ue821' data-av_iconfont='entypo-fontello'><\/span><\/a><article class=\"article-icon-entry av-iconlist-empty\"  itemscope=\"itemscope\" itemtype=\"https:\/\/schema.org\/CreativeWork\" ><div class='iconlist_content_wrap'><header class=\"entry-content-header\"><h4 class='av_iconlist_title iconlist_title   '  itemprop=\"headline\"  ><a href='https:\/\/apartis.swiss\/site\/wp-content\/uploads\/downloads\/2018\/04\/rm-campus-d.pdf' title='Hausordnung' target=\"_blank\" rel=\"noopener noreferrer\">Hausordnung<\/a><\/h4><\/header><div class='iconlist_content  '  itemprop=\"text\"  ><\/div><\/div><footer class=\"entry-footer\"><\/footer><\/article><div class='iconlist-timeline'><\/div><\/li>\n<li><a href='https:\/\/apartis.swiss\/site\/wp-content\/uploads\/downloads\/2017\/11\/campus-d.pdf' title='Abfallentsorgung' target=\"_blank\" rel=\"noopener noreferrer\" class='iconlist_icon  avia-font-entypo-fontello'><span class='iconlist-char ' aria-hidden='true' data-av_icon='\ue847' data-av_iconfont='entypo-fontello'><\/span><\/a><article class=\"article-icon-entry av-iconlist-empty\"  itemscope=\"itemscope\" itemtype=\"https:\/\/schema.org\/CreativeWork\" ><div class='iconlist_content_wrap'><header class=\"entry-content-header\"><h4 class='av_iconlist_title iconlist_title   '  itemprop=\"headline\"  ><a href='https:\/\/apartis.swiss\/site\/wp-content\/uploads\/downloads\/2017\/11\/campus-d.pdf' title='Abfallentsorgung' target=\"_blank\" rel=\"noopener noreferrer\">Abfallentsorgung<\/a><\/h4><\/header><div class='iconlist_content  '  itemprop=\"text\"  ><\/div><\/div><footer class=\"entry-footer\"><\/footer><\/article><div class='iconlist-timeline'><\/div><\/li>\n<li><a href='https:\/\/apartis.swiss\/site\/de\/unsere-liegenschaften\/allgemeine-informationen\/' title='Allgemeine Informationen'  target=\"_blank\"  rel=\"noopener noreferrer\"  class='iconlist_icon  avia-font-entypo-fontello'><span class='iconlist-char ' aria-hidden='true' data-av_icon='\ue81f' data-av_iconfont='entypo-fontello'><\/span><\/a><article class=\"article-icon-entry av-iconlist-empty\"  itemscope=\"itemscope\" itemtype=\"https:\/\/schema.org\/CreativeWork\" ><div class='iconlist_content_wrap'><header class=\"entry-content-header\"><h4 class='av_iconlist_title iconlist_title   '  itemprop=\"headline\"  ><a href='https:\/\/apartis.swiss\/site\/de\/unsere-liegenschaften\/allgemeine-informationen\/' title='Allgemeine Informationen' target=\"_blank\"  rel=\"noopener noreferrer\">Allgemeine Informationen<\/a><\/h4><\/header><div class='iconlist_content  '  itemprop=\"text\"  ><\/div><\/div><footer class=\"entry-footer\"><\/footer><\/article><div class='iconlist-timeline'><\/div><\/li>\n<li><div  class='iconlist_icon  avia-font-entypo-fontello'><span class='iconlist-char ' aria-hidden='true' data-av_icon='\ue84f' data-av_iconfont='entypo-fontello'><\/span><\/div><article class=\"article-icon-entry av-iconlist-empty\"  itemscope=\"itemscope\" itemtype=\"https:\/\/schema.org\/CreativeWork\" ><div class='iconlist_content_wrap'><header class=\"entry-content-header\"><h4 class='av_iconlist_title iconlist_title   '  itemprop=\"headline\"  ><a href='https:\/\/apartis.swiss\/site\/wp-content\/uploads\/downloads\/2019\/12\/Brochure_Apartis.pdf' title='Brochure Apartis' target=\"_blank\" rel=\"noopener noreferrer\">Brochure Apartis<\/a><\/h4><\/header><div class='iconlist_content  '  itemprop=\"text\"  ><\/div><\/div><footer class=\"entry-footer\"><\/footer><\/article><div class='iconlist-timeline'><\/div><\/li>\n<\/ul><\/div><\/p><\/div><div class=\"flex_column av_three_fifth  flex_column_div av-zero-column-padding   avia-builder-el-4  el_after_av_two_fifth  avia-builder-el-last  \" style='border-radius:0px; '><p><div  style='padding-bottom:10px; ' class='av-special-heading av-special-heading-h2  blockquote modern-quote  avia-builder-el-5  el_before_av_toggle_container  avia-builder-el-first  '><h2 class='av-special-heading-tag '  itemprop=\"headline\"  >Route Wilhelm-Kaiser 6, Fribourg<\/h2><div class='special-heading-border'><div class='special-heading-inner-border' ><\/div><\/div><\/div><br \/>\n<div   class=\"togglecontainer   toggle_close_all  avia-builder-el-6  el_after_av_heading  avia-builder-el-last \" >\n<section class=\"av_toggle_section\"  itemscope=\"itemscope\" itemtype=\"https:\/\/schema.org\/CreativeWork\"  >    <div role=\"tablist\" class=\"single_toggle\" data-tags=\"{Alle} \"  >        <p data-fake-id=\"#toggle-id-1\" class=\"toggler \"  itemprop=\"headline\"    role=\"tab\" tabindex=\"0\" aria-controls=\"toggle-id-1\">P\u00e9rollesquartier<span class=\"toggle_icon\" >        <span class=\"vert_icon\"><\/span><span class=\"hor_icon\"><\/span><\/span><\/p>        <div id=\"toggle-id-1\" class=\"toggle_wrap \"   >            <div class=\"toggle_content invers-color \"  itemprop=\"text\"   ><p>Am Ende des Boulevard de P\u00e9rolles befindet sich das Studentenviertel mit der Universit\u00e4t P\u00e9rolles, der Wissenschaftlichen Fakult\u00e4t, dem Universit\u00e4tsstandort Regina Mundi, den Hochschulen (Technik und Architektur, Wirtschaft, Gesundheit, Soziale Arbeit), der Berufsfachschule, der Berufsfachschule f\u00fcr Gestaltung, dem Kollegium Heilig Kreuz.<\/p>\n<p>Dort findet man alles: mehrere Kantinen, kleine Restaurants, Snacks, Lebensmittelgesch\u00e4fte, Post, Konzertlokale, Kulturzentren, Theater sowie viele kleine Gesch\u00e4fte.<\/p>\n<p>Schell erreicht man den Sankt-Johann-Wald, den Wanderpfad Ritter, der in die Unterstadt f\u00fchrt oder den erholsamen botanischen Garten.<\/p>\n            <\/div>        <\/div>    <\/div><\/section>\n<section class=\"av_toggle_section\"  itemscope=\"itemscope\" itemtype=\"https:\/\/schema.org\/CreativeWork\"  >    <div role=\"tablist\" class=\"single_toggle\" data-tags=\"{Alle} \"  >        <p data-fake-id=\"#toggle-id-2\" class=\"toggler \"  itemprop=\"headline\"    role=\"tab\" tabindex=\"0\" aria-controls=\"toggle-id-2\">Preis, Unterkunft, Gemeinschaftsr\u00e4ume<span class=\"toggle_icon\" >        <span class=\"vert_icon\"><\/span><span class=\"hor_icon\"><\/span><\/span><\/p>        <div id=\"toggle-id-2\" class=\"toggle_wrap \"   >            <div class=\"toggle_content invers-color \"  itemprop=\"text\"   ><p><strong>Route Wilhelm-Kaiser 6, Studios f\u00fcr akademische G\u00e4ste:<\/strong><\/p>\n<p>Studio ca. 18m2, komplett ausgestattet, K\u00fcche, Dusche\/WC<br \/>\n(f\u00fcr 1 Person), nicht Raucher<\/p>\n<p>Komfortable Einrichtung :<\/p>\n<ul>\n<li>M\u00f6blierung : 1 Bett 90 x 200, Schrank, Schreibtisch-Tisch, Stuhl<\/li>\n<li>K\u00fcche komplett ausgestattet (K\u00fchlschrank, Kochherd, Backofen, Kaffeemaschine, Geschirr)<\/li>\n<li>Internet WIFI, Bettdecke, Kissen, Bettw\u00e4sche, Bad- und K\u00fcchent\u00fccher, Endreinigung<\/li>\n<\/ul>\n<p><strong>Preise in CHF pro Nacht (alles inbegriffen)<br \/>\n<\/strong>(f\u00fcr 1 Person)<\/p>\n<p>CHF 900.00 pro Monat<\/p>\n<p><strong>Gemeinschaftsr\u00e4ume<\/strong><\/p>\n<ul>\n<li>In allen Gemeinschaftsr\u00e4umen herrscht <strong>RAUCHVERBOT<\/strong><\/li>\n<li>Eingangshalle: Briefk\u00e4sten, Informationsvitrine von Apartis, Anschlagsbrett<\/li>\n<\/ul>\n            <\/div>        <\/div>    <\/div><\/section>\n<section class=\"av_toggle_section\"  itemscope=\"itemscope\" itemtype=\"https:\/\/schema.org\/CreativeWork\"  >    <div role=\"tablist\" class=\"single_toggle\" data-tags=\"{Alle} \"  >        <p data-fake-id=\"#toggle-id-3\" class=\"toggler \"  itemprop=\"headline\"    role=\"tab\" tabindex=\"0\" aria-controls=\"toggle-id-3\">Lage &amp; Anfahrt<span class=\"toggle_icon\" >        <span class=\"vert_icon\"><\/span><span class=\"hor_icon\"><\/span><\/span><\/p>        <div id=\"toggle-id-3\" class=\"toggle_wrap \"   >            <div class=\"toggle_content invers-color \"  itemprop=\"text\"   ><p><strong>Lage des Geb\u00e4udes<\/strong><\/p>\n<ul>\n<li>Fribourg, Stadtteil P\u00e9rolles<\/li>\n<li>2 Minuten von den Universit\u00e4tsgeb\u00e4uden P\u00e9rolles I-II, Regina Mundi, den Hochschulen (Technik &amp; Architektur und Wirtschaft), der Berufsfachschule f\u00fcr Technik und Kunst sowie zahlreichen Gesch\u00e4ften<\/li>\n<li>5 Minuten mit dem Fahrrad oder Bus zur Universit\u00e4t Mis\u00e9ricorde<\/li>\n<li>10 Minuten zu Fuss vom Hauptbahnhof, Stadtzentrum und Fussg\u00e4ngerzonen entfernt<\/li>\n<\/ul>\n<p><strong>\u00d6ffentliche Verkehrsmittel<\/strong><\/p>\n<ul>\n<li>Buslinien 1 \/ 3 \/ 7 \/ 8<\/li>\n<li>Bushaltestelle \u00ab\u00a0Industrie\u00a0\u00bb 2 Minuten vom Geb\u00e4ude entfernt<\/li>\n<li>Busfahrpl\u00e4ne und Abos erh\u00e4ltlich im Hauptbahnhof<\/li>\n<\/ul>\n            <\/div>        <\/div>    <\/div><\/section>\n<section class=\"av_toggle_section\"  itemscope=\"itemscope\" itemtype=\"https:\/\/schema.org\/CreativeWork\"  >    <div role=\"tablist\" class=\"single_toggle\" data-tags=\"{Alle} \"  >        <p data-fake-id=\"#toggle-id-4\" class=\"toggler \"  itemprop=\"headline\"    role=\"tab\" tabindex=\"0\" aria-controls=\"toggle-id-4\">Ausstattung<span class=\"toggle_icon\" >        <span class=\"vert_icon\"><\/span><span class=\"hor_icon\"><\/span><\/span><\/p>        <div id=\"toggle-id-4\" class=\"toggle_wrap \"   >            <div class=\"toggle_content invers-color \"  itemprop=\"text\"   ><p><strong>Pers\u00f6nliches Staufach<\/strong><\/p>\n<ul>\n<li>Im Erdgeschoss und im 1. Stock<\/li>\n<li>1 Fach pro Studio (Masse B\/T\/H\u00a0: ca. 50x50x200 cm)<\/li>\n<li>Das Staufach ist mit der Wohnungsnummer gekennzeichnet<\/li>\n<li>Ist Teil der Wohnung\u00a0: bei Auszug hat der Mieter seine Gegenst\u00e4nde wieder mitzunehmen bzw. auszur\u00e4umen und das Fach zu putzen<\/li>\n<li>Nichts ausserhalb des Staufaches deponieren<\/li>\n<\/ul>\n<p><strong>Waschk\u00fcche<\/strong><\/p>\n<ul>\n<li>Im Erdgeschoss<\/li>\n<li>3 Waschmaschinen, 3 Trockner, 1 Raum mit W\u00e4scheleinen<\/li>\n<li>Waschschl\u00fcssel im Studio vorhanden<\/li>\n<li>Kein Waschplan<\/li>\n<li>Nach Benutzung m\u00fcssen die Waschmaschinen, Filter und der Boden gereinigt werden<\/li>\n<li>Es bleiben keine Gegenst\u00e4nde in der Waschk\u00fcche (Waschmittel, W\u00e4sche usw.)<\/li>\n<\/ul>\n<p><strong>Fahrradraum<\/strong><\/p>\n<ul>\n<li>Grosser Fahrradraum im Erdgeschoss (Rechts vom Eingang)<\/li>\n<li>Die Fahrr\u00e4der sind nur an diesem reservierten Platz abzustellen<\/li>\n<\/ul>\n<p><strong>Parkpl\u00e4tze<\/strong><\/p>\n<ul>\n<li>M\u00f6glichkeit einen Parkplatz zum Preis von CHF 100.-\/Monat in der Tiefgarage der Route Wilhelm Kaiser 6 zu mieten (Parkpl\u00e4tze begrenzt)<\/li>\n<li>Das Parken auf dem Platz vor dem Geb\u00e4ude wird mit einer Busse bestraft<\/li>\n<li>Parkpl\u00e4tze im Quartier (mit Geb\u00fchr)<\/li>\n<\/ul>\n            <\/div>        <\/div>    <\/div><\/section>\n<section class=\"av_toggle_section\"  itemscope=\"itemscope\" itemtype=\"https:\/\/schema.org\/CreativeWork\"  >    <div role=\"tablist\" class=\"single_toggle\" data-tags=\"{Alle} \"  >        <p data-fake-id=\"#toggle-id-5\" class=\"toggler \"  itemprop=\"headline\"    role=\"tab\" tabindex=\"0\" aria-controls=\"toggle-id-5\">Schl\u00fcssel, Hauswart<span class=\"toggle_icon\" >        <span class=\"vert_icon\"><\/span><span class=\"hor_icon\"><\/span><\/span><\/p>        <div id=\"toggle-id-5\" class=\"toggle_wrap \"   >            <div class=\"toggle_content invers-color \"  itemprop=\"text\"   ><p><strong>Schl\u00fcssel<\/strong><\/p>\n<p>Der Mieter erh\u00e4lt 1 Schl\u00fcssel f\u00fcr:<\/p>\n<ul>\n<li>Haupteingang (schliesst aus Sicherheitsgr\u00fcnden automatisch)<\/li>\n<li>Studio<\/li>\n<li>Briefkasten<\/li>\n<li>Pers\u00f6nliches Staufach<\/li>\n<\/ul>\n<p>Aus Sicherheitsgr\u00fcnden:<\/p>\n<ul>\n<li>Schl\u00fcssel immer bei sich tragen<\/li>\n<li>T\u00fcren immer abschliessen<\/li>\n<\/ul>\n<p>Schl\u00fcssel verloren:<\/p>\n<ul>\n<li>Apartis bestellt zu Lasten des Mieters einen Ersatzschl\u00fcssel<\/li>\n<li>Bei Diebstahl kann ein Austausch des Schlosses der Wohnung notwendig werden<\/li>\n<\/ul>\n<p><strong>Hauswart<\/strong><\/p>\n<ul>\n<li>Wohnung der Hauswartin: Rue de l\u2019Industrie 14, 1. Stock, Wohnung 1101<\/li>\n<li>Steht zur Verf\u00fcgung betreffend Fragen zu den R\u00e4umlichkeiten, Waschk\u00fcchenbenutzung, Sch\u00e4den oder Reparaturen sowie f\u00fcr die Abfallentsorgung<\/li>\n<li>Bei Abwesenheit hinterlassen Sie eine Nachricht in ihrem Briefkasten<\/li>\n<\/ul>\n<ul>\n<li><a href=\"https:\/\/apartis.swiss\/de\/apartis\/mitarbeiter\/\" target=\"_blank\" rel=\"noopener noreferrer\" class=\"broken_link\">Mitarbeiter Apartis<\/a><\/li>\n<\/ul>\n<ul>\n<li><\/li>\n<\/ul>\n            <\/div>        <\/div>    <\/div><\/section>\n<\/div><\/p><\/div><\/p>\n","protected":false},"excerpt":{"rendered":"","protected":false},"featured_media":2092,"comment_status":"closed","ping_status":"closed","template":"","tags":[],"portfolio_entries":[],"class_list":["post-4078","portfolio","type-portfolio","status-publish","has-post-thumbnail","hentry"],"_links":{"self":[{"href":"https:\/\/apartis.swiss\/site\/de\/wp-json\/wp\/v2\/portfolio\/4078"}],"collection":[{"href":"https:\/\/apartis.swiss\/site\/de\/wp-json\/wp\/v2\/portfolio"}],"about":[{"href":"https:\/\/apartis.swiss\/site\/de\/wp-json\/wp\/v2\/types\/portfolio"}],"replies":[{"embeddable":true,"href":"https:\/\/apartis.swiss\/site\/de\/wp-json\/wp\/v2\/comments?post=4078"}],"version-history":[{"count":4,"href":"https:\/\/apartis.swiss\/site\/de\/wp-json\/wp\/v2\/portfolio\/4078\/revisions"}],"predecessor-version":[{"id":14280,"href":"https:\/\/apartis.swiss\/site\/de\/wp-json\/wp\/v2\/portfolio\/4078\/revisions\/14280"}],"wp:featuredmedia":[{"embeddable":true,"href":"https:\/\/apartis.swiss\/site\/de\/wp-json\/wp\/v2\/media\/2092"}],"wp:attachment":[{"href":"https:\/\/apartis.swiss\/site\/de\/wp-json\/wp\/v2\/media?parent=4078"}],"wp:term":[{"taxonomy":"post_tag","embeddable":true,"href":"https:\/\/apartis.swiss\/site\/de\/wp-json\/wp\/v2\/tags?post=4078"},{"taxonomy":"portfolio_entries","embeddable":true,"href":"https:\/\/apartis.swiss\/site\/de\/wp-json\/wp\/v2\/portfolio_entries?post=4078"}],"curies":[{"name":"wp","href":"https:\/\/api.w.org\/{rel}","templated":true}]}}