{"id":4070,"date":"2017-08-29T11:06:51","date_gmt":"2017-08-29T09:06:51","guid":{"rendered":"https:\/\/apartis.swiss\/site\/portfolio-item\/logements-erasmus\/"},"modified":"2025-09-23T15:51:34","modified_gmt":"2025-09-23T13:51:34","slug":"logements-erasmus","status":"publish","type":"portfolio","link":"https:\/\/apartis.swiss\/site\/de\/portfolio-item\/logements-erasmus\/","title":{"rendered":"Erasmus &#8211; Unterk\u00fcnfte"},"content":{"rendered":"<p><div class=\"flex_column av_two_fifth  flex_column_div av-zero-column-padding first  avia-builder-el-0  el_before_av_three_fifth  avia-builder-el-first  \" style='border-radius:0px; '><p><div id='av-masonry-1' class='av-masonry  noHover av-fixed-size av-large-gap av-hover-overlay-active av-masonry-animation-active av-masonry-col-3 av-caption-always av-caption-style- av-masonry-gallery   av-orientation-square  '  ><div class='av-masonry-container isotope av-js-disabled ' ><div class='av-masonry-entry isotope-item av-masonry-item-no-image '><\/div><a href=\"https:\/\/apartis.swiss\/site\/wp-content\/uploads\/2018\/04\/Bellevue-1030x687.jpg\"  aria-label=\"Bild Bellevue\"  id='av-masonry-1-item-2089' data-av-masonry-item='2089' class='av-masonry-entry isotope-item post-2089 attachment type-attachment status-inherit hentry  av-masonry-item-with-image' title=\"Bellevue\" alt=\"\"   itemprop=\"thumbnailUrl\" ><div class='av-inner-masonry-sizer'><\/div><figure class='av-inner-masonry main_color'><div class=\"av-masonry-outerimage-container\"><div class=\"av-masonry-image-container\" style=\"background-image: url(https:\/\/apartis.swiss\/site\/wp-content\/uploads\/2018\/04\/Bellevue-705x470.jpg);\" title=\"Bellevue\" ><\/div><\/div><\/figure><\/a><!--end av-masonry entry--><a href=\"https:\/\/apartis.swiss\/site\/wp-content\/uploads\/2018\/04\/Sonnenberg-1030x687.jpg\"  aria-label=\"Bild Sonnenberg\"  id='av-masonry-1-item-2110' data-av-masonry-item='2110' class='av-masonry-entry isotope-item post-2110 attachment type-attachment status-inherit hentry  av-masonry-item-with-image' title=\"Sonnenberg\" alt=\"\"   itemprop=\"thumbnailUrl\" ><div class='av-inner-masonry-sizer'><\/div><figure class='av-inner-masonry main_color'><div class=\"av-masonry-outerimage-container\"><div class=\"av-masonry-image-container\" style=\"background-image: url(https:\/\/apartis.swiss\/site\/wp-content\/uploads\/2018\/04\/Sonnenberg-705x470.jpg);\" title=\"Sonnenberg\" ><\/div><\/div><\/figure><\/a><!--end av-masonry entry--><a href=\"https:\/\/apartis.swiss\/site\/wp-content\/uploads\/2017\/08\/Bell_Erasmus_01-1030x687.jpg\"  aria-label=\"Bild Bell_Erasmus_01\"  id='av-masonry-1-item-12327' data-av-masonry-item='12327' class='av-masonry-entry isotope-item post-12327 attachment type-attachment status-inherit hentry  av-masonry-item-with-image' title=\"Bell_Erasmus_01\" alt=\"\"   itemprop=\"thumbnailUrl\" ><div class='av-inner-masonry-sizer'><\/div><figure class='av-inner-masonry main_color'><div class=\"av-masonry-outerimage-container\"><div class=\"av-masonry-image-container\" style=\"background-image: url(https:\/\/apartis.swiss\/site\/wp-content\/uploads\/2017\/08\/Bell_Erasmus_01-705x470.jpg);\" title=\"Bell_Erasmus_01\" ><\/div><\/div><\/figure><\/a><!--end av-masonry entry--><a href=\"https:\/\/apartis.swiss\/site\/wp-content\/uploads\/2017\/08\/Bell_Erasmus_02-1030x687.jpg\"  aria-label=\"Bild Bell_Erasmus_02\"  id='av-masonry-1-item-12330' data-av-masonry-item='12330' class='av-masonry-entry isotope-item post-12330 attachment type-attachment status-inherit hentry  av-masonry-item-with-image' title=\"Bell_Erasmus_02\" alt=\"\"   itemprop=\"thumbnailUrl\" ><div class='av-inner-masonry-sizer'><\/div><figure class='av-inner-masonry main_color'><div class=\"av-masonry-outerimage-container\"><div class=\"av-masonry-image-container\" style=\"background-image: url(https:\/\/apartis.swiss\/site\/wp-content\/uploads\/2017\/08\/Bell_Erasmus_02-705x470.jpg);\" title=\"Bell_Erasmus_02\" ><\/div><\/div><\/figure><\/a><!--end av-masonry entry--><a href=\"https:\/\/apartis.swiss\/site\/wp-content\/uploads\/2017\/08\/Bell_Erasmus_03-1030x687.jpg\"  aria-label=\"Bild Bell_Erasmus_03\"  id='av-masonry-1-item-12333' data-av-masonry-item='12333' class='av-masonry-entry isotope-item post-12333 attachment type-attachment status-inherit hentry  av-masonry-item-with-image' title=\"Bell_Erasmus_03\" alt=\"\"   itemprop=\"thumbnailUrl\" ><div class='av-inner-masonry-sizer'><\/div><figure class='av-inner-masonry main_color'><div class=\"av-masonry-outerimage-container\"><div class=\"av-masonry-image-container\" style=\"background-image: url(https:\/\/apartis.swiss\/site\/wp-content\/uploads\/2017\/08\/Bell_Erasmus_03-705x470.jpg);\" title=\"Bell_Erasmus_03\" ><\/div><\/div><\/figure><\/a><!--end av-masonry entry--><a href=\"https:\/\/apartis.swiss\/site\/wp-content\/uploads\/2017\/08\/Bell_Erasmus_04-1030x687.jpg\"  aria-label=\"Bild Bell_Erasmus_04\"  id='av-masonry-1-item-12336' data-av-masonry-item='12336' class='av-masonry-entry isotope-item post-12336 attachment type-attachment status-inherit hentry  av-masonry-item-with-image' title=\"Bell_Erasmus_04\" alt=\"\"   itemprop=\"thumbnailUrl\" ><div class='av-inner-masonry-sizer'><\/div><figure class='av-inner-masonry main_color'><div class=\"av-masonry-outerimage-container\"><div class=\"av-masonry-image-container\" style=\"background-image: url(https:\/\/apartis.swiss\/site\/wp-content\/uploads\/2017\/08\/Bell_Erasmus_04-705x470.jpg);\" title=\"Bell_Erasmus_04\" ><\/div><\/div><\/figure><\/a><!--end av-masonry entry--><a href=\"https:\/\/apartis.swiss\/site\/wp-content\/uploads\/2017\/08\/Bell_Erasmus_05-1030x687.jpg\"  aria-label=\"Bild Bell_Erasmus_05\"  id='av-masonry-1-item-12339' data-av-masonry-item='12339' class='av-masonry-entry isotope-item post-12339 attachment type-attachment status-inherit hentry  av-masonry-item-with-image' title=\"Bell_Erasmus_05\" alt=\"\"   itemprop=\"thumbnailUrl\" ><div class='av-inner-masonry-sizer'><\/div><figure class='av-inner-masonry main_color'><div class=\"av-masonry-outerimage-container\"><div class=\"av-masonry-image-container\" style=\"background-image: url(https:\/\/apartis.swiss\/site\/wp-content\/uploads\/2017\/08\/Bell_Erasmus_05-705x470.jpg);\" title=\"Bell_Erasmus_05\" ><\/div><\/div><\/figure><\/a><!--end av-masonry entry--><a href=\"https:\/\/apartis.swiss\/site\/wp-content\/uploads\/2017\/08\/Bell_Erasmus_06-1030x687.jpg\"  aria-label=\"Bild Bell_Erasmus_06\"  id='av-masonry-1-item-12342' data-av-masonry-item='12342' class='av-masonry-entry isotope-item post-12342 attachment type-attachment status-inherit hentry  av-masonry-item-with-image' title=\"Bell_Erasmus_06\" alt=\"\"   itemprop=\"thumbnailUrl\" ><div class='av-inner-masonry-sizer'><\/div><figure class='av-inner-masonry main_color'><div class=\"av-masonry-outerimage-container\"><div class=\"av-masonry-image-container\" style=\"background-image: url(https:\/\/apartis.swiss\/site\/wp-content\/uploads\/2017\/08\/Bell_Erasmus_06-705x470.jpg);\" title=\"Bell_Erasmus_06\" ><\/div><\/div><\/figure><\/a><!--end av-masonry entry--><\/div><\/div><br \/>\n<div  style='height:50px' class='hr hr-invisible   avia-builder-el-2  el_after_av_masonry_gallery  el_before_av_iconlist  avia-builder-el-first '><span class='hr-inner ' ><span class='hr-inner-style'><\/span><\/span><\/div><br \/>\n<div  class='avia-icon-list-container   avia-builder-el-3  el_after_av_hr  avia-builder-el-last '><ul class='avia-icon-list avia-icon-list-left av-iconlist-big avia_animate_when_almost_visible avia-iconlist-animate'>\n<li><a href='https:\/\/apartis.swiss\/site\/de\/unsere-liegenschaften\/situation-der-apartis-gebaude\/' title='Lageplan'  target=\"_blank\"  rel=\"noopener noreferrer\"  class='iconlist_icon  avia-font-entypo-fontello'><span class='iconlist-char ' aria-hidden='true' data-av_icon='\ue842' data-av_iconfont='entypo-fontello'><\/span><\/a><article class=\"article-icon-entry av-iconlist-empty\"  itemscope=\"itemscope\" itemtype=\"https:\/\/schema.org\/CreativeWork\" ><div class='iconlist_content_wrap'><header class=\"entry-content-header\"><h4 class='av_iconlist_title iconlist_title   '  itemprop=\"headline\"  ><a href='https:\/\/apartis.swiss\/site\/de\/unsere-liegenschaften\/situation-der-apartis-gebaude\/' title='Lageplan' target=\"_blank\"  rel=\"noopener noreferrer\">Lageplan<\/a><\/h4><\/header><div class='iconlist_content  '  itemprop=\"text\"  ><\/div><\/div><footer class=\"entry-footer\"><\/footer><\/article><div class='iconlist-timeline'><\/div><\/li>\n<li><div  class='iconlist_icon  avia-font-entypo-fontello'><span class='iconlist-char ' aria-hidden='true' data-av_icon='\ue827' data-av_iconfont='entypo-fontello'><\/span><\/div><article class=\"article-icon-entry \"  itemscope=\"itemscope\" itemtype=\"https:\/\/schema.org\/CreativeWork\" ><div class='iconlist_content_wrap'><header class=\"entry-content-header\"><h4 class='av_iconlist_title iconlist_title   '  itemprop=\"headline\"  >Reservation<\/h4><\/header><div class='iconlist_content  '  itemprop=\"text\"  ><p>Diese m\u00f6blierten Zimmer sind f\u00fcr ausl\u00e4ndische Studenten reserviert, die ein oder zwei Austauschsemester an der Universit\u00e4t Fribourg absolvieren.<\/p>\n<p>Sobald die Mobilit\u00e4tsstudierenden offiziell von ihrer Heimuniversit\u00e4t f\u00fcr einen Erasmus-Aufenthalt an der Universit\u00e4t Freiburg nominiert wurden, erhalten sie von der Dienststelle f\u00fcr internationale Beziehungen der Universit\u00e4t das Apartis-Einschreibeformular. Achtung: die Nachfrage ist immer gr\u00f6sser als das Angebot. Es kann leider kein Zimmer garantiert werden.<\/p>\n<p>Um den Mietvertrag zu erhalten, verlangen wir eine Mietgarantie von CHF 1000.-. Diese wird zur\u00fcckerstattet, sobald die Unterkunft am Ende des Aufenthaltes sauber und in gutem Zustand abgegeben wird.<\/p>\n<\/div><\/div><footer class=\"entry-footer\"><\/footer><\/article><div class='iconlist-timeline'><\/div><\/li>\n<li><div  class='iconlist_icon  avia-font-entypo-fontello'><span class='iconlist-char ' aria-hidden='true' data-av_icon='\ue84e' data-av_iconfont='entypo-fontello'><\/span><\/div><article class=\"article-icon-entry \"  itemscope=\"itemscope\" itemtype=\"https:\/\/schema.org\/CreativeWork\" ><div class='iconlist_content_wrap'><header class=\"entry-content-header\"><h4 class='av_iconlist_title iconlist_title   '  itemprop=\"headline\"  >Mietbedingungen<\/h4><\/header><div class='iconlist_content  '  itemprop=\"text\"  ><p><a href=\"https:\/\/apartis.swiss\/site\/wp-content\/uploads\/downloads\/2017\/11\/rm-bell-d.pdf\" target=\"_blank\" rel=\"noopener noreferrer\">Hausordnung f\u00fcr m\u00f6blierte Zimmer in Givisiez<\/a><\/p>\n<p><a href=\"https:\/\/apartis.swiss\/site\/wp-content\/uploads\/downloads\/2017\/11\/rm-sonn-d.pdf\" target=\"_blank\" rel=\"noopener noreferrer\">Hausordnung Sonnenberg<\/a><\/p>\n<p><a href=\"https:\/\/apartis.swiss\/site\/wp-content\/uploads\/downloads\/2018\/04\/rm-campus-d.pdf\" target=\"_blank\" rel=\"noopener noreferrer\">Hausordnung Wilhelm-Kaiser 6<\/a><\/p>\n<p><a href=\"https:\/\/apartis.swiss\/site\/wp-content\/uploads\/downloads\/2019\/04\/Mietreglement-Apartis-2009-d_m\u00f6bliert.pdf\" target=\"_blank\" rel=\"noopener noreferrer\" class=\"broken_link\">Mietreglement f\u00fcr m\u00f6blierte Zimmer<\/a><\/p>\n<p><a href=\"https:\/\/apartis.swiss\/site\/wp-content\/uploads\/downloads\/2017\/11\/CG_CFI_de.pdf\" target=\"_blank\" rel=\"noopener noreferrer\">Allgemeine Mietkonditionen IKF<\/a><\/p>\n<\/div><\/div><footer class=\"entry-footer\"><\/footer><\/article><div class='iconlist-timeline'><\/div><\/li>\n<li><a href='https:\/\/apartis.swiss\/site\/de\/unsere-liegenschaften\/allgemeine-informationen\/' title='Allgemeine Informationen'  target=\"_blank\"  rel=\"noopener noreferrer\"  class='iconlist_icon  avia-font-entypo-fontello'><span class='iconlist-char ' aria-hidden='true' data-av_icon='\ue81f' data-av_iconfont='entypo-fontello'><\/span><\/a><article class=\"article-icon-entry av-iconlist-empty\"  itemscope=\"itemscope\" itemtype=\"https:\/\/schema.org\/CreativeWork\" ><div class='iconlist_content_wrap'><header class=\"entry-content-header\"><h4 class='av_iconlist_title iconlist_title   '  itemprop=\"headline\"  ><a href='https:\/\/apartis.swiss\/site\/de\/unsere-liegenschaften\/allgemeine-informationen\/' title='Allgemeine Informationen' target=\"_blank\"  rel=\"noopener noreferrer\">Allgemeine Informationen<\/a><\/h4><\/header><div class='iconlist_content  '  itemprop=\"text\"  ><\/div><\/div><footer class=\"entry-footer\"><\/footer><\/article><div class='iconlist-timeline'><\/div><\/li>\n<li><div  class='iconlist_icon  avia-font-entypo-fontello'><span class='iconlist-char ' aria-hidden='true' data-av_icon='\ue84f' data-av_iconfont='entypo-fontello'><\/span><\/div><article class=\"article-icon-entry av-iconlist-empty\"  itemscope=\"itemscope\" itemtype=\"https:\/\/schema.org\/CreativeWork\" ><div class='iconlist_content_wrap'><header class=\"entry-content-header\"><h4 class='av_iconlist_title iconlist_title   '  itemprop=\"headline\"  ><a href='https:\/\/apartis.swiss\/site\/wp-content\/plugins\/download-monitor\/download.php?id=75' title='Brochure Apartis' target=\"_blank\" rel=\"noopener noreferrer\">Brochure Apartis<\/a><\/h4><\/header><div class='iconlist_content  '  itemprop=\"text\"  ><\/div><\/div><footer class=\"entry-footer\"><\/footer><\/article><div class='iconlist-timeline'><\/div><\/li>\n<\/ul><\/div><\/p><\/div><br \/>\n<div class=\"flex_column av_three_fifth  flex_column_div av-zero-column-padding   avia-builder-el-4  el_after_av_two_fifth  avia-builder-el-last  \" style='border-radius:0px; '><p><div  style='padding-bottom:10px; ' class='av-special-heading av-special-heading-h2  blockquote modern-quote  avia-builder-el-5  el_before_av_tab_container  avia-builder-el-first  '><h2 class='av-special-heading-tag '  itemprop=\"headline\"  >Rte Mont-Carmel 21-29 | Givisiez<\/h2><div class ='av-subheading av-subheading_below  ' style='font-size:15px;'><p>reserviert f\u00fcr Austauschstudenten<\/p>\n<\/div><div class='special-heading-border'><div class='special-heading-inner-border' ><\/div><\/div><\/div><br \/>\n<div  class=\"tabcontainer   top_tab   avia-builder-el-6  el_after_av_heading  el_before_av_hr \" role=\"tablist\">\n\n<section class=\"av_tab_section\"  itemscope=\"itemscope\" itemtype=\"https:\/\/schema.org\/CreativeWork\" ><div aria-controls=\"tab-id-1-content\" role=\"tab\" tabindex=\"0\" data-fake-id=\"#tab-id-1\" class=\"tab active_tab\"  itemprop=\"headline\" >Geb\u00e4ude<\/div>\n<div id=\"tab-id-1-content\" class=\"tab_content active_tab_content\" aria-hidden=\"false\">\n<div class=\"tab_inner_content invers-color\"  itemprop=\"text\" >\n<p><img loading=\"lazy\" decoding=\"async\" class=\"alignnone wp-image-2087 size-medium\" src=\"https:\/\/apartis.swiss\/site\/wp-content\/uploads\/2018\/04\/Bellevue-300x200.jpg\" alt=\"\" width=\"300\" height=\"200\" srcset=\"https:\/\/apartis.swiss\/site\/wp-content\/uploads\/2018\/04\/Bellevue-300x200.jpg 300w, https:\/\/apartis.swiss\/site\/wp-content\/uploads\/2018\/04\/Bellevue-768x512.jpg 768w, https:\/\/apartis.swiss\/site\/wp-content\/uploads\/2018\/04\/Bellevue-1030x687.jpg 1030w, https:\/\/apartis.swiss\/site\/wp-content\/uploads\/2018\/04\/Bellevue-705x470.jpg 705w, https:\/\/apartis.swiss\/site\/wp-content\/uploads\/2018\/04\/Bellevue-450x300.jpg 450w, https:\/\/apartis.swiss\/site\/wp-content\/uploads\/2018\/04\/Bellevue.jpg 1350w\" sizes=\"(max-width: 300px) 100vw, 300px\" \/><\/p>\n\n<\/div>\n<\/div>\n<\/section>\n\n<section class=\"av_tab_section\"  itemscope=\"itemscope\" itemtype=\"https:\/\/schema.org\/CreativeWork\" ><div aria-controls=\"tab-id-2-content\" role=\"tab\" tabindex=\"0\" data-fake-id=\"#tab-id-2\" class=\"tab \"  itemprop=\"headline\" >Beschreibung<\/div>\n<div id=\"tab-id-2-content\" class=\"tab_content \" aria-hidden=\"true\">\n<div class=\"tab_inner_content invers-color\"  itemprop=\"text\" >\n<p>Mehrere Gemeinschaftswohnungen im &#8222;Quartier Bellevue&#8220; sind f\u00fcr Austauschstudierende f\u00fcr eine Mietdauer von 5 oder 10 Monaten reserviert<span style=\"display: inline !important; float: none; background-color: transparent; color: #333333; font-family: Georgia,'Times New Roman','Bitstream Charter',Times,serif; font-size: 16px; font-style: normal; font-variant: normal; font-weight: 400; letter-spacing: normal; line-height: 24px; orphans: 2; text-align: left; text-decoration: none; text-indent: 0px; text-transform: none; -webkit-text-stroke-width: 0px; white-space: normal; word-spacing: 0px; word-wrap: break-word;\">\u00a0: <\/span><\/p>\n<p>1. September bis 31. Januar<br \/>\n1. September bis 30. Juni<br \/>\n1. Februar bis 30. Juni<\/p>\n<p>Jede Wohnung besteht aus f\u00fcnf Zimmern, deren gemeinschaftliche Infrastruktur &#8211; Wohnk\u00fcche, Eingangshalle, Dusche und WC &#8211; jeweils von den Mitbewohner\/innen gemeinsam benutzt werden.<\/p>\n<p>Die K\u00fcchen sind funktionell eingerichtet und m\u00f6bliert. Diverse K\u00fcchenutensilien sind vorhanden.<\/p>\n\n<\/div>\n<\/div>\n<\/section>\n\n<section class=\"av_tab_section\"  itemscope=\"itemscope\" itemtype=\"https:\/\/schema.org\/CreativeWork\" ><div aria-controls=\"tab-id-3-content\" role=\"tab\" tabindex=\"0\" data-fake-id=\"#tab-id-3\" class=\"tab \"  itemprop=\"headline\" >Zimmer<\/div>\n<div id=\"tab-id-3-content\" class=\"tab_content \" aria-hidden=\"true\">\n<div class=\"tab_inner_content invers-color\"  itemprop=\"text\" >\n<p>Die Zimmer sind m\u00f6bliert. Dar\u00fcberhinaus steht jedem\/r Mieter\/in im Flur ein Wandschrank zur Verf\u00fcgung. Die Bettw\u00e4sche wird nicht bereitgestellt.<\/p>\n<p>Die Zimmer sind zwischen 12 m2 und 18 m2 gross, mit Parkett ausgelegt, weiss gestrichen und verf\u00fcgen \u00fcber grosse Fenster.<\/p>\n\n<\/div>\n<\/div>\n<\/section>\n\n<section class=\"av_tab_section\"  itemscope=\"itemscope\" itemtype=\"https:\/\/schema.org\/CreativeWork\" ><div aria-controls=\"tab-id-4-content\" role=\"tab\" tabindex=\"0\" data-fake-id=\"#tab-id-4\" class=\"tab \"  itemprop=\"headline\" >Ausstattung<\/div>\n<div id=\"tab-id-4-content\" class=\"tab_content \" aria-hidden=\"true\">\n<div class=\"tab_inner_content invers-color\"  itemprop=\"text\" >\n<p>Zimmer:<br \/>\n1 Bett (120 x 200 cm)<br \/>\n1 Bettdecke + Kissen<br \/>\n1 Bettw\u00e4schegarnitur<br \/>\n1 Spannbetttuch<br \/>\n1 Matratzenschoner<br \/>\n1 Kleiderschrank<br \/>\n1 Regal<br \/>\n1 Schreibtisch + Stuhl + Schreibtischlampe<br \/>\n1 Deckenleuchte<\/p>\n<p>Wohnk\u00fcche:<br \/>\n1 Tisch mit St\u00fchlen<br \/>\nHerd, Ofen, K\u00fchlschrank, Dampfabzug, diverse K\u00fcchenutensilien<br \/>\nOHNE GESCHIRR UND BESTECK<\/p>\n<p>Badezimmer \/ WC:<br \/>\nDusche und separates WC<br \/>\nDuschvorhang<br \/>\nWC-B\u00fcrste<\/p>\n<p>Abstellraum<strong>\/<\/strong> Flur:<br \/>\nBesen und Eimer<br \/>\nStaubsauger<\/p>\n\n<\/div>\n<\/div>\n<\/section>\n\n<section class=\"av_tab_section\"  itemscope=\"itemscope\" itemtype=\"https:\/\/schema.org\/CreativeWork\" ><div aria-controls=\"tab-id-5-content\" role=\"tab\" tabindex=\"0\" data-fake-id=\"#tab-id-5\" class=\"tab \"  itemprop=\"headline\" >Preise<\/div>\n<div id=\"tab-id-5-content\" class=\"tab_content \" aria-hidden=\"true\">\n<div class=\"tab_inner_content invers-color\"  itemprop=\"text\" >\n<p><b><span style=\"color: #525252; font-family: Arial; font-size: small;\">von CHF 455 bis CHF 555 pro Monat\u00a0<\/span><\/b><\/p>\n<p>je nach Zimmergr\u00f6sse und -ausrichtung<\/p>\n<p>inkl. Heizkosten (Zentralheizung)<br \/>\ninkl. Warmwasser<br \/>\ninkl. Internet Wifi<br \/>\ninkl. individueller Stromverbrauch<br \/>\ninkl. M\u00f6blierung<\/p>\n<p>Telefon, Kabelfernsehen, Mediengeb\u00fchr und Waschk\u00fcche<strong>\u00a0sind in diesem Mietpreis nicht inbegriffen<\/strong><\/p>\n\n<\/div>\n<\/div>\n<\/section>\n\n<section class=\"av_tab_section\"  itemscope=\"itemscope\" itemtype=\"https:\/\/schema.org\/CreativeWork\" ><div aria-controls=\"tab-id-6-content\" role=\"tab\" tabindex=\"0\" data-fake-id=\"#tab-id-6\" class=\"tab \"  itemprop=\"headline\" >Hausordnung<\/div>\n<div id=\"tab-id-6-content\" class=\"tab_content \" aria-hidden=\"true\">\n<div class=\"tab_inner_content invers-color\"  itemprop=\"text\" >\n<a  data-e-Disable-Page-Transition=\"true\" class=\"download-link\" title=\"\" href=\"https:\/\/apartis.swiss\/site\/download\/14880\/?tmstv=1788242922\" rel=\"nofollow\" id=\"download-link-14880\" data-redirect=\"false\" >\n\tHausordnung-mobliertes-Zimmer-Bell.pdf\t(214 Downloads\t)\n<\/a>\n\n\n<\/div>\n<\/div>\n<\/section>\n\n<section class=\"av_tab_section\"  itemscope=\"itemscope\" itemtype=\"https:\/\/schema.org\/CreativeWork\" ><div aria-controls=\"tab-id-7-content\" role=\"tab\" tabindex=\"0\" data-fake-id=\"#tab-id-7\" class=\"tab \"  itemprop=\"headline\" >Video<\/div>\n<div id=\"tab-id-7-content\" class=\"tab_content \" aria-hidden=\"true\">\n<div class=\"tab_inner_content invers-color\"  itemprop=\"text\" >\n<p><!--\n<iframe loading=\"lazy\" style=\"border: none; overflow: hidden;\" src=\"https:\/\/www.facebook.com\/plugins\/video.php?href=https%3A%2F%2Fwww.facebook.com%2FApartisFR%2Fvideos%2F2921195391281691%2F&show_text=0&width=560\" width=\"560\" height=\"315\" frameborder=\"0\" scrolling=\"no\" allowfullscreen=\"allowfullscreen\"><\/iframe>\n--><\/p>\n<p><iframe loading=\"lazy\" title=\"YouTube video player\" src=\"https:\/\/www.youtube.com\/embed\/urp-Kvlgw8c\" width=\"560\" height=\"315\" frameborder=\"0\" allowfullscreen=\"allowfullscreen\"><\/iframe><\/p>\n\n<\/div>\n<\/div>\n<\/section>\n\n<\/div>\n<br \/>\n<div   class='hr hr-default   avia-builder-el-7  el_after_av_tab_container  el_before_av_heading '><span class='hr-inner ' ><span class='hr-inner-style'><\/span><\/span><\/div><br \/>\n<div  style='padding-bottom:10px; ' class='av-special-heading av-special-heading-h2  blockquote modern-quote  avia-builder-el-8  el_after_av_hr  el_before_av_tab_container  '><h2 class='av-special-heading-tag '  itemprop=\"headline\"  >Ch. du Sonnenberg 5 | Fribourg<\/h2><div class ='av-subheading av-subheading_below  ' style='font-size:15px;'><p>reserviert f\u00fcr Austauschstudenten<\/p>\n<\/div><div class='special-heading-border'><div class='special-heading-inner-border' ><\/div><\/div><\/div><br \/>\n<div  class=\"tabcontainer   top_tab   avia-builder-el-9  el_after_av_heading  avia-builder-el-last \" role=\"tablist\">\n\n<section class=\"av_tab_section\"  itemscope=\"itemscope\" itemtype=\"https:\/\/schema.org\/CreativeWork\" ><div aria-controls=\"tab-id-8-content\" role=\"tab\" tabindex=\"0\" data-fake-id=\"#tab-id-8\" class=\"tab active_tab\"  itemprop=\"headline\" >Geb\u00e4ude<\/div>\n<div id=\"tab-id-8-content\" class=\"tab_content active_tab_content\" aria-hidden=\"false\">\n<div class=\"tab_inner_content invers-color\"  itemprop=\"text\" >\n<p><img loading=\"lazy\" decoding=\"async\" class=\"alignnone size-medium wp-image-2108\" src=\"https:\/\/apartis.swiss\/site\/wp-content\/uploads\/2018\/04\/Sonnenberg-300x200.jpg\" alt=\"\" width=\"300\" height=\"200\" srcset=\"https:\/\/apartis.swiss\/site\/wp-content\/uploads\/2018\/04\/Sonnenberg-300x200.jpg 300w, https:\/\/apartis.swiss\/site\/wp-content\/uploads\/2018\/04\/Sonnenberg-768x512.jpg 768w, https:\/\/apartis.swiss\/site\/wp-content\/uploads\/2018\/04\/Sonnenberg-1030x687.jpg 1030w, https:\/\/apartis.swiss\/site\/wp-content\/uploads\/2018\/04\/Sonnenberg-705x470.jpg 705w, https:\/\/apartis.swiss\/site\/wp-content\/uploads\/2018\/04\/Sonnenberg-450x300.jpg 450w, https:\/\/apartis.swiss\/site\/wp-content\/uploads\/2018\/04\/Sonnenberg.jpg 1350w\" sizes=\"(max-width: 300px) 100vw, 300px\" \/><\/p>\n\n<\/div>\n<\/div>\n<\/section>\n\n<section class=\"av_tab_section\"  itemscope=\"itemscope\" itemtype=\"https:\/\/schema.org\/CreativeWork\" ><div aria-controls=\"tab-id-9-content\" role=\"tab\" tabindex=\"0\" data-fake-id=\"#tab-id-9\" class=\"tab \"  itemprop=\"headline\" >Beschreibung<\/div>\n<div id=\"tab-id-9-content\" class=\"tab_content \" aria-hidden=\"true\">\n<div class=\"tab_inner_content invers-color\"  itemprop=\"text\" >\n<p style=\"box-sizing: border-box; margin: 0.85em 0px; padding: 0px; border: 0px #e1e1e1; font-style: normal; font-variant-ligatures: normal; font-variant-caps: normal; font-variant-numeric: inherit; font-variant-east-asian: inherit; font-weight: 400; font-stretch: inherit; font-size: 13px; line-height: inherit; font-family: 'open sans', HelveticaNeue, 'Helvetica Neue', Helvetica-Neue, Helvetica, Arial, sans-serif; vertical-align: baseline; color: #666666; letter-spacing: normal; orphans: 2; text-align: start; text-indent: 0px; text-transform: none; white-space: normal; widows: 2; word-spacing: 0px; -webkit-text-stroke-width: 0px; background-color: #ffffff; text-decoration-style: initial; text-decoration-color: initial;\">In diesem Geb\u00e4ude von 19 Zimmern sind 6 Zimmer f\u00fcr Austauschstudenten f\u00fcr eine Mietdauer von 5 oder 10 Monaten reserviert :<\/p>\n<p style=\"box-sizing: border-box; margin: 0.85em 0px; padding: 0px; border: 0px #e1e1e1; font-style: normal; font-variant-ligatures: normal; font-variant-caps: normal; font-variant-numeric: inherit; font-variant-east-asian: inherit; font-weight: 400; font-stretch: inherit; font-size: 13px; line-height: inherit; font-family: 'open sans', HelveticaNeue, 'Helvetica Neue', Helvetica-Neue, Helvetica, Arial, sans-serif; vertical-align: baseline; color: #666666; letter-spacing: normal; orphans: 2; text-align: start; text-indent: 0px; text-transform: none; white-space: normal; widows: 2; word-spacing: 0px; -webkit-text-stroke-width: 0px; background-color: #ffffff; text-decoration-style: initial; text-decoration-color: initial;\">1. September bis 31. Januar<br \/>\n1. September bis 30. Juni<br \/>\n1. Februar bis 30.Juni<\/p>\n<p><strong>Gemeinschaftsr\u00e4ume<\/strong><\/p>\n<ul>\n<li>In allen Gemeinschaftsr\u00e4umen herrscht <strong>Rauchverbot<\/strong><\/li>\n<li>2 Wohnk\u00fcchen mit Fernseher (Platz zum Aufbewahren von Lebensmitteln f\u00fcr jeden Mieter)<\/li>\n<li>2 B\u00e4der (jedes mit 2 Waschbecken, einer Badewanne, einer Dusche und zwei WC)<\/li>\n<li>Ein Teil des Gartens steht den Mietern zur Verf\u00fcgung<\/li>\n<\/ul>\n\n<\/div>\n<\/div>\n<\/section>\n\n<section class=\"av_tab_section\"  itemscope=\"itemscope\" itemtype=\"https:\/\/schema.org\/CreativeWork\" ><div aria-controls=\"tab-id-10-content\" role=\"tab\" tabindex=\"0\" data-fake-id=\"#tab-id-10\" class=\"tab \"  itemprop=\"headline\" >Zimmer<\/div>\n<div id=\"tab-id-10-content\" class=\"tab_content \" aria-hidden=\"true\">\n<div class=\"tab_inner_content invers-color\"  itemprop=\"text\" >\n<p><strong>Zimmer<\/strong><\/p>\n<ul>\n<li>9 bis 16m2 gross<\/li>\n<li>M\u00f6bliert: Bett, Tisch, Stuhl, Regal, Wandschrank und Sessel<\/li>\n<li>Jedes Zimmer ist mit einem Waschbecken ausgestattet<\/li>\n<li><span lang=\"DE-CH\" style=\"margin: 0px; font-family: 'Calibri',sans-serif; font-size: 10pt;\"><span style=\"color: #000000;\">Ohne Bettdecke, Kissen und Bezug<\/span><\/span><\/li>\n<\/ul>\n\n<\/div>\n<\/div>\n<\/section>\n\n<section class=\"av_tab_section\"  itemscope=\"itemscope\" itemtype=\"https:\/\/schema.org\/CreativeWork\" ><div aria-controls=\"tab-id-11-content\" role=\"tab\" tabindex=\"0\" data-fake-id=\"#tab-id-11\" class=\"tab \"  itemprop=\"headline\" >Preise<\/div>\n<div id=\"tab-id-11-content\" class=\"tab_content \" aria-hidden=\"true\">\n<div class=\"tab_inner_content invers-color\"  itemprop=\"text\" >\n<p><strong>Der Mietzins<\/strong><\/p>\n<ul>\n<li>Variiert je nach Gr\u00f6sse des Zimmers<\/li>\n<li>Von CHF 370.- bis 390.- pro Monat<\/li>\n<li>Inklusive Nebenkosten\u00a0: Heizung, Warmwasser, Elektrizit\u00e4t, M\u00f6blierung, Internetzugang per WIFI, w\u00f6chentliche Reinigung des Korridors, der B\u00e4der und der K\u00fcche<\/li>\n<li>Telefon, Mediengeb\u00fchr, Waschk\u00fcche: NICHT inbegriffen<\/li>\n<\/ul>\n\n<\/div>\n<\/div>\n<\/section>\n\n<section class=\"av_tab_section\"  itemscope=\"itemscope\" itemtype=\"https:\/\/schema.org\/CreativeWork\" ><div aria-controls=\"tab-id-12-content\" role=\"tab\" tabindex=\"0\" data-fake-id=\"#tab-id-12\" class=\"tab \"  itemprop=\"headline\" >Hausordnung<\/div>\n<div id=\"tab-id-12-content\" class=\"tab_content \" aria-hidden=\"true\">\n<div class=\"tab_inner_content invers-color\"  itemprop=\"text\" >\n<p><a href=\"https:\/\/apartis.swiss\/site\/wp-content\/uploads\/downloads\/2017\/11\/rm-sonn-d.pdf\">Hausordnung<\/a><\/p>\n\n<\/div>\n<\/div>\n<\/section>\n\n<\/div>\n<\/p><\/div><\/p>\n","protected":false},"excerpt":{"rendered":"<p>Durchschnittsmiete CHF 408 | ~ \u20ac 342<\/p>\n","protected":false},"featured_media":2089,"comment_status":"closed","ping_status":"closed","template":"","tags":[],"portfolio_entries":[38],"class_list":["post-4070","portfolio","type-portfolio","status-publish","has-post-thumbnail","hentry","portfolio_entries-a-louer-de"],"_links":{"self":[{"href":"https:\/\/apartis.swiss\/site\/de\/wp-json\/wp\/v2\/portfolio\/4070"}],"collection":[{"href":"https:\/\/apartis.swiss\/site\/de\/wp-json\/wp\/v2\/portfolio"}],"about":[{"href":"https:\/\/apartis.swiss\/site\/de\/wp-json\/wp\/v2\/types\/portfolio"}],"replies":[{"embeddable":true,"href":"https:\/\/apartis.swiss\/site\/de\/wp-json\/wp\/v2\/comments?post=4070"}],"version-history":[{"count":3,"href":"https:\/\/apartis.swiss\/site\/de\/wp-json\/wp\/v2\/portfolio\/4070\/revisions"}],"predecessor-version":[{"id":15238,"href":"https:\/\/apartis.swiss\/site\/de\/wp-json\/wp\/v2\/portfolio\/4070\/revisions\/15238"}],"wp:featuredmedia":[{"embeddable":true,"href":"https:\/\/apartis.swiss\/site\/de\/wp-json\/wp\/v2\/media\/2089"}],"wp:attachment":[{"href":"https:\/\/apartis.swiss\/site\/de\/wp-json\/wp\/v2\/media?parent=4070"}],"wp:term":[{"taxonomy":"post_tag","embeddable":true,"href":"https:\/\/apartis.swiss\/site\/de\/wp-json\/wp\/v2\/tags?post=4070"},{"taxonomy":"portfolio_entries","embeddable":true,"href":"https:\/\/apartis.swiss\/site\/de\/wp-json\/wp\/v2\/portfolio_entries?post=4070"}],"curies":[{"name":"wp","href":"https:\/\/api.w.org\/{rel}","templated":true}]}}