{"id":4066,"date":"2019-03-05T16:39:16","date_gmt":"2019-03-05T15:39:16","guid":{"rendered":"https:\/\/apartis.swiss\/site\/?post_type=portfolio&#038;p=4066"},"modified":"2021-10-28T09:26:57","modified_gmt":"2021-10-28T07:26:57","slug":"avenue-du-midi","status":"publish","type":"portfolio","link":"https:\/\/apartis.swiss\/site\/de\/portfolio-item\/avenue-du-midi\/","title":{"rendered":"Avenue du Midi"},"content":{"rendered":"<div class=\"flex_column av_two_fifth  flex_column_div av-zero-column-padding first  avia-builder-el-0  el_before_av_three_fifth  avia-builder-el-first  \" style='border-radius:0px; '><p><div id='av-masonry-1' class='av-masonry  noHover av-fixed-size av-large-gap av-hover-overlay-active av-masonry-animation-active av-masonry-col-3 av-caption-always av-caption-style- av-masonry-gallery   av-orientation-square  '  ><div class='av-masonry-container isotope av-js-disabled ' ><div class='av-masonry-entry isotope-item av-masonry-item-no-image '><\/div><a href=\"https:\/\/apartis.swiss\/site\/wp-content\/uploads\/2017\/08\/Midi-1030x686.jpg\"  aria-label=\"Bild Midi\"  id='av-masonry-1-item-8416' data-av-masonry-item='8416' class='av-masonry-entry isotope-item post-8416 attachment type-attachment status-inherit hentry  av-masonry-item-with-image' title=\"Midi\" alt=\"\"   itemprop=\"thumbnailUrl\" ><div class='av-inner-masonry-sizer'><\/div><figure class='av-inner-masonry main_color'><div class=\"av-masonry-outerimage-container\"><div class=\"av-masonry-image-container\" style=\"background-image: url(https:\/\/apartis.swiss\/site\/wp-content\/uploads\/2017\/08\/Midi-705x470.jpg);\" title=\"Midi\" ><\/div><\/div><\/figure><\/a><!--end av-masonry entry--><a href=\"https:\/\/apartis.swiss\/site\/wp-content\/uploads\/2017\/08\/Midi_balcon-1030x686.jpg\"  aria-label=\"Bild Midi_balcon\"  id='av-masonry-1-item-8491' data-av-masonry-item='8491' class='av-masonry-entry isotope-item post-8491 attachment type-attachment status-inherit hentry  av-masonry-item-with-image' title=\"Midi_balcon\" alt=\"\"   itemprop=\"thumbnailUrl\" ><div class='av-inner-masonry-sizer'><\/div><figure class='av-inner-masonry main_color'><div class=\"av-masonry-outerimage-container\"><div class=\"av-masonry-image-container\" style=\"background-image: url(https:\/\/apartis.swiss\/site\/wp-content\/uploads\/2017\/08\/Midi_balcon-705x470.jpg);\" title=\"Midi_balcon\" ><\/div><\/div><\/figure><\/a><!--end av-masonry entry--><a href=\"https:\/\/apartis.swiss\/site\/wp-content\/uploads\/2017\/08\/Midi_chambre_balcon-1030x686.jpg\"  aria-label=\"Bild Midi_chambre_balcon\"  id='av-masonry-1-item-8494' data-av-masonry-item='8494' class='av-masonry-entry isotope-item post-8494 attachment type-attachment status-inherit hentry  av-masonry-item-with-image' title=\"Midi_chambre_balcon\" alt=\"\"   itemprop=\"thumbnailUrl\" ><div class='av-inner-masonry-sizer'><\/div><figure class='av-inner-masonry main_color'><div class=\"av-masonry-outerimage-container\"><div class=\"av-masonry-image-container\" style=\"background-image: url(https:\/\/apartis.swiss\/site\/wp-content\/uploads\/2017\/08\/Midi_chambre_balcon-705x470.jpg);\" title=\"Midi_chambre_balcon\" ><\/div><\/div><\/figure><\/a><!--end av-masonry entry--><a href=\"https:\/\/apartis.swiss\/site\/wp-content\/uploads\/2021\/10\/DSC_5047-1030x824.jpg\"  aria-label=\"Bild DSC_5047\"  id='av-masonry-1-item-12523' data-av-masonry-item='12523' class='av-masonry-entry isotope-item post-12523 attachment type-attachment status-inherit hentry  av-masonry-item-with-image' title=\"DSC_5047\" alt=\"\"   itemprop=\"thumbnailUrl\" ><div class='av-inner-masonry-sizer'><\/div><figure class='av-inner-masonry main_color'><div class=\"av-masonry-outerimage-container\"><div class=\"av-masonry-image-container\" style=\"background-image: url(https:\/\/apartis.swiss\/site\/wp-content\/uploads\/2021\/10\/DSC_5047-705x564.jpg);\" title=\"DSC_5047\" ><\/div><\/div><\/figure><\/a><!--end av-masonry entry--><a href=\"https:\/\/apartis.swiss\/site\/wp-content\/uploads\/2017\/08\/Midi_chambre-1030x686.jpg\"  aria-label=\"Bild Midi_chambre\"  id='av-masonry-1-item-8500' data-av-masonry-item='8500' class='av-masonry-entry isotope-item post-8500 attachment type-attachment status-inherit hentry  av-masonry-item-with-image' title=\"Midi_chambre\" alt=\"\"   itemprop=\"thumbnailUrl\" ><div class='av-inner-masonry-sizer'><\/div><figure class='av-inner-masonry main_color'><div class=\"av-masonry-outerimage-container\"><div class=\"av-masonry-image-container\" style=\"background-image: url(https:\/\/apartis.swiss\/site\/wp-content\/uploads\/2017\/08\/Midi_chambre-705x470.jpg);\" title=\"Midi_chambre\" ><\/div><\/div><\/figure><\/a><!--end av-masonry entry--><a href=\"https:\/\/apartis.swiss\/site\/wp-content\/uploads\/2017\/08\/Midi_chambre_danse-1030x686.jpg\"  aria-label=\"Bild Midi_chambre_danse\"  id='av-masonry-1-item-8497' data-av-masonry-item='8497' class='av-masonry-entry isotope-item post-8497 attachment type-attachment status-inherit hentry  av-masonry-item-with-image' title=\"Midi_chambre_danse\" alt=\"\"   itemprop=\"thumbnailUrl\" ><div class='av-inner-masonry-sizer'><\/div><figure class='av-inner-masonry main_color'><div class=\"av-masonry-outerimage-container\"><div class=\"av-masonry-image-container\" style=\"background-image: url(https:\/\/apartis.swiss\/site\/wp-content\/uploads\/2017\/08\/Midi_chambre_danse-705x470.jpg);\" title=\"Midi_chambre_danse\" ><\/div><\/div><\/figure><\/a><!--end av-masonry entry--><a href=\"https:\/\/apartis.swiss\/site\/wp-content\/uploads\/2017\/08\/Midi_chambre_01-1030x687.jpg\"  aria-label=\"Bild Midi_chambre_01\"  id='av-masonry-1-item-2238' data-av-masonry-item='2238' class='av-masonry-entry isotope-item post-2238 attachment type-attachment status-inherit hentry  av-masonry-item-with-image' title=\"Midi_chambre_01\" alt=\"\"   itemprop=\"thumbnailUrl\" ><div class='av-inner-masonry-sizer'><\/div><figure class='av-inner-masonry main_color'><div class=\"av-masonry-outerimage-container\"><div class=\"av-masonry-image-container\" style=\"background-image: url(https:\/\/apartis.swiss\/site\/wp-content\/uploads\/2017\/08\/Midi_chambre_01-705x470.jpg);\" title=\"Midi_chambre_01\" ><\/div><\/div><\/figure><\/a><!--end av-masonry entry--><a href=\"https:\/\/apartis.swiss\/site\/wp-content\/uploads\/2017\/08\/Midi_chambre_02-1030x687.jpg\"  aria-label=\"Bild Midi_chambre_02\"  id='av-masonry-1-item-2241' data-av-masonry-item='2241' class='av-masonry-entry isotope-item post-2241 attachment type-attachment status-inherit hentry  av-masonry-item-with-image' title=\"Midi_chambre_02\" alt=\"\"   itemprop=\"thumbnailUrl\" ><div class='av-inner-masonry-sizer'><\/div><figure class='av-inner-masonry main_color'><div class=\"av-masonry-outerimage-container\"><div class=\"av-masonry-image-container\" style=\"background-image: url(https:\/\/apartis.swiss\/site\/wp-content\/uploads\/2017\/08\/Midi_chambre_02-705x470.jpg);\" title=\"Midi_chambre_02\" ><\/div><\/div><\/figure><\/a><!--end av-masonry entry--><a href=\"https:\/\/apartis.swiss\/site\/wp-content\/uploads\/2017\/08\/Midi_chambre_03-1030x687.jpg\"  aria-label=\"Bild Midi_chambre_03\"  id='av-masonry-1-item-2244' data-av-masonry-item='2244' class='av-masonry-entry isotope-item post-2244 attachment type-attachment status-inherit hentry  av-masonry-item-with-image' title=\"Midi_chambre_03\" alt=\"\"   itemprop=\"thumbnailUrl\" ><div class='av-inner-masonry-sizer'><\/div><figure class='av-inner-masonry main_color'><div class=\"av-masonry-outerimage-container\"><div class=\"av-masonry-image-container\" style=\"background-image: url(https:\/\/apartis.swiss\/site\/wp-content\/uploads\/2017\/08\/Midi_chambre_03-705x470.jpg);\" title=\"Midi_chambre_03\" ><\/div><\/div><\/figure><\/a><!--end av-masonry entry--><a href=\"https:\/\/apartis.swiss\/site\/wp-content\/uploads\/2017\/08\/Midi_chambre_04-1030x687.jpg\"  aria-label=\"Bild Midi_chambre_04\"  id='av-masonry-1-item-2247' data-av-masonry-item='2247' class='av-masonry-entry isotope-item post-2247 attachment type-attachment status-inherit hentry  av-masonry-item-with-image' title=\"Midi_chambre_04\" alt=\"\"   itemprop=\"thumbnailUrl\" ><div class='av-inner-masonry-sizer'><\/div><figure class='av-inner-masonry main_color'><div class=\"av-masonry-outerimage-container\"><div class=\"av-masonry-image-container\" style=\"background-image: url(https:\/\/apartis.swiss\/site\/wp-content\/uploads\/2017\/08\/Midi_chambre_04-705x470.jpg);\" title=\"Midi_chambre_04\" ><\/div><\/div><\/figure><\/a><!--end av-masonry entry--><a href=\"https:\/\/apartis.swiss\/site\/wp-content\/uploads\/2017\/08\/Midi_chambre_06-1030x687.jpg\"  aria-label=\"Bild Midi_chambre_06\"  id='av-masonry-1-item-2253' data-av-masonry-item='2253' class='av-masonry-entry isotope-item post-2253 attachment type-attachment status-inherit hentry  av-masonry-item-with-image' title=\"Midi_chambre_06\" alt=\"\"   itemprop=\"thumbnailUrl\" ><div class='av-inner-masonry-sizer'><\/div><figure class='av-inner-masonry main_color'><div class=\"av-masonry-outerimage-container\"><div class=\"av-masonry-image-container\" style=\"background-image: url(https:\/\/apartis.swiss\/site\/wp-content\/uploads\/2017\/08\/Midi_chambre_06-705x470.jpg);\" title=\"Midi_chambre_06\" ><\/div><\/div><\/figure><\/a><!--end av-masonry entry--><a href=\"https:\/\/apartis.swiss\/site\/wp-content\/uploads\/2017\/08\/Midi_cuisine_03-1030x687.jpg\"  aria-label=\"Bild Midi_cuisine_03\"  id='av-masonry-1-item-2265' data-av-masonry-item='2265' class='av-masonry-entry isotope-item post-2265 attachment type-attachment status-inherit hentry  av-masonry-item-with-image' title=\"Midi_cuisine_03\" alt=\"\"   itemprop=\"thumbnailUrl\" ><div class='av-inner-masonry-sizer'><\/div><figure class='av-inner-masonry main_color'><div class=\"av-masonry-outerimage-container\"><div class=\"av-masonry-image-container\" style=\"background-image: url(https:\/\/apartis.swiss\/site\/wp-content\/uploads\/2017\/08\/Midi_cuisine_03-705x470.jpg);\" title=\"Midi_cuisine_03\" ><\/div><\/div><\/figure><\/a><!--end av-masonry entry--><a href=\"https:\/\/apartis.swiss\/site\/wp-content\/uploads\/2017\/08\/Midi_cuisine_04-1030x687.jpg\"  aria-label=\"Bild Midi_cuisine_04\"  id='av-masonry-1-item-2268' data-av-masonry-item='2268' class='av-masonry-entry isotope-item post-2268 attachment type-attachment status-inherit hentry  av-masonry-item-with-image' title=\"Midi_cuisine_04\" alt=\"\"   itemprop=\"thumbnailUrl\" ><div class='av-inner-masonry-sizer'><\/div><figure class='av-inner-masonry main_color'><div class=\"av-masonry-outerimage-container\"><div class=\"av-masonry-image-container\" style=\"background-image: url(https:\/\/apartis.swiss\/site\/wp-content\/uploads\/2017\/08\/Midi_cuisine_04-705x470.jpg);\" title=\"Midi_cuisine_04\" ><\/div><\/div><\/figure><\/a><!--end av-masonry entry--><a href=\"https:\/\/apartis.swiss\/site\/wp-content\/uploads\/2021\/10\/DSC_5021-824x1030.jpg\"  aria-label=\"Bild DSC_5021\"  id='av-masonry-1-item-12520' data-av-masonry-item='12520' class='av-masonry-entry isotope-item post-12520 attachment type-attachment status-inherit hentry  av-masonry-item-with-image' title=\"DSC_5021\" alt=\"\"   itemprop=\"thumbnailUrl\" ><div class='av-inner-masonry-sizer'><\/div><figure class='av-inner-masonry main_color'><div class=\"av-masonry-outerimage-container\"><div class=\"av-masonry-image-container\" style=\"background-image: url(https:\/\/apartis.swiss\/site\/wp-content\/uploads\/2021\/10\/DSC_5021-564x705.jpg);\" title=\"DSC_5021\" ><\/div><\/div><\/figure><\/a><!--end av-masonry entry--><a href=\"https:\/\/apartis.swiss\/site\/wp-content\/uploads\/2021\/10\/DSC_5121-1030x824.jpg\"  aria-label=\"Bild DSC_5121\"  id='av-masonry-1-item-12529' data-av-masonry-item='12529' class='av-masonry-entry isotope-item post-12529 attachment type-attachment status-inherit hentry  av-masonry-item-with-image' title=\"DSC_5121\" alt=\"\"   itemprop=\"thumbnailUrl\" ><div class='av-inner-masonry-sizer'><\/div><figure class='av-inner-masonry main_color'><div class=\"av-masonry-outerimage-container\"><div class=\"av-masonry-image-container\" style=\"background-image: url(https:\/\/apartis.swiss\/site\/wp-content\/uploads\/2021\/10\/DSC_5121-705x564.jpg);\" title=\"DSC_5121\" ><\/div><\/div><\/figure><\/a><!--end av-masonry entry--><a href=\"https:\/\/apartis.swiss\/site\/wp-content\/uploads\/2021\/10\/DSC_5124-1030x824.jpg\"  aria-label=\"Bild DSC_5124\"  id='av-masonry-1-item-12532' data-av-masonry-item='12532' class='av-masonry-entry isotope-item post-12532 attachment type-attachment status-inherit hentry  av-masonry-item-with-image' title=\"DSC_5124\" alt=\"\"   itemprop=\"thumbnailUrl\" ><div class='av-inner-masonry-sizer'><\/div><figure class='av-inner-masonry main_color'><div class=\"av-masonry-outerimage-container\"><div class=\"av-masonry-image-container\" style=\"background-image: url(https:\/\/apartis.swiss\/site\/wp-content\/uploads\/2021\/10\/DSC_5124-705x564.jpg);\" title=\"DSC_5124\" ><\/div><\/div><\/figure><\/a><!--end av-masonry entry--><a href=\"https:\/\/apartis.swiss\/site\/wp-content\/uploads\/2021\/10\/DSC_5020-1030x824.jpg\"  aria-label=\"Bild DSC_5020\"  id='av-masonry-1-item-12538' data-av-masonry-item='12538' class='av-masonry-entry isotope-item post-12538 attachment type-attachment status-inherit hentry  av-masonry-item-with-image' title=\"DSC_5020\" alt=\"\"   itemprop=\"thumbnailUrl\" ><div class='av-inner-masonry-sizer'><\/div><figure class='av-inner-masonry main_color'><div class=\"av-masonry-outerimage-container\"><div class=\"av-masonry-image-container\" style=\"background-image: url(https:\/\/apartis.swiss\/site\/wp-content\/uploads\/2021\/10\/DSC_5020-705x564.jpg);\" title=\"DSC_5020\" ><\/div><\/div><\/figure><\/a><!--end av-masonry entry--><a href=\"https:\/\/apartis.swiss\/site\/wp-content\/uploads\/2021\/10\/DSC_5019-824x1030.jpg\"  aria-label=\"Bild DSC_5019\"  id='av-masonry-1-item-12535' data-av-masonry-item='12535' class='av-masonry-entry isotope-item post-12535 attachment type-attachment status-inherit hentry  av-masonry-item-with-image' title=\"DSC_5019\" alt=\"\"   itemprop=\"thumbnailUrl\" ><div class='av-inner-masonry-sizer'><\/div><figure class='av-inner-masonry main_color'><div class=\"av-masonry-outerimage-container\"><div class=\"av-masonry-image-container\" style=\"background-image: url(https:\/\/apartis.swiss\/site\/wp-content\/uploads\/2021\/10\/DSC_5019-564x705.jpg);\" title=\"DSC_5019\" ><\/div><\/div><\/figure><\/a><!--end av-masonry entry--><a href=\"https:\/\/apartis.swiss\/site\/wp-content\/uploads\/2021\/10\/DSC_5082-824x1030.jpg\"  aria-label=\"Bild DSC_5082\"  id='av-masonry-1-item-12526' data-av-masonry-item='12526' class='av-masonry-entry isotope-item post-12526 attachment type-attachment status-inherit hentry  av-masonry-item-with-image' title=\"DSC_5082\" alt=\"\"   itemprop=\"thumbnailUrl\" ><div class='av-inner-masonry-sizer'><\/div><figure class='av-inner-masonry main_color'><div class=\"av-masonry-outerimage-container\"><div class=\"av-masonry-image-container\" style=\"background-image: url(https:\/\/apartis.swiss\/site\/wp-content\/uploads\/2021\/10\/DSC_5082-564x705.jpg);\" title=\"DSC_5082\" ><\/div><\/div><\/figure><\/a><!--end av-masonry entry--><\/div><\/div><br \/>\n<div  style='height:50px' class='hr hr-invisible   avia-builder-el-2  el_after_av_masonry_gallery  el_before_av_iconlist  avia-builder-el-first '><span class='hr-inner ' ><span class='hr-inner-style'><\/span><\/span><\/div><br \/>\n<div  class='avia-icon-list-container   avia-builder-el-3  el_after_av_hr  avia-builder-el-last '><ul class='avia-icon-list avia-icon-list-left av-iconlist-big avia_animate_when_almost_visible avia-iconlist-animate'>\n<li><a href='https:\/\/apartis.swiss\/site\/de\/unsere-liegenschaften\/situation-der-apartis-gebaude\/' title='Lageplan'  target=\"_blank\"  rel=\"noopener noreferrer\"  class='iconlist_icon  avia-font-entypo-fontello'><span class='iconlist-char ' aria-hidden='true' data-av_icon='\ue842' data-av_iconfont='entypo-fontello'><\/span><\/a><article class=\"article-icon-entry av-iconlist-empty\"  itemscope=\"itemscope\" itemtype=\"https:\/\/schema.org\/CreativeWork\" ><div class='iconlist_content_wrap'><header class=\"entry-content-header\"><h4 class='av_iconlist_title iconlist_title   '  itemprop=\"headline\"  ><a href='https:\/\/apartis.swiss\/site\/de\/unsere-liegenschaften\/situation-der-apartis-gebaude\/' title='Lageplan' target=\"_blank\"  rel=\"noopener noreferrer\">Lageplan<\/a><\/h4><\/header><div class='iconlist_content  '  itemprop=\"text\"  ><\/div><\/div><footer class=\"entry-footer\"><\/footer><\/article><div class='iconlist-timeline'><\/div><\/li>\n<li><a href='https:\/\/apartis.swiss\/site\/wp-content\/uploads\/downloads\/2018\/02\/Midi-plan.pdf' title='Wohnungsgrundriss' target=\"_blank\" rel=\"noopener noreferrer\" class='iconlist_icon  avia-font-entypo-fontello'><span class='iconlist-char ' aria-hidden='true' data-av_icon='\ue8d7' data-av_iconfont='entypo-fontello'><\/span><\/a><article class=\"article-icon-entry av-iconlist-empty\"  itemscope=\"itemscope\" itemtype=\"https:\/\/schema.org\/CreativeWork\" ><div class='iconlist_content_wrap'><header class=\"entry-content-header\"><h4 class='av_iconlist_title iconlist_title   '  itemprop=\"headline\"  ><a href='https:\/\/apartis.swiss\/site\/wp-content\/uploads\/downloads\/2018\/02\/Midi-plan.pdf' title='Wohnungsgrundriss' target=\"_blank\" rel=\"noopener noreferrer\">Wohnungsgrundriss<\/a><\/h4><\/header><div class='iconlist_content  '  itemprop=\"text\"  ><\/div><\/div><footer class=\"entry-footer\"><\/footer><\/article><div class='iconlist-timeline'><\/div><\/li>\n<li><a href='https:\/\/apartis.swiss\/site\/de\/zu-vermieten\/mietbedingungen\/' title='Mietbedingungen'  target=\"_blank\"  rel=\"noopener noreferrer\"  class='iconlist_icon  avia-font-entypo-fontello'><span class='iconlist-char ' aria-hidden='true' data-av_icon='\ue84e' data-av_iconfont='entypo-fontello'><\/span><\/a><article class=\"article-icon-entry av-iconlist-empty\"  itemscope=\"itemscope\" itemtype=\"https:\/\/schema.org\/CreativeWork\" ><div class='iconlist_content_wrap'><header class=\"entry-content-header\"><h4 class='av_iconlist_title iconlist_title   '  itemprop=\"headline\"  ><a href='https:\/\/apartis.swiss\/site\/de\/zu-vermieten\/mietbedingungen\/' title='Mietbedingungen' target=\"_blank\"  rel=\"noopener noreferrer\">Mietbedingungen<\/a><\/h4><\/header><div class='iconlist_content  '  itemprop=\"text\"  ><\/div><\/div><footer class=\"entry-footer\"><\/footer><\/article><div class='iconlist-timeline'><\/div><\/li>\n<li><a href='https:\/\/apartis.swiss\/site\/wp-content\/uploads\/downloads\/2018\/04\/rm-midi-d.pdf' title='Hausordnung' target=\"_blank\" rel=\"noopener noreferrer\" class='iconlist_icon  avia-font-entypo-fontello'><span class='iconlist-char ' aria-hidden='true' data-av_icon='\ue821' data-av_iconfont='entypo-fontello'><\/span><\/a><article class=\"article-icon-entry av-iconlist-empty\"  itemscope=\"itemscope\" itemtype=\"https:\/\/schema.org\/CreativeWork\" ><div class='iconlist_content_wrap'><header class=\"entry-content-header\"><h4 class='av_iconlist_title iconlist_title   '  itemprop=\"headline\"  ><a href='https:\/\/apartis.swiss\/site\/wp-content\/uploads\/downloads\/2018\/04\/rm-midi-d.pdf' title='Hausordnung' target=\"_blank\" rel=\"noopener noreferrer\">Hausordnung<\/a><\/h4><\/header><div class='iconlist_content  '  itemprop=\"text\"  ><\/div><\/div><footer class=\"entry-footer\"><\/footer><\/article><div class='iconlist-timeline'><\/div><\/li>\n<li><a href='https:\/\/apartis.swiss\/site\/wp-content\/uploads\/downloads\/2017\/11\/midi-d.pdf' title='Abfallentsorgung' target=\"_blank\" rel=\"noopener noreferrer\" class='iconlist_icon  avia-font-entypo-fontello'><span class='iconlist-char ' aria-hidden='true' data-av_icon='\ue847' data-av_iconfont='entypo-fontello'><\/span><\/a><article class=\"article-icon-entry av-iconlist-empty\"  itemscope=\"itemscope\" itemtype=\"https:\/\/schema.org\/CreativeWork\" ><div class='iconlist_content_wrap'><header class=\"entry-content-header\"><h4 class='av_iconlist_title iconlist_title   '  itemprop=\"headline\"  ><a href='https:\/\/apartis.swiss\/site\/wp-content\/uploads\/downloads\/2017\/11\/midi-d.pdf' title='Abfallentsorgung' target=\"_blank\" rel=\"noopener noreferrer\">Abfallentsorgung<\/a><\/h4><\/header><div class='iconlist_content  '  itemprop=\"text\"  ><\/div><\/div><footer class=\"entry-footer\"><\/footer><\/article><div class='iconlist-timeline'><\/div><\/li>\n<li><a href='https:\/\/apartis.swiss\/site\/de\/unsere-liegenschaften\/allgemeine-informationen\/' title='Allgemeine Informationen'  target=\"_blank\"  rel=\"noopener noreferrer\"  class='iconlist_icon  avia-font-entypo-fontello'><span class='iconlist-char ' aria-hidden='true' data-av_icon='\ue81f' data-av_iconfont='entypo-fontello'><\/span><\/a><article class=\"article-icon-entry av-iconlist-empty\"  itemscope=\"itemscope\" itemtype=\"https:\/\/schema.org\/CreativeWork\" ><div class='iconlist_content_wrap'><header class=\"entry-content-header\"><h4 class='av_iconlist_title iconlist_title   '  itemprop=\"headline\"  ><a href='https:\/\/apartis.swiss\/site\/de\/unsere-liegenschaften\/allgemeine-informationen\/' title='Allgemeine Informationen' target=\"_blank\"  rel=\"noopener noreferrer\">Allgemeine Informationen<\/a><\/h4><\/header><div class='iconlist_content  '  itemprop=\"text\"  ><\/div><\/div><footer class=\"entry-footer\"><\/footer><\/article><div class='iconlist-timeline'><\/div><\/li>\n<li><div  class='iconlist_icon  avia-font-entypo-fontello'><span class='iconlist-char ' aria-hidden='true' data-av_icon='\ue84f' data-av_iconfont='entypo-fontello'><\/span><\/div><article class=\"article-icon-entry av-iconlist-empty\"  itemscope=\"itemscope\" itemtype=\"https:\/\/schema.org\/CreativeWork\" ><div class='iconlist_content_wrap'><header class=\"entry-content-header\"><h4 class='av_iconlist_title iconlist_title   '  itemprop=\"headline\"  ><a href='https:\/\/apartis.swiss\/site\/wp-content\/plugins\/download-monitor\/download.php?id=75' title='Brochure Apartis' target=\"_blank\" rel=\"noopener noreferrer\">Brochure Apartis<\/a><\/h4><\/header><div class='iconlist_content  '  itemprop=\"text\"  ><\/div><\/div><footer class=\"entry-footer\"><\/footer><\/article><div class='iconlist-timeline'><\/div><\/li>\n<\/ul><\/div><\/p><\/div><div class=\"flex_column av_three_fifth  flex_column_div av-zero-column-padding   avia-builder-el-4  el_after_av_two_fifth  avia-builder-el-last  \" style='border-radius:0px; '><p><div  style='padding-bottom:10px; ' class='av-special-heading av-special-heading-h2  blockquote modern-quote  avia-builder-el-5  el_before_av_toggle_container  avia-builder-el-first  '><h2 class='av-special-heading-tag '  itemprop=\"headline\"  >Avenue du Midi 3-5-7 | Fribourg<\/h2><div class='special-heading-border'><div class='special-heading-inner-border' ><\/div><\/div><\/div><br \/>\n<div   class=\"togglecontainer   toggle_close_all  avia-builder-el-6  el_after_av_heading  avia-builder-el-last \" >\n<section class=\"av_toggle_section\"  itemscope=\"itemscope\" itemtype=\"https:\/\/schema.org\/CreativeWork\"  >    <div role=\"tablist\" class=\"single_toggle\" data-tags=\"{Alle} \"  >        <p data-fake-id=\"#toggle-id-1\" class=\"toggler activeTitle\"  itemprop=\"headline\"    role=\"tab\" tabindex=\"0\" aria-controls=\"toggle-id-1\">Zentrumquartier<span class=\"toggle_icon\" >        <span class=\"vert_icon\"><\/span><span class=\"hor_icon\"><\/span><\/span><\/p>        <div id=\"toggle-id-1\" class=\"toggle_wrap active_tc\"  style='display:block;' >            <div class=\"toggle_content invers-color \"  itemprop=\"text\"   ><p>An der Kreuzung der Avenue du Midi und der Avenue de Beauregard befinden sich unsere Geb\u00e4ude der Avenue du Midi, hinter dem Bahnhof gelegen, in gleicher Entfernung zu den Hochschulen \/ der Universit\u00e4t Mis\u00e9ricorde. Die R\u00e4umlichkeiten der Rechtswissenschaftlichen Fakult\u00e4t sind eine Minute zu Fuss entfernt.<\/p>\n<p>Alle Annehmlichkeiten des Stadtzentrums sind direkt zu Fuss erreichbar.<\/p>\n<p>Die drei Geb\u00e4ude des Walriss befinden sich auf einer der steilsten Strassen der Stadt, zwischen der Kantons- und Universit\u00e4tsbibliothek und dem Museum f\u00fcr Kunst und Geschichte. Die P\u00e4dagogische Hochschule, die Universit\u00e4t Mis\u00e9ricorde und die Berufsfachschule sind nur einige Minuten entfernt. Die Rue St-Michel f\u00fchrt direkt zum Stadtzentrum mit einer grossen Auswahl an Gesch\u00e4ften. Das sympathische Alt-Quartier oberhalb unserer Geb\u00e4ude bietet viele kleine Gesch\u00e4fte und Unterhaltung.<\/p>\n<p>Das charmante Burgquartier mit seiner Kathedrale, ges\u00e4umt von originellen kleinen Gesch\u00e4ften sowie typischen Lokalen, ist ganz in der N\u00e4he.<\/p>\n            <\/div>        <\/div>    <\/div><\/section>\n<section class=\"av_toggle_section\"  itemscope=\"itemscope\" itemtype=\"https:\/\/schema.org\/CreativeWork\"  >    <div role=\"tablist\" class=\"single_toggle\" data-tags=\"{Alle} \"  >        <p data-fake-id=\"#toggle-id-2\" class=\"toggler \"  itemprop=\"headline\"    role=\"tab\" tabindex=\"0\" aria-controls=\"toggle-id-2\">Mietzins, Unterk\u00fcnfte, Gemeinschaftsr\u00e4ume<span class=\"toggle_icon\" >        <span class=\"vert_icon\"><\/span><span class=\"hor_icon\"><\/span><\/span><\/p>        <div id=\"toggle-id-2\" class=\"toggle_wrap \"   >            <div class=\"toggle_content invers-color \"  itemprop=\"text\"   ><p><strong>Der Mietzins<\/strong><\/p>\n<ul>\n<li>Variiert je nach Gr\u00f6sse und Art der Wohnung<\/li>\n<li>Von CHF 330.- bis 520.- pro Monat (ca. \u20ac 275.- bis 435.-)<\/li>\n<li>Inklusive Nebenkosten: Heizung, Warmwasser, Internet mit WIFI<\/li>\n<li>Nicht inbegriffen: Strom-, Telefon- , TV-Kosten und Mediengeb\u00fchr (wird direkt vom jeweiligen Anbieter abgerechnet)<\/li>\n<li>Die mit der Miete bezahlte Nebenkostenpauschale f\u00fcr Heizung und Warmwasser wird einmal pro Jahr abgerechnet (ca. Oktober)<\/li>\n<\/ul>\n<p><strong>Wohnungen<\/strong><\/p>\n<ul>\n<li>97 Zimmer in 27 Wohnungen auf 5 Stockwerken<\/li>\n<li>3- oder 4-Zimmerwohnungen, Wohnk\u00fcche, Badezimmer mit Dusche, separates WC<\/li>\n<li>Einfache und funktionelle Einrichtung der K\u00fcchen<\/li>\n<li>Wohnzimmer in einigen Wohnungen vorhanden<\/li>\n<li>Grundrissplan einer Gemeinschaftswohnung<\/li>\n<\/ul>\n<ul>\n<li>Haupteingang im Geb\u00e4ude Midi 5\u00a0: oberes Erdgeschoss auf Seite Chemin Richemond<\/li>\n<li>M\u00f6glichkeit, \u00fcber die seitlichen Treppen der Av. du Midi zu den Eing\u00e4ngen 3 und 7 zu gelangen<\/li>\n<\/ul>\n<p><strong>Zimmer<\/strong><\/p>\n<ul>\n<li>von 12 bis 26m2 (2\/3 der Zimmer &gt; 20m2)<\/li>\n<li>Nicht m\u00f6bliert<\/li>\n<li>Einige Zimmer verf\u00fcgen \u00fcber Balkon oder Veranda<\/li>\n<li>Jedes Zimmer verf\u00fcgt \u00fcber ein grosses Fenster und Parkettboden<\/li>\n<\/ul>\n<p><strong>Gemeinschaftsr\u00e4ume<\/strong><\/p>\n<ul>\n<li>Eingangshalle: Briefk\u00e4sten, Schaukasten f\u00fcr Apartis-Informationen und Anschlagbrett<\/li>\n<li>Eingangshalle mit Treffpunkt f\u00fcr die Mieter<\/li>\n<li><strong>Terrasse<\/strong> im Sommer \u00fcber dem Abfalllokal<\/li>\n<li>In allen Gemeinschaftr\u00e4umen herrscht <strong>Rauchverbot<\/strong><\/li>\n<li><a href=\"https:\/\/apartis.swiss\/de\/mieterinformationen\/mehrzweckraume\/\" class=\"broken_link\">Mehrzweckr\u00e4ume<\/a><\/li>\n<\/ul>\n            <\/div>        <\/div>    <\/div><\/section>\n<section class=\"av_toggle_section\"  itemscope=\"itemscope\" itemtype=\"https:\/\/schema.org\/CreativeWork\"  >    <div role=\"tablist\" class=\"single_toggle\" data-tags=\"{Alle} \"  >        <p data-fake-id=\"#toggle-id-3\" class=\"toggler \"  itemprop=\"headline\"    role=\"tab\" tabindex=\"0\" aria-controls=\"toggle-id-3\">Lage &amp; Anfahrt<span class=\"toggle_icon\" >        <span class=\"vert_icon\"><\/span><span class=\"hor_icon\"><\/span><\/span><\/p>        <div id=\"toggle-id-3\" class=\"toggle_wrap \"   >            <div class=\"toggle_content invers-color \"  itemprop=\"text\"   ><p><strong>Lage des Geb\u00e4udes<\/strong><\/p>\n<ul>\n<li>In Fribourg, im Stadtzentrum<\/li>\n<li>2 Minuten zu Fuss vom Hauptbahnhof Fribourg und den Fussg\u00e4ngerzonen entfernt (Post, Gesch\u00e4fte, Banken usw.)<\/li>\n<li>5 Minuten mit dem Fahrrad oder Bus von der Universit\u00e4t P\u00e9rolles oder Mis\u00e9ricorde entfernt<\/li>\n<li><a href=\"https:\/\/apartis.swiss\/de\/unsere-liegenschaften\/situation-der-apartis-gebaude\/\" target=\"_blank\" rel=\"noopener noreferrer\" class=\"broken_link\">Lageplan<\/a><\/li>\n<\/ul>\n<p><strong>\u00d6ffentliche Verkehrsmittel<\/strong><\/p>\n<ul>\n<li>Bushaltestelle \u00ab\u00a0Beauregard\u00a0\u00bb und \u00ab\u00a0Midi\u00a0\u00bb 1 Minute vom Geb\u00e4ude entfernt.<\/li>\n<li>Busfahrpl\u00e4ne und Abos erh\u00e4ltlich im Hauptbahnhof<\/li>\n<li><a href=\"http:\/\/horaire.tpf.ch\/\" target=\"_blank\" rel=\"noopener noreferrer\">Busfahrplan<\/a><strong>\u00a0<\/strong><\/li>\n<\/ul>\n            <\/div>        <\/div>    <\/div><\/section>\n<section class=\"av_toggle_section\"  itemscope=\"itemscope\" itemtype=\"https:\/\/schema.org\/CreativeWork\"  >    <div role=\"tablist\" class=\"single_toggle\" data-tags=\"{Alle} \"  >        <p data-fake-id=\"#toggle-id-4\" class=\"toggler \"  itemprop=\"headline\"    role=\"tab\" tabindex=\"0\" aria-controls=\"toggle-id-4\">Infrastruktur<span class=\"toggle_icon\" >        <span class=\"vert_icon\"><\/span><span class=\"hor_icon\"><\/span><\/span><\/p>        <div id=\"toggle-id-4\" class=\"toggle_wrap \"   >            <div class=\"toggle_content invers-color \"  itemprop=\"text\"   ><p><strong>Keller<\/strong><\/p>\n<ul>\n<li>1 Kellerabteil pro Wohnung<\/li>\n<li>Der Keller ist mit der Wohnungsnummer gekennzeichnet<\/li>\n<li>Jeder Mieter hat das Recht auf einen Platz im Keller<\/li>\n<li>Ist Teil der Wohnung\u00a0: bei Auszug haben die Mieter ihre Gegenst\u00e4nde wieder mitzunehmen bzw. auszur\u00e4umen, den Keller aufzur\u00e4umen und zu putzen<\/li>\n<\/ul>\n<p><strong>Waschk\u00fcche<\/strong><\/p>\n<ul>\n<li>Im Untergeschoss des Geb\u00e4udes N\u00b05<\/li>\n<li>3 Waschmaschinen und 3 W\u00e4schetrockner<\/li>\n<li>Trockenplatz im Erdgeschoss, im Innenhof<\/li>\n<li>Waschschl\u00fcssel muss vom Mieter bestellt werden:\u00a0<a href=\"http:\/\/www.keycom.ch\/\" target=\"_blank\" rel=\"noopener noreferrer\">http:\/\/www.keycom.ch<\/a><\/li>\n<li>Kein Waschplan<\/li>\n<li>Nach Benutzung m\u00fcssen die Waschmaschinen, Filter und der Boden gereinigt werden<\/li>\n<li>Es bleiben keine Gegenst\u00e4nde in der Waschk\u00fcche (Waschmittel, W\u00e4sche usw.)<\/li>\n<\/ul>\n<p><strong>Fahrradst\u00e4nder<\/strong><\/p>\n<ul>\n<li>Rechts neben dem Geb\u00e4ude N\u00b07<\/li>\n<li>Die Fahrr\u00e4der sind nur an diesem reservierten Platz abzustellen<\/li>\n<\/ul>\n<p><strong>Parkplatz<\/strong><\/p>\n<ul>\n<li>1 zu mietender Parkplatz steht zur Verf\u00fcgung<\/li>\n<li>Das Parken neben dem Geb\u00e4ude wird mit einer Busse bestraft<\/li>\n<li>1 Platz ist f\u00fcr Umz\u00fcge reserviert.\u00a0<strong>Bitte wenden Sie sich an den Hauswart<\/strong><\/li>\n<\/ul>\n            <\/div>        <\/div>    <\/div><\/section>\n<section class=\"av_toggle_section\"  itemscope=\"itemscope\" itemtype=\"https:\/\/schema.org\/CreativeWork\"  >    <div role=\"tablist\" class=\"single_toggle\" data-tags=\"{Alle} \"  >        <p data-fake-id=\"#toggle-id-5\" class=\"toggler \"  itemprop=\"headline\"    role=\"tab\" tabindex=\"0\" aria-controls=\"toggle-id-5\">Schl\u00fcssel, Hauswart<span class=\"toggle_icon\" >        <span class=\"vert_icon\"><\/span><span class=\"hor_icon\"><\/span><\/span><\/p>        <div id=\"toggle-id-5\" class=\"toggle_wrap \"   >            <div class=\"toggle_content invers-color \"  itemprop=\"text\"   ><p><strong>Schl\u00fcssel<\/strong><\/p>\n<p>Der Mieter erh\u00e4lt 1 Schl\u00fcssel f\u00fcr:<\/p>\n<ul>\n<li>Haupteingang (schliesst aus Sicherheitsgr\u00fcnden automatisch)<\/li>\n<li>Wohnung<\/li>\n<li>Zimmer<\/li>\n<\/ul>\n<p>Aus Sicherheitsgr\u00fcnden:<\/p>\n<ul>\n<li>Schl\u00fcssel immer bei sich tragen<\/li>\n<li>T\u00fcren immer abschliessen<\/li>\n<\/ul>\n<p>Briefkasten- und Kellerschl\u00fcssel:<\/p>\n<ul>\n<li>1 Briefkasten und 1 Keller pro Wohnung mit einem Schl\u00fcssel f\u00fcr alle Mitbewohner<\/li>\n<li>Die Schl\u00fcssel h\u00e4ngen neben der Eingangst\u00fcre der Wohnung<\/li>\n<li>Schl\u00fcssel nach Benutzung immer an ihren Platz zur\u00fcckh\u00e4ngen!<\/li>\n<\/ul>\n<p>Schl\u00fcssel verloren:<\/p>\n<ul>\n<li>Apartis bestellt zu Lasten des Mieters einen Ersatzschl\u00fcssel<\/li>\n<li>Bei Diebstahl kann ein Austausch des Schlosses der Wohnung notwendig werden<\/li>\n<\/ul>\n<p><strong>Hauswart<\/strong><\/p>\n<ul>\n<li>Externer Hauswart, s. Angaben auf dem Stockwerk<\/li>\n<li>Steht zur Verf\u00fcgung betreffend Fragen zu den R\u00e4umlichkeiten, Waschk\u00fcchenbenutzung, Sch\u00e4den oder Reparaturen sowie f\u00fcr die Abfallentsorgung<\/li>\n<li><a href=\"https:\/\/apartis.swiss\/de\/apartis\/mitarbeiter\/\" target=\"_blank\" rel=\"noopener noreferrer\" class=\"broken_link\">Mitarbeiter Apartis<\/a><\/li>\n<\/ul>\n            <\/div>        <\/div>    <\/div><\/section>\n<\/div><\/p><\/div><\/p>\n","protected":false},"excerpt":{"rendered":"<p>Durchschnittsmiete CHF 408 | ~ \u20ac 342<\/p>\n","protected":false},"featured_media":8416,"comment_status":"closed","ping_status":"closed","template":"","tags":[],"portfolio_entries":[42],"class_list":["post-4066","portfolio","type-portfolio","status-publish","has-post-thumbnail","hentry","portfolio_entries-apartis-de"],"_links":{"self":[{"href":"https:\/\/apartis.swiss\/site\/de\/wp-json\/wp\/v2\/portfolio\/4066"}],"collection":[{"href":"https:\/\/apartis.swiss\/site\/de\/wp-json\/wp\/v2\/portfolio"}],"about":[{"href":"https:\/\/apartis.swiss\/site\/de\/wp-json\/wp\/v2\/types\/portfolio"}],"replies":[{"embeddable":true,"href":"https:\/\/apartis.swiss\/site\/de\/wp-json\/wp\/v2\/comments?post=4066"}],"version-history":[{"count":0,"href":"https:\/\/apartis.swiss\/site\/de\/wp-json\/wp\/v2\/portfolio\/4066\/revisions"}],"wp:featuredmedia":[{"embeddable":true,"href":"https:\/\/apartis.swiss\/site\/de\/wp-json\/wp\/v2\/media\/8416"}],"wp:attachment":[{"href":"https:\/\/apartis.swiss\/site\/de\/wp-json\/wp\/v2\/media?parent=4066"}],"wp:term":[{"taxonomy":"post_tag","embeddable":true,"href":"https:\/\/apartis.swiss\/site\/de\/wp-json\/wp\/v2\/tags?post=4066"},{"taxonomy":"portfolio_entries","embeddable":true,"href":"https:\/\/apartis.swiss\/site\/de\/wp-json\/wp\/v2\/portfolio_entries?post=4066"}],"curies":[{"name":"wp","href":"https:\/\/api.w.org\/{rel}","templated":true}]}}