{"id":13968,"date":"2023-10-30T11:55:59","date_gmt":"2023-10-30T10:55:59","guid":{"rendered":"https:\/\/apartis.swiss\/portfolio-item\/vil-joseph-chaley\/"},"modified":"2024-11-29T11:29:22","modified_gmt":"2024-11-29T10:29:22","slug":"vil-joseph-chaley","status":"publish","type":"portfolio","link":"https:\/\/apartis.swiss\/site\/de\/portfolio-item\/vil-joseph-chaley\/","title":{"rendered":"Villa Rue Joseph-Chaley 24"},"content":{"rendered":"<div class=\"flex_column av_two_fifth  flex_column_div av-zero-column-padding first  avia-builder-el-0  el_before_av_three_fifth  avia-builder-el-first  \" style='border-radius:0px; '><p><div id='av-masonry-1' class='av-masonry  noHover av-fixed-size av-large-gap av-hover-overlay-active av-masonry-animation-active av-masonry-col-3 av-caption-always av-caption-style- av-masonry-gallery   av-orientation-square  '  ><div class='av-masonry-container isotope av-js-disabled ' ><div class='av-masonry-entry isotope-item av-masonry-item-no-image '><\/div><a href=\"https:\/\/apartis.swiss\/site\/wp-content\/uploads\/2023\/10\/IMG_0180-1030x687.jpg\"  aria-label=\"Bild IMG_0180\"  id='av-masonry-1-item-13952' data-av-masonry-item='13952' class='av-masonry-entry isotope-item post-13952 attachment type-attachment status-inherit hentry  av-masonry-item-with-image' title=\"IMG_0180\" alt=\"\"   itemprop=\"thumbnailUrl\" ><div class='av-inner-masonry-sizer'><\/div><figure class='av-inner-masonry main_color'><div class=\"av-masonry-outerimage-container\"><div class=\"av-masonry-image-container\" style=\"background-image: url(https:\/\/apartis.swiss\/site\/wp-content\/uploads\/2023\/10\/IMG_0180-705x470.jpg);\" title=\"IMG_0180\" ><\/div><\/div><\/figure><\/a><!--end av-masonry entry--><a href=\"https:\/\/apartis.swiss\/site\/wp-content\/uploads\/2023\/10\/IMG_0192-1030x687.jpg\"  aria-label=\"Bild IMG_0192\"  id='av-masonry-1-item-13955' data-av-masonry-item='13955' class='av-masonry-entry isotope-item post-13955 attachment type-attachment status-inherit hentry  av-masonry-item-with-image' title=\"IMG_0192\" alt=\"\"   itemprop=\"thumbnailUrl\" ><div class='av-inner-masonry-sizer'><\/div><figure class='av-inner-masonry main_color'><div class=\"av-masonry-outerimage-container\"><div class=\"av-masonry-image-container\" style=\"background-image: url(https:\/\/apartis.swiss\/site\/wp-content\/uploads\/2023\/10\/IMG_0192-705x470.jpg);\" title=\"IMG_0192\" ><\/div><\/div><\/figure><\/a><!--end av-masonry entry--><a href=\"https:\/\/apartis.swiss\/site\/wp-content\/uploads\/2023\/10\/IMG_0195-1030x687.jpg\"  aria-label=\"Bild IMG_0195\"  id='av-masonry-1-item-13958' data-av-masonry-item='13958' class='av-masonry-entry isotope-item post-13958 attachment type-attachment status-inherit hentry  av-masonry-item-with-image' title=\"IMG_0195\" alt=\"\"   itemprop=\"thumbnailUrl\" ><div class='av-inner-masonry-sizer'><\/div><figure class='av-inner-masonry main_color'><div class=\"av-masonry-outerimage-container\"><div class=\"av-masonry-image-container\" style=\"background-image: url(https:\/\/apartis.swiss\/site\/wp-content\/uploads\/2023\/10\/IMG_0195-705x470.jpg);\" title=\"IMG_0195\" ><\/div><\/div><\/figure><\/a><!--end av-masonry entry--><a href=\"https:\/\/apartis.swiss\/site\/wp-content\/uploads\/2023\/10\/IMG_0169-1030x687.jpg\"  aria-label=\"Bild IMG_0169\"  id='av-masonry-1-item-13961' data-av-masonry-item='13961' class='av-masonry-entry isotope-item post-13961 attachment type-attachment status-inherit hentry  av-masonry-item-with-image' title=\"IMG_0169\" alt=\"\"   itemprop=\"thumbnailUrl\" ><div class='av-inner-masonry-sizer'><\/div><figure class='av-inner-masonry main_color'><div class=\"av-masonry-outerimage-container\"><div class=\"av-masonry-image-container\" style=\"background-image: url(https:\/\/apartis.swiss\/site\/wp-content\/uploads\/2023\/10\/IMG_0169-705x470.jpg);\" title=\"IMG_0169\" ><\/div><\/div><\/figure><\/a><!--end av-masonry entry--><\/div><\/div><br \/>\n<div  style='height:50px' class='hr hr-invisible   avia-builder-el-2  el_after_av_masonry_gallery  el_before_av_iconlist  avia-builder-el-first '><span class='hr-inner ' ><span class='hr-inner-style'><\/span><\/span><\/div><br \/>\n<div  class='avia-icon-list-container   avia-builder-el-3  el_after_av_hr  avia-builder-el-last '><ul class='avia-icon-list avia-icon-list-left av-iconlist-big avia_animate_when_almost_visible avia-iconlist-animate'>\n<li><a href='https:\/\/apartis.swiss\/site\/nos-immeubles\/situation-des-immeubles-apartis\/' title='Plan de situation' target=\"_blank\" rel=\"noopener noreferrer\" class='iconlist_icon  avia-font-entypo-fontello'><span class='iconlist-char ' aria-hidden='true' data-av_icon='\ue842' data-av_iconfont='entypo-fontello'><\/span><\/a><article class=\"article-icon-entry av-iconlist-empty\"  itemscope=\"itemscope\" itemtype=\"https:\/\/schema.org\/CreativeWork\" ><div class='iconlist_content_wrap'><header class=\"entry-content-header\"><h4 class='av_iconlist_title iconlist_title   '  itemprop=\"headline\"  ><a href='https:\/\/apartis.swiss\/site\/nos-immeubles\/situation-des-immeubles-apartis\/' title='Plan de situation' target=\"_blank\" rel=\"noopener noreferrer\">Plan de situation<\/a><\/h4><\/header><div class='iconlist_content  '  itemprop=\"text\"  ><\/div><\/div><footer class=\"entry-footer\"><\/footer><\/article><div class='iconlist-timeline'><\/div><\/li>\n<li><a href='https:\/\/apartis.swiss\/site\/a-louer\/conditions-de-location\/' title='Condition de location' target=\"_blank\" rel=\"noopener noreferrer\" class='iconlist_icon  avia-font-entypo-fontello'><span class='iconlist-char ' aria-hidden='true' data-av_icon='\ue84e' data-av_iconfont='entypo-fontello'><\/span><\/a><article class=\"article-icon-entry av-iconlist-empty\"  itemscope=\"itemscope\" itemtype=\"https:\/\/schema.org\/CreativeWork\" ><div class='iconlist_content_wrap'><header class=\"entry-content-header\"><h4 class='av_iconlist_title iconlist_title   '  itemprop=\"headline\"  ><a href='https:\/\/apartis.swiss\/site\/a-louer\/conditions-de-location\/' title='Condition de location' target=\"_blank\" rel=\"noopener noreferrer\">Condition de location<\/a><\/h4><\/header><div class='iconlist_content  '  itemprop=\"text\"  ><\/div><\/div><footer class=\"entry-footer\"><\/footer><\/article><div class='iconlist-timeline'><\/div><\/li>\n<li><a href='https:\/\/apartis.swiss\/site\/download\/14988\/?tmstv=1732875709' title='R\u00e9glement de maison' target=\"_blank\" rel=\"noopener noreferrer\" class='iconlist_icon  avia-font-entypo-fontello'><span class='iconlist-char ' aria-hidden='true' data-av_icon='\ue821' data-av_iconfont='entypo-fontello'><\/span><\/a><article class=\"article-icon-entry av-iconlist-empty\"  itemscope=\"itemscope\" itemtype=\"https:\/\/schema.org\/CreativeWork\" ><div class='iconlist_content_wrap'><header class=\"entry-content-header\"><h4 class='av_iconlist_title iconlist_title   '  itemprop=\"headline\"  ><a href='https:\/\/apartis.swiss\/site\/download\/14988\/?tmstv=1732875709' title='R\u00e9glement de maison' target=\"_blank\" rel=\"noopener noreferrer\">R\u00e9glement de maison<\/a><\/h4><\/header><div class='iconlist_content  '  itemprop=\"text\"  ><\/div><\/div><footer class=\"entry-footer\"><\/footer><\/article><div class='iconlist-timeline'><\/div><\/li>\n<li><div  class='iconlist_icon  avia-font-entypo-fontello'><span class='iconlist-char ' aria-hidden='true' data-av_icon='\ue847' data-av_iconfont='entypo-fontello'><\/span><\/div><article class=\"article-icon-entry \"  itemscope=\"itemscope\" itemtype=\"https:\/\/schema.org\/CreativeWork\" ><div class='iconlist_content_wrap'><header class=\"entry-content-header\"><h4 class='av_iconlist_title iconlist_title   '  itemprop=\"headline\"  >Gestion des d\u00e9chets<\/h4><\/header><div class='iconlist_content  '  itemprop=\"text\"  ><p>Respecter le r\u00e8glement en vigueur dans la maison<\/p>\n<\/div><\/div><footer class=\"entry-footer\"><\/footer><\/article><div class='iconlist-timeline'><\/div><\/li>\n<li><a href='https:\/\/apartis.swiss\/site\/nos-immeubles\/informations-generales\/' title='Informations g\u00e9n\u00e9rales' target=\"_blank\" rel=\"noopener noreferrer\" class='iconlist_icon  avia-font-entypo-fontello'><span class='iconlist-char ' aria-hidden='true' data-av_icon='\ue81f' data-av_iconfont='entypo-fontello'><\/span><\/a><article class=\"article-icon-entry av-iconlist-empty\"  itemscope=\"itemscope\" itemtype=\"https:\/\/schema.org\/CreativeWork\" ><div class='iconlist_content_wrap'><header class=\"entry-content-header\"><h4 class='av_iconlist_title iconlist_title   '  itemprop=\"headline\"  ><a href='https:\/\/apartis.swiss\/site\/nos-immeubles\/informations-generales\/' title='Informations g\u00e9n\u00e9rales' target=\"_blank\" rel=\"noopener noreferrer\">Informations g\u00e9n\u00e9rales<\/a><\/h4><\/header><div class='iconlist_content  '  itemprop=\"text\"  ><\/div><\/div><footer class=\"entry-footer\"><\/footer><\/article><div class='iconlist-timeline'><\/div><\/li>\n<li><div  class='iconlist_icon  avia-font-entypo-fontello'><span class='iconlist-char ' aria-hidden='true' data-av_icon='\ue84f' data-av_iconfont='entypo-fontello'><\/span><\/div><article class=\"article-icon-entry av-iconlist-empty\"  itemscope=\"itemscope\" itemtype=\"https:\/\/schema.org\/CreativeWork\" ><div class='iconlist_content_wrap'><header class=\"entry-content-header\"><h4 class='av_iconlist_title iconlist_title   '  itemprop=\"headline\"  ><a href='https:\/\/apartis.swiss\/site\/wp-content\/plugins\/download-monitor\/download.php?id=75' title='Brochure Apartis' target=\"_blank\" rel=\"noopener noreferrer\">Brochure Apartis<\/a><\/h4><\/header><div class='iconlist_content  '  itemprop=\"text\"  ><\/div><\/div><footer class=\"entry-footer\"><\/footer><\/article><div class='iconlist-timeline'><\/div><\/li>\n<\/ul><\/div><\/p><\/div><div class=\"flex_column av_three_fifth  flex_column_div av-zero-column-padding   avia-builder-el-4  el_after_av_two_fifth  avia-builder-el-last  \" style='border-radius:0px; '><p><div  style='padding-bottom:10px; ' class='av-special-heading av-special-heading-h2  blockquote modern-quote  avia-builder-el-5  el_before_av_toggle_container  avia-builder-el-first  '><h2 class='av-special-heading-tag '  itemprop=\"headline\"  >Villa Rue Joseph-Chaley 24 | Fribourg<\/h2><div class='special-heading-border'><div class='special-heading-inner-border' ><\/div><\/div><\/div><br \/>\n<div   class=\"togglecontainer   toggle_close_all  avia-builder-el-6  el_after_av_heading  avia-builder-el-last \" >\n<section class=\"av_toggle_section\"  itemscope=\"itemscope\" itemtype=\"https:\/\/schema.org\/CreativeWork\"  >    <div role=\"tablist\" class=\"single_toggle\" data-tags=\"{Alle} \"  >        <p data-fake-id=\"#toggle-id-1\" class=\"toggler activeTitle\"  itemprop=\"headline\"    role=\"tab\" tabindex=\"0\" aria-controls=\"toggle-id-1\">Sch\u00f6nberg Quartier <span class=\"toggle_icon\" >        <span class=\"vert_icon\"><\/span><span class=\"hor_icon\"><\/span><\/span><\/p>        <div id=\"toggle-id-1\" class=\"toggle_wrap active_tc\"  style='display:block;' >            <div class=\"toggle_content invers-color \"  itemprop=\"text\"   ><p>Der Sch\u00f6nberg liegt auf den Anh\u00f6hen von Freiburg und ist das gr\u00f6sste Viertel der Stadt Freiburg.<\/p>\n            <\/div>        <\/div>    <\/div><\/section>\n<section class=\"av_toggle_section\"  itemscope=\"itemscope\" itemtype=\"https:\/\/schema.org\/CreativeWork\"  >    <div role=\"tablist\" class=\"single_toggle\" data-tags=\"{Alle} \"  >        <p data-fake-id=\"#toggle-id-2\" class=\"toggler \"  itemprop=\"headline\"    role=\"tab\" tabindex=\"0\" aria-controls=\"toggle-id-2\">Mieten, Wohnungen, Gemeinschaftsr\u00e4ume<span class=\"toggle_icon\" >        <span class=\"vert_icon\"><\/span><span class=\"hor_icon\"><\/span><\/span><\/p>        <div id=\"toggle-id-2\" class=\"toggle_wrap \"   >            <div class=\"toggle_content invers-color \"  itemprop=\"text\"   ><p><strong>Der Mietzins<\/strong><\/p>\n<ul>\n<li>Variiert je nach Gr\u00f6sse des Zimmers<\/li>\n<li>Von CHF 395.- bis 625.- pro Monat<\/li>\n<li>Inklusive Nebenkosten: Heizung, Warmwasser, Wifi-Internet Anschluss<\/li>\n<li>Nicht inbegriffen: Strom-, Telefon-, TV-Kosten und Mediengeb\u00fchr (werden direkt vom jeweiligen Anbieter in Rechnung gestellt).<\/li>\n<li>Die mit der Miete bezahlte Nebenkostenpauschale f\u00fcr Heizung und Warmwasser wird einmal pro Jahr (ca. Oktober) abgerechnet.<\/li>\n<li>F\u00fcr unbefristete Vertr\u00e4ge, aber sp\u00e4testens bis zum 30.09.2026<\/li>\n<\/ul>\n<p><strong>Die Villa<\/strong><\/p>\n<ul>\n<li>6 Schlafzimmer auf zwei Ebenen<\/li>\n<li>ausgestattete Wohnk\u00fcche<\/li>\n<li>\u00a01 separates WC, 1 Badezimmer, 1 Badezimmer mit WC<\/li>\n<li>Terrasse mit S\u00fcdausrichtung, grosser Garten, Grill, Tisch und St\u00fchle<\/li>\n<li>1 Keller, Gefrierschrank<\/li>\n<\/ul>\n<p><strong>Die Zimmer<\/strong><\/p>\n<ul>\n<li>Von 9,35m2 bis 27,14m2<\/li>\n<li>Unm\u00f6bliert, teilweise mit eingebautem Kleiderschrank<\/li>\n<\/ul>\n<p><strong>Gemeinschaftsra\u00fcme<\/strong><\/p>\n<ul>\n<li>In allen Gemeinschaftsr\u00e4ume herrscht RAUCHVERBOT<\/li>\n<li>K\u00fcche: Jeder Mieter w\u00e4scht das Geschirr und r\u00e4umt es weg, und er reinigt die benutzten Ger\u00e4te (K\u00fchlschrank, Herd, Backofen, Dampfabzug, usw.)<\/li>\n<li>B\u00e4der, WCs, Korridore: werden in Absprache mit den Mitbewohnern unterhalten<\/li>\n<li>Pflege der Aussenanlagen durch G\u00e4rtner, ausser Salzstreuen und Schneer\u00e4umung vor dem Eingang.<\/li>\n<\/ul>\n            <\/div>        <\/div>    <\/div><\/section>\n<section class=\"av_toggle_section\"  itemscope=\"itemscope\" itemtype=\"https:\/\/schema.org\/CreativeWork\"  >    <div role=\"tablist\" class=\"single_toggle\" data-tags=\"{Alle} \"  >        <p data-fake-id=\"#toggle-id-3\" class=\"toggler \"  itemprop=\"headline\"    role=\"tab\" tabindex=\"0\" aria-controls=\"toggle-id-3\">Lage und Anfahrt<span class=\"toggle_icon\" >        <span class=\"vert_icon\"><\/span><span class=\"hor_icon\"><\/span><\/span><\/p>        <div id=\"toggle-id-3\" class=\"toggle_wrap \"   >            <div class=\"toggle_content invers-color \"  itemprop=\"text\"   ><p><strong>Lage und Anfahrt<\/strong><\/p>\n<ul>\n<li>Zahlreiche Restaurants und Lebensmittelgesch\u00e4fte in der Nachbarschaft<\/li>\n<li>Wundersch\u00f6ner Garten mit Blick auf die Stadt Freiburg<\/li>\n<li>13 Min. mit dem Bus vom Bahnhof entfernt, Haltestelle &#8222;Chaley&#8220; vor dem Haus, Buslinie 2<\/li>\n<\/ul>\n            <\/div>        <\/div>    <\/div><\/section>\n<section class=\"av_toggle_section\"  itemscope=\"itemscope\" itemtype=\"https:\/\/schema.org\/CreativeWork\"  >    <div role=\"tablist\" class=\"single_toggle\" data-tags=\"{Alle} \"  >        <p data-fake-id=\"#toggle-id-4\" class=\"toggler \"  itemprop=\"headline\"    role=\"tab\" tabindex=\"0\" aria-controls=\"toggle-id-4\">Ausstattung<span class=\"toggle_icon\" >        <span class=\"vert_icon\"><\/span><span class=\"hor_icon\"><\/span><\/span><\/p>        <div id=\"toggle-id-4\" class=\"toggle_wrap \"   >            <div class=\"toggle_content invers-color \"  itemprop=\"text\"   ><p><strong>Ausstattung<\/strong><\/p>\n<ul>\n<li>Waschk\u00fcche mit Waschmaschine, Trockner und W\u00e4scheleinen ausgestattet<\/li>\n<li>(Nach jeder Benutzung m\u00fcssen die Maschinen, die Filter und der Boden gereinigt werden).<\/li>\n<\/ul>\n            <\/div>        <\/div>    <\/div><\/section>\n<section class=\"av_toggle_section\"  itemscope=\"itemscope\" itemtype=\"https:\/\/schema.org\/CreativeWork\"  >    <div role=\"tablist\" class=\"single_toggle\" data-tags=\"{Alle} \"  >        <p data-fake-id=\"#toggle-id-5\" class=\"toggler \"  itemprop=\"headline\"    role=\"tab\" tabindex=\"0\" aria-controls=\"toggle-id-5\">Schl\u00fcssel, Hausmeister<span class=\"toggle_icon\" >        <span class=\"vert_icon\"><\/span><span class=\"hor_icon\"><\/span><\/span><\/p>        <div id=\"toggle-id-5\" class=\"toggle_wrap \"   >            <div class=\"toggle_content invers-color \"  itemprop=\"text\"   ><p><strong>Schl\u00fcssel<\/strong><\/p>\n<p>Der Mieter erh\u00e4lt:<\/p>\n<ul>\n<li>1 Schl\u00fcssel f\u00fcr den Haupteingang<\/li>\n<li>1 Schl\u00fcssel f\u00fcr das Zimmer<\/li>\n<\/ul>\n<p>Aus Sicherheitsgr\u00fcnden:<\/p>\n<ul>\n<li>Den Schl\u00fcssel immer bei sich tragen<\/li>\n<li>T\u00fcren immer abschliessen<\/li>\n<\/ul>\n<ul>\n<li>Schl\u00fcssel f\u00fcr die Briefk\u00e4sten<\/li>\n<li>1 Briefkastenschl\u00fcssel f\u00fcr die Wohngemeinschaft<\/li>\n<\/ul>\n<p>Verlust eines Schl\u00fcssels<\/p>\n<ul>\n<li>Apartis bestellt einen Ersatzschl\u00fcssel zu Lasten des Mieters<\/li>\n<li>Im Falle eines Diebstahls kann es sinnvoll sein, den Zylinder auszutauschen<\/li>\n<\/ul>\n<p><strong>Hauswart<\/strong><\/p>\n<ul>\n<li>Der technische Dienst von Apartis steht f\u00fcr alle Fragen zur Nutzung der R\u00e4umlichkeiten, zum Betrieb der Waschk\u00fcchen, zu Sch\u00e4den oder Reparaturen und zur Abfallentsorgung zur Verf\u00fcgung.<\/li>\n<\/ul>\n            <\/div>        <\/div>    <\/div><\/section>\n<\/div><\/p><\/div><\/p>\n","protected":false},"excerpt":{"rendered":"<p>Loyer moyen CHF 353 | ~ \u20ac 296<\/p>\n","protected":false},"featured_media":13992,"comment_status":"closed","ping_status":"closed","template":"","tags":[],"portfolio_entries":[42],"class_list":["post-13968","portfolio","type-portfolio","status-publish","has-post-thumbnail","hentry","portfolio_entries-apartis-de"],"_links":{"self":[{"href":"https:\/\/apartis.swiss\/site\/de\/wp-json\/wp\/v2\/portfolio\/13968"}],"collection":[{"href":"https:\/\/apartis.swiss\/site\/de\/wp-json\/wp\/v2\/portfolio"}],"about":[{"href":"https:\/\/apartis.swiss\/site\/de\/wp-json\/wp\/v2\/types\/portfolio"}],"replies":[{"embeddable":true,"href":"https:\/\/apartis.swiss\/site\/de\/wp-json\/wp\/v2\/comments?post=13968"}],"version-history":[{"count":3,"href":"https:\/\/apartis.swiss\/site\/de\/wp-json\/wp\/v2\/portfolio\/13968\/revisions"}],"predecessor-version":[{"id":13969,"href":"https:\/\/apartis.swiss\/site\/de\/wp-json\/wp\/v2\/portfolio\/13968\/revisions\/13969"}],"wp:featuredmedia":[{"embeddable":true,"href":"https:\/\/apartis.swiss\/site\/de\/wp-json\/wp\/v2\/media\/13992"}],"wp:attachment":[{"href":"https:\/\/apartis.swiss\/site\/de\/wp-json\/wp\/v2\/media?parent=13968"}],"wp:term":[{"taxonomy":"post_tag","embeddable":true,"href":"https:\/\/apartis.swiss\/site\/de\/wp-json\/wp\/v2\/tags?post=13968"},{"taxonomy":"portfolio_entries","embeddable":true,"href":"https:\/\/apartis.swiss\/site\/de\/wp-json\/wp\/v2\/portfolio_entries?post=13968"}],"curies":[{"name":"wp","href":"https:\/\/api.w.org\/{rel}","templated":true}]}}