{"id":7102,"date":"2019-05-03T09:42:12","date_gmt":"2019-05-03T07:42:12","guid":{"rendered":"https:\/\/apartis.swiss\/?page_id=7102"},"modified":"2019-05-28T16:47:25","modified_gmt":"2019-05-28T14:47:25","slug":"fonderie","status":"publish","type":"page","link":"https:\/\/apartis.swiss\/site\/de\/apartis\/fonderie\/","title":{"rendered":"Fonderie"},"content":{"rendered":"<div  style='padding-bottom:10px; ' class='av-special-heading av-special-heading-h2  blockquote modern-quote  avia-builder-el-0  el_before_av_one_full  avia-builder-el-first  '><h2 class='av-special-heading-tag '  itemprop=\"headline\"  >Fonderie<\/h2><div class='special-heading-border'><div class='special-heading-inner-border' ><\/div><\/div><\/div>\n<div class=\"flex_column av_one_full  flex_column_div av-zero-column-padding first  avia-builder-el-1  el_after_av_heading  el_before_av_one_full  \" style='border-radius:0px; '><p><div  style='padding-bottom:10px; ' class='av-special-heading av-special-heading-h3  blockquote modern-quote  avia-builder-el-2  el_before_av_textblock  avia-builder-el-first  '><h3 class='av-special-heading-tag '  itemprop=\"headline\"  >Webcam<\/h3><div class='special-heading-border'><div class='special-heading-inner-border' ><\/div><\/div><\/div><br \/>\n<section class=\"av_textblock_section \"  itemscope=\"itemscope\" itemtype=\"https:\/\/schema.org\/CreativeWork\" ><div class='avia_textblock  '   itemprop=\"text\" ><p><iframe id=\"rs_cam_1068\" style=\"width: 100%; height: 450px; border: none;\" src=\"https:\/\/halter.roundshot.com\/fonderiefribourg\" allowfullscreen=\"allowfullscreen\" data-mce-fragment=\"1\"><\/iframe><\/p>\n<\/div><\/section><\/p><\/div>\n<div class=\"flex_column av_one_full  flex_column_div av-zero-column-padding first  avia-builder-el-4  el_after_av_one_full  avia-builder-el-last  column-top-margin\" style='border-radius:0px; '><p><div  style='padding-bottom:10px; ' class='av-special-heading av-special-heading-h3  blockquote modern-quote  avia-builder-el-5  el_before_av_blog  avia-builder-el-first  '><h3 class='av-special-heading-tag '  itemprop=\"headline\"  >Letzte news<\/h3><div class='special-heading-border'><div class='special-heading-inner-border' ><\/div><\/div><\/div><br \/>\n<div   data-autoplay=''  data-interval='5'  data-animation='fade'  data-show_slide_delay='90'  class='avia-content-slider avia-content-grid-active avia-content-slider1 avia-content-slider-odd  avia-builder-el-6  el_after_av_heading  avia-builder-el-last  '  itemscope=\"itemscope\" itemtype=\"https:\/\/schema.org\/Blog\" ><div class='avia-content-slider-inner'><div class='slide-entry-wrap'><article class='slide-entry flex_column  post-entry post-entry-10541 slide-entry-overview slide-loop-1 slide-parity-odd  av_one_third first real-thumbnail post-format-standard'  itemscope=\"itemscope\" itemtype=\"https:\/\/schema.org\/CreativeWork\" ><a href='https:\/\/apartis.swiss\/site\/de\/video-fonderie-vorstellung-der-wohnungen\/' data-rel='slide-1' class='slide-image' title='Video Fonderie &#8211; Vorstellung der Wohnungen'><img decoding=\"async\" width=\"495\" height=\"400\" src=\"https:\/\/apartis.swiss\/site\/wp-content\/uploads\/2020\/07\/fonderie-thumb-495x400.jpg\" class=\"wp-image-10497 avia-img-lazy-loading-not-10497 attachment-portfolio size-portfolio wp-post-image\" alt=\"\" \/><\/a><div class='slide-content'><header class=\"entry-content-header\"><h3 class='slide-entry-title entry-title '  itemprop=\"headline\" ><a href='https:\/\/apartis.swiss\/site\/de\/video-fonderie-vorstellung-der-wohnungen\/' title='Video Fonderie &#8211; Vorstellung der Wohnungen'>Video Fonderie &#8211; Vorstellung der Wohnungen<\/a><\/h3><span class=\"blog-categories minor-meta\"><a href=\"https:\/\/apartis.swiss\/site\/de\/category\/apartis-de\/\" rel=\"tag\">Apartis<\/a>, <a href=\"https:\/\/apartis.swiss\/site\/de\/category\/projekt_fonderie\/\" rel=\"tag\">Projekt Fonderie<\/a> <\/span><span class=\"av-vertical-delimiter\"><\/span><\/header><\/div><footer class=\"entry-footer\"><\/footer><span class='hidden'>\n\t\t\t\t<span class='av-structured-data'  itemprop=\"image\" itemscope=\"itemscope\" itemtype=\"https:\/\/schema.org\/ImageObject\" >\n\t\t\t\t\t\t<span itemprop='url'>https:\/\/apartis.swiss\/site\/wp-content\/uploads\/2020\/07\/fonderie-thumb.jpg<\/span>\n\t\t\t\t\t\t<span itemprop='height'>600<\/span>\n\t\t\t\t\t\t<span itemprop='width'>900<\/span>\n\t\t\t\t<\/span>\n\t\t\t\t<span class='av-structured-data'  itemprop=\"publisher\" itemtype=\"https:\/\/schema.org\/Organization\" itemscope=\"itemscope\" >\n\t\t\t\t\t\t<span itemprop='name'>Apartis<\/span>\n\t\t\t\t\t\t<span itemprop='logo' itemscope itemtype='https:\/\/schema.org\/ImageObject'>\n\t\t\t\t\t\t\t<span itemprop='url'>https:\/\/apartis.swiss\/site\/wp-content\/uploads\/2017\/08\/logo-apartis.png<\/span>\n\t\t\t\t\t\t <\/span>\n\t\t\t\t<\/span><span class='av-structured-data'  itemprop=\"author\" itemscope=\"itemscope\" itemtype=\"https:\/\/schema.org\/Person\" ><span itemprop='name'>Apartis<\/span><\/span><span class='av-structured-data'  itemprop=\"datePublished\" datetime=\"2019-05-03T09:42:12+02:00\" >2020-11-02 08:00:41<\/span><span class='av-structured-data'  itemprop=\"dateModified\" itemtype=\"https:\/\/schema.org\/dateModified\" >2020-11-02 08:11:27<\/span><span class='av-structured-data'  itemprop=\"mainEntityOfPage\" itemtype=\"https:\/\/schema.org\/mainEntityOfPage\" ><span itemprop='name'>Video Fonderie &#8211; Vorstellung der Wohnungen<\/span><\/span><\/span><\/article><article class='slide-entry flex_column  post-entry post-entry-10988 slide-entry-overview slide-loop-2 slide-parity-even  av_one_third  real-thumbnail post-format-standard'  itemscope=\"itemscope\" itemtype=\"https:\/\/schema.org\/CreativeWork\" ><a href='https:\/\/apartis.swiss\/site\/de\/fonderie-interview-jean-pierre-gauch\/' data-rel='slide-1' class='slide-image' title='La Fonderie, Interview mit Jean-Pierre Gauch'><img decoding=\"async\" width=\"495\" height=\"400\" src=\"https:\/\/apartis.swiss\/site\/wp-content\/uploads\/2020\/10\/interview_jean-pierre-gauch-495x400.jpg\" class=\"wp-image-10983 avia-img-lazy-loading-not-10983 attachment-portfolio size-portfolio wp-post-image\" alt=\"\" \/><\/a><div class='slide-content'><header class=\"entry-content-header\"><h3 class='slide-entry-title entry-title '  itemprop=\"headline\" ><a href='https:\/\/apartis.swiss\/site\/de\/fonderie-interview-jean-pierre-gauch\/' title='La Fonderie, Interview mit Jean-Pierre Gauch'>La Fonderie, Interview mit Jean-Pierre Gauch<\/a><\/h3><span class=\"blog-categories minor-meta\"><a href=\"https:\/\/apartis.swiss\/site\/de\/category\/apartis-de\/\" rel=\"tag\">Apartis<\/a>, <a href=\"https:\/\/apartis.swiss\/site\/de\/category\/article-de\/\" rel=\"tag\">Artikel<\/a>, <a href=\"https:\/\/apartis.swiss\/site\/de\/category\/projekt_fonderie\/\" rel=\"tag\">Projekt Fonderie<\/a> <\/span><span class=\"av-vertical-delimiter\"><\/span><\/header><div class='slide-entry-excerpt entry-content'  itemprop=\"text\" >Treffen Sie Jean-Pierre Gauch, den Direktor der Apartis-Stiftung. Er erkl\u00e4rt, warum es wichtig ist, Studenten die M\u00f6glichkeit zu geben, in einer Nachbarschaft wie La Fonderie zu leben.\r\n\r\nKlicken Sie hier f\u00fcr weitere Informationen \u00fcber la\u2026<\/div><\/div><footer class=\"entry-footer\"><div class='slide-meta'><time class='slide-meta-time updated'  itemprop=\"datePublished\" datetime=\"2020-10-21T15:58:53+02:00\" >21 Oktober 2020<\/time><\/div><\/footer><span class='hidden'>\n\t\t\t\t<span class='av-structured-data'  itemprop=\"image\" itemscope=\"itemscope\" itemtype=\"https:\/\/schema.org\/ImageObject\" >\n\t\t\t\t\t\t<span itemprop='url'>https:\/\/apartis.swiss\/site\/wp-content\/uploads\/2020\/10\/interview_jean-pierre-gauch.jpg<\/span>\n\t\t\t\t\t\t<span itemprop='height'>678<\/span>\n\t\t\t\t\t\t<span itemprop='width'>1200<\/span>\n\t\t\t\t<\/span>\n\t\t\t\t<span class='av-structured-data'  itemprop=\"publisher\" itemtype=\"https:\/\/schema.org\/Organization\" itemscope=\"itemscope\" >\n\t\t\t\t\t\t<span itemprop='name'>Apartis<\/span>\n\t\t\t\t\t\t<span itemprop='logo' itemscope itemtype='https:\/\/schema.org\/ImageObject'>\n\t\t\t\t\t\t\t<span itemprop='url'>https:\/\/apartis.swiss\/site\/wp-content\/uploads\/2017\/08\/logo-apartis.png<\/span>\n\t\t\t\t\t\t <\/span>\n\t\t\t\t<\/span><span class='av-structured-data'  itemprop=\"author\" itemscope=\"itemscope\" itemtype=\"https:\/\/schema.org\/Person\" ><span itemprop='name'>Apartis<\/span><\/span><span class='av-structured-data'  itemprop=\"datePublished\" datetime=\"2019-05-03T09:42:12+02:00\" >2020-10-21 15:58:53<\/span><span class='av-structured-data'  itemprop=\"dateModified\" itemtype=\"https:\/\/schema.org\/dateModified\" >2020-10-21 16:05:10<\/span><span class='av-structured-data'  itemprop=\"mainEntityOfPage\" itemtype=\"https:\/\/schema.org\/mainEntityOfPage\" ><span itemprop='name'>La Fonderie, Interview mit Jean-Pierre Gauch<\/span><\/span><\/span><\/article><article class='slide-entry flex_column  post-entry post-entry-10852 slide-entry-overview slide-loop-3 slide-parity-odd  av_one_third  real-thumbnail post-format-standard'  itemscope=\"itemscope\" itemtype=\"https:\/\/schema.org\/CreativeWork\" ><a href='https:\/\/apartis.swiss\/site\/de\/fonderie-interview-marcel-blattner\/' data-rel='slide-1' class='slide-image' title='La Fonderie, Interview mit Marcel Blattner'><img decoding=\"async\" width=\"495\" height=\"400\" src=\"https:\/\/apartis.swiss\/site\/wp-content\/uploads\/2020\/09\/marcel_blattner-495x400.png\" class=\"wp-image-10841 avia-img-lazy-loading-not-10841 attachment-portfolio size-portfolio wp-post-image\" alt=\"\" \/><\/a><div class='slide-content'><header class=\"entry-content-header\"><h3 class='slide-entry-title entry-title '  itemprop=\"headline\" ><a href='https:\/\/apartis.swiss\/site\/de\/fonderie-interview-marcel-blattner\/' title='La Fonderie, Interview mit Marcel Blattner'>La Fonderie, Interview mit Marcel Blattner<\/a><\/h3><span class=\"blog-categories minor-meta\"><a href=\"https:\/\/apartis.swiss\/site\/de\/category\/apartis-de\/\" rel=\"tag\">Apartis<\/a>, <a href=\"https:\/\/apartis.swiss\/site\/de\/category\/article-de\/\" rel=\"tag\">Artikel<\/a>, <a href=\"https:\/\/apartis.swiss\/site\/de\/category\/projekt_fonderie\/\" rel=\"tag\">Projekt Fonderie<\/a> <\/span><span class=\"av-vertical-delimiter\"><\/span><\/header><div class='slide-entry-excerpt entry-content'  itemprop=\"text\" >Wir freuen uns, Ihnen diese Woche Marcel Blatter von der Halter AG vorzustellen. Er beteiligte sich an der Entwicklung der Pl\u00e4ne f\u00fcr diesen Industriebezirk, der nun zu einem Wohngebiet geworden ist. Heute enth\u00fcllt er die verschiedenen Stufen\u2026<\/div><\/div><footer class=\"entry-footer\"><div class='slide-meta'><time class='slide-meta-time updated'  itemprop=\"datePublished\" datetime=\"2020-09-14T17:24:47+02:00\" >14 September 2020<\/time><\/div><\/footer><span class='hidden'>\n\t\t\t\t<span class='av-structured-data'  itemprop=\"image\" itemscope=\"itemscope\" itemtype=\"https:\/\/schema.org\/ImageObject\" >\n\t\t\t\t\t\t<span itemprop='url'>https:\/\/apartis.swiss\/site\/wp-content\/uploads\/2020\/09\/marcel_blattner.png<\/span>\n\t\t\t\t\t\t<span itemprop='height'>630<\/span>\n\t\t\t\t\t\t<span itemprop='width'>1200<\/span>\n\t\t\t\t<\/span>\n\t\t\t\t<span class='av-structured-data'  itemprop=\"publisher\" itemtype=\"https:\/\/schema.org\/Organization\" itemscope=\"itemscope\" >\n\t\t\t\t\t\t<span itemprop='name'>Apartis<\/span>\n\t\t\t\t\t\t<span itemprop='logo' itemscope itemtype='https:\/\/schema.org\/ImageObject'>\n\t\t\t\t\t\t\t<span itemprop='url'>https:\/\/apartis.swiss\/site\/wp-content\/uploads\/2017\/08\/logo-apartis.png<\/span>\n\t\t\t\t\t\t <\/span>\n\t\t\t\t<\/span><span class='av-structured-data'  itemprop=\"author\" itemscope=\"itemscope\" itemtype=\"https:\/\/schema.org\/Person\" ><span itemprop='name'>Apartis<\/span><\/span><span class='av-structured-data'  itemprop=\"datePublished\" datetime=\"2019-05-03T09:42:12+02:00\" >2020-09-14 17:24:47<\/span><span class='av-structured-data'  itemprop=\"dateModified\" itemtype=\"https:\/\/schema.org\/dateModified\" >2020-09-14 17:27:41<\/span><span class='av-structured-data'  itemprop=\"mainEntityOfPage\" itemtype=\"https:\/\/schema.org\/mainEntityOfPage\" ><span itemprop='name'>La Fonderie, Interview mit Marcel Blattner<\/span><\/span><\/span><\/article><\/div><div class='slide-entry-wrap'><article class='slide-entry flex_column  post-entry post-entry-10706 slide-entry-overview slide-loop-4 slide-parity-odd  av_one_third first real-thumbnail post-format-standard'  itemscope=\"itemscope\" itemtype=\"https:\/\/schema.org\/CreativeWork\" ><a href='https:\/\/apartis.swiss\/site\/de\/interview-charles-ducrot\/' data-rel='slide-1' class='slide-image' title='La Fonderie, interview de Charles Ducrot'><img decoding=\"async\" width=\"495\" height=\"400\" src=\"https:\/\/apartis.swiss\/site\/wp-content\/uploads\/2020\/08\/charles_ducrot-495x400.jpg\" class=\"wp-image-10699 avia-img-lazy-loading-not-10699 attachment-portfolio size-portfolio wp-post-image\" alt=\"\" srcset=\"https:\/\/apartis.swiss\/site\/wp-content\/uploads\/2020\/08\/charles_ducrot-495x400.jpg 495w, https:\/\/apartis.swiss\/site\/wp-content\/uploads\/2020\/08\/charles_ducrot-845x684.jpg 845w\" sizes=\"(max-width: 495px) 100vw, 495px\" \/><\/a><div class='slide-content'><header class=\"entry-content-header\"><h3 class='slide-entry-title entry-title '  itemprop=\"headline\" ><a href='https:\/\/apartis.swiss\/site\/de\/interview-charles-ducrot\/' title='La Fonderie, interview de Charles Ducrot'>La Fonderie, interview de Charles Ducrot<\/a><\/h3><span class=\"blog-categories minor-meta\"><a href=\"https:\/\/apartis.swiss\/site\/de\/category\/apartis-de\/\" rel=\"tag\">Apartis<\/a>, <a href=\"https:\/\/apartis.swiss\/site\/de\/category\/article-de\/\" rel=\"tag\">Artikel<\/a>, <a href=\"https:\/\/apartis.swiss\/site\/de\/category\/projekt_fonderie\/\" rel=\"tag\">Projekt Fonderie<\/a> <\/span><span class=\"av-vertical-delimiter\"><\/span><\/header><div class='slide-entry-excerpt entry-content'  itemprop=\"text\" >Charles Ducrot, Pr\u00e4sident der Apartis-Stiftung, gab uns einen Termin an der Universit\u00e4t Freiburg. Entdecken Sie die Herausforderungen, die das Projekt La Fonderie f\u00fcr ihn geschaffen hat.\r\n\r\n<\/div><\/div><footer class=\"entry-footer\"><div class='slide-meta'><time class='slide-meta-time updated'  itemprop=\"datePublished\" datetime=\"2020-08-27T08:28:54+02:00\" >27 August 2020<\/time><\/div><\/footer><span class='hidden'>\n\t\t\t\t<span class='av-structured-data'  itemprop=\"image\" itemscope=\"itemscope\" itemtype=\"https:\/\/schema.org\/ImageObject\" >\n\t\t\t\t\t\t<span itemprop='url'>https:\/\/apartis.swiss\/site\/wp-content\/uploads\/2020\/08\/charles_ducrot.jpg<\/span>\n\t\t\t\t\t\t<span itemprop='height'>720<\/span>\n\t\t\t\t\t\t<span itemprop='width'>1200<\/span>\n\t\t\t\t<\/span>\n\t\t\t\t<span class='av-structured-data'  itemprop=\"publisher\" itemtype=\"https:\/\/schema.org\/Organization\" itemscope=\"itemscope\" >\n\t\t\t\t\t\t<span itemprop='name'>Apartis<\/span>\n\t\t\t\t\t\t<span itemprop='logo' itemscope itemtype='https:\/\/schema.org\/ImageObject'>\n\t\t\t\t\t\t\t<span itemprop='url'>https:\/\/apartis.swiss\/site\/wp-content\/uploads\/2017\/08\/logo-apartis.png<\/span>\n\t\t\t\t\t\t <\/span>\n\t\t\t\t<\/span><span class='av-structured-data'  itemprop=\"author\" itemscope=\"itemscope\" itemtype=\"https:\/\/schema.org\/Person\" ><span itemprop='name'>Apartis<\/span><\/span><span class='av-structured-data'  itemprop=\"datePublished\" datetime=\"2019-05-03T09:42:12+02:00\" >2020-08-27 08:28:54<\/span><span class='av-structured-data'  itemprop=\"dateModified\" itemtype=\"https:\/\/schema.org\/dateModified\" >2020-08-27 08:45:47<\/span><span class='av-structured-data'  itemprop=\"mainEntityOfPage\" itemtype=\"https:\/\/schema.org\/mainEntityOfPage\" ><span itemprop='name'>La Fonderie, interview de Charles Ducrot<\/span><\/span><\/span><\/article><article class='slide-entry flex_column  post-entry post-entry-9474 slide-entry-overview slide-loop-5 slide-parity-even  av_one_third  real-thumbnail post-format-standard'  itemscope=\"itemscope\" itemtype=\"https:\/\/schema.org\/CreativeWork\" ><a href='https:\/\/apartis.swiss\/site\/de\/9453\/' data-rel='slide-1' class='slide-image' title='Flyer Fonderie &#8211; Ab 15.09.2020 !'><img decoding=\"async\" width=\"495\" height=\"400\" src=\"https:\/\/apartis.swiss\/site\/wp-content\/uploads\/2020\/06\/Flyer_Fonderie_Mail-495x400.png\" class=\"wp-image-10362 avia-img-lazy-loading-not-10362 attachment-portfolio size-portfolio wp-post-image\" alt=\"\" srcset=\"https:\/\/apartis.swiss\/site\/wp-content\/uploads\/2020\/06\/Flyer_Fonderie_Mail-495x400.png 495w, https:\/\/apartis.swiss\/site\/wp-content\/uploads\/2020\/06\/Flyer_Fonderie_Mail-845x684.png 845w\" sizes=\"(max-width: 495px) 100vw, 495px\" \/><\/a><div class='slide-content'><header class=\"entry-content-header\"><h3 class='slide-entry-title entry-title '  itemprop=\"headline\" ><a href='https:\/\/apartis.swiss\/site\/de\/9453\/' title='Flyer Fonderie &#8211; Ab 15.09.2020 !'>Flyer Fonderie &#8211; Ab 15.09.2020 !<\/a><\/h3><span class=\"blog-categories minor-meta\"><a href=\"https:\/\/apartis.swiss\/site\/de\/category\/projekt_fonderie\/\" rel=\"tag\">Projekt Fonderie<\/a> <\/span><span class=\"av-vertical-delimiter\"><\/span><\/header><div class='slide-entry-excerpt entry-content'  itemprop=\"text\" >\r\n\r\n[PDF-Ausgabe]\r\n\r\n[Details und Einschreibung]<\/div><\/div><footer class=\"entry-footer\"><div class='slide-meta'><time class='slide-meta-time updated'  itemprop=\"datePublished\" datetime=\"2020-08-25T08:00:10+02:00\" >25 August 2020<\/time><\/div><\/footer><span class='hidden'>\n\t\t\t\t<span class='av-structured-data'  itemprop=\"image\" itemscope=\"itemscope\" itemtype=\"https:\/\/schema.org\/ImageObject\" >\n\t\t\t\t\t\t<span itemprop='url'>https:\/\/apartis.swiss\/site\/wp-content\/uploads\/2020\/06\/Flyer_Fonderie_Mail.png<\/span>\n\t\t\t\t\t\t<span itemprop='height'>2210<\/span>\n\t\t\t\t\t\t<span itemprop='width'>2481<\/span>\n\t\t\t\t<\/span>\n\t\t\t\t<span class='av-structured-data'  itemprop=\"publisher\" itemtype=\"https:\/\/schema.org\/Organization\" itemscope=\"itemscope\" >\n\t\t\t\t\t\t<span itemprop='name'>apartis<\/span>\n\t\t\t\t\t\t<span itemprop='logo' itemscope itemtype='https:\/\/schema.org\/ImageObject'>\n\t\t\t\t\t\t\t<span itemprop='url'>https:\/\/apartis.swiss\/site\/wp-content\/uploads\/2017\/08\/logo-apartis.png<\/span>\n\t\t\t\t\t\t <\/span>\n\t\t\t\t<\/span><span class='av-structured-data'  itemprop=\"author\" itemscope=\"itemscope\" itemtype=\"https:\/\/schema.org\/Person\" ><span itemprop='name'>apartis<\/span><\/span><span class='av-structured-data'  itemprop=\"datePublished\" datetime=\"2019-05-03T09:42:12+02:00\" >2020-08-25 08:00:10<\/span><span class='av-structured-data'  itemprop=\"dateModified\" itemtype=\"https:\/\/schema.org\/dateModified\" >2020-08-27 08:49:44<\/span><span class='av-structured-data'  itemprop=\"mainEntityOfPage\" itemtype=\"https:\/\/schema.org\/mainEntityOfPage\" ><span itemprop='name'>Flyer Fonderie &#8211; Ab 15.09.2020 !<\/span><\/span><\/span><\/article><article class='slide-entry flex_column  post-entry post-entry-10593 slide-entry-overview slide-loop-6 slide-parity-odd  post-entry-last  av_one_third  real-thumbnail post-format-standard'  itemscope=\"itemscope\" itemtype=\"https:\/\/schema.org\/CreativeWork\" ><a href='https:\/\/apartis.swiss\/site\/de\/fonderie-interview-andrea-burgener-woeffray\/' data-rel='slide-1' class='slide-image' title='La Fonderie, Interview von Frau Andrea Burgener Woeffray'><img decoding=\"async\" width=\"495\" height=\"400\" src=\"https:\/\/apartis.swiss\/site\/wp-content\/uploads\/2020\/07\/fonderie-andrea-burgener-woeffray-495x400.jpg\" class=\"wp-image-10591 avia-img-lazy-loading-not-10591 attachment-portfolio size-portfolio wp-post-image\" alt=\"\" srcset=\"https:\/\/apartis.swiss\/site\/wp-content\/uploads\/2020\/07\/fonderie-andrea-burgener-woeffray-495x400.jpg 495w, https:\/\/apartis.swiss\/site\/wp-content\/uploads\/2020\/07\/fonderie-andrea-burgener-woeffray-845x684.jpg 845w\" sizes=\"(max-width: 495px) 100vw, 495px\" \/><\/a><div class='slide-content'><header class=\"entry-content-header\"><h3 class='slide-entry-title entry-title '  itemprop=\"headline\" ><a href='https:\/\/apartis.swiss\/site\/de\/fonderie-interview-andrea-burgener-woeffray\/' title='La Fonderie, Interview von Frau Andrea Burgener Woeffray'>La Fonderie, Interview von Frau Andrea Burgener Woeffray<\/a><\/h3><span class=\"blog-categories minor-meta\"><a href=\"https:\/\/apartis.swiss\/site\/de\/category\/apartis-de\/\" rel=\"tag\">Apartis<\/a>, <a href=\"https:\/\/apartis.swiss\/site\/de\/category\/article-de\/\" rel=\"tag\">Artikel<\/a>, <a href=\"https:\/\/apartis.swiss\/site\/de\/category\/projekt_fonderie\/\" rel=\"tag\">Projekt Fonderie<\/a> <\/span><span class=\"av-vertical-delimiter\"><\/span><\/header><div class='slide-entry-excerpt entry-content'  itemprop=\"text\" >Treffen Sie Andrea Burgener Woeffray, Stadtr\u00e4tin in Fribourg seit 2016. Sie erkl\u00e4rt, warum das Projekt La Fonderie f\u00fcr sie so wichtig ist und vor allem, warum es innovativ ist.\r\n\r\n[Alles \u00fcber La Fonderie]\r\n\r\n<\/div><\/div><footer class=\"entry-footer\"><div class='slide-meta'><time class='slide-meta-time updated'  itemprop=\"datePublished\" datetime=\"2020-07-30T17:00:46+02:00\" >30 Juli 2020<\/time><\/div><\/footer><span class='hidden'>\n\t\t\t\t<span class='av-structured-data'  itemprop=\"image\" itemscope=\"itemscope\" itemtype=\"https:\/\/schema.org\/ImageObject\" >\n\t\t\t\t\t\t<span itemprop='url'>https:\/\/apartis.swiss\/site\/wp-content\/uploads\/2020\/07\/fonderie-andrea-burgener-woeffray.jpg<\/span>\n\t\t\t\t\t\t<span itemprop='height'>700<\/span>\n\t\t\t\t\t\t<span itemprop='width'>1200<\/span>\n\t\t\t\t<\/span>\n\t\t\t\t<span class='av-structured-data'  itemprop=\"publisher\" itemtype=\"https:\/\/schema.org\/Organization\" itemscope=\"itemscope\" >\n\t\t\t\t\t\t<span itemprop='name'>Apartis<\/span>\n\t\t\t\t\t\t<span itemprop='logo' itemscope itemtype='https:\/\/schema.org\/ImageObject'>\n\t\t\t\t\t\t\t<span itemprop='url'>https:\/\/apartis.swiss\/site\/wp-content\/uploads\/2017\/08\/logo-apartis.png<\/span>\n\t\t\t\t\t\t <\/span>\n\t\t\t\t<\/span><span class='av-structured-data'  itemprop=\"author\" itemscope=\"itemscope\" itemtype=\"https:\/\/schema.org\/Person\" ><span itemprop='name'>Apartis<\/span><\/span><span class='av-structured-data'  itemprop=\"datePublished\" datetime=\"2019-05-03T09:42:12+02:00\" >2020-07-30 17:00:46<\/span><span class='av-structured-data'  itemprop=\"dateModified\" itemtype=\"https:\/\/schema.org\/dateModified\" >2020-08-03 17:52:32<\/span><span class='av-structured-data'  itemprop=\"mainEntityOfPage\" itemtype=\"https:\/\/schema.org\/mainEntityOfPage\" ><span itemprop='name'>La Fonderie, Interview von Frau Andrea Burgener Woeffray<\/span><\/span><\/span><\/article><\/div><\/div><div class='pagination-wrap pagination-slider'><nav class='pagination'><span class='pagination-meta'>Seite 1 von 3<\/span><span class='current'>1<\/span><a href='https:\/\/apartis.swiss\/site\/de\/wp-json\/wp\/v2\/pages\/7102\/?avia-element-paging=2' class='inactive next_page' >2<\/a><a href='https:\/\/apartis.swiss\/site\/de\/wp-json\/wp\/v2\/pages\/7102\/?avia-element-paging=3' class='inactive' >3<\/a><\/nav>\n<\/div><\/div><\/p><\/div>\n","protected":false},"excerpt":{"rendered":"","protected":false},"author":2,"featured_media":0,"parent":2946,"menu_order":1,"comment_status":"closed","ping_status":"closed","template":"","meta":{"footnotes":""},"class_list":["post-7102","page","type-page","status-publish","hentry"],"publishpress_future_action":{"enabled":false,"date":"2026-09-08 08:47:50","action":"change-status","newStatus":"draft","terms":[],"taxonomy":"translation_priority"},"_links":{"self":[{"href":"https:\/\/apartis.swiss\/site\/de\/wp-json\/wp\/v2\/pages\/7102"}],"collection":[{"href":"https:\/\/apartis.swiss\/site\/de\/wp-json\/wp\/v2\/pages"}],"about":[{"href":"https:\/\/apartis.swiss\/site\/de\/wp-json\/wp\/v2\/types\/page"}],"author":[{"embeddable":true,"href":"https:\/\/apartis.swiss\/site\/de\/wp-json\/wp\/v2\/users\/2"}],"replies":[{"embeddable":true,"href":"https:\/\/apartis.swiss\/site\/de\/wp-json\/wp\/v2\/comments?post=7102"}],"version-history":[{"count":0,"href":"https:\/\/apartis.swiss\/site\/de\/wp-json\/wp\/v2\/pages\/7102\/revisions"}],"up":[{"embeddable":true,"href":"https:\/\/apartis.swiss\/site\/de\/wp-json\/wp\/v2\/pages\/2946"}],"wp:attachment":[{"href":"https:\/\/apartis.swiss\/site\/de\/wp-json\/wp\/v2\/media?parent=7102"}],"curies":[{"name":"wp","href":"https:\/\/api.w.org\/{rel}","templated":true}]}}