{"id":3006,"date":"2018-03-06T16:39:24","date_gmt":"2018-03-06T15:39:24","guid":{"rendered":"https:\/\/apartis.swiss\/site\/info-locataires\/resiliation\/"},"modified":"2025-03-04T15:58:04","modified_gmt":"2025-03-04T14:58:04","slug":"kundigung","status":"publish","type":"page","link":"https:\/\/apartis.swiss\/site\/de\/mieterinformationen\/kundigung\/","title":{"rendered":"K\u00fcndigung"},"content":{"rendered":"<section class=\"av_textblock_section \"  itemscope=\"itemscope\" itemtype=\"https:\/\/schema.org\/CreativeWork\" ><div class='avia_textblock  '   itemprop=\"text\" ><h1 class=\"entry-content-header\"><strong>K\u00dcNDIGUNG<\/strong><\/h1>\n<div class=\"iconlist_content \">\n<div id=\"container\">\n<div id=\"center\">\n<div id=\"centerBottom\">\n<div id=\"centerRight\"><\/div>\n<\/div>\n<\/div>\n<\/div>\n<\/div>\n<\/div><\/section><br \/>\n<div class=\"flex_column av_two_third  flex_column_div av-zero-column-padding first  avia-builder-el-1  el_after_av_textblock  avia-builder-el-last  column-top-margin\" style='border-radius:0px; '><div  class='avia-icon-list-container   avia-builder-el-2  avia-builder-el-no-sibling '><ul class='avia-icon-list avia-icon-list-left av-iconlist-big avia_animate_when_almost_visible avia-iconlist-animate'>\n<li><div  class='iconlist_icon  avia-font-entypo-fontello'><span class='iconlist-char ' aria-hidden='true' data-av_icon='\ue8bc' data-av_iconfont='entypo-fontello'><\/span><\/div><article class=\"article-icon-entry \"  itemscope=\"itemscope\" itemtype=\"https:\/\/schema.org\/CreativeWork\" ><div class='iconlist_content_wrap'><header class=\"entry-content-header\"><h4 class='av_iconlist_title iconlist_title   '  itemprop=\"headline\"  >Sie m\u00f6chten aus Ihrem Zimmer ausziehen ? So funktioniert es:<\/h4><\/header><div class='iconlist_content  '  itemprop=\"text\"  ><div id=\"container\">\n<div id=\"center\">\n<div id=\"centerBottom\">\n<div>\n<ul>\n<li>Auf Ihrem Mietvertrag sind die offiziellen K\u00fcndigungsdaten und -fristen notiert. Sie k\u00f6nnen mit einer Frist von mind. 3 Monaten auf den 31. August bzw. 31. Januar k\u00fcndigen. Hierbei handelt es sich um eine\u00a0<b>terminliche K\u00fcndigung<\/b>. In diesem Fall k\u00f6nnen Sie keine Nachmieter vorschlagen und Apartis wird das Zimmer direkt weitervermieten.<\/li>\n<\/ul>\n<\/div>\n<ul>\n<li>F\u00fcr die m\u00f6blierten Zimmer in der Route de la Fonderie: Die K\u00fcndigungen sind 2 Monate im Voraus, f\u00fcr Mitte und Ende des Monats.<\/li>\n<\/ul>\n<div>\n<ul>\n<li><b>Sie m\u00f6chten ausserhalb der offiziellen K\u00fcndigungsdaten ausziehen?<\/b>In diesem Fall k\u00f6nnen Sie Ihren Mietvertrag auf Mitte oder Ende des Monats <strong>(ausser 31. Dezember)<\/strong> k\u00fcndigen, jedoch m\u00fcssen Sie einen Nachmieter suchen und mind. 30 Tage vor dem gew\u00fcnschten K\u00fcndigungsdatum vorschlagen. Hierbei handelt es sich um eine ausserterminliche K\u00fcndigung. Sollten Sie keinen Nachmieter finden, bleiben Sie bis zum n\u00e4chsten offiziellen K\u00fcndigungsdatum (auf Ihrem Mietvertrag vermerkt) f\u00fcr Ihr Zimmer verantwortlich.<\/li>\n<li>Parkpl\u00e4tze: siehe Formular unter der Rubrik unten.<\/li>\n<\/ul>\n<\/div>\n<div><\/div>\n<\/div>\n<\/div>\n<\/div>\n<\/div><\/div><footer class=\"entry-footer\"><\/footer><\/article><div class='iconlist-timeline'><\/div><\/li>\n<li><div  class='iconlist_icon  avia-font-entypo-fontello'><span class='iconlist-char ' aria-hidden='true' data-av_icon='\ue84d' data-av_iconfont='entypo-fontello'><\/span><\/div><article class=\"article-icon-entry \"  itemscope=\"itemscope\" itemtype=\"https:\/\/schema.org\/CreativeWork\" ><div class='iconlist_content_wrap'><header class=\"entry-content-header\"><h4 class='av_iconlist_title iconlist_title   '  itemprop=\"headline\"  >Formulare \/ Senden der Dokumente<\/h4><\/header><div class='iconlist_content  '  itemprop=\"text\"  ><p>Die K\u00fcndigung muss \u00fcber <a href=\"https:\/\/my.apartis.swiss\/pQuorum\/static\/#\/login\">Ihren pers\u00f6nlichen Bereich<\/a> erfolgen.<\/p>\n<p>Parkpl\u00e4tze m\u00fcssen mit dem folgenden Formular gek\u00fcndigt und per E-Mail an <a href=\"mailto:locations@apartis.ch\">locations@apartis.ch<\/a> \u00fcbermittelt werden:<\/p>\n<ul type=\"1\">\n<li><a href=\"https:\/\/apartis.swiss\/site\/wp-content\/uploads\/downloads\/2023\/03\/Formulaire-resiliation-PP-DE.pdf\">K\u00fcndigungsformular &#8211; Parkpl\u00e4tze<\/a><\/li>\n<\/ul>\n<\/div><\/div><footer class=\"entry-footer\"><\/footer><\/article><div class='iconlist-timeline'><\/div><\/li>\n<\/ul><\/div><\/div><\/p>\n","protected":false},"excerpt":{"rendered":"","protected":false},"author":2,"featured_media":0,"parent":2995,"menu_order":9,"comment_status":"closed","ping_status":"closed","template":"","meta":{"footnotes":""},"class_list":["post-3006","page","type-page","status-publish","hentry"],"publishpress_future_action":{"enabled":false,"date":"2026-09-08 08:08:39","action":"change-status","newStatus":"draft","terms":[],"taxonomy":"translation_priority"},"_links":{"self":[{"href":"https:\/\/apartis.swiss\/site\/de\/wp-json\/wp\/v2\/pages\/3006"}],"collection":[{"href":"https:\/\/apartis.swiss\/site\/de\/wp-json\/wp\/v2\/pages"}],"about":[{"href":"https:\/\/apartis.swiss\/site\/de\/wp-json\/wp\/v2\/types\/page"}],"author":[{"embeddable":true,"href":"https:\/\/apartis.swiss\/site\/de\/wp-json\/wp\/v2\/users\/2"}],"replies":[{"embeddable":true,"href":"https:\/\/apartis.swiss\/site\/de\/wp-json\/wp\/v2\/comments?post=3006"}],"version-history":[{"count":4,"href":"https:\/\/apartis.swiss\/site\/de\/wp-json\/wp\/v2\/pages\/3006\/revisions"}],"predecessor-version":[{"id":15162,"href":"https:\/\/apartis.swiss\/site\/de\/wp-json\/wp\/v2\/pages\/3006\/revisions\/15162"}],"up":[{"embeddable":true,"href":"https:\/\/apartis.swiss\/site\/de\/wp-json\/wp\/v2\/pages\/2995"}],"wp:attachment":[{"href":"https:\/\/apartis.swiss\/site\/de\/wp-json\/wp\/v2\/media?parent=3006"}],"curies":[{"name":"wp","href":"https:\/\/api.w.org\/{rel}","templated":true}]}}