{"id":2991,"date":"2019-02-05T08:10:22","date_gmt":"2019-02-05T07:10:22","guid":{"rendered":"https:\/\/apartis.swiss\/site\/a-louer\/faq-a-louer\/"},"modified":"2026-02-20T13:23:38","modified_gmt":"2026-02-20T12:23:38","slug":"faq-zu-vermieten","status":"publish","type":"page","link":"https:\/\/apartis.swiss\/site\/de\/zu-vermieten\/faq-zu-vermieten\/","title":{"rendered":"H\u00e4ufig gestellte Fragen &#8211; Wohnungssuche"},"content":{"rendered":"<p><div class=\"flex_column av_one_full  flex_column_div av-zero-column-padding first  avia-builder-el-0  el_before_av_two_third  avia-builder-el-first  \" style='border-radius:0px; '><div  style='padding-bottom:30px; ' class='av-special-heading av-special-heading-h2  blockquote modern-quote  avia-builder-el-1  avia-builder-el-no-sibling  '><h2 class='av-special-heading-tag '  itemprop=\"headline\"  >Wohnungssuche in Freiburg<\/h2><div class='special-heading-border'><div class='special-heading-inner-border' ><\/div><\/div><\/div><\/div><br \/>\n<div class=\"flex_column av_two_third  flex_column_div av-zero-column-padding first  avia-builder-el-2  el_after_av_one_full  el_before_av_one_third  column-top-margin\" style='border-radius:0px; '><div   class=\"togglecontainer   toggle_close_all  avia-builder-el-3  avia-builder-el-no-sibling \" >\n<section class=\"av_toggle_section\"  itemscope=\"itemscope\" itemtype=\"https:\/\/schema.org\/CreativeWork\"  >    <div role=\"tablist\" class=\"single_toggle\" data-tags=\"{Alle} \"  >        <p data-fake-id=\"#toggle-id-1\" class=\"toggler activeTitle\"  itemprop=\"headline\"    role=\"tab\" tabindex=\"0\" aria-controls=\"toggle-id-1\">Ich suche eine Unterkunft<span class=\"toggle_icon\" >        <span class=\"vert_icon\"><\/span><span class=\"hor_icon\"><\/span><\/span><\/p>        <div id=\"toggle-id-1\" class=\"toggle_wrap active_tc\"  style='display:block;' >            <div class=\"toggle_content invers-color \"  itemprop=\"text\"   ><p><strong>Apartis :<\/strong><\/p>\n<ul>\n<li><a href=\"https:\/\/apartis.swiss\/de\/zu-vermieten\/freie-unterkunfte\/\" class=\"broken_link\">Liste der freien Zimmer Apartis<\/a><\/li>\n<\/ul>\n<p><strong>Andere :<\/strong><\/p>\n<ul>\n<li><a href=\"https:\/\/apartis.swiss\/de\/zu-vermieten\/tipps-zur-wohnungssuche\/\" class=\"broken_link\">Tipps zur Wohnungsuche<\/a><\/li>\n<\/ul>\n            <\/div>        <\/div>    <\/div><\/section>\n<section class=\"av_toggle_section\"  itemscope=\"itemscope\" itemtype=\"https:\/\/schema.org\/CreativeWork\"  >    <div role=\"tablist\" class=\"single_toggle\" data-tags=\"{Alle} \"  >        <p data-fake-id=\"#toggle-id-2\" class=\"toggler \"  itemprop=\"headline\"    role=\"tab\" tabindex=\"0\" aria-controls=\"toggle-id-2\">Ich bin Austauschstudent (Erasmus, ISEP, im Rahmen bilateraler Abkommen, Freemover)<span class=\"toggle_icon\" >        <span class=\"vert_icon\"><\/span><span class=\"hor_icon\"><\/span><\/span><\/p>        <div id=\"toggle-id-2\" class=\"toggle_wrap \"   >            <div class=\"toggle_content invers-color \"  itemprop=\"text\"   ><p>Apartis vermietet ca. 60 m\u00f6blierte Zimmer an Austauschstudenten. Um eines dieser Zimmer zu mieten, wenden Sie sich direkt an den\u00a0<a href=\"https:\/\/www3.unifr.ch\/uni\/de\/organisation\/acad\/international\/\" target=\"_blank\" rel=\"noopener noreferrer\" class=\"broken_link\">Dienst f\u00fcr internationale Beziehungen der Universit\u00e4t<\/a>. Dort erhalten Sie alle Informationen \u00fcber die Unterkunftsm\u00f6glichkeiten und Ihre Einschreibung wird an Apartis weitergegeben. Informationen \u00fcber unsere Liegenschaften finden Sie auf unserer Web-Site :\u00a0<a href=\"https:\/\/apartis.swiss\/de\/portfolio-item\/logements-erasmus\/\" class=\"broken_link\">Unterk\u00fcnfte Erasmus-Studenten<\/a><\/p>\n            <\/div>        <\/div>    <\/div><\/section>\n<section class=\"av_toggle_section\"  itemscope=\"itemscope\" itemtype=\"https:\/\/schema.org\/CreativeWork\"  >    <div role=\"tablist\" class=\"single_toggle\" data-tags=\"{Alle} \"  >        <p data-fake-id=\"#toggle-id-3\" class=\"toggler \"  itemprop=\"headline\"    role=\"tab\" tabindex=\"0\" aria-controls=\"toggle-id-3\">Art der Unterk\u00fcnfte bei Apartis<span class=\"toggle_icon\" >        <span class=\"vert_icon\"><\/span><span class=\"hor_icon\"><\/span><\/span><\/p>        <div id=\"toggle-id-3\" class=\"toggle_wrap \"   >            <div class=\"toggle_content invers-color \"  itemprop=\"text\"   ><p>Apartis vermietet haupts\u00e4chlich Zimmer in Gemeinschaftswohnungen mit 2 bis 5 Einheiten. Jede\/r Mieter\/in erh\u00e4lt f\u00fcr ihr\/sein Zimmer einen individuellen Mietvertrag und teilt sich K\u00fcche, Dusche und WC mit seinen\/ihren Mitbewohner\/innen. Auf eine Gesamtzahl von 830 Zimmern kommen 104 1-Zimmerwohnungen bzw. 8 1.5-Zimmerwohnungen.<\/p>\n            <\/div>        <\/div>    <\/div><\/section>\n<section class=\"av_toggle_section\"  itemscope=\"itemscope\" itemtype=\"https:\/\/schema.org\/CreativeWork\"  >    <div role=\"tablist\" class=\"single_toggle\" data-tags=\"{Alle} \"  >        <p data-fake-id=\"#toggle-id-4\" class=\"toggler \"  itemprop=\"headline\"    role=\"tab\" tabindex=\"0\" aria-controls=\"toggle-id-4\">Anzahl der Bewohner pro Zimmer<span class=\"toggle_icon\" >        <span class=\"vert_icon\"><\/span><span class=\"hor_icon\"><\/span><\/span><\/p>        <div id=\"toggle-id-4\" class=\"toggle_wrap \"   >            <div class=\"toggle_content invers-color \"  itemprop=\"text\"   ><p>Apartis verfolgt den Vermietungsgrundsatz &#8222;ein\/e Mieter\/in &#8211; ein Zimmer&#8220;, d.h. dass zwei Personen maximal eine 2-Zimmer-Wohnung belegen k\u00f6nnen, wenn Sie zusammen wohnen m\u00f6chten.<\/p>\n            <\/div>        <\/div>    <\/div><\/section>\n<section class=\"av_toggle_section\"  itemscope=\"itemscope\" itemtype=\"https:\/\/schema.org\/CreativeWork\"  >    <div role=\"tablist\" class=\"single_toggle\" data-tags=\"{Alle} \"  >        <p data-fake-id=\"#toggle-id-5\" class=\"toggler \"  itemprop=\"headline\"    role=\"tab\" tabindex=\"0\" aria-controls=\"toggle-id-5\">Raucher- bzw. Nichtraucherwohnungen<span class=\"toggle_icon\" >        <span class=\"vert_icon\"><\/span><span class=\"hor_icon\"><\/span><\/span><\/p>        <div id=\"toggle-id-5\" class=\"toggle_wrap \"   >            <div class=\"toggle_content invers-color \"  itemprop=\"text\"   ><p>Den Mieter\/innen steht es frei, in ihren Zimmern zu rauchen (auf das Risiko hin, am Ende der Mieterdauer die Kosten f\u00fcr einen Neuanstrich der Zimmerw\u00e4nde tragen zu m\u00fcssen). In den Gemeinschaftsr\u00e4umen (K\u00fcche, Eingang, Badezimmer) gilt das Nichtraucherprinzip, sofern sich die Wohnungsmieter\/innen nicht auf andere Regeln einigen. Im Sonnenberg ist Rauchen verboten.<\/p>\n            <\/div>        <\/div>    <\/div><\/section>\n<section class=\"av_toggle_section\"  itemscope=\"itemscope\" itemtype=\"https:\/\/schema.org\/CreativeWork\"  >    <div role=\"tablist\" class=\"single_toggle\" data-tags=\"{Alle} \"  >        <p data-fake-id=\"#toggle-id-6\" class=\"toggler \"  itemprop=\"headline\"    role=\"tab\" tabindex=\"0\" aria-controls=\"toggle-id-6\">Kann ich die Sprache bzw. das Geschlecht meiner Mitbewohner\/innen aussuchen?<span class=\"toggle_icon\" >        <span class=\"vert_icon\"><\/span><span class=\"hor_icon\"><\/span><\/span><\/p>        <div id=\"toggle-id-6\" class=\"toggle_wrap \"   >            <div class=\"toggle_content invers-color \"  itemprop=\"text\"   ><p>Apartis vermietet ihre Zimmer unabh\u00e4ngig von kulturellen, sprachlichen oder geschlechtlichen Kriterien. Die Zusammensetzung der Wohnungsmieter\/innen wird haupts\u00e4chlich dem Zufall \u00fcberlassen.<\/p>\n            <\/div>        <\/div>    <\/div><\/section>\n<section class=\"av_toggle_section\"  itemscope=\"itemscope\" itemtype=\"https:\/\/schema.org\/CreativeWork\"  >    <div role=\"tablist\" class=\"single_toggle\" data-tags=\"{Alle} \"  >        <p data-fake-id=\"#toggle-id-7\" class=\"toggler \"  itemprop=\"headline\"    role=\"tab\" tabindex=\"0\" aria-controls=\"toggle-id-7\">Sind die Zimmer und Wohnungen m\u00f6bliert?<span class=\"toggle_icon\" >        <span class=\"vert_icon\"><\/span><span class=\"hor_icon\"><\/span><\/span><\/p>        <div id=\"toggle-id-7\" class=\"toggle_wrap \"   >            <div class=\"toggle_content invers-color \"  itemprop=\"text\"   ><p>Einige, f\u00fcr Austauschstudenten reservierte Wohnungen sind m\u00f6bliert, ebenso die Zimmer im Haus Sonnenberg und Foyer des Jeunes. Ansonsten werden die Apartis-Zimmer <u>unm\u00f6bliert<\/u>\u00a0vermietet. Jede\/r Mieter\/in kann ihr\/sein Zimmer nach seinem\/ihrem Geschmack einrichten. Die Wohnk\u00fcchen sind mit Kochherd, K\u00fchlschrank und K\u00fcchenschr\u00e4nken ausgestattet, aber nicht m\u00f6bliert. Die Mieter\/innen m\u00fcssen sich \u00fcber eine eventuelle M\u00f6blierung der Gemeinschaftsr\u00e4ume einigen. K\u00fcchenutensilien sowie Geschirr muss jeder Mieter selbst mitbringen.<\/p>\n            <\/div>        <\/div>    <\/div><\/section>\n<section class=\"av_toggle_section\"  itemscope=\"itemscope\" itemtype=\"https:\/\/schema.org\/CreativeWork\"  >    <div role=\"tablist\" class=\"single_toggle\" data-tags=\"{Alle} \"  >        <p data-fake-id=\"#toggle-id-8\" class=\"toggler \"  itemprop=\"headline\"    role=\"tab\" tabindex=\"0\" aria-controls=\"toggle-id-8\">Parkpl\u00e4tze<span class=\"toggle_icon\" >        <span class=\"vert_icon\"><\/span><span class=\"hor_icon\"><\/span><\/span><\/p>        <div id=\"toggle-id-8\" class=\"toggle_wrap \"   >            <div class=\"toggle_content invers-color \"  itemprop=\"text\"   ><ul>\n<li>Liegenschaft\u00a0<a href=\"https:\/\/apartis.swiss\/de\/portfolio-item\/route-mont-carmel\/\" class=\"broken_link\">Rte Mont-Carmel 21<\/a>\u00a0in Givisiez : 38 Parkpl\u00e4tze in der Tiefgarage (Miete: Fr. 50.-\/Monat). Das Parken auf dem Grundst\u00fcck und im Quartier ist verboten.<\/li>\n<li>Liegenschaft\u00a0<a href=\"https:\/\/apartis.swiss\/de\/portfolio-item\/chemin-des-epinettes\/\" class=\"broken_link\">Chemin des Epinettes<\/a>\u00a0in Marly : 34 Aussenparkpl\u00e4tze (Miete: 30.-\/Monat).<\/li>\n<li>Liegenschaft\u00a0<a href=\"https:\/\/apartis.swiss\/de\/portfolio-item\/varis\/\" class=\"broken_link\">Varis<\/a>\u00a0in Fribourg : 5 Aussenparkpl\u00e4tze (Miete: 50.-\/Monat).<\/li>\n<li>Liegenschaft\u00a0<a href=\"https:\/\/apartis.swiss\/de\/portfolio-item\/avenue-du-midi\/\" class=\"broken_link\">Av. du Midi<\/a>\u00a0in Fribourg : 1 Aussenparkplatz, das Parken auf dem Grundst\u00fcck und um das Grundst\u00fcck herum ist verboten.<\/li>\n<li>Liegenschaft\u00a0<a href=\"https:\/\/apartis.swiss\/de\/portfolio-item\/rue-de-lindustrie\/\" class=\"broken_link\">Rue de l&#8217;Industrie<\/a>\u00a0in Fribourg : keine Parkpl\u00e4tze, \u00f6ffentliche Parkpl\u00e4tze mit Anwohner-Vignette im Quartier.<\/li>\n<li>Liegenschaft R\u00e9sidences du Campus (<a href=\"https:\/\/apartis.swiss\/de\/portfolio-item\/residences-du-campus-cube\/\" class=\"broken_link\">Cube<\/a>\u00a0+\u00a0<a href=\"https:\/\/apartis.swiss\/de\/portfolio-item\/residences-du-campus-front\/\" class=\"broken_link\">Front<\/a>) : 6 Parkpl\u00e4tze in der Tiefgarage (Miete : CHF 100.-\/Monat), \u00f6ffentliche Parkpl\u00e4tze mit Anwohner-Vignette im Quartier.<\/li>\n<\/ul>\n            <\/div>        <\/div>    <\/div><\/section>\n<section class=\"av_toggle_section\"  itemscope=\"itemscope\" itemtype=\"https:\/\/schema.org\/CreativeWork\"  >    <div role=\"tablist\" class=\"single_toggle\" data-tags=\"{Alle} \"  >        <p data-fake-id=\"#toggle-id-9\" class=\"toggler \"  itemprop=\"headline\"    role=\"tab\" tabindex=\"0\" aria-controls=\"toggle-id-9\">Behindertengerechte Unterk\u00fcnfte<span class=\"toggle_icon\" >        <span class=\"vert_icon\"><\/span><span class=\"hor_icon\"><\/span><\/span><\/p>        <div id=\"toggle-id-9\" class=\"toggle_wrap \"   >            <div class=\"toggle_content invers-color \"  itemprop=\"text\"   ><p>Im Allgemeinen sind die Wohnungen im Erdgeschoss f\u00fcr behinderte Personen zug\u00e4nglich. Die Geb\u00e4ude in der Rte du Varis 5,7,9, in der Rue de l&#8217;Industrie 14 und in der Rue Wilhelm-Kaiser 6 in Fribourg sind mit Aufz\u00fcgen und anderen spezifischen Infrastrukturen ausgestattet.<\/p>\n            <\/div>        <\/div>    <\/div><\/section>\n<section class=\"av_toggle_section\"  itemscope=\"itemscope\" itemtype=\"https:\/\/schema.org\/CreativeWork\"  >    <div role=\"tablist\" class=\"single_toggle\" data-tags=\"{Alle} \"  >        <p data-fake-id=\"#toggle-id-10\" class=\"toggler \"  itemprop=\"headline\"    role=\"tab\" tabindex=\"0\" aria-controls=\"toggle-id-10\">Mietdauer<span class=\"toggle_icon\" >        <span class=\"vert_icon\"><\/span><span class=\"hor_icon\"><\/span><\/span><\/p>        <div id=\"toggle-id-10\" class=\"toggle_wrap \"   >            <div class=\"toggle_content invers-color \"  itemprop=\"text\"   ><p>Die von Apatis ausgestellten Mietvertr\u00e4ge sind unbefristet und jeweils auf die vertraglichen Termine hin k\u00fcndbar (31. August und 31. Januar). Die Mindestmieterdauer beschr\u00e4nkt sich dadurch auf 6 Monate. Privatvermieter bzw. Wohnheime bieten gegebenenfalls andere Mietvertrags- und K\u00fcndigungsbedingungen.<\/p>\n            <\/div>        <\/div>    <\/div><\/section>\n<section class=\"av_toggle_section\"  itemscope=\"itemscope\" itemtype=\"https:\/\/schema.org\/CreativeWork\"  >    <div role=\"tablist\" class=\"single_toggle\" data-tags=\"{Alle} \"  >        <p data-fake-id=\"#toggle-id-11\" class=\"toggler \"  itemprop=\"headline\"    role=\"tab\" tabindex=\"0\" aria-controls=\"toggle-id-11\">Mietbedingungen<span class=\"toggle_icon\" >        <span class=\"vert_icon\"><\/span><span class=\"hor_icon\"><\/span><\/span><\/p>        <div id=\"toggle-id-11\" class=\"toggle_wrap \"   >            <div class=\"toggle_content invers-color \"  itemprop=\"text\"   ><p>Wohnberechtigt sind alle Personen in Ausbildung, welche an einer von Apartis anerkannten Ausbildungsst\u00e4tte studieren (z.B. Uni, Fachhochschule, Gymnasium, u.a.). Die vollst\u00e4ndige Liste der Ausbildungsst\u00e4tten, welche die Wohnberechtigung begr\u00fcnden finden Sie in der\u00a0Richtlinie zur Wohnberechtigung ([Download nicht gefunden.]).<\/p>\n            <\/div>        <\/div>    <\/div><\/section>\n<section class=\"av_toggle_section\"  itemscope=\"itemscope\" itemtype=\"https:\/\/schema.org\/CreativeWork\"  >    <div role=\"tablist\" class=\"single_toggle\" data-tags=\"{Alle} \"  >        <p data-fake-id=\"#toggle-id-12\" class=\"toggler \"  itemprop=\"headline\"    role=\"tab\" tabindex=\"0\" aria-controls=\"toggle-id-12\">Bedingungen f\u00fcr Praktikant\/in, Doktorand\/in, Assistent\/in<span class=\"toggle_icon\" >        <span class=\"vert_icon\"><\/span><span class=\"hor_icon\"><\/span><\/span><\/p>        <div id=\"toggle-id-12\" class=\"toggle_wrap \"   >            <div class=\"toggle_content invers-color \"  itemprop=\"text\"   ><p>Apartis verlangt eine Kopie des Anstellungsvertrages. Diplomassistenten, Doktoranden und Praktikanten sind nicht wohnberechtigt, sofern ihre berufliche T\u00e4tigkeit 40 Stellenprozente \u00fcberschreitet. Die ausf\u00fchrlichen Bestimmungen zur Wohnberechtigung finden Sie in der\u00a0Richtlinie vom 13.12.2012 ([Download nicht gefunden.]).<\/p>\n            <\/div>        <\/div>    <\/div><\/section>\n<section class=\"av_toggle_section\"  itemscope=\"itemscope\" itemtype=\"https:\/\/schema.org\/CreativeWork\"  >    <div role=\"tablist\" class=\"single_toggle\" data-tags=\"{Alle} \"  >        <p data-fake-id=\"#toggle-id-13\" class=\"toggler \"  itemprop=\"headline\"    role=\"tab\" tabindex=\"0\" aria-controls=\"toggle-id-13\">H\u00f6he der Zimmermieten bei Apartis<span class=\"toggle_icon\" >        <span class=\"vert_icon\"><\/span><span class=\"hor_icon\"><\/span><\/span><\/p>        <div id=\"toggle-id-13\" class=\"toggle_wrap \"   >            <div class=\"toggle_content invers-color \"  itemprop=\"text\"   ><p>Die monatlichen Zimmermieten (inkl. Vorauszahlung f\u00fcr Internet, Heizung und Warmwasser) variieren je nach Lage der Liegenschaft sowie der Zimmer- und Wohnungsgr\u00f6ssen:<\/p>\n<p>(Wechselkurs: CHF 1.20 = \u20ac 1)<\/p>\n<p>Route de Mont-Carmel in Givisiez :<\/p>\n<ul>\n<li>Zimmer : CHF 330.- (ca. \u20ac 275) bis CHF 470.- (ca. \u20ac 392)<\/li>\n<li>Studios : CHF 502.- (ca. \u20ac 435) bis CHF 550.- (ca. \u20ac 460)<\/li>\n<li>1,5 Zi-Wg: CHF 770.- (ca. \u20ac 640)<\/li>\n<\/ul>\n<p>Av. du Midi in Fribourg :<\/p>\n<ul>\n<li>CHF 330.- (ca. \u20ac 275) bis CHF 526.- (ca. \u20ac 438)<\/li>\n<\/ul>\n<p>Epinettes in Marly :<\/p>\n<ul>\n<li>Zimmer : CHF 295.- (ca. \u20ac 246) bis CHF 380.- (ca. \u20ac 317)<\/li>\n<li>Loft : CHF 650.- (ca. \u20ac 545)<\/li>\n<\/ul>\n<p>Varis in Fribourg :<\/p>\n<ul>\n<li>Zimmer : CHF 390 (ca. \u20ac 325) bis CHF 475.- (ca. \u20ac 396)<\/li>\n<li>Studio: CHF 550.- (ca. \u20ac 460) bis CHF 625 (ca. \u20ac 520)<\/li>\n<\/ul>\n<p>Industrie 14 in Fribourg :<\/p>\n<ul>\n<li>CHF 330 (ca. \u20ac 375) bis CHF 460.- (ca. \u20ac 385)<\/li>\n<\/ul>\n<p>Wilhelm-Kaiser 6 (Cube) in Fribourg :<\/p>\n<ul>\n<li>CHF 565 (ca. \u20ac 470) bis CHF 690 (ca \u20ac 650)<\/li>\n<\/ul>\n<p>Wilhelm-Kaiser 2, Industrie 24, 26, 28 (Front) in Fribourg :<\/p>\n<ul>\n<li>CHF 410 (ca. \u20ac 340) bis CHF 560 (ca \u20ac 460)<\/li>\n<\/ul>\n<p>Sonnenberg in Fribourg :<\/p>\n<ul>\n<li>CHF 320.- (ca. 267) bis CHF 380.- ( ca. 317) inkl. M\u00f6blierung, Elektrizit\u00e4t, w\u00f6chentl. Reinigung der Gemeinschaftsr\u00e4ume<\/li>\n<\/ul>\n<p>Foyer des Jeunes in Marly :<\/p>\n<ul>\n<li>CHF 310 (ca. \u20ac 260), inkl. M\u00f6blierung, Elektrizit\u00e4t, Internet,<br \/>\nw\u00f6chentl. Reinigung der Gemeinschaftsr\u00e4ume<\/li>\n<\/ul>\n<p>Die Nebenkosten (Heizungs-und Warmwasserpauschale) werden einmal j\u00e4hrlich abgerechnet (im Oktober).<\/p>\n<p>Die Miete ist monatlich, jeweils vor Ablauf des vorangehenden Monats zu \u00fcberweisen.<\/p>\n<p>Vor Einzug sind die Mietzinsgarantie in H\u00f6he von drei Monatsmieten und eine einmalige Vertragsgeb\u00fchr von CHF 20.- (ca. \u20ac 17) zu bezahlen.<\/p>\n            <\/div>        <\/div>    <\/div><\/section>\n<section class=\"av_toggle_section\"  itemscope=\"itemscope\" itemtype=\"https:\/\/schema.org\/CreativeWork\"  >    <div role=\"tablist\" class=\"single_toggle\" data-tags=\"{Alle} \"  >        <p data-fake-id=\"#toggle-id-14\" class=\"toggler \"  itemprop=\"headline\"    role=\"tab\" tabindex=\"0\" aria-controls=\"toggle-id-14\">Vor dem Auszug zu beachten <span class=\"toggle_icon\" >        <span class=\"vert_icon\"><\/span><span class=\"hor_icon\"><\/span><\/span><\/p>        <div id=\"toggle-id-14\" class=\"toggle_wrap \"   >            <div class=\"toggle_content invers-color \"  itemprop=\"text\"   ><p>Die K\u00fcndigung muss schriftlich erfolgen: Die Mietvertr\u00e4ge von Apartis sind unbefristet. Sie k\u00f6nnen 2-mal im Jahr<strong>\u00a0<\/strong>gek\u00fcndigt werden: immer<strong>\u00a03 Monate im Voraus<\/strong>\u00a0auf den\u00a0<strong>31. August\u00a0<\/strong>und den<strong>\u00a031. Januar<\/strong>.<\/p>\n<p>Bei ausserordentlichen K\u00fcndigungen (ausserhalb der oben genannten vertraglichen Termine &#8211; ausser 31. Dezember) ist der\/die Mieter\/in verpflichtet, die Mietzahlungen bis zum Ende des ordentlichen K\u00fcndigungstermins weiter zu leisten, ausser er\/sie schl\u00e4gt ein\/e geeignete\/r Nachmieter\/in vor (wohnberechtigt [Download nicht gefunden.], zahlungsf\u00e4hig und von den Mitbewohner\/innen akzeptiert).\u00a0<u>Achtung:<\/u>\u00a0Austauschstudenten werden nicht akzeptiert (f\u00fcr diese Studenten stehen m\u00f6blierte Zimmer mit den entsprechenden Mietbedingungen zur Verf\u00fcgung).<\/p>\n<p>Das Zimmer und die Gemeinschaftsr\u00e4ume sind in einem sauberen und ordentlichen Zustand zu \u00fcbergeben.<\/p>\n            <\/div>        <\/div>    <\/div><\/section>\n<\/div><\/div><div class=\"flex_column av_one_third  flex_column_div av-zero-column-padding   avia-builder-el-4  el_after_av_two_third  avia-builder-el-last  column-top-margin\" style='border-radius:0px; '><div  class='avia-image-container  av-styling-    avia-builder-el-5  avia-builder-el-no-sibling  avia-align-center '  itemprop=\"image\" itemscope=\"itemscope\" itemtype=\"https:\/\/schema.org\/ImageObject\"  ><div class='avia-image-container-inner'><div class='avia-image-overlay-wrap'><img decoding=\"async\" class='wp-image-6378 avia-img-lazy-loading-not-6378 avia_image' src=\"https:\/\/apartis.swiss\/site\/wp-content\/uploads\/2019\/04\/faq-300x194.png\" alt='' title='faq' height=\"194\" width=\"300\"  itemprop=\"thumbnailUrl\" srcset=\"https:\/\/apartis.swiss\/site\/wp-content\/uploads\/2019\/04\/faq-300x194.png 300w, https:\/\/apartis.swiss\/site\/wp-content\/uploads\/2019\/04\/faq-768x496.png 768w, https:\/\/apartis.swiss\/site\/wp-content\/uploads\/2019\/04\/faq-705x455.png 705w, https:\/\/apartis.swiss\/site\/wp-content\/uploads\/2019\/04\/faq-450x291.png 450w, https:\/\/apartis.swiss\/site\/wp-content\/uploads\/2019\/04\/faq.png 1000w\" sizes=\"(max-width: 300px) 100vw, 300px\" \/><\/div><\/div><\/div><\/div><\/p>\n","protected":false},"excerpt":{"rendered":"","protected":false},"author":5,"featured_media":0,"parent":2966,"menu_order":4,"comment_status":"closed","ping_status":"closed","template":"","meta":{"footnotes":""},"class_list":["post-2991","page","type-page","status-publish","hentry"],"publishpress_future_action":{"enabled":false,"date":"2026-09-08 08:15:17","action":"change-status","newStatus":"draft","terms":[],"taxonomy":"translation_priority"},"_links":{"self":[{"href":"https:\/\/apartis.swiss\/site\/de\/wp-json\/wp\/v2\/pages\/2991"}],"collection":[{"href":"https:\/\/apartis.swiss\/site\/de\/wp-json\/wp\/v2\/pages"}],"about":[{"href":"https:\/\/apartis.swiss\/site\/de\/wp-json\/wp\/v2\/types\/page"}],"author":[{"embeddable":true,"href":"https:\/\/apartis.swiss\/site\/de\/wp-json\/wp\/v2\/users\/5"}],"replies":[{"embeddable":true,"href":"https:\/\/apartis.swiss\/site\/de\/wp-json\/wp\/v2\/comments?post=2991"}],"version-history":[{"count":3,"href":"https:\/\/apartis.swiss\/site\/de\/wp-json\/wp\/v2\/pages\/2991\/revisions"}],"predecessor-version":[{"id":15319,"href":"https:\/\/apartis.swiss\/site\/de\/wp-json\/wp\/v2\/pages\/2991\/revisions\/15319"}],"up":[{"embeddable":true,"href":"https:\/\/apartis.swiss\/site\/de\/wp-json\/wp\/v2\/pages\/2966"}],"wp:attachment":[{"href":"https:\/\/apartis.swiss\/site\/de\/wp-json\/wp\/v2\/media?parent=2991"}],"curies":[{"name":"wp","href":"https:\/\/api.w.org\/{rel}","templated":true}]}}