{"id":2983,"date":"2017-08-29T16:24:17","date_gmt":"2017-08-29T14:24:17","guid":{"rendered":"https:\/\/apartis.swiss\/site\/a-louer\/conditions-de-location\/"},"modified":"2024-03-12T09:18:10","modified_gmt":"2024-03-12T08:18:10","slug":"mietbedingungen","status":"publish","type":"page","link":"https:\/\/apartis.swiss\/site\/de\/zu-vermieten\/mietbedingungen\/","title":{"rendered":"Mietbedingungen"},"content":{"rendered":"<p><div class=\"flex_column av_one_full  flex_column_div av-zero-column-padding first  avia-builder-el-0  el_before_av_two_third  avia-builder-el-first  \" style='border-radius:0px; '><div  style='padding-bottom:10px; ' class='av-special-heading av-special-heading-h2  blockquote modern-quote  avia-builder-el-1  avia-builder-el-no-sibling  '><h2 class='av-special-heading-tag '  itemprop=\"headline\"  >Mietbedingungen<\/h2><div class='special-heading-border'><div class='special-heading-inner-border' ><\/div><\/div><\/div><\/div><br \/>\n<div class=\"flex_column av_two_third  flex_column_div av-zero-column-padding first  avia-builder-el-2  el_after_av_one_full  el_before_av_one_third  column-top-margin\" style='border-radius:0px; '><div   class=\"togglecontainer   toggle_close_all  avia-builder-el-3  avia-builder-el-no-sibling \" >\n<section class=\"av_toggle_section\"  itemscope=\"itemscope\" itemtype=\"https:\/\/schema.org\/CreativeWork\"  >    <div role=\"tablist\" class=\"single_toggle\" data-tags=\"{Alle} \"  >        <p data-fake-id=\"#toggle-id-1\" class=\"toggler \"  itemprop=\"headline\"    role=\"tab\" tabindex=\"0\" aria-controls=\"toggle-id-1\">Wohnberechtigung<span class=\"toggle_icon\" >        <span class=\"vert_icon\"><\/span><span class=\"hor_icon\"><\/span><\/span><\/p>        <div id=\"toggle-id-1\" class=\"toggle_wrap \"   >            <div class=\"toggle_content invers-color \"  itemprop=\"text\"   ><ul>\n<li>Die Stiftung kann ihre Mietobjekte nur Personen in Ausbildung, welche an einer \u00f6ffentlichen, vom Stiftungsrat anerkannten Ausbildungsst\u00e4tte studieren oder Familien, bei denen mindestens ein Elternteil an einer solchen Ausbildungsst\u00e4tte studiert, zur Verf\u00fcgung stellen<\/li>\n<li>Als wohnberechtigte Personen gelten gem\u00e4ss Richtlinie ([Download nicht gefunden.]) vom 13.12.2012 bez\u00fcglich Art. 3 des Mietreglements alle Studierenden, welche ordentlich an einer \u00f6ffentlichen Schweizerische Hochschule, einer eidgen\u00f6ssischen technischen Hochschule, einer \u00f6ffentlichen oder von Bund oder Kanton anerkannten privaten Fachhochschule immatrikuliert sind oder ein \u00f6ffentliches Freiburger Gymnasium, die Kantonale Diplom-Mittelschule, eine Freiburger Berufsschule oder eine vom Kanton anerkannte Privatschule besuchen.<\/li>\n<li>Als nicht wohnberechtigt gelten Personen, welche ein ordentliches Berufseinkommen erzielen, namentlich die universit\u00e4ren Diplomassistenten, Doktoranden, Praktikanten in Verwaltung und Unternehmen und Personen in berufsbegleitendem Studium, sofern ihre berufliche T\u00e4tigkeit 40 Stellenprozente \u00fcberschreitet, sowie Personen, welche an einer von der Stiftung nicht anerkannten Ausbildungsst\u00e4tte studieren.<\/li>\n<li>BEMERKUNG: In den regul\u00e4ren Zimmern werden Austausch- und Gaststudierenden nicht akzeptiert. Weitere Infos finden Sie unter: <a href=\"https:\/\/apartis.swiss\/de\/portfolio-item\/logements-erasmus\/\" class=\"broken_link\">Erasmus &#8211; Unterk\u00fcnfte<\/a><\/li>\n<li>B\u00fcrgschaft:<br \/>\nIn einigen F\u00e4llen kann Apartis vom Mietkandidaten verlangen, einen Solidarb\u00fcrgen zu benennen. Der Solidarb\u00fcrge:<\/p>\n<ul>\n<li>unterschreibt den Mietvertrag mit dem zuk\u00fcnftigen Mieter<\/li>\n<li>ist gemeinsam mit dem zuk\u00fcnftigen Mieter verantwortlich f\u00fcr die mit dem Mietvertrag verbundenen Forderungen<\/li>\n<li>Formular:\u00a0<a href=\"https:\/\/apartis.swiss\/de\/formulaires\/sous-location-garant\/\" class=\"broken_link\">https:\/\/apartis.swiss\/site\/de\/formulaires\/sous-location-garant\/<\/a><\/li>\n<\/ul>\n<\/li>\n<\/ul>\n            <\/div>        <\/div>    <\/div><\/section>\n<section class=\"av_toggle_section\"  itemscope=\"itemscope\" itemtype=\"https:\/\/schema.org\/CreativeWork\"  >    <div role=\"tablist\" class=\"single_toggle\" data-tags=\"{Alle} \"  >        <p data-fake-id=\"#toggle-id-2\" class=\"toggler \"  itemprop=\"headline\"    role=\"tab\" tabindex=\"0\" aria-controls=\"toggle-id-2\">Art und Dauer des Mietvertrages<span class=\"toggle_icon\" >        <span class=\"vert_icon\"><\/span><span class=\"hor_icon\"><\/span><\/span><\/p>        <div id=\"toggle-id-2\" class=\"toggle_wrap \"   >            <div class=\"toggle_content invers-color \"  itemprop=\"text\"   ><ul>\n<li>Apartis stellt ausschliesslich<strong>\u00a0<\/strong><strong>unbefristete, zweimal j\u00e4hrlich k\u00fcndbare Mietvertr\u00e4ge<\/strong><strong>\u00a0<\/strong>aus<strong>.<\/strong><\/li>\n<li>Ausnahme: Zimmer die f\u00fcr Austauschstudierende reserviert sind: befristete Mietvertr\u00e4ge (September bis Juni, September bis Januar oder Februar bis Juni).<\/li>\n<\/ul>\n            <\/div>        <\/div>    <\/div><\/section>\n<section class=\"av_toggle_section\"  itemscope=\"itemscope\" itemtype=\"https:\/\/schema.org\/CreativeWork\"  >    <div role=\"tablist\" class=\"single_toggle\" data-tags=\"{Alle} \"  >        <p data-fake-id=\"#toggle-id-3\" class=\"toggler \"  itemprop=\"headline\"    role=\"tab\" tabindex=\"0\" aria-controls=\"toggle-id-3\">Miete<span class=\"toggle_icon\" >        <span class=\"vert_icon\"><\/span><span class=\"hor_icon\"><\/span><\/span><\/p>        <div id=\"toggle-id-3\" class=\"toggle_wrap \"   >            <div class=\"toggle_content invers-color \"  itemprop=\"text\"   ><ul>\n<li>Ist im Voraus zu zahlen, am Ende des vorhergehenden Monats<\/li>\n<li>Bei Mahnungen werden CHF 10.- berechnet<\/li>\n<li>Die mit der Miete bezahlte Nebenkostenpauschale f\u00fcr Heizung und Warmwasser wird einmal pro Jahr abgerechnet (ca. Oktober)<\/li>\n<\/ul>\n            <\/div>        <\/div>    <\/div><\/section>\n<section class=\"av_toggle_section\"  itemscope=\"itemscope\" itemtype=\"https:\/\/schema.org\/CreativeWork\"  >    <div role=\"tablist\" class=\"single_toggle\" data-tags=\"{Alle} \"  >        <p data-fake-id=\"#toggle-id-4\" class=\"toggler \"  itemprop=\"headline\"    role=\"tab\" tabindex=\"0\" aria-controls=\"toggle-id-4\">Mietgarantie<span class=\"toggle_icon\" >        <span class=\"vert_icon\"><\/span><span class=\"hor_icon\"><\/span><\/span><\/p>        <div id=\"toggle-id-4\" class=\"toggle_wrap \"   >            <div class=\"toggle_content invers-color \"  itemprop=\"text\"   ><ul>\n<li>Vor Beginn des Mietvertrages muss jeder Mieter eine Sicherheit von 3 Monatsmieten hinterlegen<\/li>\n<li>wird auf einem speziellen Konto, welches auf den Namen des Mieters lautet, bei der Freiburger Kantonalbank hinterlegt.<\/li>\n<li>Vollst\u00e4ndige R\u00fcckzahlung, wenn die Wohnung und das Zimmer sauber und ohne Sch\u00e4den abgegeben werden<\/li>\n<li>Die Bank berechnet Schliessungsgeb\u00fchren f\u00fcr das Konto, die zu Lasten des Mieters gehen<\/li>\n<li>Apartis akzeptiert ebenso Mietgarantien ohne Bankgarantie, aber nur \u00fcber folgende Firmen:\n<ul>\n<li><a href=\"https:\/\/www.swisscaution.ch\/de\/\" target=\"_blank\" rel=\"noopener noreferrer\">www.swisscaution.ch<\/a><br \/>\n(auch direkt am Postschalter zu beantragen, mit der Kopie Ihres Ausweises oder der Aufenthaltsbewilligung B\/C f\u00fcr Ausl\u00e4nder \u2013 mit einer Kopie des Mietvertrages und einer Kopie der Studentenkarte)<\/li>\n<li><a href=\"https:\/\/www.firstcaution.ch\/de\/\" target=\"_blank\" rel=\"noopener noreferrer\">www.firstcaution.ch<\/a><\/li>\n<li><a href=\"https:\/\/www.axa.ch\/de\/privatpersonen\/angebote\/mietkaution\/Seiten\/Default.aspx\" target=\"_blank\" rel=\"noopener noreferrer\">AXA Winterthur<\/a><\/li>\n<li><a href=\"https:\/\/www.webcaution.ch\/\">www.webcaution.ch<\/a><\/li>\n<\/ul>\n<\/li>\n<\/ul>\n            <\/div>        <\/div>    <\/div><\/section>\n<section class=\"av_toggle_section\"  itemscope=\"itemscope\" itemtype=\"https:\/\/schema.org\/CreativeWork\"  >    <div role=\"tablist\" class=\"single_toggle\" data-tags=\"{Alle} \"  >        <p data-fake-id=\"#toggle-id-5\" class=\"toggler \"  itemprop=\"headline\"    role=\"tab\" tabindex=\"0\" aria-controls=\"toggle-id-5\">Vertragsgeb\u00fchren<span class=\"toggle_icon\" >        <span class=\"vert_icon\"><\/span><span class=\"hor_icon\"><\/span><\/span><\/p>        <div id=\"toggle-id-5\" class=\"toggle_wrap \"   >            <div class=\"toggle_content invers-color \"  itemprop=\"text\"   ><ul>\n<li>Bei Vertragsausstellung wird eine Geb\u00fchr von CHF 50.- erhoben.<\/li>\n<li>Bei einem Zimmerwechsel innerhalb der Liegenschaften werden administrative Kosten von CHF 150.- berechnet.<\/li>\n<\/ul>\n            <\/div>        <\/div>    <\/div><\/section>\n<section class=\"av_toggle_section\"  itemscope=\"itemscope\" itemtype=\"https:\/\/schema.org\/CreativeWork\"  >    <div role=\"tablist\" class=\"single_toggle\" data-tags=\"{Alle} \"  >        <p data-fake-id=\"#toggle-id-6\" class=\"toggler \"  itemprop=\"headline\"    role=\"tab\" tabindex=\"0\" aria-controls=\"toggle-id-6\">Vertragsk\u00fcndigung<span class=\"toggle_icon\" >        <span class=\"vert_icon\"><\/span><span class=\"hor_icon\"><\/span><\/span><\/p>        <div id=\"toggle-id-6\" class=\"toggle_wrap \"   >            <div class=\"toggle_content invers-color \"  itemprop=\"text\"   ><ul>\n<li style=\"list-style-type: none;\">\n<ul>\n<li>Eine K\u00fcndigung des Mietvertrages muss schriftlich erfolgen<\/li>\n<li>Die Formulare f\u00fcr K\u00fcndigung und Nachmietervorschlag k\u00f6nnen von unserer Web-Site heruntergeladen und ausgedruckt werden:\u00a0<a href=\"https:\/\/apartis.swiss\/de\/formulare\/kundigung-nachmieter\/\" target=\"_blank\" rel=\"noopener noreferrer\" class=\"broken_link\">K\u00fcndigungsformular<\/a><\/li>\n<\/ul>\n<ul>\n<li><u>2 M\u00f6glichkeiten der K\u00fcndigung<\/u>:\n<ol>\n<li><em>terminlich: Die K\u00fcndigung muss bei uns wie folgt eingegangen sein:<\/em>\n<ul>\n<li>bis 31. Oktober f\u00fcr den 31. Januar<\/li>\n<li>bis 31. Mai f\u00fcr den 31. August<\/li>\n<\/ul>\n<\/li>\n<li><em>ausserterminlich:\u00a0<\/em>ein zahlungsf\u00e4higer und sich in Ausbildung befindender Nachmieter muss mind. 30 Tage vor Ende Monat (ausser 31. Dezember) oder Mitte Monat vorgeschlagen werden<\/li>\n<\/ol>\n<\/li>\n<li>Wird der Mietvertrag vom Nachmieter nicht unterzeichnet bleibt der Mieter bis zum n\u00e4chsten im Vertrag aufgef\u00fchrten offiziellen K\u00fcndigungstermin f\u00fcr sein Zimmer verantwortlich (wenn die K\u00fcndigung mind. 3 Monate vor dem 31. Januar oder 31. August eingereicht wurde).<\/li>\n<\/ul>\n<\/li>\n<\/ul>\n            <\/div>        <\/div>    <\/div><\/section>\n<section class=\"av_toggle_section\"  itemscope=\"itemscope\" itemtype=\"https:\/\/schema.org\/CreativeWork\"  >    <div role=\"tablist\" class=\"single_toggle\" data-tags=\"{Alle} \"  >        <p data-fake-id=\"#toggle-id-7\" class=\"toggler \"  itemprop=\"headline\"    role=\"tab\" tabindex=\"0\" aria-controls=\"toggle-id-7\">R\u00fcckgabe der Mietsache<span class=\"toggle_icon\" >        <span class=\"vert_icon\"><\/span><span class=\"hor_icon\"><\/span><\/span><\/p>        <div id=\"toggle-id-7\" class=\"toggle_wrap \"   >            <div class=\"toggle_content invers-color \"  itemprop=\"text\"   ><ul>\n<li>15 Tage vor Auszug erhalten Sie eine Einladung zum \u00dcbergabeprotokoll<\/li>\n<li>Das Datum kann nicht ge\u00e4ndert werden<\/li>\n<li>Ihr Zimmer und die Gemeinschaftsr\u00e4ume m\u00fcssen in einem sauberen Zustand zur\u00fcckgegeben werden<\/li>\n<li>Eventuelle Reinigungs- bzw. Reparaturkosten gehen zu Lasten des ausziehenden Mieters und werden von der Mietgarantie abgezogen<\/li>\n<\/ul>\n            <\/div>        <\/div>    <\/div><\/section>\n<section class=\"av_toggle_section\"  itemscope=\"itemscope\" itemtype=\"https:\/\/schema.org\/CreativeWork\"  >    <div role=\"tablist\" class=\"single_toggle\" data-tags=\"{Alle} \"  >        <p data-fake-id=\"#toggle-id-8\" class=\"toggler \"  itemprop=\"headline\"    role=\"tab\" tabindex=\"0\" aria-controls=\"toggle-id-8\">Zimmerwechsel innerhalb der Geb\u00e4ude von Apartis<span class=\"toggle_icon\" >        <span class=\"vert_icon\"><\/span><span class=\"hor_icon\"><\/span><\/span><\/p>        <div id=\"toggle-id-8\" class=\"toggle_wrap \"   >            <div class=\"toggle_content invers-color \"  itemprop=\"text\"   ><ul>\n<li>Der bestehende Mietvertrag muss gek\u00fcndigt werden (falls ausserterminlich, mit Vorschlag eines Nachmieters)<\/li>\n<li>Es werden administrative Kosten von CHF 50.- berechnet<\/li>\n<li>Ein Mietvertrag f\u00fcr das neue Zimmer wird erstellt<\/li>\n<\/ul>\n            <\/div>        <\/div>    <\/div><\/section>\n<section class=\"av_toggle_section\"  itemscope=\"itemscope\" itemtype=\"https:\/\/schema.org\/CreativeWork\"  >    <div role=\"tablist\" class=\"single_toggle\" data-tags=\"{Alle} \"  >        <p data-fake-id=\"#toggle-id-9\" class=\"toggler \"  itemprop=\"headline\"    role=\"tab\" tabindex=\"0\" aria-controls=\"toggle-id-9\">Untervermietung<span class=\"toggle_icon\" >        <span class=\"vert_icon\"><\/span><span class=\"hor_icon\"><\/span><\/span><\/p>        <div id=\"toggle-id-9\" class=\"toggle_wrap \"   >            <div class=\"toggle_content invers-color \"  itemprop=\"text\"   ><ul>\n<li>Wird nur mit Zustimmung von Apartis akzeptiert<\/li>\n<li>Eine Kopie des Untermietvertrages sowie die Begr\u00fcndung der Untervermietung m\u00fcssen an Apartis gesendet werden<br \/>\n(<a href=\"https:\/\/apartis.swiss\/de\/formulare\/untermiete-solidarburge\/\" target=\"_blank\" rel=\"noopener noreferrer\" class=\"broken_link\">Untermietvertrag<\/a>)<\/li>\n<li>Der Untermieter muss sich in Ausbildung befinden (Kopie der Ausbildungsbest\u00e4tigung beilegen)<\/li>\n<li>Der Mieter ist f\u00fcr die Mietzahlungen sowie eventuell vom Untermieter verursachte Sch\u00e4den verantwortlich<\/li>\n<\/ul>\n            <\/div>        <\/div>    <\/div><\/section>\n<section class=\"av_toggle_section\"  itemscope=\"itemscope\" itemtype=\"https:\/\/schema.org\/CreativeWork\"  >    <div role=\"tablist\" class=\"single_toggle\" data-tags=\"{Alle} \"  >        <p data-fake-id=\"#toggle-id-10\" class=\"toggler \"  itemprop=\"headline\"    role=\"tab\" tabindex=\"0\" aria-controls=\"toggle-id-10\">Haftpflichtversicherung<span class=\"toggle_icon\" >        <span class=\"vert_icon\"><\/span><span class=\"hor_icon\"><\/span><\/span><\/p>        <div id=\"toggle-id-10\" class=\"toggle_wrap \"   >            <div class=\"toggle_content invers-color \"  itemprop=\"text\"   ><p><strong>\u00a0<\/strong><\/p>\n<ul>\n<li>\n<ul>\n<li>Jeder Mieter muss eine Haftpflichtversicherung vorweisen k\u00f6nnen<\/li>\n<li>Apartis bietet f\u00fcr ausl\u00e4ndische Studenten eine Kollektiv-Haftpflichtversicherung zum Spezialpreis an (obligatorisch)<\/li>\n<\/ul>\n<ul>\n<li><em>Was ist eine Haftpflichtversicherung<\/em><em>?<\/em><br \/>\nDie private Haftpflichtversicherung in der Schweiz deckt alle Sch\u00e4den ab, die Sie unabsichtlich einer Person oder dem Hab und Gut einer Person moralisch oder physisch zugef\u00fcgt haben.<br \/>\nDie Best\u00e4tigung der Unterzeichnung einer Haftpflichtversicherung geh\u00f6rt zu den Dokumenten, die beim Mieten eines Zimmers verlangt werden. Falls w\u00e4hrend der Zeit als Mieter bei Apartis Sch\u00e4den in Ihrem Zimmer bzw. Wohnung von Ihnen verursacht werden, wird diese Versicherung die Kosten abdecken.<br \/>\nDer Artikel 5 der Allgemeinen Mietvertragsbedingungen der IKF und der Artikel 15 des Mietreglements von Apartis vom 04.05.2009 besagt, dass alle Mieter verpflichtet sind, eine solche Versicherung abzuschliessen. Sie ist also unumg\u00e4nglich, wenn Sie eine Wohnung bzw. ein Zimmer mieten m\u00f6chten.<br \/>\nSie sollten diese bei einer schweizerischen Versicherung abschliessen.<\/li>\n<\/ul>\n<\/li>\n<\/ul>\n            <\/div>        <\/div>    <\/div><\/section>\n<\/div><\/div><div class=\"flex_column av_one_third  flex_column_div av-zero-column-padding   avia-builder-el-4  el_after_av_two_third  avia-builder-el-last  column-top-margin\" style='border-radius:0px; '><div  class='avia-image-container  av-styling-    avia-builder-el-5  avia-builder-el-no-sibling  avia-align-center '  itemprop=\"image\" itemscope=\"itemscope\" itemtype=\"https:\/\/schema.org\/ImageObject\"  ><div class='avia-image-container-inner'><div class='avia-image-overlay-wrap'><img decoding=\"async\" class='wp-image-6331 avia-img-lazy-loading-not-6331 avia_image' src=\"https:\/\/apartis.swiss\/site\/wp-content\/uploads\/2019\/04\/cle_appartement-300x300.jpg\" alt='' title='cle_appartement' height=\"300\" width=\"300\"  itemprop=\"thumbnailUrl\" srcset=\"https:\/\/apartis.swiss\/site\/wp-content\/uploads\/2019\/04\/cle_appartement-300x300.jpg 300w, https:\/\/apartis.swiss\/site\/wp-content\/uploads\/2019\/04\/cle_appartement-80x80.jpg 80w, https:\/\/apartis.swiss\/site\/wp-content\/uploads\/2019\/04\/cle_appartement-36x36.jpg 36w, https:\/\/apartis.swiss\/site\/wp-content\/uploads\/2019\/04\/cle_appartement-180x180.jpg 180w, https:\/\/apartis.swiss\/site\/wp-content\/uploads\/2019\/04\/cle_appartement-120x120.jpg 120w, https:\/\/apartis.swiss\/site\/wp-content\/uploads\/2019\/04\/cle_appartement-450x450.jpg 450w, https:\/\/apartis.swiss\/site\/wp-content\/uploads\/2019\/04\/cle_appartement.jpg 600w\" sizes=\"(max-width: 300px) 100vw, 300px\" \/><\/div><\/div><\/div><\/div><\/p>\n","protected":false},"excerpt":{"rendered":"","protected":false},"author":2,"featured_media":0,"parent":2966,"menu_order":3,"comment_status":"closed","ping_status":"closed","template":"","meta":{"footnotes":""},"class_list":["post-2983","page","type-page","status-publish","hentry"],"publishpress_future_action":{"enabled":false,"date":"2026-09-08 08:10:36","action":"change-status","newStatus":"draft","terms":[],"taxonomy":"translation_priority"},"_links":{"self":[{"href":"https:\/\/apartis.swiss\/site\/de\/wp-json\/wp\/v2\/pages\/2983"}],"collection":[{"href":"https:\/\/apartis.swiss\/site\/de\/wp-json\/wp\/v2\/pages"}],"about":[{"href":"https:\/\/apartis.swiss\/site\/de\/wp-json\/wp\/v2\/types\/page"}],"author":[{"embeddable":true,"href":"https:\/\/apartis.swiss\/site\/de\/wp-json\/wp\/v2\/users\/2"}],"replies":[{"embeddable":true,"href":"https:\/\/apartis.swiss\/site\/de\/wp-json\/wp\/v2\/comments?post=2983"}],"version-history":[{"count":4,"href":"https:\/\/apartis.swiss\/site\/de\/wp-json\/wp\/v2\/pages\/2983\/revisions"}],"predecessor-version":[{"id":14255,"href":"https:\/\/apartis.swiss\/site\/de\/wp-json\/wp\/v2\/pages\/2983\/revisions\/14255"}],"up":[{"embeddable":true,"href":"https:\/\/apartis.swiss\/site\/de\/wp-json\/wp\/v2\/pages\/2966"}],"wp:attachment":[{"href":"https:\/\/apartis.swiss\/site\/de\/wp-json\/wp\/v2\/media?parent=2983"}],"curies":[{"name":"wp","href":"https:\/\/api.w.org\/{rel}","templated":true}]}}